{"id":12881,"date":"2026-04-22T09:43:11","date_gmt":"2026-04-22T07:43:11","guid":{"rendered":"https:\/\/sprawnymarketing.pl\/konferencja\/?page_id=12881"},"modified":"2026-04-29T14:14:00","modified_gmt":"2026-04-29T12:14:00","slug":"poznan","status":"publish","type":"page","link":"https:\/\/sprawnymarketing.pl\/konferencja\/poznan\/","title":{"rendered":"Pozna\u0144 pa\u017adziernik 2026"},"content":{"rendered":"<script>\n(function() {\n  function sameUrl(url) {\n    try {\n      var u = new URL(url, location.href);\n      return u.href === location.href;\n    } catch (e) {\n      return true; \/\/ \n    }\n  }\n\n  var origPush = history.pushState;\n  history.pushState = function(state, title, url) {\n    if (url && sameUrl(url)) {\n      console.warn('[history-guard] blocked pushState same URL:', url);\n      return;\n    }\n    return origPush.apply(history, arguments);\n  };\n\n  var origReplace = history.replaceState;\n  history.replaceState = function(state, title, url) {\n    if (url && sameUrl(url)) {\n      console.warn('[history-guard] blocked replaceState same URL:', url);\n      return;\n    }\n    return origReplace.apply(history, arguments);\n  };\n})();\n<\/script><style>\n.header-ilove__logo-festiwal {\n max-height: 60px;\n width: auto;\n margin: auto;\n}\n<\/style><header id=\"header-iloveblock_8097b153da26ec351b7157a2a29fe458\" class=\"header-ilove\">\n    \n<figure class=\"wp-block-embed is-type-video is-provider-wistia-inc wp-block-embed-wistia-inc d-none d-lg-block\">\n<video src=\"https:\/\/sprawnymarketing.pl\/konferencja\/wp-content\/uploads\/2026\/04\/XX-edycja-top-1mbps.mp4\" autoplay muted loop playsinline webkit-playsinline x5-playsinline x5-video-player-type=\"h5\" preload=\"auto\" controlslist=\"nodownload noplaybackrate noremoteplayback\" disablepictureinpicture disableremoteplayback><\/video>\n<\/figure>\n\n<figure class=\"wp-block-embed is-type-video is-provider-wistia-inc wp-block-embed-wistia-inc d-lg-none\">\n<video src=\"https:\/\/sprawnymarketing.pl\/konferencja\/wp-content\/uploads\/2026\/04\/XX-edycja-top-1mbps.mp4\" autoplay muted loop playsinline webkit-playsinline x5-playsinline x5-video-player-type=\"h5\" preload=\"auto\" controlslist=\"nodownload noplaybackrate noremoteplayback\" disablepictureinpicture disableremoteplayback><\/video>\n<\/figure>\n\n    <div class=\"container\">\n        <div class=\"row\">\n            <div class=\"col-12\">\n\t\t\t\t\t\t\t\t\t<img decoding=\"async\" class=\"header-ilove__logo-festiwal d-none d-lg-block\" src=\"https:\/\/sprawnymarketing.pl\/konferencja\/wp-content\/uploads\/2025\/04\/FESTIWAL.png\" alt=\"\">\n\t\t\t\t                <img decoding=\"async\" class=\"header-ilove__logo d-none d-lg-block\" src=\"https:\/\/sprawnymarketing.pl\/konferencja\/wp-content\/uploads\/2022\/04\/logo_ilovemkt.png\" alt=\"\">\n                <img decoding=\"async\" class=\"header-ilove__logo-mobile d-lg-none\" src=\"https:\/\/sprawnymarketing.pl\/konferencja\/wp-content\/uploads\/2022\/04\/logo_ilovemkt_mobile.png\" alt=\"\">\n                <p class=\"header-ilove__text-wrap\">\n\t\t\t\t\t<span class=\"header-ilove__text\">\n\t\t\t\t\t\t<span class=\"d-block d-lg-inline header-ilove__text--city\">Pozna\u0144,<\/span>&nbsp;\n\t\t\t\t\t\t<span class=\"header-ilove__text--date\">28-29 pa\u017adziernika 2026<\/span>\n\t\t\t\t\t<\/span>\n                <\/p>\n            <\/div>\n\t\t\t            <div class=\"mx-auto col-xl-10\">\n                <div class=\"row justify-content-center\">\n                    <div class=\"swiper swiper-hero\" style=\"margin: 0; width: 100%;\">\n                        <div class=\"swiper-wrapper\">\n                                                    <\/div>\n                    <\/div>\n                <\/div>\n            <\/div>\n        <\/div>\n            <\/div>\n<\/header>\n\n<section class=\"header-ilove__list-wrap\">\n    <div class=\"container px-lg-0\">\n        <div class=\"row\">\n            <div class=\"col-12\">\n                <ul class=\"text-center d-lg-flex header-ilove__list\">\n                                                <li class=\"header-ilove__list-item\">Cena od <span class=\"font-weight-bold\"><a href=\"https:\/\/sprawnymarketing.pl\/konferencja\/poznan\/#gridalyTickets\" style=\"font-size: 2.3rem; \">797 PLN<\/a><\/span><\/li>\n                                                <li class=\"header-ilove__list-item\"><span class=\"font-weight-bold\">4500+<\/span> uczestnik\u00f3w, <span class=\"font-weight-bold\">100+<\/span> wystawc\u00f3w<\/li>\n                                                <li class=\"header-ilove__list-item\">Mi\u0119dzynarodowe Targi Pozna\u0144skie<\/li>\n                                    <\/ul>\n            <\/div>\t\t\n\t\t<\/div>\n    <\/div>\n<\/section><script>var countdownDates = {\"date1\":\"May 28, 2026 23:59:59\",\"date2\":\"Jun 25, 2026 23:59:59\",\"date3\":\"Jul 23, 2026 23:59:59\",\"date4\":\"Aug 27, 2026 23:59:59\",\"date5\":\"Sep 24, 2026 23:59:59\",\"date6\":\"Oct 28, 2025 10:00:00\"};<\/script><script>var currentDate1 = {\"date\":\"2026-04-29 21:26:44.084674\",\"timezone_type\":3,\"timezone\":\"UTC\"};<\/script>\n<section id=\"coutdown-block_e8aa3eb316a86a533b1686b6ec38c3e7\" class=\"coutdown mx-auto text-center\" >\n\t<p class=\"coutdown__title ff-lato bg-primary\">Ceny wzrosn\u0105 ju\u017c za:<\/p>\n\t<div class=\"coutdown__timer d-flex justify-content-between\">\n\t\t<div class=\"position-relative coutdown__timer-wrap days\">\n\t\t\t<canvas id=\"days-canvas\" width=\"200\" height=\"200\"><\/canvas>\n\t\t\t<svg class=\"coutdown__timer-svg\" width=\"200\" height=\"200\">\n\t\t\t\t<circle id=\"outer\" cx=\"100\" cy=\"100\" r=\"90\" fill=\"transparent\" stroke-width=\"8\" stroke=\"#000000\" opacity=\"0.1\" \/>\n\t\t\t<\/svg>\n\t\t\t\t\t\t\t<div class=\"coutdown__timer-label\">\n\t\t\t\t\t<span class=\"coutdown__timer-value\" id=\"days-value\"><\/span>\n\t\t\t\t\t<span class=\"coutdown__timer-text text-uppercase\">dni<\/span>\n\t\t\t\t<\/div>\n\t\t\t\t\t<\/div>\n\t\t<div class=\"position-relative coutdown__timer-wrap hours\">\n\t\t\t<canvas id=\"hours-canvas\" width=\"200\" height=\"200\"><\/canvas>\n\t\t\t<svg class=\"coutdown__timer-svg\" width=\"200\" height=\"200\">\n\t\t\t\t<circle id=\"outer\" cx=\"100\" cy=\"100\" r=\"90\" fill=\"transparent\" stroke-width=\"8\" stroke=\"#000000\" opacity=\"0.1\" \/>\n\t\t\t<\/svg>\n\t\t\t\t\t\t\t\t<div class=\"coutdown__timer-label\">\n\t\t\t\t<span class=\"coutdown__timer-value\" id=\"hours-value\"><\/span>\n\t\t\t\t<span class=\"coutdown__timer-text text-uppercase\">godzin<\/span>\n\t\t\t<\/div>\n\t\t\t\t\t\t\n\t\t<\/div>\n\t\t<div class=\"position-relative coutdown__timer-wrap minutes\">\n\t\t\t<canvas id=\"minutes-canvas\" width=\"200\" height=\"200\"><\/canvas>\n\t\t\t<svg class=\"coutdown__timer-svg\" width=\"200\" height=\"200\">\n\t\t\t\t<circle id=\"outer\" cx=\"100\" cy=\"100\" r=\"90\" fill=\"transparent\" stroke-width=\"8\" stroke=\"#000000\" opacity=\"0.1\" \/>\n\t\t\t<\/svg>\n\t\t\t\t\t\t\t\t\t\t<div class=\"coutdown__timer-label\">\n\t\t\t\t<span class=\"coutdown__timer-value\" id=\"minutes-value\"><\/span>\n\t\t\t\t<span class=\"coutdown__timer-text text-uppercase\">minut<\/span>\n\t\t\t<\/div>\n\t\t\t\t\t<\/div>\n\t\t<div class=\"position-relative coutdown__timer-wrap seconds\">\n\t\t\t<canvas id=\"seconds-canvas\" width=\"200\" height=\"200\"><\/canvas>\n\t\t\t<svg class=\"coutdown__timer-svg\" width=\"200\" height=\"200\">\n\t\t\t\t<circle id=\"outer\" cx=\"100\" cy=\"100\" r=\"90\" fill=\"transparent\" stroke-width=\"8\" stroke=\"#000000\" opacity=\"0.1\" \/>\n\t\t\t<\/svg>\n\t\t\t\t\t\t<div class=\"coutdown__timer-label\">\n\t\t\t\t<span class=\"coutdown__timer-value\" id=\"seconds-value\"><\/span>\n\t\t\t\t<span class=\"coutdown__timer-text text-uppercase\">sekund<\/span>\n\t\t\t<\/div>\n\t\t\t\t\t<\/div>\n\t<\/div>\n\t<p class=\"coutdown__text ff-lato\"><\/p>\n\t<a class=\"coutdown__title black ff-lato coutdown__btn\" href=\"https:\/\/sprawnymarketing.pl\/konferencja\/poznan\/#gridalyTickets\">Kup bilety >><\/a>\n<\/section><h2 class=\"wp-block-heading has-text-align-center\"><strong><strong>Kr\u00f3tko o festiwalu i dlaczego Pozna\u0144&#8230;<\/strong><br> <\/strong><\/h2><div class=\"wp-bootstrap-blocks-row row\">\n\t\n<div class=\"col-12 col-xl-10 mx-auto px-3 px-lg-0\">\n\t\t\t\n<p><strong>XXII edycja konferencji <\/strong>I \u2764\ufe0f Marketing &amp; Technology powraca do stolicy Wielkopolski, a oficjalnym gospodarzem wydarzenia b\u0119dzie miasto <strong>Pozna\u0144<\/strong>! \ud83d\udc10 Ponownie razem \u0142\u0105czymy formaty konferencyjne, szkoleniowe i targowe, a wszystko po to aby przekaza\u0107 jeszcze wiedzy i zagwarantowa\u0107 jeszcze lepszy networking! \ud83d\ude80<\/p>\n\n<p>Widzimy si\u0119 <strong>28-29 pa\u017adziernika<\/strong> na Mi\u0119dzynarodowych Targach Pozna\u0144skich w Pozna\u0144 Congress Center, w tym tak\u017ce i jedynej w swoim rodzaju Sali Ziemi!<\/p>\n\n<p>Na uczestnik\u00f3w czeka <strong>12  konferencji tematycznych,<\/strong> kt\u00f3re dostarcz\u0105 najnowszej wiedzy, inspiracji i praktycznych wskaz\u00f3wek od najlepszych ekspert\u00f3w bran\u017cy.<\/p>\n\n<p>Zorganizujemy r\u00f3wnie\u017c <strong>stref\u0119 EXPO<\/strong>: marketing &amp; technology. Ta edycja to krok milowy dla wydarzenia \u2013 wi\u0119ksza przestrze\u0144, tysi\u0105ce uczestnik\u00f3w, wspaniali partnerzy i ogrom wiedzy!<\/p>\n\n<p><\/p>\n\n<p><\/p>\n\n<p class=\"has-text-align-center\"><br><strong>Innowacyjny uk\u0142ad sceny powraca!<\/strong><br>Wiedza, kt\u00f3ra jest w centrum i daje nowe spojrzenie.<br>Zobaczycie j\u0105 na \u015bcie\u017ckach I \u2764\ufe0f Marketing oraz I \u2764\ufe0f Social Media<\/p>\n\n<p class=\"has-text-align-center\"><br><img loading=\"lazy\" decoding=\"async\" width=\"800\" height=\"456\" class=\"wp-image-11511\" style=\"width: 800px;\" src=\"https:\/\/sprawnymarketing.pl\/konferencja\/wp-content\/uploads\/2025\/10\/gif.gif\" alt=\"\"><\/p>\n\n<p><br><\/p>\n\n<div class=\"wp-bootstrap-blocks-container container mb-2 has-text-align-center\">\n\t\n<p><a class=\"coutdown__title black ff-lato coutdown__btn\" href=\"https:\/\/sprawnymarketing.pl\/konferencja\/poznan\/#gridalyTickets\">Kup bilety &gt;&gt;<\/a><\/p>\n<\/div>\n\t<\/div>\n<\/div><style>\n\n\n\n\/** expo na agendzie **\/\n\n@media (min-width: 992px) {\n\t.day-tab-1-6 {\n\t\tposition: absolute;\n\t\twidth: 208%;\n\t\tz-index: 10000;\n\t}\n\n\t.day-tab-2-6 {\n\t\tposition: absolute;\n\t\twidth: 208%;\n\t\tright: 0%;\n\t\tz-index: 9999;\n\t}\n}\n\n\n.day-content-1-6,\n.day-content-2-6 {\n\tmax-width: 880px !important;\n}\n\n\nimg[src*=\"marketing-black.png.webp\"],\nimg[data-src*=\"marketing-black.png.webp\"],\nsource[srcset*=\"marketing-black.png.webp\"] + img,\nsource[data-srcset*=\"marketing-black.png.webp\"] + img {\n    height: 38px !important;\n    width: auto !important;\n}\n\n.day {\n  padding-bottom: 80px!important;\n}\n\n.event-link {\nheight: 64px !important;\n}\n<\/style><h2 class=\"wp-block-heading has-text-align-center\" id=\"agenda\"><strong><strong>Kliknij<\/strong> i sprawd\u017a agend\u0119 ka\u017cdego z dni<\/strong><\/h2><style>\n.event-group {\n  position: relative;\n}\n\n.event-label-above {\n  position: absolute;\n  top: 0;\n  left: 50%;\n  transform: translateX(-50%) translateY(-50%);\n  background-color: #ee312f;\n  border: 1px solid #ee312f;\n  color: white;\n  padding: 0px 12px;\n  font-size: 10px;\n  font-weight: bold;\n  text-transform: uppercase;\n  white-space: nowrap;\n  z-index: 10;\n  letter-spacing: 1px;\n}\n\t\n\/*\n.custom-rectangle-konferencja {\n  position: absolute;\n  width: 65vw;\n  height: 45vh;\n  background-color: #FFC1C1;\n  margin-top: -80px;\n  margin-left: -1vw;\n  z-index: -1;\n}\n\n.custom-rectangle-expo {\n  position: absolute;\n  width: 65vw;\n  height: 25vh;\n  background-color: #E5E5E5;\n  margin-top: -80px;\n  margin-left: -1vw;\n  z-index: -1;\n}\n\n.custom-rectangle-szkolenia {\n  position: absolute;\n  width: 402px;\n  height: 34vh;\n  background-color: #FFFCD5;\n  margin-top: -80px;\n  margin-left: -1vw;\n  z-index: -1;\n}\n*\/\n<\/style>\n\n<script>\ndocument.addEventListener(\"DOMContentLoaded\", function() {\n  \/\/ --- PROSTOK\u0104TY (bez zmian funkcjonalnych) ---\n  const rectConfigs = [\n    { selector: 'a[data-id=\"1-0\"]', className: 'custom-rectangle-konferencja' },\n    { selector: 'a[data-id=\"0-0\"]', className: 'custom-rectangle-szkolenia' },\n    { selector: 'a[data-id=\"1-4\"]', className: 'custom-rectangle-expo' }\n  ];\n\n  rectConfigs.forEach(cfg => {\n    const link = document.querySelector(cfg.selector);\n    if (link) {\n      const rect = document.createElement(\"div\");\n      rect.className = cfg.className;\n      link.insertAdjacentElement(\"afterend\", rect);\n    }\n  });\n\n  \/\/ --- KLIK W AGENDZIE: tylko dla wewn\u0119trznych kotwic w sekcji .agenda ---\n  const agenda = document.querySelector('section.agenda');\n  if (agenda) {\n    const eventLinks = agenda.querySelectorAll('a.event-link[href^=\"#\"]');\n    eventLinks.forEach(link => {\n      link.addEventListener('click', function (e) {\n        const href = this.getAttribute('href') || '';\n        if (!href.startsWith('#')) return; \/\/ bezpiecze\u0144stwo\n\n        const targetId = href.slice(1);\n        const targetElement = document.getElementById(targetId);\n\n        if (targetElement) {\n          e.preventDefault();\n\n          \/\/ Zdejmij klasy aktywne\n          agenda.querySelectorAll('.event-link').forEach(el => el.classList.remove('show', 'active'));\n          agenda.querySelectorAll('.days-content').forEach(el => el.classList.remove('show', 'active'));\n\n          \/\/ Ustaw aktywne\n          this.classList.add('show', 'active');\n          targetElement.classList.add('show', 'active');\n\n          \/\/ Scroll\n          targetElement.scrollIntoView({ behavior: 'smooth', block: 'start' });\n          \/\/ (opcjonalnie offset dla sticky headera)\n          \/\/ setTimeout(() => window.scrollBy(0, -100), 300);\n\n          \/\/ Aktualizuj hash bez prze\u0142adowania\n          history.replaceState(null, '', '#' + targetId);\n        }\n        \/\/ je\u015bli targetu nie ma \u2013 pozw\u00f3l przegl\u0105darce zrobi\u0107 domy\u015blne (hash w URL)\n      }, { passive: false });\n    });\n  }\n\n  \/\/ --- NAWIGACJA U G\u00d3RY: p\u0142ynny scroll TYLKO dla hash-y; zewn\u0119trzne linki bez zmian ---\n  document.querySelectorAll('.navbar__list-link[href^=\"#\"]').forEach(link => {\n    link.addEventListener('click', function (e) {\n      const id = this.getAttribute('href').slice(1);\n      const el = document.getElementById(id);\n      if (el) {\n        e.preventDefault();\n        el.scrollIntoView({ behavior: 'smooth', block: 'start' });\n        history.replaceState(null, '', '#' + id);\n      }\n      \/\/ je\u015bli elementu brak, przegl\u0105darka zostawi # w URL; NIE blokujemy\n    }, { passive: false });\n  });\n});\n<\/script>\n\n\n<section id=\"agenda-block_bde1984300f8f7930eeff623406e9a4e\" class=\"agenda\">\n  <nav class=\"container px-0 container--agenda-nav\">\n    <div class=\"conference-logo-above-nav\">\n          <\/div>\n    <div class=\"text-center justify-content-center\">\n      <div class=\"swiper swiper-agenda\">\n                  <div class=\"swiper-wrapper fullw\">\n                                                        <div class=\"col-lg day swiper-slide\">\n                  <div class=\"event-data-group\">\n                    <p class=\"event-day-name\">Wtorek<\/p>\n                    <p class=\"event-day-data\">27.10.2025<\/p>\n                  <\/div>\n                                                                                                          <div class=\"event-group\">\n                                                      <div class=\"event-label-above\">SZKOLENIE<\/div>\n                                                    <p class=\"event-plus oraz-szkolenie0-0\">oraz<\/p>\n                          <a href=\"#0-0\" class=\"event-link day-tab szkolenie day-tab-0-0 \" data-id=\"0-0\">\n                            <!--<p class=\"event-link-name\">Szkolenie<\/p>-->\n                            <p class=\"event-link-title\">AI dla marketingu<\/p>\n                          <\/a>\n                        <\/div>\n                                                                                                              <div class=\"event-group\">\n                                                      <div class=\"event-label-above\">SZKOLENIE<\/div>\n                                                    <p class=\"event-plus oraz-szkolenie0-1\">oraz<\/p>\n                          <a href=\"#0-1\" class=\"event-link day-tab szkolenie day-tab-0-1 \" data-id=\"0-1\">\n                            <!--<p class=\"event-link-name\">Szkolenie<\/p>-->\n                            <p class=\"event-link-title\">Marketing Medyczny<\/p>\n                          <\/a>\n                        <\/div>\n                                                                            <\/div>\n                                                                      <div class=\"col-lg day swiper-slide\">\n                  <div class=\"event-data-group\">\n                    <p class=\"event-day-name\">\u015aroda<\/p>\n                    <p class=\"event-day-data\">28.10.2025<\/p>\n                  <\/div>\n                                                                                                          <div class=\"event-group\">\n                                                    <a href=\"#1-0\" class=\"event-link day-tab dzien day-tab-1-0 show active\" data-id=\"1-0\">\n                            <img decoding=\"async\" src=\"https:\/\/sprawnymarketing.pl\/konferencja\/wp-content\/uploads\/2026\/04\/marketing-matrix.png\" alt=\"\" class=\"no-lazy-load\" \/>\n                          <\/a>\n                        <\/div>\n                                                                                                              <div class=\"event-group\">\n                                                    <a href=\"#1-1\" class=\"event-link day-tab dzien day-tab-1-1 \" data-id=\"1-1\">\n                            <img decoding=\"async\" src=\"https:\/\/sprawnymarketing.pl\/konferencja\/wp-content\/uploads\/2026\/04\/Group-1626.png\" alt=\"\" class=\"no-lazy-load\" \/>\n                          <\/a>\n                        <\/div>\n                                                                                                              <div class=\"event-group\">\n                                                    <a href=\"#1-2\" class=\"event-link day-tab dzien day-tab-1-2 \" data-id=\"1-2\">\n                            <img decoding=\"async\" src=\"https:\/\/sprawnymarketing.pl\/konferencja\/wp-content\/uploads\/2026\/04\/Group-1621.png\" alt=\"\" class=\"no-lazy-load\" \/>\n                          <\/a>\n                        <\/div>\n                                                                                                              <div class=\"event-group\">\n                                                    <a href=\"#1-3\" class=\"event-link day-tab dzien day-tab-1-3 \" data-id=\"1-3\">\n                            <img decoding=\"async\" src=\"https:\/\/sprawnymarketing.pl\/konferencja\/wp-content\/uploads\/2026\/04\/Group-1625.png\" alt=\"\" class=\"no-lazy-load\" \/>\n                          <\/a>\n                        <\/div>\n                                                                                                              <div class=\"event-group\">\n                                                    <a href=\"#1-4\" class=\"event-link day-tab dzien day-tab-1-4 \" data-id=\"1-4\">\n                            <img decoding=\"async\" src=\"https:\/\/sprawnymarketing.pl\/konferencja\/wp-content\/uploads\/2026\/04\/Group-1620.png\" alt=\"\" class=\"no-lazy-load\" \/>\n                          <\/a>\n                        <\/div>\n                                                                                                              <div class=\"event-group\">\n                                                    <a href=\"#1-5\" class=\"event-link day-tab dzien day-tab-1-5 \" data-id=\"1-5\">\n                            <img decoding=\"async\" src=\"https:\/\/sprawnymarketing.pl\/konferencja\/wp-content\/uploads\/2026\/04\/Group-1624.png\" alt=\"\" class=\"no-lazy-load\" \/>\n                          <\/a>\n                        <\/div>\n                                                                                                              <div class=\"event-group\">\n                                                    <a href=\"#1-6\" class=\"event-link day-tab dzien day-tab-1-6 \" data-id=\"1-6\">\n                            <img decoding=\"async\" src=\"https:\/\/sprawnymarketing.pl\/konferencja\/wp-content\/uploads\/2026\/01\/Expo-marketinge-commerce-mapka.png\" alt=\"\" class=\"no-lazy-load\" \/>\n                          <\/a>\n                        <\/div>\n                                                                            <\/div>\n                                                                      <div class=\"col-lg day swiper-slide\">\n                  <div class=\"event-data-group\">\n                    <p class=\"event-day-name\">Czwartek<\/p>\n                    <p class=\"event-day-data\">29.10.2025<\/p>\n                  <\/div>\n                                                                                                          <div class=\"event-group\">\n                                                    <a href=\"#2-0\" class=\"event-link day-tab dzien day-tab-2-0 \" data-id=\"2-0\">\n                            <img decoding=\"async\" src=\"https:\/\/sprawnymarketing.pl\/konferencja\/wp-content\/uploads\/2026\/04\/Group-1619.png\" alt=\"\" class=\"no-lazy-load\" \/>\n                          <\/a>\n                        <\/div>\n                                                                                                              <div class=\"event-group\">\n                                                    <a href=\"#2-1\" class=\"event-link day-tab dzien day-tab-2-1 \" data-id=\"2-1\">\n                            <img decoding=\"async\" src=\"https:\/\/sprawnymarketing.pl\/konferencja\/wp-content\/uploads\/2026\/04\/Group-1618.png\" alt=\"\" class=\"no-lazy-load\" \/>\n                          <\/a>\n                        <\/div>\n                                                                                                              <div class=\"event-group\">\n                                                    <a href=\"#2-2\" class=\"event-link day-tab dzien day-tab-2-2 \" data-id=\"2-2\">\n                            <img decoding=\"async\" src=\"https:\/\/sprawnymarketing.pl\/konferencja\/wp-content\/uploads\/2026\/04\/Group-1617.png\" alt=\"\" class=\"no-lazy-load\" \/>\n                          <\/a>\n                        <\/div>\n                                                                                                              <div class=\"event-group\">\n                                                    <a href=\"#2-3\" class=\"event-link day-tab dzien day-tab-2-3 \" data-id=\"2-3\">\n                            <img decoding=\"async\" src=\"https:\/\/sprawnymarketing.pl\/konferencja\/wp-content\/uploads\/2026\/04\/AI-dev.png\" alt=\"\" class=\"no-lazy-load\" \/>\n                          <\/a>\n                        <\/div>\n                                                                                                              <div class=\"event-group\">\n                                                    <a href=\"#2-4\" class=\"event-link day-tab dzien day-tab-2-4 \" data-id=\"2-4\">\n                            <img decoding=\"async\" src=\"https:\/\/sprawnymarketing.pl\/konferencja\/wp-content\/uploads\/2026\/04\/AI-sales.png\" alt=\"\" class=\"no-lazy-load\" \/>\n                          <\/a>\n                        <\/div>\n                                                                                                              <div class=\"event-group\">\n                                                    <a href=\"#2-5\" class=\"event-link day-tab dzien day-tab-2-5 \" data-id=\"2-5\">\n                            <img decoding=\"async\" src=\"https:\/\/sprawnymarketing.pl\/konferencja\/wp-content\/uploads\/2026\/04\/Group-1623.png\" alt=\"\" class=\"no-lazy-load\" \/>\n                          <\/a>\n                        <\/div>\n                                                                                                              <div class=\"event-group\">\n                                                    <a href=\"#2-6\" class=\"event-link day-tab dzien day-tab-2-6 \" data-id=\"2-6\">\n                            <img decoding=\"async\" src=\"https:\/\/sprawnymarketing.pl\/konferencja\/wp-content\/uploads\/2026\/01\/Expo-marketinge-commerce-mapka.png\" alt=\"\" class=\"no-lazy-load\" \/>\n                          <\/a>\n                        <\/div>\n                                                                            <\/div>\n                                    <\/div>\n          <!-- ZMIENIONE: Warunkowo wy\u015bwietl przyciski dla pierwszej konferencji -->\n                      <div class=\"swiper-button-next displn\"><\/div>\n            <div class=\"swiper-button-prev displn\"><\/div>\n                        <\/div>\n    <\/div>\n  <\/nav>\n                                                            <div id=\"0-0\" class=\"days-content fade day-content day-content-0-0  dni  \" data-id=\"0-0\">\n                    <div class=\"container px-0 text-center\" id=\"accordion-agenda-0-\">\n                                    <div class=\"row row--full row--full-md-none agenda__content\">\n                    <div class=\"col-12\">\n                        <h2><img loading=\"lazy\" decoding=\"async\" class=\"aligncenter wp-image-6955 size-full\" src=\"https:\/\/sprawnymarketing.pl\/konferencja\/wp-content\/uploads\/2023\/05\/1200x628-AI-w-marketingu.jpeg\" alt=\"\" width=\"1920\" height=\"1080\" srcset=\"https:\/\/sprawnymarketing.pl\/konferencja\/wp-content\/uploads\/2023\/05\/1200x628-AI-w-marketingu.jpeg 1920w, https:\/\/sprawnymarketing.pl\/konferencja\/wp-content\/uploads\/2023\/05\/1200x628-AI-w-marketingu-600x338.jpeg 600w, https:\/\/sprawnymarketing.pl\/konferencja\/wp-content\/uploads\/2023\/05\/1200x628-AI-w-marketingu-300x169.jpeg 300w, https:\/\/sprawnymarketing.pl\/konferencja\/wp-content\/uploads\/2023\/05\/1200x628-AI-w-marketingu-1024x576.jpeg 1024w, https:\/\/sprawnymarketing.pl\/konferencja\/wp-content\/uploads\/2023\/05\/1200x628-AI-w-marketingu-768x432.jpeg 768w, https:\/\/sprawnymarketing.pl\/konferencja\/wp-content\/uploads\/2023\/05\/1200x628-AI-w-marketingu-1536x864.jpeg 1536w\" sizes=\"auto, (max-width: 1920px) 100vw, 1920px\" \/><\/h2>\n<h2 class=\"text-center\" style=\"text-align: center;\">Wyprzed\u017a swoj\u0105 konkurencj\u0119 dzi\u0119ki wykorzystaniu AI w marketingu!<\/h2>\n<div>\n<p style=\"text-align: left;\">Od jakiego\u015b czasu wszyscy eksperci tr\u0105bi\u0105 o AI w marketingu, jak grzyby po deszczu wyrastaj\u0105 kolejne narz\u0119dzia AI, a bran\u017cowe opracowania og\u0142aszaj\u0105 sztuczn\u0105 inteligencj\u0119 jednym z najgor\u0119tszych trend\u00f3w marketingowych na 2026 rok.<\/p>\n<p style=\"text-align: left;\">Jedno jest pewne: sztuczna inteligencja to technologia, kt\u00f3rej nie mo\u017cesz zignorowa\u0107, je\u015bli nie chcesz, aby Twoja konkurencja zostawi\u0142a Ci\u0119 w tyle!<\/p>\n<\/div>\n<div>\n<p style=\"text-align: left;\">Dlatego w\u0142a\u015bnie stworzyli\u015bmy pierwsze w Polsce szkolenie z AI marketingu, dzi\u0119ki kt\u00f3remu to Ty wyprzedzisz swoich rywali!<\/p>\n<\/div>\n<h2 class=\"text-center\" style=\"text-align: center;\"><strong>Szkolenie z wykorzystania AI w marketingu \u2013 wiedza, kt\u00f3r\u0105 musisz zdoby\u0107<\/strong><\/h2>\n<p style=\"text-align: left;\">Szkolenie AI dla marketingu\u00a0 jest intensywnym jednodniowym programem dla pracownik\u00f3w bran\u017cy marketingowej, kt\u00f3rzy chc\u0105 poszerzy\u0107 swoje umiej\u0119tno\u015bci i\u00a0<b>pozna\u0107 mo\u017cliwo\u015bci wykorzystania sztucznej inteligencji w swojej pracy.\u00a0<\/b>Szkolenie skupia si\u0119 na czterech g\u0142\u00f3wnych obszarach wykorzystania sztucznej inteligencji w marketingu. Jest to:<\/p>\n<p>&nbsp;<\/p>\n<p><img loading=\"lazy\" decoding=\"async\" class=\"wp-image-3861 size-full aligncenter\" src=\"https:\/\/sprawnymarketing.pl\/konferencja\/wp-content\/uploads\/2023\/02\/ai.png\" alt=\"\" width=\"661\" height=\"105\" srcset=\"https:\/\/sprawnymarketing.pl\/konferencja\/wp-content\/uploads\/2023\/02\/ai.png 661w, https:\/\/sprawnymarketing.pl\/konferencja\/wp-content\/uploads\/2023\/02\/ai-600x95.png 600w, https:\/\/sprawnymarketing.pl\/konferencja\/wp-content\/uploads\/2023\/02\/ai-300x48.png 300w\" sizes=\"auto, (max-width: 661px) 100vw, 661px\" \/><\/p>\n<p>&nbsp;<\/p>\n<p style=\"text-align: left;\">Podczas szkolenia poznasz r\u00f3\u017cne narz\u0119dzia i technologie, a nasi trenerzy podziel\u0105 si\u0119 z Tob\u0105 praktycznymi wskaz\u00f3wkami i przetestowanymi w boju tipami, dzi\u0119ki kt\u00f3rym wykorzystasz je do swoich dzia\u0142a\u0144.<\/p>\n<h2 class=\"text-center\" style=\"text-align: center;\"><b>Czego dok\u0142adnie Ci\u0119 nauczymy?<\/b><\/h2>\n<ol>\n<li style=\"text-align: left;\" aria-level=\"1\">Jak wykorzystywa\u0107 narz\u0119dzia do wyboru s\u0142\u00f3w kluczowych, optymalizacji tre\u015bci i monitorowania wynik\u00f3w.<\/li>\n<li style=\"text-align: left;\" aria-level=\"1\">Jak wykorzysta\u0107 sztuczn\u0105 inteligencj\u0119 do analizy danych i dostosowywania tre\u015bci do potrzeb i oczekiwa\u0144 Twoich klient\u00f3w.<\/li>\n<li style=\"text-align: left;\" aria-level=\"1\">Jak za pomoc\u0105 AI tworzy\u0107 i edytowa\u0107 obrazy, muzyk\u0119 i materia\u0142y wideo.<\/li>\n<\/ol>\n<p style=\"text-align: left;\">W trakcie szkolenia odpowiemy na pytania uczestnik\u00f3w \u2013 dzi\u0119ki temu b\u0119dziesz mie\u0107 okazj\u0119, aby om\u00f3wi\u0107 problem na przyk\u0142adzie konkretnego zagadnienia czy problemu pojawiaj\u0105cego si\u0119 w trakcie Twojej codziennej pracy.<\/p>\n<h2><\/h2>\n<h2 class=\"text-center\" style=\"text-align: center;\">Program szkolenia<br \/>\nAI dla marketingu<\/h2>\n<p style=\"text-align: left;\"><b>Cele szkolenia:<\/b>\u00a0spe\u0142nienie marzenia marketera! \u2013 umiej\u0119tno\u015b\u0107 wykorzystania narz\u0119dzi AI do optymalizacji pracy<\/p>\n<p style=\"text-align: left;\"><b>Zakres szkolenia<\/b>: narz\u0119dzia AI dla marketingu<\/p>\n<p style=\"text-align: left;\"><b>Forma merytoryczna<\/b>: szkolenie z elementami warsztatu<\/p>\n<p style=\"text-align: left;\"><b>Materia\u0142y<\/b>: prezentacja szkoleniowa<\/p>\n<p style=\"text-align: left;\"><b>Prowadz\u0105cy:\u00a0<\/b>Piotr Szkoda i Jacek Adamczak<\/p>\n<h3 style=\"text-align: left;\"><strong>10:00 \u2013 11:30<\/strong> Wykorzystanie AI w tworzeniu i edycji obraz\u00f3w<\/h3>\n<p style=\"text-align: left;\">\u2022 Poznanie narz\u0119dzi i technologii umo\u017cliwiaj\u0105cej tworzenie i edycj\u0119 obraz\u00f3w z wykorzystaniem AI (m in. Midjourney, DALL\u00b7E 3)<\/p>\n<p style=\"text-align: left;\">\u2022 Zapoznanie si\u0119 z funkcjonalno\u015bciami poszczeg\u00f3lnych narz\u0119dzi, przyk\u0142ady ich zastosowania oraz poznanie ich mo\u017cliwo\u015bci<\/p>\n<p style=\"text-align: left;\">\u2022 Tworzenie oraz edycja obraz\u00f3w za pomoc\u0105 poznanych narz\u0119dzi<\/p>\n<h3 style=\"text-align: left;\"><strong>11:30 \u2013 12:15<\/strong> Tworzenie i edycja muzyki z wykorzystaniem AI<\/h3>\n<p style=\"text-align: left;\">\u2022 Poznanie r\u00f3\u017cnych mo\u017cliwo\u015bci, jakie daje wykorzystanie AI w tej dziedzinie, takie jak np. automatyczne generowanie kompozycji, korekcja d\u017awi\u0119ku, tworzenie nowych brzmie\u0144<\/p>\n<p style=\"text-align: left;\">\u2022 Om\u00f3wienie konkretnych przyk\u0142ad\u00f3w zastosowania AI w tworzeniu i edycji muzyki<\/p>\n<h3 style=\"text-align: left;\"><strong>12:15 \u2013 12:30<\/strong>\u00a0Przerwa kawowa<\/h3>\n<h3 style=\"text-align: left;\"><strong>12:30 \u2013 13:30<\/strong> Tworzenie i edycja materia\u0142\u00f3w wideo z wykorzystaniem AI<\/h3>\n<p style=\"text-align: left;\">\u2022 Pokazanie, jak AI mo\u017ce u\u0142atwi\u0107 i usprawni\u0107 proces tworzenia i edycji materia\u0142\u00f3w wideo<\/p>\n<p style=\"text-align: left;\">\u2022 Om\u00f3wienie r\u00f3\u017cnych mo\u017cliwo\u015bci: tworzenie wideo na podstawie tekstu, automatyczne tworzenie napis\u00f3w, automatyczna korekcja koloru<\/p>\n<h3 style=\"text-align: left;\"><strong>13:30 \u2013 14:30<\/strong> Przerwa obiadowa (we w\u0142asnym zakresie)<\/h3>\n<h3 style=\"text-align: left;\"><strong>14:30 \u2013 15:00<\/strong> Kwestie prawne i ograniczenia<\/h3>\n<p style=\"text-align: left;\">\u2022 Rzeczywisto\u015b\u0107 prawna<\/p>\n<p style=\"text-align: left;\">\u2022 Halucynacje i jak sobie z nimi radzi\u0107<\/p>\n<h3 style=\"text-align: left;\"><strong>15:00 \u2013 16:15<\/strong> Content i SEO<\/h3>\n<p style=\"text-align: left;\">\u2022 Tworzenie prezentacji<\/p>\n<p style=\"text-align: left;\">\u2022 Korzystanie z zasob\u00f3w z Internetu oraz User Generated Content<\/p>\n<p style=\"text-align: left;\">\u2022 GEO \u2013 czyli optymalizacja pod widoczno\u015b\u0107 w Chatbotach AI<\/p>\n<p style=\"text-align: left;\">\u2022 Pisanie tre\u015bci zoptymalizowanej pod SEO<\/p>\n<p style=\"text-align: left;\">\u2022 Czy Google wie, kt\u00f3ra tre\u015b\u0107 zosta\u0142a napisana przez AI?<\/p>\n<p style=\"text-align: left;\">\u2022 Optymalizacja w wyszukiwarce z wykorzystaniem AI<\/p>\n<h3 style=\"text-align: left;\"><strong>16:15 \u2013 16:30<\/strong>\u00a0Przerwa kawowa<\/h3>\n<h3 style=\"text-align: left;\"><strong>16:30 \u2013 17:30<\/strong> Sprzeda\u017c\/komunikacja na sterydach<\/h3>\n<p style=\"text-align: left;\">\u2022 Personalizacja maili i komunikacji<\/p>\n<p style=\"text-align: left;\">\u2022 Coldcalling, czyli jak zaanga\u017cowa\u0107 przysz\u0142ego klienta<\/p>\n<p style=\"text-align: left;\">\u2022 Automatyczne tworzenie ofert<\/p>\n<p style=\"text-align: left;\">\u2022 Mo\u017cliwo\u015bci na usprawnienie proces\u00f3w sprzeda\u017cowych<\/p>\n<h3 style=\"text-align: left;\"><strong>17:30 \u2013 18:00<\/strong>\u00a0Pytania i odpowiedzi<\/h3>\n<p>&nbsp;<\/p>\n<p style=\"text-align: center;\">Wi\u0119cej szczeg\u00f3\u0142\u00f3w znajdziesz na <a href=\"https:\/\/sprawnymarketing.pl\/szkolenia\/ai\/\" target=\"_blank\" rel=\"noopener\">stronie szkolenia.<\/a><\/p>\n                    <\/div>\n                <\/div>\n                <\/div>\n<style>\n@media (min-width: 992px) {\n    .agenda__thumb_gif {\n        max-width: 180px;\n    }\n}\n<\/style>\n            <\/div>\n                                  <div id=\"0-1\" class=\"days-content fade day-content day-content-0-1  dni  \" data-id=\"0-1\">\n                    <div class=\"container px-0 text-center\" id=\"accordion-agenda-0-\">\n                                    <div class=\"row row--full row--full-md-none agenda__content\">\n                    <div class=\"col-12\">\n                        <h2><img loading=\"lazy\" decoding=\"async\" class=\"aligncenter wp-image-12220 size-full\" src=\"https:\/\/sprawnymarketing.pl\/konferencja\/wp-content\/uploads\/2026\/02\/1200x628-medyczny.png\" alt=\"\" width=\"1920\" height=\"1080\" srcset=\"https:\/\/sprawnymarketing.pl\/konferencja\/wp-content\/uploads\/2026\/02\/1200x628-medyczny.png 1920w, https:\/\/sprawnymarketing.pl\/konferencja\/wp-content\/uploads\/2026\/02\/1200x628-medyczny-300x169.png 300w, https:\/\/sprawnymarketing.pl\/konferencja\/wp-content\/uploads\/2026\/02\/1200x628-medyczny-1024x576.png 1024w, https:\/\/sprawnymarketing.pl\/konferencja\/wp-content\/uploads\/2026\/02\/1200x628-medyczny-768x432.png 768w, https:\/\/sprawnymarketing.pl\/konferencja\/wp-content\/uploads\/2026\/02\/1200x628-medyczny-1536x864.png 1536w, https:\/\/sprawnymarketing.pl\/konferencja\/wp-content\/uploads\/2026\/02\/1200x628-medyczny-600x338.png 600w\" sizes=\"auto, (max-width: 1920px) 100vw, 1920px\" \/><\/h2>\n<h2 class=\"text-center\" style=\"text-align: center;\">Dlaczego to szkolenie?<\/h2>\n<p style=\"text-align: left;\">Marketing medyczny to wyj\u0105tkowy segment marketingu, w kt\u00f3rym kluczow\u0105 rol\u0119 odgrywaj\u0105 emocje, poczucie bezpiecze\u0144stwa oraz zaufanie do efektu leczenia, co przek\u0142ada si\u0119 na szczeg\u00f3lne ograniczenia prawne i etyczne w komunikacji. Jak wi\u0119c \u2014 w g\u0105szczu przepis\u00f3w, pod gro\u017ab\u0105 kar finansowych oraz ogranicze\u0144 reklamowych \u2014 skutecznie rozwija\u0107 widoczno\u015b\u0107 plac\u00f3wki? Czy aktywno\u015b\u0107 w social media jest konieczna? Czy AI realnie wspiera marketing medyczny?<\/p>\n<p style=\"text-align: left;\">Podczas szkolenia przejdziemy przez pe\u0142ny proces budowania strategii \u2014 od diagnozy potrzeb biznesowych, przez planowanie dzia\u0142a\u0144, a\u017c po analiz\u0119 efekt\u00f3w w postaci realnych rejestracji pacjent\u00f3w. Om\u00f3wimy typowe \u201ew\u0105skie gard\u0142a\u201d, takie jak:<\/p>\n<p style=\"text-align: left;\">\u2022 skuteczno\u015b\u0107 materia\u0142\u00f3w reklamowych<br \/>\n\u2022 proces zapisu pacjent\u00f3w<br \/>\n\u2022 automatyzacja i wykorzystanie AI<\/p>\n<p style=\"text-align: left;\">Skuteczno\u015b\u0107 wynika z logicznej architektury dzia\u0142a\u0144 marketingowych i zrozumienia \u015bcie\u017cki decyzyjnej pacjenta. Podczas blisko 17 lat pracy z bran\u017c\u0105 medyczn\u0105 uczestniczy\u0142am w tworzeniu nowych plac\u00f3wek oraz restrukturyzacji tych o ugruntowanej pozycji rynkowej, kt\u00f3re mierzy\u0142y si\u0119 ze spadkiem zainteresowania lub zmian\u0105 rynku. Autorytet ekspercki coraz cz\u0119\u015bciej konkuruje z widoczno\u015bci\u0105 cyfrow\u0105, a rynek staje si\u0119 silnie konkurencyjny cenowo, z uwagi na pracownicze pakiety komercyjnych us\u0142ug medycznych. Szkolenie pokazuje, jak dostosowa\u0107 dzia\u0142ania marketingowe do nowych reali\u00f3w wyszukiwania i<br \/>\nkomunikacji.<\/p>\n<p>&nbsp;<\/p>\n<h2 class=\"text-center\" style=\"text-align: center;\">Program szkolenia<br \/>\nMarketing medyczny<\/h2>\n<h3 style=\"text-align: left;\"><strong>10:00 \u2013 10:15<\/strong> Wprowadzenie<\/h3>\n<p style=\"text-align: left;\">\u2022 Powitanie uczestnik\u00f3w<\/p>\n<p style=\"text-align: left;\">\u2022 Przedstawienie celu i zakresu szkolenia<\/p>\n<p style=\"text-align: left;\">\u2022 Analiza potrzeb uczestnik\u00f3w i kontekstu ich plac\u00f3wek<\/p>\n<p style=\"text-align: left;\">\u2022 Ustalenie oczekiwa\u0144 wobec szkolenia<\/p>\n<h3 style=\"text-align: left;\"><strong>10:15 \u2013 11:45<\/strong> Dlaczego dzi\u015b tak trudno pozyska\u0107 pacjenta?<\/h3>\n<p style=\"text-align: left;\"><span style=\"font-weight: 400;\">\u2022 Specyfika marketingu medycznego \u2013 ograniczenia prawne i etyczne<\/span><\/p>\n<p style=\"text-align: left;\"><span style=\"font-weight: 400;\">\u2022 Jak regulacje wp\u0142ywaj\u0105 na komunikacj\u0119 i reklam\u0119 us\u0142ug medycznych<\/span><\/p>\n<p style=\"text-align: left;\"><span style=\"font-weight: 400;\">\u2022 Wsp\u00f3\u0142czesne zachowania pacjent\u00f3w w \u015brodowisku cyfrowym<\/span><\/p>\n<p style=\"text-align: left;\"><span style=\"font-weight: 400;\">\u2022 Pacjent \u201einformacyjny\u201d \u2013 wp\u0142yw wyszukiwarek, AI i opinii online<\/span><\/p>\n<p style=\"text-align: left;\"><span style=\"font-weight: 400;\">\u2022 Najcz\u0119stsze b\u0142\u0119dy w marketingu plac\u00f3wek medycznych<\/span><\/p>\n<p style=\"text-align: left;\"><span style=\"font-weight: 400;\">\u2022 Jak budowa\u0107 wiarygodno\u015b\u0107 i przewag\u0119 konkurencyjn\u0105<\/span><\/p>\n<h3 style=\"text-align: left;\"><strong>11:45 \u2013 12:00<\/strong> <b>Przerwa kawowa<\/b><\/h3>\n<h3 style=\"text-align: left;\"><strong>12:00 \u2013 13:30<\/strong> \u015acie\u017cka decyzyjna pacjenta i architektura lejka marketingowego<\/h3>\n<p style=\"text-align: left;\"><span style=\"font-weight: 400;\">\u2022 Jak wygl\u0105da proces podejmowania decyzji przez pacjenta<\/span><\/p>\n<p style=\"text-align: left;\"><span style=\"font-weight: 400;\">\u2022 \u015awiadome i nie\u015bwiadome kana\u0142y percepcji komunikat\u00f3w marketingowych<\/span><\/p>\n<p style=\"text-align: left;\"><span style=\"font-weight: 400;\">\u2022 Mass marketing vs. komunikacja precyzyjna<\/span><\/p>\n<p style=\"text-align: left;\"><span style=\"font-weight: 400;\">\u2022 Rola strony internetowej w procesie decyzyjnym pacjenta<\/span><\/p>\n<p style=\"text-align: left;\"><span style=\"font-weight: 400;\">\u2022 Czynniki wp\u0142ywaj\u0105ce na wyb\u00f3r plac\u00f3wki \u2013 us\u0142ugi pierwszej potrzeby vs. premium<\/span><\/p>\n<p style=\"text-align: left;\"><span style=\"font-weight: 400;\">\u2022 Projektowanie skutecznego lejka marketingowego<\/span><\/p>\n<h3 style=\"text-align: left;\"><strong>13:30 \u2013 14:30<\/strong> <b>Przerwa obiadowa (we w\u0142asnym zakresie)<\/b><\/h3>\n<h3 style=\"text-align: left;\"><strong>14:30 \u2013 15:45<\/strong> <b>Strategia marketingowa \u2013 jak ustawi\u0107 portfel mediowo-finansowy?<\/b><\/h3>\n<p style=\"text-align: left;\"><span style=\"font-weight: 400;\">\u2022 Planowanie dzia\u0142a\u0144 marketingowych w oparciu o cele biznesowe<\/span><\/p>\n<p style=\"text-align: left;\"><span style=\"font-weight: 400;\">\u2022 Synergia kana\u0142\u00f3w reklamowych: Google, social media, SEO<\/span><\/p>\n<p style=\"text-align: left;\"><span style=\"font-weight: 400;\">\u2022 Nowe realia wyszukiwania \u2013 AI i zmiana zachowa\u0144 u\u017cytkownik\u00f3w<\/span><\/p>\n<p style=\"text-align: left;\"><span style=\"font-weight: 400;\">\u2022 Optymalizacja bud\u017cetu marketingowego<\/span><\/p>\n<p style=\"text-align: left;\"><span style=\"font-weight: 400;\">\u2022 Modelowanie strategii dopasowanej do typu plac\u00f3wki<\/span><\/p>\n<p style=\"text-align: left;\"><span style=\"font-weight: 400;\">\u2022 Priorytety dzia\u0142a\u0144 marketingowych w praktyce<\/span><\/p>\n<h3 style=\"text-align: left;\"><strong>15:45 \u2013 16:00<\/strong> Przerwa kawowa<\/h3>\n<h3 style=\"text-align: left;\"><strong>16:00 \u2013 17:30<\/strong> Analiza wynik\u00f3w \u2013 jak podejmowa\u0107 trafne decyzje marketingowo-biznesowe?<\/h3>\n<p style=\"text-align: left;\"><span style=\"font-weight: 400;\">\u2022 Jak mierzy\u0107 skuteczno\u015b\u0107 dzia\u0142a\u0144 marketingowych<\/span><\/p>\n<p style=\"text-align: left;\"><span style=\"font-weight: 400;\">\u2022 Wprowadzenie do narz\u0119dzi analitycznych (GA4, GTM)<\/span><\/p>\n<p style=\"text-align: left;\"><span style=\"font-weight: 400;\">\u2022 Interpretacja danych w kontek\u015bcie realnych wynik\u00f3w plac\u00f3wki<\/span><\/p>\n<p style=\"text-align: left;\"><span style=\"font-weight: 400;\">\u2022 Identyfikowanie \u201ew\u0105skich garde\u0142\u201d w procesie pozyskiwania pacjenta<\/span><\/p>\n<p style=\"text-align: left;\"><span style=\"font-weight: 400;\">\u2022 Planowanie dzia\u0142a\u0144 na podstawie danych i trend\u00f3w<\/span><\/p>\n<p style=\"text-align: left;\"><span style=\"font-weight: 400;\">\u2022 Monitoring efektywno\u015bci i d\u0142ugofalowe zarz\u0105dzanie marketingiem<\/span><\/p>\n<h3 style=\"text-align: left;\"><strong>17:30 \u2013 18:00<\/strong> Sesja Q&amp;A i podsumowanie szkolenia<\/h3>\n<p style=\"text-align: left;\"><span style=\"font-weight: 400;\">\u2022 Odpowiedzi na pytania uczestnik\u00f3w<\/span><\/p>\n<p style=\"text-align: left;\"><span style=\"font-weight: 400;\">\u2022 Om\u00f3wienie wniosk\u00f3w i rekomendacji wdro\u017ceniowych<\/span><\/p>\n<p style=\"text-align: left;\"><span style=\"font-weight: 400;\">\u2022 Kierunki dalszego rozwoju dzia\u0142a\u0144 marketingowych<\/span><\/p>\n<p>&nbsp;<\/p>\n<p style=\"text-align: center;\">Wi\u0119cej informacji znajdziesz na <a href=\"https:\/\/sprawnymarketing.pl\/szkolenia\/marketing-medyczny\/\">stronie szkolenia.<\/a><\/p>\n                    <\/div>\n                <\/div>\n                <\/div>\n<style>\n@media (min-width: 992px) {\n    .agenda__thumb_gif {\n        max-width: 180px;\n    }\n}\n<\/style>\n            <\/div>\n                                                                                  <div id=\"1-0\" class=\"days-content fade day-content day-content-1-0  dni  show active\" data-id=\"1-0\">\n  <div class=\"day-description\">\n<h2 class=\"row agenda-trainer justify-content-center\">Zaproszone Prelegentki i Prelegenci<\/h2>\n  <\/div>\n                    <div class=\"container px-0 text-center\" id=\"accordion-agenda-1-\">\n        <div class=\"row row--full row--full-md-none row-wyrownaj-wszystko agenda__border\" style=\"justify-content: center; display:flex\">\n            <div class=\"row agenda-trainer justify-content-center\">\n                                    <div class=\"col-md-3 mt-5\">\n                        <img loading=\"lazy\" decoding=\"async\" width=\"150\" height=\"150\" src=\"https:\/\/sprawnymarketing.pl\/konferencja\/wp-content\/uploads\/2023\/10\/Pawel-Tkaczyk-150x150-1-1.png\" class=\"agenda__thumb wp-post-image\" alt=\"\" srcset=\"https:\/\/sprawnymarketing.pl\/konferencja\/wp-content\/uploads\/2023\/10\/Pawel-Tkaczyk-150x150-1-1.png 150w, https:\/\/sprawnymarketing.pl\/konferencja\/wp-content\/uploads\/2023\/10\/Pawel-Tkaczyk-150x150-1-1-100x100.png 100w\" sizes=\"auto, (max-width: 150px) 100vw, 150px\" \/>                                                    <p class=\"agenda__accordion-title black\">Pawe\u0142 Tkaczyk<\/p>\n                                                                             <p class=\"agenda__company\">MIDEA<\/p>\n                                                                    <\/div>\n                                    <div class=\"col-md-3 mt-5\">\n                        <img loading=\"lazy\" decoding=\"async\" width=\"150\" height=\"150\" src=\"https:\/\/sprawnymarketing.pl\/konferencja\/wp-content\/uploads\/2026\/01\/krzysztof_miotk-150x150.png\" class=\"agenda__thumb wp-post-image\" alt=\"\" srcset=\"https:\/\/sprawnymarketing.pl\/konferencja\/wp-content\/uploads\/2026\/01\/krzysztof_miotk-150x150.png 150w, https:\/\/sprawnymarketing.pl\/konferencja\/wp-content\/uploads\/2026\/01\/krzysztof_miotk-300x300.png 300w, https:\/\/sprawnymarketing.pl\/konferencja\/wp-content\/uploads\/2026\/01\/krzysztof_miotk-1024x1024.png 1024w, https:\/\/sprawnymarketing.pl\/konferencja\/wp-content\/uploads\/2026\/01\/krzysztof_miotk-768x768.png 768w, https:\/\/sprawnymarketing.pl\/konferencja\/wp-content\/uploads\/2026\/01\/krzysztof_miotk-1536x1536.png 1536w, https:\/\/sprawnymarketing.pl\/konferencja\/wp-content\/uploads\/2026\/01\/krzysztof_miotk-600x600.png 600w, https:\/\/sprawnymarketing.pl\/konferencja\/wp-content\/uploads\/2026\/01\/krzysztof_miotk-100x100.png 100w, https:\/\/sprawnymarketing.pl\/konferencja\/wp-content\/uploads\/2026\/01\/krzysztof_miotk.png 1800w\" sizes=\"auto, (max-width: 150px) 100vw, 150px\" \/>                                                    <p class=\"agenda__accordion-title black\">Krzysztof Miotk<\/p>\n                                                                             <p class=\"agenda__company\">CEO Quale UX<\/p>\n                                                                    <\/div>\n                                    <div class=\"col-md-3 mt-5\">\n                        <img loading=\"lazy\" decoding=\"async\" width=\"150\" height=\"150\" src=\"https:\/\/sprawnymarketing.pl\/konferencja\/wp-content\/uploads\/2023\/05\/unnamed-8-150x150.png\" class=\"agenda__thumb wp-post-image\" alt=\"\" srcset=\"https:\/\/sprawnymarketing.pl\/konferencja\/wp-content\/uploads\/2023\/05\/unnamed-8-150x150.png 150w, https:\/\/sprawnymarketing.pl\/konferencja\/wp-content\/uploads\/2023\/05\/unnamed-8-100x100.png 100w, https:\/\/sprawnymarketing.pl\/konferencja\/wp-content\/uploads\/2023\/05\/unnamed-8.png 200w\" sizes=\"auto, (max-width: 150px) 100vw, 150px\" \/>                                                    <p class=\"agenda__accordion-title black\">\u0141ukasz K\u0119pi\u0144ski<\/p>\n                                                                             <p class=\"agenda__company\">Tears of Joy agency<\/p>\n                                                                    <\/div>\n                                    <div class=\"col-md-3 mt-5\">\n                        <img loading=\"lazy\" decoding=\"async\" width=\"150\" height=\"150\" src=\"https:\/\/sprawnymarketing.pl\/konferencja\/wp-content\/uploads\/2024\/02\/05_paulina_mazur-150x150.png\" class=\"agenda__thumb wp-post-image\" alt=\"\" srcset=\"https:\/\/sprawnymarketing.pl\/konferencja\/wp-content\/uploads\/2024\/02\/05_paulina_mazur-150x150.png 150w, https:\/\/sprawnymarketing.pl\/konferencja\/wp-content\/uploads\/2024\/02\/05_paulina_mazur-300x300.png 300w, https:\/\/sprawnymarketing.pl\/konferencja\/wp-content\/uploads\/2024\/02\/05_paulina_mazur-1024x1024.png 1024w, https:\/\/sprawnymarketing.pl\/konferencja\/wp-content\/uploads\/2024\/02\/05_paulina_mazur-768x768.png 768w, https:\/\/sprawnymarketing.pl\/konferencja\/wp-content\/uploads\/2024\/02\/05_paulina_mazur-1536x1536.png 1536w, https:\/\/sprawnymarketing.pl\/konferencja\/wp-content\/uploads\/2024\/02\/05_paulina_mazur-600x600.png 600w, https:\/\/sprawnymarketing.pl\/konferencja\/wp-content\/uploads\/2024\/02\/05_paulina_mazur-100x100.png 100w, https:\/\/sprawnymarketing.pl\/konferencja\/wp-content\/uploads\/2024\/02\/05_paulina_mazur.png 1800w\" sizes=\"auto, (max-width: 150px) 100vw, 150px\" \/>                                                    <p class=\"agenda__accordion-title black\">Paulina Mazur<\/p>\n                                                                             <p class=\"agenda__company\">paulinamazur.com<\/p>\n                                                                    <\/div>\n                                    <div class=\"col-md-3 mt-5\">\n                        <img loading=\"lazy\" decoding=\"async\" width=\"150\" height=\"150\" src=\"https:\/\/sprawnymarketing.pl\/konferencja\/wp-content\/uploads\/2025\/11\/mateusz_jemiol-150x150.png\" class=\"agenda__thumb wp-post-image\" alt=\"\" srcset=\"https:\/\/sprawnymarketing.pl\/konferencja\/wp-content\/uploads\/2025\/11\/mateusz_jemiol-150x150.png 150w, https:\/\/sprawnymarketing.pl\/konferencja\/wp-content\/uploads\/2025\/11\/mateusz_jemiol-300x300.png 300w, https:\/\/sprawnymarketing.pl\/konferencja\/wp-content\/uploads\/2025\/11\/mateusz_jemiol-1024x1024.png 1024w, https:\/\/sprawnymarketing.pl\/konferencja\/wp-content\/uploads\/2025\/11\/mateusz_jemiol-768x768.png 768w, https:\/\/sprawnymarketing.pl\/konferencja\/wp-content\/uploads\/2025\/11\/mateusz_jemiol-1536x1536.png 1536w, https:\/\/sprawnymarketing.pl\/konferencja\/wp-content\/uploads\/2025\/11\/mateusz_jemiol-600x600.png 600w, https:\/\/sprawnymarketing.pl\/konferencja\/wp-content\/uploads\/2025\/11\/mateusz_jemiol-100x100.png 100w, https:\/\/sprawnymarketing.pl\/konferencja\/wp-content\/uploads\/2025\/11\/mateusz_jemiol.png 1800w\" sizes=\"auto, (max-width: 150px) 100vw, 150px\" \/>                                                    <p class=\"agenda__accordion-title black\">Mateusz Jemio\u0142<\/p>\n                                                                             <p class=\"agenda__company\">Mova Film<\/p>\n                                                                    <\/div>\n                                    <div class=\"col-md-3 mt-5\">\n                        <img loading=\"lazy\" decoding=\"async\" width=\"150\" height=\"150\" src=\"https:\/\/sprawnymarketing.pl\/konferencja\/wp-content\/uploads\/2024\/04\/James-Behr-150x150.png\" class=\"agenda__thumb wp-post-image\" alt=\"\" srcset=\"https:\/\/sprawnymarketing.pl\/konferencja\/wp-content\/uploads\/2024\/04\/James-Behr-150x150.png 150w, https:\/\/sprawnymarketing.pl\/konferencja\/wp-content\/uploads\/2024\/04\/James-Behr-100x100.png 100w, https:\/\/sprawnymarketing.pl\/konferencja\/wp-content\/uploads\/2024\/04\/James-Behr.png 208w\" sizes=\"auto, (max-width: 150px) 100vw, 150px\" \/>                                                    <p class=\"agenda__accordion-title black\">James Behr<\/p>\n                                                                             <p class=\"agenda__company\">AdFather<\/p>\n                                                                    <\/div>\n                                    <div class=\"col-md-3 mt-5\">\n                        <img loading=\"lazy\" decoding=\"async\" width=\"150\" height=\"150\" src=\"https:\/\/sprawnymarketing.pl\/konferencja\/wp-content\/uploads\/2023\/05\/kotowska_300x300-150x150.png\" class=\"agenda__thumb wp-post-image\" alt=\"\" srcset=\"https:\/\/sprawnymarketing.pl\/konferencja\/wp-content\/uploads\/2023\/05\/kotowska_300x300-150x150.png 150w, https:\/\/sprawnymarketing.pl\/konferencja\/wp-content\/uploads\/2023\/05\/kotowska_300x300-100x100.png 100w, https:\/\/sprawnymarketing.pl\/konferencja\/wp-content\/uploads\/2023\/05\/kotowska_300x300.png 300w\" sizes=\"auto, (max-width: 150px) 100vw, 150px\" \/>                                                    <p class=\"agenda__accordion-title black\">Kama Kotowska<\/p>\n                                                                             <p class=\"agenda__company\">kotowskakama.pl<\/p>\n                                                                    <\/div>\n                                    <div class=\"col-md-3 mt-5\">\n                        <img loading=\"lazy\" decoding=\"async\" width=\"150\" height=\"150\" src=\"https:\/\/sprawnymarketing.pl\/konferencja\/wp-content\/uploads\/2023\/03\/kuba_biel-150x150.png\" class=\"agenda__thumb wp-post-image\" alt=\"\" srcset=\"https:\/\/sprawnymarketing.pl\/konferencja\/wp-content\/uploads\/2023\/03\/kuba_biel-150x150.png 150w, https:\/\/sprawnymarketing.pl\/konferencja\/wp-content\/uploads\/2023\/03\/kuba_biel-300x300.png 300w, https:\/\/sprawnymarketing.pl\/konferencja\/wp-content\/uploads\/2023\/03\/kuba_biel-1024x1024.png 1024w, https:\/\/sprawnymarketing.pl\/konferencja\/wp-content\/uploads\/2023\/03\/kuba_biel-768x768.png 768w, https:\/\/sprawnymarketing.pl\/konferencja\/wp-content\/uploads\/2023\/03\/kuba_biel-1536x1536.png 1536w, https:\/\/sprawnymarketing.pl\/konferencja\/wp-content\/uploads\/2023\/03\/kuba_biel-600x600.png 600w, https:\/\/sprawnymarketing.pl\/konferencja\/wp-content\/uploads\/2023\/03\/kuba_biel-100x100.png 100w, https:\/\/sprawnymarketing.pl\/konferencja\/wp-content\/uploads\/2023\/03\/kuba_biel.png 1800w\" sizes=\"auto, (max-width: 150px) 100vw, 150px\" \/>                                                    <p class=\"agenda__accordion-title black\">Jakub Biel<\/p>\n                                                                             <p class=\"agenda__company\">jakubbiel.pl<\/p>\n                                                                    <\/div>\n                                    <div class=\"col-md-3 mt-5\">\n                        <img loading=\"lazy\" decoding=\"async\" width=\"150\" height=\"150\" src=\"https:\/\/sprawnymarketing.pl\/konferencja\/wp-content\/uploads\/2022\/03\/Graszewicz-150x150.png\" class=\"agenda__thumb wp-post-image\" alt=\"\" srcset=\"https:\/\/sprawnymarketing.pl\/konferencja\/wp-content\/uploads\/2022\/03\/Graszewicz-150x150.png 150w, https:\/\/sprawnymarketing.pl\/konferencja\/wp-content\/uploads\/2022\/03\/Graszewicz-100x100.png 100w, https:\/\/sprawnymarketing.pl\/konferencja\/wp-content\/uploads\/2022\/03\/Graszewicz.png 200w\" sizes=\"auto, (max-width: 150px) 100vw, 150px\" \/>                                                    <p class=\"agenda__accordion-title black\">Tomek Graszewicz<\/p>\n                                                                             <p class=\"agenda__company\">AI wizards, Job\u2019n\u2019Joy, Shake the Cake<\/p>\n                                                                    <\/div>\n                                    <div class=\"col-md-3 mt-5\">\n                        <img loading=\"lazy\" decoding=\"async\" width=\"150\" height=\"150\" src=\"https:\/\/sprawnymarketing.pl\/konferencja\/wp-content\/uploads\/2021\/05\/budzich-1-150x150.png\" class=\"agenda__thumb wp-post-image\" alt=\"\" srcset=\"https:\/\/sprawnymarketing.pl\/konferencja\/wp-content\/uploads\/2021\/05\/budzich-1-150x150.png 150w, https:\/\/sprawnymarketing.pl\/konferencja\/wp-content\/uploads\/2021\/05\/budzich-1-100x100.png 100w, https:\/\/sprawnymarketing.pl\/konferencja\/wp-content\/uploads\/2021\/05\/budzich-1.png 200w\" sizes=\"auto, (max-width: 150px) 100vw, 150px\" \/>                                                    <p class=\"agenda__accordion-title black\">Maciej Budzich<\/p>\n                                                                                            <\/div>\n                                    <div class=\"col-md-3 mt-5\">\n                        <img loading=\"lazy\" decoding=\"async\" width=\"150\" height=\"150\" src=\"https:\/\/sprawnymarketing.pl\/konferencja\/wp-content\/uploads\/2024\/07\/Magdalena-Urbaniak-150x150.png\" class=\"agenda__thumb wp-post-image\" alt=\"\" srcset=\"https:\/\/sprawnymarketing.pl\/konferencja\/wp-content\/uploads\/2024\/07\/Magdalena-Urbaniak-150x150.png 150w, https:\/\/sprawnymarketing.pl\/konferencja\/wp-content\/uploads\/2024\/07\/Magdalena-Urbaniak-100x100.png 100w, https:\/\/sprawnymarketing.pl\/konferencja\/wp-content\/uploads\/2024\/07\/Magdalena-Urbaniak.png 200w\" sizes=\"auto, (max-width: 150px) 100vw, 150px\" \/>                                                    <p class=\"agenda__accordion-title black\">Magdalena Urbaniak<\/p>\n                                                                             <p class=\"agenda__company\">MaxTractor<\/p>\n                                                                    <\/div>\n                                    <div class=\"col-md-3 mt-5\">\n                        <img loading=\"lazy\" decoding=\"async\" width=\"150\" height=\"150\" src=\"https:\/\/sprawnymarketing.pl\/konferencja\/wp-content\/uploads\/2024\/01\/Projekt-bez-nazwy-1-150x150.png\" class=\"agenda__thumb wp-post-image\" alt=\"\" srcset=\"https:\/\/sprawnymarketing.pl\/konferencja\/wp-content\/uploads\/2024\/01\/Projekt-bez-nazwy-1-150x150.png 150w, https:\/\/sprawnymarketing.pl\/konferencja\/wp-content\/uploads\/2024\/01\/Projekt-bez-nazwy-1-100x100.png 100w, https:\/\/sprawnymarketing.pl\/konferencja\/wp-content\/uploads\/2024\/01\/Projekt-bez-nazwy-1.png 300w\" sizes=\"auto, (max-width: 150px) 100vw, 150px\" \/>                                                    <p class=\"agenda__accordion-title black\">Mariya Kallagova<\/p>\n                                                                             <p class=\"agenda__company\">mariyakallagova.com<\/p>\n                                                                    <\/div>\n                            <\/div>\n        <\/div>\n    <\/div>\n            <\/div>\n                                  <div id=\"1-1\" class=\"days-content fade day-content day-content-1-1  dni  \" data-id=\"1-1\">\n  <div class=\"day-description\">\n<h2 class=\"row agenda-trainer justify-content-center\">Zaproszone Prelegentki i Prelegenci<\/h2>\n  <\/div>\n                    <div class=\"container px-0 text-center\" id=\"accordion-agenda-1-\">\n        <div class=\"row row--full row--full-md-none row-wyrownaj-wszystko agenda__border\" style=\"justify-content: center; display:flex\">\n            <div class=\"row agenda-trainer justify-content-center\">\n                                    <div class=\"col-md-3 mt-5\">\n                        <img loading=\"lazy\" decoding=\"async\" width=\"150\" height=\"150\" src=\"https:\/\/sprawnymarketing.pl\/konferencja\/wp-content\/uploads\/2025\/06\/04_bartek-jurga-150x150.png\" class=\"agenda__thumb wp-post-image\" alt=\"\" srcset=\"https:\/\/sprawnymarketing.pl\/konferencja\/wp-content\/uploads\/2025\/06\/04_bartek-jurga-150x150.png 150w, https:\/\/sprawnymarketing.pl\/konferencja\/wp-content\/uploads\/2025\/06\/04_bartek-jurga-300x300.png 300w, https:\/\/sprawnymarketing.pl\/konferencja\/wp-content\/uploads\/2025\/06\/04_bartek-jurga-1024x1024.png 1024w, https:\/\/sprawnymarketing.pl\/konferencja\/wp-content\/uploads\/2025\/06\/04_bartek-jurga-768x768.png 768w, https:\/\/sprawnymarketing.pl\/konferencja\/wp-content\/uploads\/2025\/06\/04_bartek-jurga-1536x1536.png 1536w, https:\/\/sprawnymarketing.pl\/konferencja\/wp-content\/uploads\/2025\/06\/04_bartek-jurga-600x600.png 600w, https:\/\/sprawnymarketing.pl\/konferencja\/wp-content\/uploads\/2025\/06\/04_bartek-jurga-100x100.png 100w, https:\/\/sprawnymarketing.pl\/konferencja\/wp-content\/uploads\/2025\/06\/04_bartek-jurga.png 1800w\" sizes=\"auto, (max-width: 150px) 100vw, 150px\" \/>                                                    <p class=\"agenda__accordion-title black\">Bartosz Jurga<\/p>\n                                                                             <p class=\"agenda__company\">Kiszone Specja\u0142y <\/p>\n                                                                    <\/div>\n                                    <div class=\"col-md-3 mt-5\">\n                        <img loading=\"lazy\" decoding=\"async\" width=\"150\" height=\"150\" src=\"https:\/\/sprawnymarketing.pl\/konferencja\/wp-content\/uploads\/2025\/07\/05_pawel_chodkiewicz-150x150.png\" class=\"agenda__thumb wp-post-image\" alt=\"\" srcset=\"https:\/\/sprawnymarketing.pl\/konferencja\/wp-content\/uploads\/2025\/07\/05_pawel_chodkiewicz-150x150.png 150w, https:\/\/sprawnymarketing.pl\/konferencja\/wp-content\/uploads\/2025\/07\/05_pawel_chodkiewicz-300x300.png 300w, https:\/\/sprawnymarketing.pl\/konferencja\/wp-content\/uploads\/2025\/07\/05_pawel_chodkiewicz-1024x1024.png 1024w, https:\/\/sprawnymarketing.pl\/konferencja\/wp-content\/uploads\/2025\/07\/05_pawel_chodkiewicz-768x768.png 768w, https:\/\/sprawnymarketing.pl\/konferencja\/wp-content\/uploads\/2025\/07\/05_pawel_chodkiewicz-1536x1536.png 1536w, https:\/\/sprawnymarketing.pl\/konferencja\/wp-content\/uploads\/2025\/07\/05_pawel_chodkiewicz-600x600.png 600w, https:\/\/sprawnymarketing.pl\/konferencja\/wp-content\/uploads\/2025\/07\/05_pawel_chodkiewicz-100x100.png 100w, https:\/\/sprawnymarketing.pl\/konferencja\/wp-content\/uploads\/2025\/07\/05_pawel_chodkiewicz.png 1800w\" sizes=\"auto, (max-width: 150px) 100vw, 150px\" \/>                                                    <p class=\"agenda__accordion-title black\">Pawe\u0142 Chodkiewicz<\/p>\n                                                                             <p class=\"agenda__company\">Art-S<\/p>\n                                                                    <\/div>\n                                    <div class=\"col-md-3 mt-5\">\n                        <img loading=\"lazy\" decoding=\"async\" width=\"150\" height=\"150\" src=\"https:\/\/sprawnymarketing.pl\/konferencja\/wp-content\/uploads\/2025\/06\/ECOMM-mateusz_muryjas-150x150.png\" class=\"agenda__thumb wp-post-image\" alt=\"\" srcset=\"https:\/\/sprawnymarketing.pl\/konferencja\/wp-content\/uploads\/2025\/06\/ECOMM-mateusz_muryjas-150x150.png 150w, https:\/\/sprawnymarketing.pl\/konferencja\/wp-content\/uploads\/2025\/06\/ECOMM-mateusz_muryjas-300x300.png 300w, https:\/\/sprawnymarketing.pl\/konferencja\/wp-content\/uploads\/2025\/06\/ECOMM-mateusz_muryjas-1024x1024.png 1024w, https:\/\/sprawnymarketing.pl\/konferencja\/wp-content\/uploads\/2025\/06\/ECOMM-mateusz_muryjas-768x768.png 768w, https:\/\/sprawnymarketing.pl\/konferencja\/wp-content\/uploads\/2025\/06\/ECOMM-mateusz_muryjas-1536x1536.png 1536w, https:\/\/sprawnymarketing.pl\/konferencja\/wp-content\/uploads\/2025\/06\/ECOMM-mateusz_muryjas-600x600.png 600w, https:\/\/sprawnymarketing.pl\/konferencja\/wp-content\/uploads\/2025\/06\/ECOMM-mateusz_muryjas-100x100.png 100w, https:\/\/sprawnymarketing.pl\/konferencja\/wp-content\/uploads\/2025\/06\/ECOMM-mateusz_muryjas.png 1800w\" sizes=\"auto, (max-width: 150px) 100vw, 150px\" \/>                                                    <p class=\"agenda__accordion-title black\">Mateusz Muryjas<\/p>\n                                                                             <p class=\"agenda__company\">Analityczny<\/p>\n                                                                    <\/div>\n                                    <div class=\"col-md-3 mt-5\">\n                        <img loading=\"lazy\" decoding=\"async\" width=\"150\" height=\"150\" src=\"https:\/\/sprawnymarketing.pl\/konferencja\/wp-content\/uploads\/2025\/06\/ECOMM-aleksandra_gacek_natalia_paciorek-150x150.png\" class=\"agenda__thumb wp-post-image\" alt=\"\" srcset=\"https:\/\/sprawnymarketing.pl\/konferencja\/wp-content\/uploads\/2025\/06\/ECOMM-aleksandra_gacek_natalia_paciorek-150x150.png 150w, https:\/\/sprawnymarketing.pl\/konferencja\/wp-content\/uploads\/2025\/06\/ECOMM-aleksandra_gacek_natalia_paciorek-300x300.png 300w, https:\/\/sprawnymarketing.pl\/konferencja\/wp-content\/uploads\/2025\/06\/ECOMM-aleksandra_gacek_natalia_paciorek-1024x1024.png 1024w, https:\/\/sprawnymarketing.pl\/konferencja\/wp-content\/uploads\/2025\/06\/ECOMM-aleksandra_gacek_natalia_paciorek-768x768.png 768w, https:\/\/sprawnymarketing.pl\/konferencja\/wp-content\/uploads\/2025\/06\/ECOMM-aleksandra_gacek_natalia_paciorek-1536x1536.png 1536w, https:\/\/sprawnymarketing.pl\/konferencja\/wp-content\/uploads\/2025\/06\/ECOMM-aleksandra_gacek_natalia_paciorek-600x600.png 600w, https:\/\/sprawnymarketing.pl\/konferencja\/wp-content\/uploads\/2025\/06\/ECOMM-aleksandra_gacek_natalia_paciorek-100x100.png 100w, https:\/\/sprawnymarketing.pl\/konferencja\/wp-content\/uploads\/2025\/06\/ECOMM-aleksandra_gacek_natalia_paciorek.png 1800w\" sizes=\"auto, (max-width: 150px) 100vw, 150px\" \/>                                                    <p class=\"agenda__accordion-title black\">Natalia Paciorek &#038; Aleksandra Gacek<\/p>\n                                                                             <p class=\"agenda__company\">x-kom<\/p>\n                                                                    <\/div>\n                                    <div class=\"col-md-3 mt-5\">\n                        <img loading=\"lazy\" decoding=\"async\" width=\"150\" height=\"150\" src=\"https:\/\/sprawnymarketing.pl\/konferencja\/wp-content\/uploads\/2025\/07\/05_marek_kich-150x150.png\" class=\"agenda__thumb wp-post-image\" alt=\"\" srcset=\"https:\/\/sprawnymarketing.pl\/konferencja\/wp-content\/uploads\/2025\/07\/05_marek_kich-150x150.png 150w, https:\/\/sprawnymarketing.pl\/konferencja\/wp-content\/uploads\/2025\/07\/05_marek_kich-300x300.png 300w, https:\/\/sprawnymarketing.pl\/konferencja\/wp-content\/uploads\/2025\/07\/05_marek_kich-1024x1024.png 1024w, https:\/\/sprawnymarketing.pl\/konferencja\/wp-content\/uploads\/2025\/07\/05_marek_kich-768x768.png 768w, https:\/\/sprawnymarketing.pl\/konferencja\/wp-content\/uploads\/2025\/07\/05_marek_kich-1536x1536.png 1536w, https:\/\/sprawnymarketing.pl\/konferencja\/wp-content\/uploads\/2025\/07\/05_marek_kich-600x600.png 600w, https:\/\/sprawnymarketing.pl\/konferencja\/wp-content\/uploads\/2025\/07\/05_marek_kich-100x100.png 100w, https:\/\/sprawnymarketing.pl\/konferencja\/wp-content\/uploads\/2025\/07\/05_marek_kich.png 1800w\" sizes=\"auto, (max-width: 150px) 100vw, 150px\" \/>                                                    <p class=\"agenda__accordion-title black\">Marek Kich<\/p>\n                                                                             <p class=\"agenda__company\">Satisfly<\/p>\n                                                                    <\/div>\n                                    <div class=\"col-md-3 mt-5\">\n                        <img loading=\"lazy\" decoding=\"async\" width=\"150\" height=\"150\" src=\"https:\/\/sprawnymarketing.pl\/konferencja\/wp-content\/uploads\/2025\/07\/07_pawel_mielcarek-150x150.png\" class=\"agenda__thumb wp-post-image\" alt=\"\" srcset=\"https:\/\/sprawnymarketing.pl\/konferencja\/wp-content\/uploads\/2025\/07\/07_pawel_mielcarek-150x150.png 150w, https:\/\/sprawnymarketing.pl\/konferencja\/wp-content\/uploads\/2025\/07\/07_pawel_mielcarek-300x300.png 300w, https:\/\/sprawnymarketing.pl\/konferencja\/wp-content\/uploads\/2025\/07\/07_pawel_mielcarek-1024x1024.png 1024w, https:\/\/sprawnymarketing.pl\/konferencja\/wp-content\/uploads\/2025\/07\/07_pawel_mielcarek-768x768.png 768w, https:\/\/sprawnymarketing.pl\/konferencja\/wp-content\/uploads\/2025\/07\/07_pawel_mielcarek-1536x1536.png 1536w, https:\/\/sprawnymarketing.pl\/konferencja\/wp-content\/uploads\/2025\/07\/07_pawel_mielcarek-600x600.png 600w, https:\/\/sprawnymarketing.pl\/konferencja\/wp-content\/uploads\/2025\/07\/07_pawel_mielcarek-100x100.png 100w, https:\/\/sprawnymarketing.pl\/konferencja\/wp-content\/uploads\/2025\/07\/07_pawel_mielcarek.png 1800w\" sizes=\"auto, (max-width: 150px) 100vw, 150px\" \/>                                                    <p class=\"agenda__accordion-title black\">Pawe\u0142 Mielczarek<\/p>\n                                                                             <p class=\"agenda__company\">vSprint<\/p>\n                                                                    <\/div>\n                                    <div class=\"col-md-3 mt-5\">\n                        <img loading=\"lazy\" decoding=\"async\" width=\"150\" height=\"150\" src=\"https:\/\/sprawnymarketing.pl\/konferencja\/wp-content\/uploads\/2025\/06\/03_pawel_rybak-150x150.png\" class=\"agenda__thumb wp-post-image\" alt=\"\" srcset=\"https:\/\/sprawnymarketing.pl\/konferencja\/wp-content\/uploads\/2025\/06\/03_pawel_rybak-150x150.png 150w, https:\/\/sprawnymarketing.pl\/konferencja\/wp-content\/uploads\/2025\/06\/03_pawel_rybak-300x300.png 300w, https:\/\/sprawnymarketing.pl\/konferencja\/wp-content\/uploads\/2025\/06\/03_pawel_rybak-1024x1024.png 1024w, https:\/\/sprawnymarketing.pl\/konferencja\/wp-content\/uploads\/2025\/06\/03_pawel_rybak-768x768.png 768w, https:\/\/sprawnymarketing.pl\/konferencja\/wp-content\/uploads\/2025\/06\/03_pawel_rybak-1536x1536.png 1536w, https:\/\/sprawnymarketing.pl\/konferencja\/wp-content\/uploads\/2025\/06\/03_pawel_rybak-600x600.png 600w, https:\/\/sprawnymarketing.pl\/konferencja\/wp-content\/uploads\/2025\/06\/03_pawel_rybak-100x100.png 100w, https:\/\/sprawnymarketing.pl\/konferencja\/wp-content\/uploads\/2025\/06\/03_pawel_rybak.png 1800w\" sizes=\"auto, (max-width: 150px) 100vw, 150px\" \/>                                                    <p class=\"agenda__accordion-title black\">Pawe\u0142 Rybak<\/p>\n                                                                             <p class=\"agenda__company\">FOTC<\/p>\n                                                                    <\/div>\n                            <\/div>\n        <\/div>\n    <\/div>\n            <\/div>\n                                  <div id=\"1-2\" class=\"days-content fade day-content day-content-1-2  dni  \" data-id=\"1-2\">\n  <div class=\"day-description\">\n<h2 class=\"row agenda-trainer justify-content-center\">Prelegentki i Prelegenci zostan\u0105 przedstawieni wkr\u00f3tce<\/h2>\n  <\/div>\n                            <\/div>\n                                  <div id=\"1-3\" class=\"days-content fade day-content day-content-1-3  dni  \" data-id=\"1-3\">\n  <div class=\"day-description\">\n<h2 class=\"row agenda-trainer justify-content-center\">Prelegentki i Prelegenci zostan\u0105 przedstawieni wkr\u00f3tce<\/h2>\n  <\/div>\n                            <\/div>\n                                  <div id=\"1-4\" class=\"days-content fade day-content day-content-1-4  dni  \" data-id=\"1-4\">\n  <div class=\"day-description\">\n<h2 class=\"row agenda-trainer justify-content-center\">Prelegentki i Prelegenci zostan\u0105 przedstawieni wkr\u00f3tce<\/h2>\n  <\/div>\n                            <\/div>\n                                  <div id=\"1-5\" class=\"days-content fade day-content day-content-1-5  \" data-id=\"1-5\">\n  <div class=\"day-description\">\n<h2 class=\"row agenda-trainer justify-content-center\">Prelegentki i Prelegenci zostan\u0105 przedstawieni wkr\u00f3tce<\/h2>\n  <\/div>\n                            <\/div>\n                                  <div id=\"1-6\" class=\"days-content fade day-content day-content-1-6  \" data-id=\"1-6\">\n  <div class=\"day-description\">\n<h2 style=\"text-align: center;\">EXPO I \u2764\ufe0f marketing &amp; technology<\/h2>\n<p>Twoja firma dzia\u0142a w obszarze marketingu, social medi\u00f3w, e-commerce lub nowych technologii? Zapraszamy na targi, gdzie poznasz potencjalnych klient\u00f3w, partner\u00f3w biznesowych i zaprezentujesz swoj\u0105 mark\u0119. Zapewnij sobie najlepsz\u0105 lokalizacj\u0119 i przyjed\u017a z firmowym stoiskiem! Masz pytania? Napisz na: <a style=\"color: #ee312f; font-size: 2rem;\" href=\"mailto:partnerzy@sprawnymarketing.pl\">partnerzy@sprawnymarketing.pl<\/a><\/p>\n  <\/div>\n                            <\/div>\n                                                                                  <div id=\"2-0\" class=\"days-content fade day-content day-content-2-0  dni  \" data-id=\"2-0\">\n  <div class=\"day-description\">\n<h2 class=\"row agenda-trainer justify-content-center\">Zaproszone Prelegentki i Prelegenci<\/h2>\n  <\/div>\n                    <div class=\"container px-0 text-center\" id=\"accordion-agenda-2-\">\n        <div class=\"row row--full row--full-md-none row-wyrownaj-wszystko agenda__border\" style=\"justify-content: center; display:flex\">\n            <div class=\"row agenda-trainer justify-content-center\">\n                                    <div class=\"col-md-3 mt-5\">\n                        <img loading=\"lazy\" decoding=\"async\" width=\"150\" height=\"150\" src=\"https:\/\/sprawnymarketing.pl\/konferencja\/wp-content\/uploads\/2022\/12\/Dagmara-Pakulska-150x150.png\" class=\"agenda__thumb wp-post-image\" alt=\"\" srcset=\"https:\/\/sprawnymarketing.pl\/konferencja\/wp-content\/uploads\/2022\/12\/Dagmara-Pakulska-150x150.png 150w, https:\/\/sprawnymarketing.pl\/konferencja\/wp-content\/uploads\/2022\/12\/Dagmara-Pakulska-100x100.png 100w, https:\/\/sprawnymarketing.pl\/konferencja\/wp-content\/uploads\/2022\/12\/Dagmara-Pakulska.png 200w\" sizes=\"auto, (max-width: 150px) 100vw, 150px\" \/>                                                    <p class=\"agenda__accordion-title black\">Dagmara Pakulska<\/p>\n                                                                             <p class=\"agenda__company\">dagmarapakulska.pl<\/p>\n                                                                    <\/div>\n                                    <div class=\"col-md-3 mt-5\">\n                        <img loading=\"lazy\" decoding=\"async\" width=\"150\" height=\"150\" src=\"https:\/\/sprawnymarketing.pl\/konferencja\/wp-content\/uploads\/2026\/01\/weronika_chmielewska-150x150.png\" class=\"agenda__thumb wp-post-image\" alt=\"\" srcset=\"https:\/\/sprawnymarketing.pl\/konferencja\/wp-content\/uploads\/2026\/01\/weronika_chmielewska-150x150.png 150w, https:\/\/sprawnymarketing.pl\/konferencja\/wp-content\/uploads\/2026\/01\/weronika_chmielewska-300x300.png 300w, https:\/\/sprawnymarketing.pl\/konferencja\/wp-content\/uploads\/2026\/01\/weronika_chmielewska-1024x1024.png 1024w, https:\/\/sprawnymarketing.pl\/konferencja\/wp-content\/uploads\/2026\/01\/weronika_chmielewska-768x768.png 768w, https:\/\/sprawnymarketing.pl\/konferencja\/wp-content\/uploads\/2026\/01\/weronika_chmielewska-1536x1536.png 1536w, https:\/\/sprawnymarketing.pl\/konferencja\/wp-content\/uploads\/2026\/01\/weronika_chmielewska-600x600.png 600w, https:\/\/sprawnymarketing.pl\/konferencja\/wp-content\/uploads\/2026\/01\/weronika_chmielewska-100x100.png 100w, https:\/\/sprawnymarketing.pl\/konferencja\/wp-content\/uploads\/2026\/01\/weronika_chmielewska.png 1800w\" sizes=\"auto, (max-width: 150px) 100vw, 150px\" \/>                                                    <p class=\"agenda__accordion-title black\">Weronika Chmielewska<\/p>\n                                                                             <p class=\"agenda__company\">Risewave Foundation<\/p>\n                                                                    <\/div>\n                                    <div class=\"col-md-3 mt-5\">\n                        <img loading=\"lazy\" decoding=\"async\" width=\"150\" height=\"150\" src=\"https:\/\/sprawnymarketing.pl\/konferencja\/wp-content\/uploads\/2025\/03\/Beata-Borucka-150x150.png\" class=\"agenda__thumb wp-post-image\" alt=\"\" srcset=\"https:\/\/sprawnymarketing.pl\/konferencja\/wp-content\/uploads\/2025\/03\/Beata-Borucka-150x150.png 150w, https:\/\/sprawnymarketing.pl\/konferencja\/wp-content\/uploads\/2025\/03\/Beata-Borucka-300x300.png 300w, https:\/\/sprawnymarketing.pl\/konferencja\/wp-content\/uploads\/2025\/03\/Beata-Borucka-1024x1024.png 1024w, https:\/\/sprawnymarketing.pl\/konferencja\/wp-content\/uploads\/2025\/03\/Beata-Borucka-768x768.png 768w, https:\/\/sprawnymarketing.pl\/konferencja\/wp-content\/uploads\/2025\/03\/Beata-Borucka-1536x1536.png 1536w, https:\/\/sprawnymarketing.pl\/konferencja\/wp-content\/uploads\/2025\/03\/Beata-Borucka-600x600.png 600w, https:\/\/sprawnymarketing.pl\/konferencja\/wp-content\/uploads\/2025\/03\/Beata-Borucka-100x100.png 100w, https:\/\/sprawnymarketing.pl\/konferencja\/wp-content\/uploads\/2025\/03\/Beata-Borucka.png 1896w\" sizes=\"auto, (max-width: 150px) 100vw, 150px\" \/>                                                    <p class=\"agenda__accordion-title black\">Beata Borucka<\/p>\n                                                                             <p class=\"agenda__company\">Silver TV | M\u0105dra Babcia<\/p>\n                                                                    <\/div>\n                                    <div class=\"col-md-3 mt-5\">\n                        <img loading=\"lazy\" decoding=\"async\" width=\"150\" height=\"150\" src=\"https:\/\/sprawnymarketing.pl\/konferencja\/wp-content\/uploads\/2025\/12\/pawel_jaczewski-150x150.png\" class=\"agenda__thumb wp-post-image\" alt=\"\" srcset=\"https:\/\/sprawnymarketing.pl\/konferencja\/wp-content\/uploads\/2025\/12\/pawel_jaczewski-150x150.png 150w, https:\/\/sprawnymarketing.pl\/konferencja\/wp-content\/uploads\/2025\/12\/pawel_jaczewski-300x300.png 300w, https:\/\/sprawnymarketing.pl\/konferencja\/wp-content\/uploads\/2025\/12\/pawel_jaczewski-1024x1024.png 1024w, https:\/\/sprawnymarketing.pl\/konferencja\/wp-content\/uploads\/2025\/12\/pawel_jaczewski-768x768.png 768w, https:\/\/sprawnymarketing.pl\/konferencja\/wp-content\/uploads\/2025\/12\/pawel_jaczewski-1536x1536.png 1536w, https:\/\/sprawnymarketing.pl\/konferencja\/wp-content\/uploads\/2025\/12\/pawel_jaczewski-600x600.png 600w, https:\/\/sprawnymarketing.pl\/konferencja\/wp-content\/uploads\/2025\/12\/pawel_jaczewski-100x100.png 100w, https:\/\/sprawnymarketing.pl\/konferencja\/wp-content\/uploads\/2025\/12\/pawel_jaczewski.png 1800w\" sizes=\"auto, (max-width: 150px) 100vw, 150px\" \/>                                                    <p class=\"agenda__accordion-title black\">Pawe\u0142 Jaczewski<\/p>\n                                                                             <p class=\"agenda__company\">Sharebee<\/p>\n                                                                    <\/div>\n                                    <div class=\"col-md-3 mt-5\">\n                        <img loading=\"lazy\" decoding=\"async\" width=\"150\" height=\"150\" src=\"https:\/\/sprawnymarketing.pl\/konferencja\/wp-content\/uploads\/2026\/02\/veronika_denisenko-150x150.png\" class=\"agenda__thumb wp-post-image\" alt=\"\" srcset=\"https:\/\/sprawnymarketing.pl\/konferencja\/wp-content\/uploads\/2026\/02\/veronika_denisenko-150x150.png 150w, https:\/\/sprawnymarketing.pl\/konferencja\/wp-content\/uploads\/2026\/02\/veronika_denisenko-300x300.png 300w, https:\/\/sprawnymarketing.pl\/konferencja\/wp-content\/uploads\/2026\/02\/veronika_denisenko-1024x1024.png 1024w, https:\/\/sprawnymarketing.pl\/konferencja\/wp-content\/uploads\/2026\/02\/veronika_denisenko-768x768.png 768w, https:\/\/sprawnymarketing.pl\/konferencja\/wp-content\/uploads\/2026\/02\/veronika_denisenko-1536x1536.png 1536w, https:\/\/sprawnymarketing.pl\/konferencja\/wp-content\/uploads\/2026\/02\/veronika_denisenko-600x600.png 600w, https:\/\/sprawnymarketing.pl\/konferencja\/wp-content\/uploads\/2026\/02\/veronika_denisenko-100x100.png 100w, https:\/\/sprawnymarketing.pl\/konferencja\/wp-content\/uploads\/2026\/02\/veronika_denisenko.png 1800w\" sizes=\"auto, (max-width: 150px) 100vw, 150px\" \/>                                                    <p class=\"agenda__accordion-title black\">Veronika Denisenko<\/p>\n                                                                             <p class=\"agenda__company\">@verka.denisenko<\/p>\n                                                                    <\/div>\n                                    <div class=\"col-md-3 mt-5\">\n                        <img loading=\"lazy\" decoding=\"async\" width=\"150\" height=\"150\" src=\"https:\/\/sprawnymarketing.pl\/konferencja\/wp-content\/uploads\/2025\/12\/barbara_przybycien-150x150.png\" class=\"agenda__thumb wp-post-image\" alt=\"\" srcset=\"https:\/\/sprawnymarketing.pl\/konferencja\/wp-content\/uploads\/2025\/12\/barbara_przybycien-150x150.png 150w, https:\/\/sprawnymarketing.pl\/konferencja\/wp-content\/uploads\/2025\/12\/barbara_przybycien-300x300.png 300w, https:\/\/sprawnymarketing.pl\/konferencja\/wp-content\/uploads\/2025\/12\/barbara_przybycien-1024x1024.png 1024w, https:\/\/sprawnymarketing.pl\/konferencja\/wp-content\/uploads\/2025\/12\/barbara_przybycien-768x768.png 768w, https:\/\/sprawnymarketing.pl\/konferencja\/wp-content\/uploads\/2025\/12\/barbara_przybycien-1536x1536.png 1536w, https:\/\/sprawnymarketing.pl\/konferencja\/wp-content\/uploads\/2025\/12\/barbara_przybycien-600x600.png 600w, https:\/\/sprawnymarketing.pl\/konferencja\/wp-content\/uploads\/2025\/12\/barbara_przybycien-100x100.png 100w, https:\/\/sprawnymarketing.pl\/konferencja\/wp-content\/uploads\/2025\/12\/barbara_przybycien.png 1800w\" sizes=\"auto, (max-width: 150px) 100vw, 150px\" \/>                                                    <p class=\"agenda__accordion-title black\">Barbara Przybycie\u0144<\/p>\n                                                                             <p class=\"agenda__company\">Elements Hotel &#038; Spa<\/p>\n                                                                    <\/div>\n                                    <div class=\"col-md-3 mt-5\">\n                        <img loading=\"lazy\" decoding=\"async\" width=\"150\" height=\"150\" src=\"https:\/\/sprawnymarketing.pl\/konferencja\/wp-content\/uploads\/2023\/10\/Projekt-bez-nazwy-2-150x150.png\" class=\"agenda__thumb wp-post-image\" alt=\"\" srcset=\"https:\/\/sprawnymarketing.pl\/konferencja\/wp-content\/uploads\/2023\/10\/Projekt-bez-nazwy-2-150x150.png 150w, https:\/\/sprawnymarketing.pl\/konferencja\/wp-content\/uploads\/2023\/10\/Projekt-bez-nazwy-2-100x100.png 100w, https:\/\/sprawnymarketing.pl\/konferencja\/wp-content\/uploads\/2023\/10\/Projekt-bez-nazwy-2.png 300w\" sizes=\"auto, (max-width: 150px) 100vw, 150px\" \/>                                                    <p class=\"agenda__accordion-title black\">Kamil Bolek<\/p>\n                                                                             <p class=\"agenda__company\">Tears of Joy <\/p>\n                                                                    <\/div>\n                                    <div class=\"col-md-3 mt-5\">\n                        <img loading=\"lazy\" decoding=\"async\" width=\"150\" height=\"150\" src=\"https:\/\/sprawnymarketing.pl\/konferencja\/wp-content\/uploads\/2023\/05\/Rafal-Szymanski-200px-150x150.png\" class=\"agenda__thumb wp-post-image\" alt=\"\" srcset=\"https:\/\/sprawnymarketing.pl\/konferencja\/wp-content\/uploads\/2023\/05\/Rafal-Szymanski-200px-150x150.png 150w, https:\/\/sprawnymarketing.pl\/konferencja\/wp-content\/uploads\/2023\/05\/Rafal-Szymanski-200px-100x100.png 100w, https:\/\/sprawnymarketing.pl\/konferencja\/wp-content\/uploads\/2023\/05\/Rafal-Szymanski-200px.png 200w\" sizes=\"auto, (max-width: 150px) 100vw, 150px\" \/>                                                    <p class=\"agenda__accordion-title black\">Rafa\u0142 Szyma\u0144ski<\/p>\n                                                                             <p class=\"agenda__company\">Rafa\u0142 J. Szyma\u0144ski <\/p>\n                                                                    <\/div>\n                            <\/div>\n        <\/div>\n    <\/div>\n            <\/div>\n                                  <div id=\"2-1\" class=\"days-content fade day-content day-content-2-1  dni  \" data-id=\"2-1\">\n  <div class=\"day-description\">\n<h2 class=\"row agenda-trainer justify-content-center\">Zaproszone Prelegentki i Prelegenci<\/h2>\n  <\/div>\n                    <div class=\"container px-0 text-center\" id=\"accordion-agenda-2-\">\n        <div class=\"row row--full row--full-md-none row-wyrownaj-wszystko agenda__border\" style=\"justify-content: center; display:flex\">\n            <div class=\"row agenda-trainer justify-content-center\">\n                                    <div class=\"col-md-3 mt-5\">\n                        <img loading=\"lazy\" decoding=\"async\" width=\"150\" height=\"150\" src=\"https:\/\/sprawnymarketing.pl\/konferencja\/wp-content\/uploads\/2025\/06\/PRO-agenci_marcin_kaminski-150x150.png\" class=\"agenda__thumb wp-post-image\" alt=\"\" srcset=\"https:\/\/sprawnymarketing.pl\/konferencja\/wp-content\/uploads\/2025\/06\/PRO-agenci_marcin_kaminski-150x150.png 150w, https:\/\/sprawnymarketing.pl\/konferencja\/wp-content\/uploads\/2025\/06\/PRO-agenci_marcin_kaminski-300x300.png 300w, https:\/\/sprawnymarketing.pl\/konferencja\/wp-content\/uploads\/2025\/06\/PRO-agenci_marcin_kaminski-1024x1024.png 1024w, https:\/\/sprawnymarketing.pl\/konferencja\/wp-content\/uploads\/2025\/06\/PRO-agenci_marcin_kaminski-768x768.png 768w, https:\/\/sprawnymarketing.pl\/konferencja\/wp-content\/uploads\/2025\/06\/PRO-agenci_marcin_kaminski-1536x1536.png 1536w, https:\/\/sprawnymarketing.pl\/konferencja\/wp-content\/uploads\/2025\/06\/PRO-agenci_marcin_kaminski-600x600.png 600w, https:\/\/sprawnymarketing.pl\/konferencja\/wp-content\/uploads\/2025\/06\/PRO-agenci_marcin_kaminski-100x100.png 100w, https:\/\/sprawnymarketing.pl\/konferencja\/wp-content\/uploads\/2025\/06\/PRO-agenci_marcin_kaminski.png 1800w\" sizes=\"auto, (max-width: 150px) 100vw, 150px\" \/>                                                    <p class=\"agenda__accordion-title black\">Marcin Kami\u0144ski<\/p>\n                                                                             <p class=\"agenda__company\">YOSA.AI &#038; Top Online<\/p>\n                                                                    <\/div>\n                                    <div class=\"col-md-3 mt-5\">\n                        <img loading=\"lazy\" decoding=\"async\" width=\"150\" height=\"150\" src=\"https:\/\/sprawnymarketing.pl\/konferencja\/wp-content\/uploads\/2025\/01\/05_jacek_jablonski-150x150.png\" class=\"agenda__thumb wp-post-image\" alt=\"\" srcset=\"https:\/\/sprawnymarketing.pl\/konferencja\/wp-content\/uploads\/2025\/01\/05_jacek_jablonski-150x150.png 150w, https:\/\/sprawnymarketing.pl\/konferencja\/wp-content\/uploads\/2025\/01\/05_jacek_jablonski-300x300.png 300w, https:\/\/sprawnymarketing.pl\/konferencja\/wp-content\/uploads\/2025\/01\/05_jacek_jablonski-1024x1024.png 1024w, https:\/\/sprawnymarketing.pl\/konferencja\/wp-content\/uploads\/2025\/01\/05_jacek_jablonski-768x768.png 768w, https:\/\/sprawnymarketing.pl\/konferencja\/wp-content\/uploads\/2025\/01\/05_jacek_jablonski-1536x1536.png 1536w, https:\/\/sprawnymarketing.pl\/konferencja\/wp-content\/uploads\/2025\/01\/05_jacek_jablonski-600x600.png 600w, https:\/\/sprawnymarketing.pl\/konferencja\/wp-content\/uploads\/2025\/01\/05_jacek_jablonski-100x100.png 100w, https:\/\/sprawnymarketing.pl\/konferencja\/wp-content\/uploads\/2025\/01\/05_jacek_jablonski.png 1800w\" sizes=\"auto, (max-width: 150px) 100vw, 150px\" \/>                                                    <p class=\"agenda__accordion-title black\">@SztucznaPolska &#8211; Jacek Jab\u0142o\u0144ski<\/p>\n                                                                             <p class=\"agenda__company\">Sztuczna Polska<\/p>\n                                                                    <\/div>\n                                    <div class=\"col-md-3 mt-5\">\n                        <img loading=\"lazy\" decoding=\"async\" width=\"150\" height=\"150\" src=\"https:\/\/sprawnymarketing.pl\/konferencja\/wp-content\/uploads\/2026\/01\/jakub_mrugalski-150x150.png\" class=\"agenda__thumb wp-post-image\" alt=\"\" srcset=\"https:\/\/sprawnymarketing.pl\/konferencja\/wp-content\/uploads\/2026\/01\/jakub_mrugalski-150x150.png 150w, https:\/\/sprawnymarketing.pl\/konferencja\/wp-content\/uploads\/2026\/01\/jakub_mrugalski-300x300.png 300w, https:\/\/sprawnymarketing.pl\/konferencja\/wp-content\/uploads\/2026\/01\/jakub_mrugalski-1024x1024.png 1024w, https:\/\/sprawnymarketing.pl\/konferencja\/wp-content\/uploads\/2026\/01\/jakub_mrugalski-768x768.png 768w, https:\/\/sprawnymarketing.pl\/konferencja\/wp-content\/uploads\/2026\/01\/jakub_mrugalski-1536x1536.png 1536w, https:\/\/sprawnymarketing.pl\/konferencja\/wp-content\/uploads\/2026\/01\/jakub_mrugalski-600x600.png 600w, https:\/\/sprawnymarketing.pl\/konferencja\/wp-content\/uploads\/2026\/01\/jakub_mrugalski-100x100.png 100w, https:\/\/sprawnymarketing.pl\/konferencja\/wp-content\/uploads\/2026\/01\/jakub_mrugalski.png 1800w\" sizes=\"auto, (max-width: 150px) 100vw, 150px\" \/>                                                    <p class=\"agenda__accordion-title black\">Jakub Mrugalski<\/p>\n                                                                             <p class=\"agenda__company\">MIKR.US &#8211; serwery VPS<\/p>\n                                                                    <\/div>\n                                    <div class=\"col-md-3 mt-5\">\n                        <img loading=\"lazy\" decoding=\"async\" width=\"150\" height=\"150\" src=\"https:\/\/sprawnymarketing.pl\/konferencja\/wp-content\/uploads\/2024\/07\/Kamil-Porembinski-150x150.png\" class=\"agenda__thumb wp-post-image\" alt=\"\" srcset=\"https:\/\/sprawnymarketing.pl\/konferencja\/wp-content\/uploads\/2024\/07\/Kamil-Porembinski-150x150.png 150w, https:\/\/sprawnymarketing.pl\/konferencja\/wp-content\/uploads\/2024\/07\/Kamil-Porembinski-100x100.png 100w, https:\/\/sprawnymarketing.pl\/konferencja\/wp-content\/uploads\/2024\/07\/Kamil-Porembinski.png 200w\" sizes=\"auto, (max-width: 150px) 100vw, 150px\" \/>                                                    <p class=\"agenda__accordion-title black\">Kamil Porembi\u0144ski<\/p>\n                                                                             <p class=\"agenda__company\">Don&#8217;t Exists<\/p>\n                                                                    <\/div>\n                                    <div class=\"col-md-3 mt-5\">\n                        <img loading=\"lazy\" decoding=\"async\" width=\"150\" height=\"150\" src=\"https:\/\/sprawnymarketing.pl\/konferencja\/wp-content\/uploads\/2025\/01\/robert_niechcial-150x150.png\" class=\"agenda__thumb wp-post-image\" alt=\"\" srcset=\"https:\/\/sprawnymarketing.pl\/konferencja\/wp-content\/uploads\/2025\/01\/robert_niechcial-150x150.png 150w, https:\/\/sprawnymarketing.pl\/konferencja\/wp-content\/uploads\/2025\/01\/robert_niechcial-300x300.png 300w, https:\/\/sprawnymarketing.pl\/konferencja\/wp-content\/uploads\/2025\/01\/robert_niechcial-1024x1024.png 1024w, https:\/\/sprawnymarketing.pl\/konferencja\/wp-content\/uploads\/2025\/01\/robert_niechcial-768x768.png 768w, https:\/\/sprawnymarketing.pl\/konferencja\/wp-content\/uploads\/2025\/01\/robert_niechcial-1536x1536.png 1536w, https:\/\/sprawnymarketing.pl\/konferencja\/wp-content\/uploads\/2025\/01\/robert_niechcial-600x600.png 600w, https:\/\/sprawnymarketing.pl\/konferencja\/wp-content\/uploads\/2025\/01\/robert_niechcial-100x100.png 100w, https:\/\/sprawnymarketing.pl\/konferencja\/wp-content\/uploads\/2025\/01\/robert_niechcial.png 1800w\" sizes=\"auto, (max-width: 150px) 100vw, 150px\" \/>                                                    <p class=\"agenda__accordion-title black\">Robert Niechcia\u0142<\/p>\n                                                                             <p class=\"agenda__company\">Vestigio<\/p>\n                                                                    <\/div>\n                                    <div class=\"col-md-3 mt-5\">\n                        <img loading=\"lazy\" decoding=\"async\" width=\"150\" height=\"150\" src=\"https:\/\/sprawnymarketing.pl\/konferencja\/wp-content\/uploads\/2025\/01\/Pidak-AI-200px-1-150x150.png\" class=\"agenda__thumb wp-post-image\" alt=\"\" srcset=\"https:\/\/sprawnymarketing.pl\/konferencja\/wp-content\/uploads\/2025\/01\/Pidak-AI-200px-1-150x150.png 150w, https:\/\/sprawnymarketing.pl\/konferencja\/wp-content\/uploads\/2025\/01\/Pidak-AI-200px-1-100x100.png 100w, https:\/\/sprawnymarketing.pl\/konferencja\/wp-content\/uploads\/2025\/01\/Pidak-AI-200px-1.png 200w\" sizes=\"auto, (max-width: 150px) 100vw, 150px\" \/>                                                    <p class=\"agenda__accordion-title black\">@pidak.ai &#8211; Kacper So\u0142tys<\/p>\n                                                                                            <\/div>\n                                    <div class=\"col-md-3 mt-5\">\n                        <img loading=\"lazy\" decoding=\"async\" width=\"150\" height=\"150\" src=\"https:\/\/sprawnymarketing.pl\/konferencja\/wp-content\/uploads\/2023\/09\/inez_okulska-150x150.png\" class=\"agenda__thumb wp-post-image\" alt=\"\" srcset=\"https:\/\/sprawnymarketing.pl\/konferencja\/wp-content\/uploads\/2023\/09\/inez_okulska-150x150.png 150w, https:\/\/sprawnymarketing.pl\/konferencja\/wp-content\/uploads\/2023\/09\/inez_okulska-300x300.png 300w, https:\/\/sprawnymarketing.pl\/konferencja\/wp-content\/uploads\/2023\/09\/inez_okulska-1024x1024.png 1024w, https:\/\/sprawnymarketing.pl\/konferencja\/wp-content\/uploads\/2023\/09\/inez_okulska-768x768.png 768w, https:\/\/sprawnymarketing.pl\/konferencja\/wp-content\/uploads\/2023\/09\/inez_okulska-1536x1536.png 1536w, https:\/\/sprawnymarketing.pl\/konferencja\/wp-content\/uploads\/2023\/09\/inez_okulska-600x600.png 600w, https:\/\/sprawnymarketing.pl\/konferencja\/wp-content\/uploads\/2023\/09\/inez_okulska-100x100.png 100w, https:\/\/sprawnymarketing.pl\/konferencja\/wp-content\/uploads\/2023\/09\/inez_okulska.png 1800w\" sizes=\"auto, (max-width: 150px) 100vw, 150px\" \/>                                                    <p class=\"agenda__accordion-title black\">Inez Okulska<\/p>\n                                                                             <p class=\"agenda__company\">UiPath<\/p>\n                                                                    <\/div>\n                                    <div class=\"col-md-3 mt-5\">\n                        <img loading=\"lazy\" decoding=\"async\" width=\"150\" height=\"150\" src=\"https:\/\/sprawnymarketing.pl\/konferencja\/wp-content\/uploads\/2023\/10\/Kwiatkoowska-1-150x150.png\" class=\"agenda__thumb wp-post-image\" alt=\"\" srcset=\"https:\/\/sprawnymarketing.pl\/konferencja\/wp-content\/uploads\/2023\/10\/Kwiatkoowska-1-150x150.png 150w, https:\/\/sprawnymarketing.pl\/konferencja\/wp-content\/uploads\/2023\/10\/Kwiatkoowska-1-300x300.png 300w, https:\/\/sprawnymarketing.pl\/konferencja\/wp-content\/uploads\/2023\/10\/Kwiatkoowska-1-100x100.png 100w, https:\/\/sprawnymarketing.pl\/konferencja\/wp-content\/uploads\/2023\/10\/Kwiatkoowska-1.png 600w\" sizes=\"auto, (max-width: 150px) 100vw, 150px\" \/>                                                    <p class=\"agenda__accordion-title black\">Zuza Kwiatkowska<\/p>\n                                                                             <p class=\"agenda__company\">AI Flavours<\/p>\n                                                                    <\/div>\n                                    <div class=\"col-md-3 mt-5\">\n                        <img loading=\"lazy\" decoding=\"async\" width=\"150\" height=\"150\" src=\"https:\/\/sprawnymarketing.pl\/konferencja\/wp-content\/uploads\/2025\/06\/AI_jakub_cyran-150x150.png\" class=\"agenda__thumb wp-post-image\" alt=\"\" srcset=\"https:\/\/sprawnymarketing.pl\/konferencja\/wp-content\/uploads\/2025\/06\/AI_jakub_cyran-150x150.png 150w, https:\/\/sprawnymarketing.pl\/konferencja\/wp-content\/uploads\/2025\/06\/AI_jakub_cyran-300x300.png 300w, https:\/\/sprawnymarketing.pl\/konferencja\/wp-content\/uploads\/2025\/06\/AI_jakub_cyran-1024x1024.png 1024w, https:\/\/sprawnymarketing.pl\/konferencja\/wp-content\/uploads\/2025\/06\/AI_jakub_cyran-768x768.png 768w, https:\/\/sprawnymarketing.pl\/konferencja\/wp-content\/uploads\/2025\/06\/AI_jakub_cyran-1536x1536.png 1536w, https:\/\/sprawnymarketing.pl\/konferencja\/wp-content\/uploads\/2025\/06\/AI_jakub_cyran-600x600.png 600w, https:\/\/sprawnymarketing.pl\/konferencja\/wp-content\/uploads\/2025\/06\/AI_jakub_cyran-100x100.png 100w, https:\/\/sprawnymarketing.pl\/konferencja\/wp-content\/uploads\/2025\/06\/AI_jakub_cyran.png 1800w\" sizes=\"auto, (max-width: 150px) 100vw, 150px\" \/>                                                    <p class=\"agenda__accordion-title black\">Jakub Cyran<\/p>\n                                                                             <p class=\"agenda__company\">CYRAN<\/p>\n                                                                    <\/div>\n                            <\/div>\n        <\/div>\n    <\/div>\n            <\/div>\n                                  <div id=\"2-2\" class=\"days-content fade day-content day-content-2-2  dni  \" data-id=\"2-2\">\n  <div class=\"day-description\">\n<h2 class=\"row agenda-trainer justify-content-center\">Zaproszone Prelegentki i Prelegenci<\/h2>\n  <\/div>\n                    <div class=\"container px-0 text-center\" id=\"accordion-agenda-2-\">\n        <div class=\"row row--full row--full-md-none row-wyrownaj-wszystko agenda__border\" style=\"justify-content: center; display:flex\">\n            <div class=\"row agenda-trainer justify-content-center\">\n                                    <div class=\"col-md-3 mt-5\">\n                        <img loading=\"lazy\" decoding=\"async\" width=\"150\" height=\"150\" src=\"https:\/\/sprawnymarketing.pl\/konferencja\/wp-content\/uploads\/2025\/12\/magdalena_krol-150x150.png\" class=\"agenda__thumb wp-post-image\" alt=\"\" srcset=\"https:\/\/sprawnymarketing.pl\/konferencja\/wp-content\/uploads\/2025\/12\/magdalena_krol-150x150.png 150w, https:\/\/sprawnymarketing.pl\/konferencja\/wp-content\/uploads\/2025\/12\/magdalena_krol-300x300.png 300w, https:\/\/sprawnymarketing.pl\/konferencja\/wp-content\/uploads\/2025\/12\/magdalena_krol-1024x1024.png 1024w, https:\/\/sprawnymarketing.pl\/konferencja\/wp-content\/uploads\/2025\/12\/magdalena_krol-768x768.png 768w, https:\/\/sprawnymarketing.pl\/konferencja\/wp-content\/uploads\/2025\/12\/magdalena_krol-1536x1536.png 1536w, https:\/\/sprawnymarketing.pl\/konferencja\/wp-content\/uploads\/2025\/12\/magdalena_krol-600x600.png 600w, https:\/\/sprawnymarketing.pl\/konferencja\/wp-content\/uploads\/2025\/12\/magdalena_krol-100x100.png 100w, https:\/\/sprawnymarketing.pl\/konferencja\/wp-content\/uploads\/2025\/12\/magdalena_krol.png 1800w\" sizes=\"auto, (max-width: 150px) 100vw, 150px\" \/>                                                    <p class=\"agenda__accordion-title black\">Magdalena Kr\u00f3l<\/p>\n                                                                             <p class=\"agenda__company\">Queen Solutions<\/p>\n                                                                    <\/div>\n                                    <div class=\"col-md-3 mt-5\">\n                        <img loading=\"lazy\" decoding=\"async\" width=\"150\" height=\"150\" src=\"https:\/\/sprawnymarketing.pl\/konferencja\/wp-content\/uploads\/2024\/04\/04_pelka-szajowska-150x150.png\" class=\"agenda__thumb wp-post-image\" alt=\"\" srcset=\"https:\/\/sprawnymarketing.pl\/konferencja\/wp-content\/uploads\/2024\/04\/04_pelka-szajowska-150x150.png 150w, https:\/\/sprawnymarketing.pl\/konferencja\/wp-content\/uploads\/2024\/04\/04_pelka-szajowska-300x300.png 300w, https:\/\/sprawnymarketing.pl\/konferencja\/wp-content\/uploads\/2024\/04\/04_pelka-szajowska-1024x1024.png 1024w, https:\/\/sprawnymarketing.pl\/konferencja\/wp-content\/uploads\/2024\/04\/04_pelka-szajowska-768x768.png 768w, https:\/\/sprawnymarketing.pl\/konferencja\/wp-content\/uploads\/2024\/04\/04_pelka-szajowska-1536x1536.png 1536w, https:\/\/sprawnymarketing.pl\/konferencja\/wp-content\/uploads\/2024\/04\/04_pelka-szajowska-600x600.png 600w, https:\/\/sprawnymarketing.pl\/konferencja\/wp-content\/uploads\/2024\/04\/04_pelka-szajowska-100x100.png 100w, https:\/\/sprawnymarketing.pl\/konferencja\/wp-content\/uploads\/2024\/04\/04_pelka-szajowska.png 1800w\" sizes=\"auto, (max-width: 150px) 100vw, 150px\" \/>                                                    <p class=\"agenda__accordion-title black\">Agnieszka Pe\u0142ka-Szajowska<\/p>\n                                                                             <p class=\"agenda__company\">Pilotki Zmian<\/p>\n                                                                    <\/div>\n                                    <div class=\"col-md-3 mt-5\">\n                        <img loading=\"lazy\" decoding=\"async\" width=\"150\" height=\"150\" src=\"https:\/\/sprawnymarketing.pl\/konferencja\/wp-content\/uploads\/2025\/05\/07_kasia_michalska-150x150.png\" class=\"agenda__thumb wp-post-image\" alt=\"\" srcset=\"https:\/\/sprawnymarketing.pl\/konferencja\/wp-content\/uploads\/2025\/05\/07_kasia_michalska-150x150.png 150w, https:\/\/sprawnymarketing.pl\/konferencja\/wp-content\/uploads\/2025\/05\/07_kasia_michalska-300x300.png 300w, https:\/\/sprawnymarketing.pl\/konferencja\/wp-content\/uploads\/2025\/05\/07_kasia_michalska-1024x1024.png 1024w, https:\/\/sprawnymarketing.pl\/konferencja\/wp-content\/uploads\/2025\/05\/07_kasia_michalska-768x768.png 768w, https:\/\/sprawnymarketing.pl\/konferencja\/wp-content\/uploads\/2025\/05\/07_kasia_michalska-1536x1536.png 1536w, https:\/\/sprawnymarketing.pl\/konferencja\/wp-content\/uploads\/2025\/05\/07_kasia_michalska-600x600.png 600w, https:\/\/sprawnymarketing.pl\/konferencja\/wp-content\/uploads\/2025\/05\/07_kasia_michalska-100x100.png 100w, https:\/\/sprawnymarketing.pl\/konferencja\/wp-content\/uploads\/2025\/05\/07_kasia_michalska.png 1800w\" sizes=\"auto, (max-width: 150px) 100vw, 150px\" \/>                                                    <p class=\"agenda__accordion-title black\">Kasia Michalak<\/p>\n                                                                             <p class=\"agenda__company\">GRUPA SENSE <\/p>\n                                                                    <\/div>\n                                    <div class=\"col-md-3 mt-5\">\n                        <img loading=\"lazy\" decoding=\"async\" width=\"150\" height=\"150\" src=\"https:\/\/sprawnymarketing.pl\/konferencja\/wp-content\/uploads\/2025\/12\/adam_wasik-150x150.png\" class=\"agenda__thumb wp-post-image\" alt=\"\" srcset=\"https:\/\/sprawnymarketing.pl\/konferencja\/wp-content\/uploads\/2025\/12\/adam_wasik-150x150.png 150w, https:\/\/sprawnymarketing.pl\/konferencja\/wp-content\/uploads\/2025\/12\/adam_wasik-300x300.png 300w, https:\/\/sprawnymarketing.pl\/konferencja\/wp-content\/uploads\/2025\/12\/adam_wasik-1024x1024.png 1024w, https:\/\/sprawnymarketing.pl\/konferencja\/wp-content\/uploads\/2025\/12\/adam_wasik-768x768.png 768w, https:\/\/sprawnymarketing.pl\/konferencja\/wp-content\/uploads\/2025\/12\/adam_wasik-1536x1536.png 1536w, https:\/\/sprawnymarketing.pl\/konferencja\/wp-content\/uploads\/2025\/12\/adam_wasik-600x600.png 600w, https:\/\/sprawnymarketing.pl\/konferencja\/wp-content\/uploads\/2025\/12\/adam_wasik-100x100.png 100w, https:\/\/sprawnymarketing.pl\/konferencja\/wp-content\/uploads\/2025\/12\/adam_wasik.png 1800w\" sizes=\"auto, (max-width: 150px) 100vw, 150px\" \/>                                                    <p class=\"agenda__accordion-title black\">Adam W\u0105sik<\/p>\n                                                                             <p class=\"agenda__company\">PracowniaEB<\/p>\n                                                                    <\/div>\n                                    <div class=\"col-md-3 mt-5\">\n                        <img loading=\"lazy\" decoding=\"async\" width=\"150\" height=\"150\" src=\"https:\/\/sprawnymarketing.pl\/konferencja\/wp-content\/uploads\/2025\/12\/aleksandra_niewiadomska-150x150.png\" class=\"agenda__thumb wp-post-image\" alt=\"\" srcset=\"https:\/\/sprawnymarketing.pl\/konferencja\/wp-content\/uploads\/2025\/12\/aleksandra_niewiadomska-150x150.png 150w, https:\/\/sprawnymarketing.pl\/konferencja\/wp-content\/uploads\/2025\/12\/aleksandra_niewiadomska-300x300.png 300w, https:\/\/sprawnymarketing.pl\/konferencja\/wp-content\/uploads\/2025\/12\/aleksandra_niewiadomska-1024x1024.png 1024w, https:\/\/sprawnymarketing.pl\/konferencja\/wp-content\/uploads\/2025\/12\/aleksandra_niewiadomska-768x768.png 768w, https:\/\/sprawnymarketing.pl\/konferencja\/wp-content\/uploads\/2025\/12\/aleksandra_niewiadomska-1536x1536.png 1536w, https:\/\/sprawnymarketing.pl\/konferencja\/wp-content\/uploads\/2025\/12\/aleksandra_niewiadomska-600x600.png 600w, https:\/\/sprawnymarketing.pl\/konferencja\/wp-content\/uploads\/2025\/12\/aleksandra_niewiadomska-100x100.png 100w, https:\/\/sprawnymarketing.pl\/konferencja\/wp-content\/uploads\/2025\/12\/aleksandra_niewiadomska.png 1800w\" sizes=\"auto, (max-width: 150px) 100vw, 150px\" \/>                                                    <p class=\"agenda__accordion-title black\">Aleksandra Niewiadomska<\/p>\n                                                                             <p class=\"agenda__company\">The Find HR Agency<\/p>\n                                                                    <\/div>\n                                    <div class=\"col-md-3 mt-5\">\n                        <img loading=\"lazy\" decoding=\"async\" width=\"150\" height=\"150\" src=\"https:\/\/sprawnymarketing.pl\/konferencja\/wp-content\/uploads\/2025\/12\/joanna_pietrzak-150x150.png\" class=\"agenda__thumb wp-post-image\" alt=\"\" srcset=\"https:\/\/sprawnymarketing.pl\/konferencja\/wp-content\/uploads\/2025\/12\/joanna_pietrzak-150x150.png 150w, https:\/\/sprawnymarketing.pl\/konferencja\/wp-content\/uploads\/2025\/12\/joanna_pietrzak-300x300.png 300w, https:\/\/sprawnymarketing.pl\/konferencja\/wp-content\/uploads\/2025\/12\/joanna_pietrzak-1024x1024.png 1024w, https:\/\/sprawnymarketing.pl\/konferencja\/wp-content\/uploads\/2025\/12\/joanna_pietrzak-768x768.png 768w, https:\/\/sprawnymarketing.pl\/konferencja\/wp-content\/uploads\/2025\/12\/joanna_pietrzak-1536x1536.png 1536w, https:\/\/sprawnymarketing.pl\/konferencja\/wp-content\/uploads\/2025\/12\/joanna_pietrzak-600x600.png 600w, https:\/\/sprawnymarketing.pl\/konferencja\/wp-content\/uploads\/2025\/12\/joanna_pietrzak-100x100.png 100w, https:\/\/sprawnymarketing.pl\/konferencja\/wp-content\/uploads\/2025\/12\/joanna_pietrzak.png 1800w\" sizes=\"auto, (max-width: 150px) 100vw, 150px\" \/>                                                    <p class=\"agenda__accordion-title black\">Joanna Pietrzak<\/p>\n                                                                             <p class=\"agenda__company\">For Good Health<\/p>\n                                                                    <\/div>\n                                    <div class=\"col-md-3 mt-5\">\n                        <img loading=\"lazy\" decoding=\"async\" width=\"150\" height=\"150\" src=\"https:\/\/sprawnymarketing.pl\/konferencja\/wp-content\/uploads\/2024\/02\/olga_zolkiewicz-150x150.png\" class=\"agenda__thumb wp-post-image\" alt=\"\" srcset=\"https:\/\/sprawnymarketing.pl\/konferencja\/wp-content\/uploads\/2024\/02\/olga_zolkiewicz-150x150.png 150w, https:\/\/sprawnymarketing.pl\/konferencja\/wp-content\/uploads\/2024\/02\/olga_zolkiewicz-300x300.png 300w, https:\/\/sprawnymarketing.pl\/konferencja\/wp-content\/uploads\/2024\/02\/olga_zolkiewicz-1024x1024.png 1024w, https:\/\/sprawnymarketing.pl\/konferencja\/wp-content\/uploads\/2024\/02\/olga_zolkiewicz-768x768.png 768w, https:\/\/sprawnymarketing.pl\/konferencja\/wp-content\/uploads\/2024\/02\/olga_zolkiewicz-1536x1536.png 1536w, https:\/\/sprawnymarketing.pl\/konferencja\/wp-content\/uploads\/2024\/02\/olga_zolkiewicz-600x600.png 600w, https:\/\/sprawnymarketing.pl\/konferencja\/wp-content\/uploads\/2024\/02\/olga_zolkiewicz-100x100.png 100w, https:\/\/sprawnymarketing.pl\/konferencja\/wp-content\/uploads\/2024\/02\/olga_zolkiewicz.png 1800w\" sizes=\"auto, (max-width: 150px) 100vw, 150px\" \/>                                                    <p class=\"agenda__accordion-title black\">Olga \u017b\u00f3\u0142kiewicz<\/p>\n                                                                             <p class=\"agenda__company\">How2hr<\/p>\n                                                                    <\/div>\n                            <\/div>\n        <\/div>\n    <\/div>\n            <\/div>\n                                  <div id=\"2-3\" class=\"days-content fade day-content day-content-2-3  dni  \" data-id=\"2-3\">\n  <div class=\"day-description\">\n<h2 class=\"row agenda-trainer justify-content-center\">Prelegentki i Prelegenci zostan\u0105 przedstawieni wkr\u00f3tce<\/h2>\n  <\/div>\n                            <\/div>\n                                  <div id=\"2-4\" class=\"days-content fade day-content day-content-2-4  dni  \" data-id=\"2-4\">\n  <div class=\"day-description\">\n<h2 class=\"row agenda-trainer justify-content-center\">Prelegentki i Prelegenci zostan\u0105 przedstawieni wkr\u00f3tce<\/h2>\n  <\/div>\n                            <\/div>\n                                  <div id=\"2-5\" class=\"days-content fade day-content day-content-2-5  \" data-id=\"2-5\">\n  <div class=\"day-description\">\n<h2 class=\"row agenda-trainer justify-content-center\">Prelegentki i Prelegenci zostan\u0105 przedstawieni wkr\u00f3tce<\/h2>\n  <\/div>\n                            <\/div>\n                                  <div id=\"2-6\" class=\"days-content fade day-content day-content-2-6  \" data-id=\"2-6\">\n  <div class=\"day-description\">\n<h2 style=\"text-align: center;\">EXPO I \u2764\ufe0f marketing &amp; technology<\/h2>\n<p>Twoja firma dzia\u0142a w obszarze marketingu, social medi\u00f3w, e-commerce lub nowych technologii? Zapraszamy na targi, gdzie poznasz potencjalnych klient\u00f3w, partner\u00f3w biznesowych i zaprezentujesz swoj\u0105 mark\u0119. Zapewnij sobie najlepsz\u0105 lokalizacj\u0119 i przyjed\u017a z firmowym stoiskiem! Masz pytania? Napisz na: <a style=\"color: #ee312f; font-size: 2rem;\" href=\"mailto:partnerzy@sprawnymarketing.pl\">partnerzy@sprawnymarketing.pl<\/a><\/p>\n  <\/div>\n                            <\/div>\n                                <nav class=\"container px-0 container--agenda-nav\">\n    <div class=\"conference-logo-above-nav\">\n          <\/div>\n    <div class=\"text-center justify-content-center second-agenda-wrapper\">\n      <div class=\"swiper swiper-agenda\">\n                  <div class=\"swiper-wrapper\">\n                                                                                                                                              <\/div>\n          <!-- ZMIENIONE: Warunkowo wy\u015bwietl przyciski dla drugiej konferencji -->\n                        <\/div>\n    <\/div>\n  <\/nav>\n                                                        <\/section>\n\n<div id=\"kup-bilet\"><\/div><style>\n.page-id-10251 .day-tab-1-1 img,\n.page-id-10251 .day-tab-1-2 img,\n.page-id-10251 .day-tab-2-1 img{\n\tmax-height: 32px;\n}\n\n.page-id-10251 .day-tab-1-4 img,\n.page-id-10251 .day-tab-2-5 img {\n\tmax-height: 60px;\n}\n<\/style><div class=\"wp-bootstrap-blocks-container container mb-2\">\n\t\n<h2 class=\"wp-block-heading has-text-align-center\">Dotrzyj do tysi\u0119cy uczestnik\u00f3w!<\/h2>\n<\/div><div class=\"wp-bootstrap-blocks-row row\">\n\t\n<div class=\"col-12 col-xl-10 mx-auto px-3 px-lg-0\">\n\t\t\t\n<figure class=\"wp-block-image size-large\"><img loading=\"lazy\" decoding=\"async\" width=\"1024\" height=\"536\" src=\"https:\/\/sprawnymarketing.pl\/konferencja\/wp-content\/uploads\/2025\/06\/wystawca-1024x536.png\" alt=\"\" class=\"wp-image-9754\" srcset=\"https:\/\/sprawnymarketing.pl\/konferencja\/wp-content\/uploads\/2025\/06\/wystawca-1024x536.png 1024w, https:\/\/sprawnymarketing.pl\/konferencja\/wp-content\/uploads\/2025\/06\/wystawca-300x157.png 300w, https:\/\/sprawnymarketing.pl\/konferencja\/wp-content\/uploads\/2025\/06\/wystawca-768x402.png 768w, https:\/\/sprawnymarketing.pl\/konferencja\/wp-content\/uploads\/2025\/06\/wystawca-600x314.png 600w, https:\/\/sprawnymarketing.pl\/konferencja\/wp-content\/uploads\/2025\/06\/wystawca.png 1200w\" sizes=\"auto, (max-width: 1024px) 100vw, 1024px\" \/><\/figure>\n\n<p>Festiwal to idealna okazja, by <strong>zdoby\u0107 nowych klient\u00f3w, nawi\u0105za\u0107 warto\u015bciowe relacje biznesowe oraz zaprezentowa\u0107 swoje produkty lub us\u0142ugi<\/strong>!<\/p>\n\n<p>Wybierz dni i tematyk\u0119, kt\u00f3re najbardziej Ci odpowiadaj\u0105, dobierz idealny pakiet i zarezerwuj stoisko w najlepszej lokalizacji. Masz pytania albo chcesz skonsultowa\u0107 pomys\u0142 na swoj\u0105 obecno\u015b\u0107? Ch\u0119tnie doradzimy i pomo\u017cemy Ci wycisn\u0105\u0107 z udzia\u0142u maksimum korzy\u015bci! Napisz do nas: <a style=\"color: #ee312f;font-size: 2rem;\" href=\"mailto:wojciech.markowski@sprawnymarketing.pl\">partnerzy@sprawnymarketing.pl<\/a> <a style=\"color:#ee312f;font-size: 2rem;\" href=\"mailto:wojciech.markowski@sprawnymarketing.pl\"><span class=\"email-mobile-break\"><br><\/span><\/a><\/p>\n\n<p><\/p>\n\t<\/div>\n<\/div><div class=\"wp-bootstrap-blocks-row row\">\n\t\n<div class=\"col-12 col-xl-10 mx-auto px-3 px-lg-0\">\n\t\t\t\n<div class=\"wp-bootstrap-blocks-container container mb-2 has-text-align-center\">\n\t\n<p><a class=\"coutdown__title black ff-lato coutdown__btn\" href=\"https:\/\/sprawnymarketing.pl\/konferencja\/zostan-partnerem-poznan\/\">Zosta\u0144 partnerem &gt;&gt;<\/a><\/p>\n<\/div>\n\t<\/div>\n<\/div><div class=\"wp-bootstrap-blocks-container container mb-2\">\n\t\n<h2 class=\"wp-block-heading has-text-align-center\">Sprawd\u017a <span style=\"background-color:#FFFF00\">bonusy<\/span> i wybierz bilet<\/h2>\n<\/div><section id=\"bonuses-block_6cd7c41922b958e44f02ecbf1d2d9efe\" class=\"bonuses container\">\n    <div class=\"row row--full row--full-lg-none row--full-lg-width bonuses__row-titles align-items-stretch\">\n            <div class=\"col-5 bonuses__col-title d-flex align-items-center text-center\">\n            <p class=\"bonuses__title ff-lato w-100 mb-0\">Bonusy  w ramach  pakiet\u00f3w<\/p>\n        <\/div>\n                <div class=\"col px-0 d-flex align-items-center justify-content-center bonuses__bor-lt\">\n            <p class=\"bonuses__title-pack ff-lato mb-0\"><span class=\"bonuses__title-pack--bg\">VIP<\/span><\/p>\n        <\/div>\n            <div class=\"col px-0 d-flex align-items-center justify-content-center bonuses__bor-lt\">\n            <p class=\"bonuses__title-pack ff-lato mb-0\"><span class=\"bonuses__title-pack--bg\">Premium<\/span><\/p>\n        <\/div>\n            <div class=\"col px-0 d-flex align-items-center justify-content-center bonuses__bor-lt\">\n            <p class=\"bonuses__title-pack ff-lato mb-0\"><span class=\"bonuses__title-pack--bg\">Standard<\/span><\/p>\n        <\/div>\n        <\/div>\n    <div class=\"row row--full row--full-lg-none row--full-lg-width bonuses__row align-items-stretch text-center bonuses__bor-bt \">\n        <div class=\"col-5 bonuses__col align-items-center d-flex bonuses__bor-rt\">\n            <div class=\"d-none d-md-block bonuses__img-bonuses-wrap\">\n                <img decoding=\"async\" class=\"bonuses__img-bonuses\" src=\"https:\/\/sprawnymarketing.pl\/konferencja\/wp-content\/uploads\/2023\/09\/Bonusy-2023.png\" srcset=\"\" sizes=\"(max-width: 300px) 100vw, 300px\" alt=\"\"\/>\n            <\/div>\n            <p class=\"bonuses__text mb-0\">Dedykowana strefa VIP z mo\u017cliwo\u015bci\u0105 networkingu z prelegentami i wystawcami w komfortowych warunkach<\/p>\n\n                    <\/div>\n\n        <div class=\"col align-items-center d-flex bonuses__bor-rt\">\n                            <img decoding=\"async\" class=\"bonuses__img\" src=\"https:\/\/sprawnymarketing.pl\/konferencja\/wp-content\/themes\/dist-product\/img\/tick.svg\" alt=\"\">\n                    <\/div>\n        \n        <div class=\"col align-items-center d-flex bonuses__bor-rt\">\n            <img decoding=\"async\" class=\"bonuses__img\" src=\"https:\/\/sprawnymarketing.pl\/konferencja\/wp-content\/uploads\/2022\/09\/Nie-dotyczy.png\" alt=\"\">\n        <\/div>  \n        <div class=\"col align-items-center d-flex\">\n            <img decoding=\"async\" class=\"bonuses__img\" src=\"https:\/\/sprawnymarketing.pl\/konferencja\/wp-content\/uploads\/2022\/09\/Nie-dotyczy.png\" alt=\"\">\n        <\/div>\n    <\/div>\n    <div class=\"row row--full row--full-lg-none row--full-lg-width bonuses__row align-items-stretch text-center bonuses__bor-bt \">\n        <div class=\"col-5 bonuses__col align-items-center d-flex bonuses__bor-rt\">\n            <div class=\"d-none d-md-block bonuses__img-bonuses-wrap\">\n                <img decoding=\"async\" class=\"bonuses__img-bonuses\" src=\"https:\/\/sprawnymarketing.pl\/konferencja\/wp-content\/uploads\/2020\/12\/Nagrania-po-konferencji.png\" srcset=\"\" sizes=\"(max-width: 300px) 100vw, 300px\" alt=\"\"\/>\n            <\/div>\n            <p class=\"bonuses__text mb-0\">Materia\u0142y video z poprzedniej edycji konferencji \r\n<span>WARTO\u015a\u0106: 1970 z\u0142<\/span><\/p>\n\n                            <div class=\"bonuses__tooltip\">\n                    Kupuj\u0105c bilet na \u015bcie\u017cki marketing, social, AI, e-commerce oraz \u015bcie\u017cki PRO otrzymasz dost\u0119p do nagra\u0144 z poprzedniej edycji konferencji I &lt;3 marketing &amp; technology. Wybieraj\u0105c bilet na \u015bcie\u017ck\u0119 HR otrzymasz dost\u0119p do nagra\u0144 z poprzedniej edycji I &lt;3 HR.\r\n                <\/div>\n                    <\/div>\n\n        <div class=\"col align-items-center d-flex bonuses__bor-rt\">\n                            <img decoding=\"async\" class=\"bonuses__img\" src=\"https:\/\/sprawnymarketing.pl\/konferencja\/wp-content\/themes\/dist-product\/img\/tick.svg\" alt=\"\">\n                    <\/div>\n        \n        <div class=\"col align-items-center d-flex bonuses__bor-rt\">\n            <img decoding=\"async\" class=\"bonuses__img\" src=\"https:\/\/sprawnymarketing.pl\/konferencja\/wp-content\/uploads\/2022\/09\/Nie-dotyczy.png\" alt=\"\">\n        <\/div>  \n        <div class=\"col align-items-center d-flex\">\n            <img decoding=\"async\" class=\"bonuses__img\" src=\"https:\/\/sprawnymarketing.pl\/konferencja\/wp-content\/uploads\/2022\/09\/Nie-dotyczy.png\" alt=\"\">\n        <\/div>\n    <\/div>\n    <div class=\"row row--full row--full-lg-none row--full-lg-width bonuses__row align-items-stretch text-center bonuses__bor-bt \">\n        <div class=\"col-5 bonuses__col align-items-center d-flex bonuses__bor-rt\">\n            <div class=\"d-none d-md-block bonuses__img-bonuses-wrap\">\n                <img decoding=\"async\" class=\"bonuses__img-bonuses\" src=\"https:\/\/sprawnymarketing.pl\/konferencja\/wp-content\/uploads\/2021\/12\/Video-XII-edycja-1.png\" srcset=\"\" sizes=\"(max-width: 300px) 100vw, 300px\" alt=\"\"\/>\n            <\/div>\n            <p class=\"bonuses__text mb-0\">Materia\u0142y video z zakupionych dni z najbli\u017cszej edycji konferencji\r\n<span>WARTO\u015a\u0106: 1970 z\u0142<\/span>\r\n<\/p>\n\n                    <\/div>\n\n        <div class=\"col align-items-center d-flex bonuses__bor-rt\">\n                            <img decoding=\"async\" class=\"bonuses__img\" src=\"https:\/\/sprawnymarketing.pl\/konferencja\/wp-content\/themes\/dist-product\/img\/tick.svg\" alt=\"\">\n                    <\/div>\n        \n        <div class=\"col align-items-center d-flex bonuses__bor-rt\">\n            <img decoding=\"async\" class=\"bonuses__img\" src=\"https:\/\/sprawnymarketing.pl\/konferencja\/wp-content\/uploads\/2022\/09\/Nie-dotyczy.png\" alt=\"\">\n        <\/div>  \n        <div class=\"col align-items-center d-flex\">\n            <img decoding=\"async\" class=\"bonuses__img\" src=\"https:\/\/sprawnymarketing.pl\/konferencja\/wp-content\/uploads\/2022\/09\/Nie-dotyczy.png\" alt=\"\">\n        <\/div>\n    <\/div>\n    <div class=\"row row--full row--full-lg-none row--full-lg-width bonuses__row align-items-stretch text-center bonuses__bor-bt \">\n        <div class=\"col-5 bonuses__col align-items-center d-flex bonuses__bor-rt\">\n            <div class=\"d-none d-md-block bonuses__img-bonuses-wrap\">\n                <img decoding=\"async\" class=\"bonuses__img-bonuses\" src=\"https:\/\/sprawnymarketing.pl\/konferencja\/wp-content\/uploads\/2025\/10\/Pudelko-removebg-preview-e1759305739962.png\" srcset=\"https:\/\/sprawnymarketing.pl\/konferencja\/wp-content\/uploads\/2025\/10\/Pudelko-removebg-preview-e1759305739962.png 397w, https:\/\/sprawnymarketing.pl\/konferencja\/wp-content\/uploads\/2025\/10\/Pudelko-removebg-preview-e1759305739962-300x224.png 300w\" sizes=\"(max-width: 300px) 100vw, 300px\" alt=\"\"\/>\n            <\/div>\n            <p class=\"bonuses__text mb-0\">Paczka konferencyjna\t\r\n<\/p>\n\n                    <\/div>\n\n        <div class=\"col align-items-center d-flex bonuses__bor-rt\">\n                            <img decoding=\"async\" class=\"bonuses__img\" src=\"https:\/\/sprawnymarketing.pl\/konferencja\/wp-content\/themes\/dist-product\/img\/tick.svg\" alt=\"\">\n                    <\/div>\n        \n        <div class=\"col align-items-center d-flex bonuses__bor-rt\">\n            <img decoding=\"async\" class=\"bonuses__img\" src=\"https:\/\/sprawnymarketing.pl\/konferencja\/wp-content\/uploads\/2024\/11\/Nie-dotyczy.webp\" alt=\"\">\n        <\/div>  \n        <div class=\"col align-items-center d-flex\">\n            <img decoding=\"async\" class=\"bonuses__img\" src=\"https:\/\/sprawnymarketing.pl\/konferencja\/wp-content\/uploads\/2022\/09\/Nie-dotyczy.png\" alt=\"\">\n        <\/div>\n    <\/div>\n    <div class=\"row row--full row--full-lg-none row--full-lg-width bonuses__row align-items-stretch text-center bonuses__bor-bt \">\n        <div class=\"col-5 bonuses__col align-items-center d-flex bonuses__bor-rt\">\n            <div class=\"d-none d-md-block bonuses__img-bonuses-wrap\">\n                <img decoding=\"async\" class=\"bonuses__img-bonuses\" src=\"https:\/\/sprawnymarketing.pl\/konferencja\/wp-content\/uploads\/2025\/02\/Bluza-bonus.png\" srcset=\"\" sizes=\"(max-width: 300px) 100vw, 300px\" alt=\"\"\/>\n            <\/div>\n            <p class=\"bonuses__text mb-0\">Wysokiej jako\u015bci bluza z eko bawe\u0142ny<\/p>\n\n                    <\/div>\n\n        <div class=\"col align-items-center d-flex bonuses__bor-rt\">\n                            <img decoding=\"async\" class=\"bonuses__img\" src=\"https:\/\/sprawnymarketing.pl\/konferencja\/wp-content\/themes\/dist-product\/img\/tick.svg\" alt=\"\">\n                    <\/div>\n        \n        <div class=\"col align-items-center d-flex bonuses__bor-rt\">\n            <img decoding=\"async\" class=\"bonuses__img\" src=\"https:\/\/sprawnymarketing.pl\/konferencja\/wp-content\/uploads\/2024\/11\/Nie-dotyczy.webp\" alt=\"\">\n        <\/div>  \n        <div class=\"col align-items-center d-flex\">\n            <img decoding=\"async\" class=\"bonuses__img\" src=\"https:\/\/sprawnymarketing.pl\/konferencja\/wp-content\/uploads\/2022\/09\/Nie-dotyczy.png\" alt=\"\">\n        <\/div>\n    <\/div>\n    <div class=\"row row--full row--full-lg-none row--full-lg-width bonuses__row align-items-stretch text-center bonuses__bor-bt \">\n        <div class=\"col-5 bonuses__col align-items-center d-flex bonuses__bor-rt\">\n            <div class=\"d-none d-md-block bonuses__img-bonuses-wrap\">\n                <img decoding=\"async\" class=\"bonuses__img-bonuses\" src=\"https:\/\/sprawnymarketing.pl\/konferencja\/wp-content\/uploads\/2021\/06\/1rzedy.jpeg\" srcset=\"\" sizes=\"(max-width: 300px) 100vw, 300px\" alt=\"\"\/>\n            <\/div>\n            <p class=\"bonuses__text mb-0\">Wydzielone najlepsze miejsca na widowni<\/p>\n\n                    <\/div>\n\n        <div class=\"col align-items-center d-flex bonuses__bor-rt\">\n                            <img decoding=\"async\" class=\"bonuses__img\" src=\"https:\/\/sprawnymarketing.pl\/konferencja\/wp-content\/themes\/dist-product\/img\/tick.svg\" alt=\"\">\n                    <\/div>\n        \n        <div class=\"col align-items-center d-flex bonuses__bor-rt\">\n            <img decoding=\"async\" class=\"bonuses__img\" src=\"https:\/\/sprawnymarketing.pl\/konferencja\/wp-content\/uploads\/2022\/09\/Nie-dotyczy.png\" alt=\"\">\n        <\/div>  \n        <div class=\"col align-items-center d-flex\">\n            <img decoding=\"async\" class=\"bonuses__img\" src=\"https:\/\/sprawnymarketing.pl\/konferencja\/wp-content\/uploads\/2022\/09\/Nie-dotyczy.png\" alt=\"\">\n        <\/div>\n    <\/div>\n    <div class=\"row row--full row--full-lg-none row--full-lg-width bonuses__row align-items-stretch text-center bonuses__bor-bt \">\n        <div class=\"col-5 bonuses__col align-items-center d-flex bonuses__bor-rt\">\n            <div class=\"d-none d-md-block bonuses__img-bonuses-wrap\">\n                <img decoding=\"async\" class=\"bonuses__img-bonuses\" src=\"https:\/\/sprawnymarketing.pl\/konferencja\/wp-content\/uploads\/2021\/06\/after1.png\" srcset=\"\" sizes=\"(max-width: 300px) 100vw, 300px\" alt=\"\"\/>\n            <\/div>\n            <p class=\"bonuses__text mb-0\">Udzia\u0142 w afterparty, 28.10.2026 \r\nOpen bar dla uczestnik\u00f3w\r\n<\/p>\n\n                    <\/div>\n\n        <div class=\"col align-items-center d-flex bonuses__bor-rt\">\n                            <img decoding=\"async\" class=\"bonuses__img\" src=\"https:\/\/sprawnymarketing.pl\/konferencja\/wp-content\/themes\/dist-product\/img\/tick.svg\" alt=\"\">\n                    <\/div>\n        \n        <div class=\"col align-items-center d-flex bonuses__bor-rt\">\n            <img decoding=\"async\" class=\"bonuses__img\" src=\"https:\/\/sprawnymarketing.pl\/konferencja\/wp-content\/themes\/dist-product\/img\/tick.svg\" alt=\"\">\n        <\/div>  \n        <div class=\"col align-items-center d-flex\">\n            <img decoding=\"async\" class=\"bonuses__img\" src=\"https:\/\/sprawnymarketing.pl\/konferencja\/wp-content\/uploads\/2022\/09\/Nie-dotyczy.png\" alt=\"\">\n        <\/div>\n    <\/div>\n    <div class=\"row row--full row--full-lg-none row--full-lg-width bonuses__row align-items-stretch text-center bonuses__bor-bt \">\n        <div class=\"col-5 bonuses__col align-items-center d-flex bonuses__bor-rt\">\n            <div class=\"d-none d-md-block bonuses__img-bonuses-wrap\">\n                <img decoding=\"async\" class=\"bonuses__img-bonuses\" src=\"https:\/\/sprawnymarketing.pl\/konferencja\/wp-content\/uploads\/2024\/11\/1-300x300.png.webp\" srcset=\"https:\/\/sprawnymarketing.pl\/konferencja\/wp-content\/uploads\/2024\/11\/1-300x300.png.webp 300w, https:\/\/sprawnymarketing.pl\/konferencja\/wp-content\/uploads\/2024\/11\/1-300x300.png-100x100.webp 100w, https:\/\/sprawnymarketing.pl\/konferencja\/wp-content\/uploads\/2024\/11\/1-300x300.png-150x150.webp 150w\" sizes=\"(max-width: 300px) 100vw, 300px\" alt=\"\"\/>\n            <\/div>\n            <p class=\"bonuses__text mb-0\">Dost\u0119p do zamkni\u0119tej platformy wiedzy &#8211; kursy online, streszczenia ksi\u0105\u017cek, webinary, archiwalne wydania magazynu <\/p>\n\n                    <\/div>\n\n        <div class=\"col align-items-center d-flex bonuses__bor-rt\">\n                            <img decoding=\"async\" class=\"bonuses__img\" src=\"https:\/\/sprawnymarketing.pl\/konferencja\/wp-content\/themes\/dist-product\/img\/tick.svg\" alt=\"\">\n                    <\/div>\n        \n        <div class=\"col align-items-center d-flex bonuses__bor-rt\">\n            <img decoding=\"async\" class=\"bonuses__img\" src=\"https:\/\/sprawnymarketing.pl\/konferencja\/wp-content\/themes\/dist-product\/img\/tick.svg\" alt=\"\">\n        <\/div>  \n        <div class=\"col align-items-center d-flex\">\n            <img decoding=\"async\" class=\"bonuses__img\" src=\"https:\/\/sprawnymarketing.pl\/konferencja\/wp-content\/uploads\/2022\/09\/Nie-dotyczy.png\" alt=\"\">\n        <\/div>\n    <\/div>\n    <div class=\"row row--full row--full-lg-none row--full-lg-width bonuses__row align-items-stretch text-center bonuses__bor-bt \">\n        <div class=\"col-5 bonuses__col align-items-center d-flex bonuses__bor-rt\">\n            <div class=\"d-none d-md-block bonuses__img-bonuses-wrap\">\n                <img decoding=\"async\" class=\"bonuses__img-bonuses\" src=\"https:\/\/sprawnymarketing.pl\/konferencja\/wp-content\/uploads\/2023\/09\/Podsumowanie.png\" srcset=\"\" sizes=\"(max-width: 300px) 100vw, 300px\" alt=\"\"\/>\n            <\/div>\n            <p class=\"bonuses__text mb-0\">Prezentacje w formie PDF po konferencji <\/p>\n\n                    <\/div>\n\n        <div class=\"col align-items-center d-flex bonuses__bor-rt\">\n                            <img decoding=\"async\" class=\"bonuses__img\" src=\"https:\/\/sprawnymarketing.pl\/konferencja\/wp-content\/themes\/dist-product\/img\/tick.svg\" alt=\"\">\n                    <\/div>\n        \n        <div class=\"col align-items-center d-flex bonuses__bor-rt\">\n            <img decoding=\"async\" class=\"bonuses__img\" src=\"https:\/\/sprawnymarketing.pl\/konferencja\/wp-content\/themes\/dist-product\/img\/tick.svg\" alt=\"\">\n        <\/div>  \n        <div class=\"col align-items-center d-flex\">\n            <img decoding=\"async\" class=\"bonuses__img\" src=\"https:\/\/sprawnymarketing.pl\/konferencja\/wp-content\/uploads\/2025\/04\/tick.svg\" alt=\"\">\n        <\/div>\n    <\/div>\n    <div class=\"row row--full row--full-lg-none row--full-lg-width bonuses__row align-items-stretch text-center bonuses__bor-bt \">\n        <div class=\"col-5 bonuses__col align-items-center d-flex bonuses__bor-rt\">\n            <div class=\"d-none d-md-block bonuses__img-bonuses-wrap\">\n                <img decoding=\"async\" class=\"bonuses__img-bonuses\" src=\"https:\/\/sprawnymarketing.pl\/konferencja\/wp-content\/uploads\/2020\/12\/Aplikacja-grywalizacyjna.png\" srcset=\"\" sizes=\"(max-width: 300px) 100vw, 300px\" alt=\"\"\/>\n            <\/div>\n            <p class=\"bonuses__text mb-0\">Aplikacja konferencyjna do grywalizacji i zadawania pyta\u0144 prelegentom\t<\/p>\n\n                    <\/div>\n\n        <div class=\"col align-items-center d-flex bonuses__bor-rt\">\n                            <img decoding=\"async\" class=\"bonuses__img\" src=\"https:\/\/sprawnymarketing.pl\/konferencja\/wp-content\/themes\/dist-product\/img\/tick.svg\" alt=\"\">\n                    <\/div>\n        \n        <div class=\"col align-items-center d-flex bonuses__bor-rt\">\n            <img decoding=\"async\" class=\"bonuses__img\" src=\"https:\/\/sprawnymarketing.pl\/konferencja\/wp-content\/themes\/dist-product\/img\/tick.svg\" alt=\"\">\n        <\/div>  \n        <div class=\"col align-items-center d-flex\">\n            <img decoding=\"async\" class=\"bonuses__img\" src=\"https:\/\/sprawnymarketing.pl\/konferencja\/wp-content\/themes\/dist-product\/img\/tick.svg\" alt=\"\">\n        <\/div>\n    <\/div>\n    <div class=\"row row--full row--full-lg-none row--full-lg-width bonuses__row align-items-stretch text-center bonuses__bor-bt \">\n        <div class=\"col-5 bonuses__col align-items-center d-flex bonuses__bor-rt\">\n            <div class=\"d-none d-md-block bonuses__img-bonuses-wrap\">\n                <img decoding=\"async\" class=\"bonuses__img-bonuses\" src=\"https:\/\/sprawnymarketing.pl\/konferencja\/wp-content\/uploads\/2020\/12\/Miniaturka-certyfikatu.png\" srcset=\"\" sizes=\"(max-width: 300px) 100vw, 300px\" alt=\"\"\/>\n            <\/div>\n            <p class=\"bonuses__text mb-0\">Elektroniczny certyfikat potwierdzaj\u0105cy udzia\u0142\t<\/p>\n\n                    <\/div>\n\n        <div class=\"col align-items-center d-flex bonuses__bor-rt\">\n                            <img decoding=\"async\" class=\"bonuses__img\" src=\"https:\/\/sprawnymarketing.pl\/konferencja\/wp-content\/themes\/dist-product\/img\/tick.svg\" alt=\"\">\n                    <\/div>\n        \n        <div class=\"col align-items-center d-flex bonuses__bor-rt\">\n            <img decoding=\"async\" class=\"bonuses__img\" src=\"https:\/\/sprawnymarketing.pl\/konferencja\/wp-content\/themes\/dist-product\/img\/tick.svg\" alt=\"\">\n        <\/div>  \n        <div class=\"col align-items-center d-flex\">\n            <img decoding=\"async\" class=\"bonuses__img\" src=\"https:\/\/sprawnymarketing.pl\/konferencja\/wp-content\/themes\/dist-product\/img\/tick.svg\" alt=\"\">\n        <\/div>\n    <\/div>\n    <div class=\"row row--full row--full-lg-none row--full-lg-width bonuses__row align-items-stretch text-center bonuses__bor-bt \">\n        <div class=\"col-5 bonuses__col align-items-center d-flex bonuses__bor-rt\">\n            <div class=\"d-none d-md-block bonuses__img-bonuses-wrap\">\n                <img decoding=\"async\" class=\"bonuses__img-bonuses\" src=\"https:\/\/sprawnymarketing.pl\/konferencja\/wp-content\/uploads\/2022\/05\/Sadzonka.png\" srcset=\"\" sizes=\"(max-width: 300px) 100vw, 300px\" alt=\"\"\/>\n            <\/div>\n            <p class=\"bonuses__text mb-0\">Zasadzenie drzewa w ramach wsp\u00f3\u0142pracy z Posadzimy.pl<\/p>\n\n                    <\/div>\n\n        <div class=\"col align-items-center d-flex bonuses__bor-rt\">\n                            <img decoding=\"async\" class=\"bonuses__img\" src=\"https:\/\/sprawnymarketing.pl\/konferencja\/wp-content\/themes\/dist-product\/img\/tick.svg\" alt=\"\">\n                    <\/div>\n        \n        <div class=\"col align-items-center d-flex bonuses__bor-rt\">\n            <img decoding=\"async\" class=\"bonuses__img\" src=\"https:\/\/sprawnymarketing.pl\/konferencja\/wp-content\/themes\/dist-product\/img\/tick.svg\" alt=\"\">\n        <\/div>  \n        <div class=\"col align-items-center d-flex\">\n            <img decoding=\"async\" class=\"bonuses__img\" src=\"https:\/\/sprawnymarketing.pl\/konferencja\/wp-content\/themes\/dist-product\/img\/tick.svg\" alt=\"\">\n        <\/div>\n    <\/div>\n<style>\n\t.bonuses__col {\n    position: relative;\n}\n\n.bonuses__tooltip {\n    position: absolute;\n    bottom: 100%;\n    left: 50%;\n    transform: translateX(-50%);\n    background: rgba(0, 0, 0, 0.85);\n    color: #fff;\n    padding: 8px 12px;\n    border-radius: 0px;\n    white-space: normal;\n    font-size: 14px;\n    line-height: 1.4;\n    opacity: 0;\n    visibility: hidden;\n    transition: opacity 0.3s ease, visibility 0.3s ease;\n    z-index: 10;\n}\n\n.bonuses__col:hover .bonuses__tooltip {\n    opacity: 1;\n    visibility: visible;\n}\n<\/style>\n<\/section><style>\nh3#NsFoUNZ2{\ndisplay: block !important;\n}\n.gr-border-bottom{\nborder-bottom: 8px solid #ee312f;\n}\n\n<\/style>\n<div class=\"bonuses container gr-border-bottom\">\n\n<!-- Add this script to your head section or before your closing body tag -->\n<script src=\"https:\/\/widget.gridaly.com\/form\/gridaly-form.iife.js\"><\/script>\n\n<!-- Add this div where you want the form to appear -->     \n<div id=\"gridalyTickets\" class=\"gridaly-ticket-matrix\"\n     data-config-url=\"https:\/\/app.gridaly.com\/api\/v2\/organization\/sprawny-marketing\/registration\/poznan-pazdziernik-2026\/matrix\"\n data-styles-url=\"https:\/\/enterprise.gridaly.com\/events\/sprawny-marketing\/matrix\/css\/sprawny-marketing.css\"\n                    data-primary-color=\"red\"\ndata-lang=\"pl\"\n><\/div>\n\n\n\n<!-- deprecated -->\n<div class=\"d-none\">\n<div id=\"gridalyTickets-old\"><\/div>\n<\/div>\n<!-- END: deprecated -->\n<section class=\"form__after\">\n    <div class=\"container\">\n        <div class=\"row\">\n            <div class=\"col-12\">\n                <h2 class=\"text-center mt-5\"><?php _e('Po rejestracji'); ?><\/h2>\n            <\/div>\n            <div class=\"col-md-6 col-xl-4 mt-4\">\n                <div class=\"form__after-wrap\">\n                    <p class=\"form__after-number\">1<\/p>\n                    <img decoding=\"async\" class=\"form__after-icon\" src=\"https:\/\/sprawnymarketing.pl\/konferencja\/wp-content\/uploads\/2022\/04\/fv.png\" alt=\"\">\n                    <p class=\"form__after-text\">Po rejestracji mo\u017cesz op\u0142aci\u0107 zam\u00f3wienie od razu online lub pobra\u0107 faktur\u0119 proform\u0119 i op\u0142aci\u0107 j\u0105 przelewem bankowym.<\/p>\n                <\/div>\n            <\/div>\n\n            <div class=\"col-md-6 col-xl-4 mt-4\">\n                <div class=\"form__after-wrap\">\n                    <p class=\"form__after-number\">2<\/p>\n                    <img decoding=\"async\" class=\"form__after-icon\" src=\"https:\/\/sprawnymarketing.pl\/konferencja\/wp-content\/uploads\/2023\/05\/Nagrania-15-edycja.png\" alt=\"\">\n                    <p class=\"form__after-text\">Po zaksi\u0119gowaniu wp\u0142aty, je\u015bli posiadasz taki pakiet otrzymasz dost\u0119p do materia\u0142\u00f3w video z poprzedniej edycji #ilovemkt o warto\u015bci 1970 z\u0142.<\/p>\n                <\/div>\n            <\/div>\n            <div class=\"col-md-6 col-xl-4 mt-4\">\n                <div class=\"form__after-wrap\">\n                    <p class=\"form__after-number\">3<\/p>\n                    <img decoding=\"async\" class=\"form__after-icon\" src=\"https:\/\/sprawnymarketing.pl\/konferencja\/wp-content\/uploads\/2025\/10\/Pudelko-removebg-preview-e1759305739962.png\" alt=\"Paczka konferencyjna\">\n                    <p class=\"form__after-text\">Tydzie\u0144 przed eventem otrzymasz od nas paczk\u0119 konferencyjn\u0105 na adres, kt\u00f3ry zosta\u0142 wskazany w zam\u00f3wieniu ze wszystkimi gad\u017cetami.<\/p>\n                <\/div>\n            <\/div>\n            <div class=\"col-md-6 col-xl-4 mt-4\">\n                <div class=\"form__after-wrap\">\n                    <p class=\"form__after-number\">4<\/p>\n                    <img decoding=\"async\" class=\"form__after-icon\" src=\"https:\/\/sprawnymarketing.pl\/konferencja\/wp-content\/uploads\/2022\/04\/id.png\" alt=\"\">\n                    <p class=\"form__after-text\">W dniu konferencji wystarczy, \u017ce podejdziesz do stanowiska rejestracyjnego i odbierzesz sw\u00f3j badge. Nie otrzymasz od nas fizycznego biletu na konferencj\u0119.<\/p>\n                <\/div>\n            <\/div>\n            <div class=\"col-md-6 col-xl-4 mt-4\">\n                <div class=\"form__after-wrap\">\n                    <p class=\"form__after-number\">5<\/p>\n                    <img decoding=\"async\" class=\"form__after-icon\" src=\"https:\/\/sprawnymarketing.pl\/konferencja\/wp-content\/uploads\/2022\/04\/phone.png\" alt=\"\">\n                    <p class=\"form__after-text\">Dzi\u0119ki aplikacji konferencyjnej przez ca\u0142y dzie\u0144 b\u0119dziesz mie\u0107 mo\u017cliwo\u015b\u0107 zag\u0142osowania na najlepsz\u0105 prezentacj\u0119. Pami\u0119taj, \u017ce to Ty wybierasz kto wygra I Love Marketing.<\/p>\n                <\/div>\n            <\/div>\n            <div class=\"col-md-6 col-xl-4 mt-4\">\n                <div class=\"form__after-wrap\">\n                    <p class=\"form__after-number\">6<\/p>\n                    <img decoding=\"async\" class=\"form__after-icon\" src=\"https:\/\/sprawnymarketing.pl\/konferencja\/wp-content\/uploads\/2022\/04\/video.png\" alt=\"\">\n                    <p class=\"form__after-text\">Do tygodnia po evencie, je\u015bli posiadasz taki pakiet &#8211; otrzymasz nagrania prezentacji z konferencji.<\/p>\n                <\/div>\n            <\/div>\n        <\/div>\n    <\/div>\n<?php endif; ?>\n<\/section>\n\n\n<\/div><style>\n#gr-container > * {\n  display: none !important;\n}\n\n\n<style><div class=\"wp-bootstrap-blocks-container container mb-2\">\n\t\n<h2 class=\"wp-block-heading has-text-align-center\">Dlaczego warto wzi\u0105\u0107 udzia\u0142 w wydarzeniu?<\/h2>\n<\/div><div class=\"wp-bootstrap-blocks-container container-fluid mb-0 px-0 mt-sm-7\">\n\t\n<div class=\"wp-bootstrap-blocks-row row\">\n\t\n<div class=\"col-12 col-md-7\">\n\t\t\t\n<h2 id=\"heading-block_e721d4ff22f34f616851f1601d914e84\" class=\"title-counter d-flex\">\n    <div class=\"title-counter--number\">1<\/div>\n    <div class=\"title-counter--break\">Jedyna w Polsce w pe\u0142ni zgrywalizowana konferencja<\/div>\n<\/h2>\n\n<p>Dzi\u0119ki mechanizmowi grywalizacji, prelegenci b\u0119d\u0105 rywalizowa\u0107 o Twoj\u0105 uwag\u0119 i g\u0142osy. Prezentacje dostarcz\u0105 Ci u\u017cytecznych i inspiruj\u0105cych tre\u015bci. Podczas #ilovemkt w Twojej g\u0142owie wielokrotnie zapali si\u0119 lampka eureki \ud83d\ude09 <\/p>\n\t<\/div>\n\n<div class=\"col-12 col-md-5\">\n\t\t\t\n<div style=\"padding:100% 0 0 0;position:relative;\"><iframe src=\"https:\/\/player.vimeo.com\/video\/848289305?h=dc24ab88ed?autoplay=1&amp;loop=1&amp;autopause=0&amp;background=1&amp;muted=1\" frameborder=\"0\" allow=\"autoplay; fullscreen; picture-in-picture\" allowfullscreen=\"\" style=\"position:absolute;top:0;left:0;width:100%;height:100%;\" title=\"dymki_1\"><\/iframe><\/div>\n\t<\/div>\n<\/div>\n<\/div><div class=\"wp-bootstrap-blocks-container container-fluid mb-0 px-0 mt-sm-7\">\n\t\n<div class=\"wp-bootstrap-blocks-row row\">\n\t\n<div class=\"col-12 col-md-7\">\n\t\t\t\n<h2 id=\"heading-block_c4e32605436f5cc1c8011f05c9cc593e\" class=\"title-counter d-flex\">\n    <div class=\"title-counter--number\">2<\/div>\n    <div class=\"title-counter--break\"> 18-minutowe prezentacje<br \/>\r\n<\/div>\n<\/h2>\n\n<p>Znasz konferencje TED? Je\u015bli tak, to pewnie wiesz, \u017ce prezentacje wyg\u0142aszane w jej trakcie maj\u0105 ograniczenie d\u0142ugo\u015bci do max. 18 minut. Organizatorzy TEDa odkryli, \u017ce to idealny czas trwania prezentacji i w 99% przypadk\u00f3w wyd\u0142u\u017canie czasu nie przek\u0142ada si\u0119 na wzrost merytoryki oraz przyswajanej wiedzy. Dlatego w\u0142a\u015bnie na #ilovemkt ka\u017cda prelekcja trwa 18 minut. Wyj\u0105tkiem s\u0105 \u015bcie\u017cki I \u2764\ufe0f PRO, gdzie stawiamy na 40-minutowe wyst\u0105pienia.<\/p>\n\t<\/div>\n\n<div class=\"col-12 col-md-5\">\n\t\t\t\n<div style=\"padding:100% 0 0 0;position:relative;\"><iframe src=\"https:\/\/player.vimeo.com\/video\/762178468?autoplay=1&amp;loop=1&amp;autopause=0&amp;background=1&amp;muted=1\" frameborder=\"0\" allow=\"autoplay; fullscreen; picture-in-picture\" allowfullscreen=\"\" style=\"position:absolute;top:0;left:0;width:100%;height:100%;\" title=\"dymki_1\"><\/iframe><\/div>\n\t<\/div>\n<\/div>\n<\/div><div class=\"wp-bootstrap-blocks-container container-fluid mb-0 px-0 mt-sm-7\">\n\t\n<div class=\"wp-bootstrap-blocks-row row\">\n\t\n<div class=\"col-12 col-md-7\">\n\t\t\t\n<h2 id=\"heading-block_2babc18739680d42ad537694de43591f\" class=\"title-counter d-flex\">\n    <div class=\"title-counter--number\">3<\/div>\n    <div class=\"title-counter--break\">ZERO sprzeda\u017cowych prezentacji<\/div>\n<\/h2>\n\n<p>P\u0142acimy prelegentom za wysokiej jako\u015bci content, a wysoko\u015b\u0107 ich wynagrodze\u0144 zale\u017cy od Twojej oceny. Przez uczestnik\u00f3w konferencja okre\u015blana jest mianem Mistrzostw Polski Marketingu! Prelegenci natomiast zwracaj\u0105 uwag\u0119 na to, \u017ce grywalizacja przyczyni\u0142a si\u0119 do uzyskania takiego poziomu wyst\u0105pie\u0144, jakiego nie powstydzi\u0142yby si\u0119 konferencje TED.<\/p>\n\t<\/div>\n\n<div class=\"col-12 col-md-5\">\n\t\t\t\n<div style=\"padding:100% 0 0 0;position:relative;\"><iframe src=\"https:\/\/player.vimeo.com\/video\/762178274?autoplay=1&amp;loop=1&amp;autopause=0&amp;background=1&amp;muted=1\" frameborder=\"0\" allow=\"autoplay; fullscreen; picture-in-picture\" allowfullscreen=\"\" style=\"position:absolute;top:0;left:0;width:100%;height:100%;\" title=\"dymki_1\"><\/iframe><\/div>\n\t<\/div>\n<\/div>\n<\/div><div class=\"wp-bootstrap-blocks-container container-fluid mb-0 px-0 mt-sm-7\">\n\t\n<div class=\"wp-bootstrap-blocks-row row\">\n\t\n<div class=\"col-12 col-md-7\">\n\t\t\t\n<h2 id=\"heading-block_aa2dca4810bfd04f99d639ad394b4e14\" class=\"title-counter d-flex\">\n    <div class=\"title-counter--number\">4<\/div>\n    <div class=\"title-counter--break\">Okazja na poznanie Sponsor\u00f3w i Partner\u00f3w konferencji<\/div>\n<\/h2>\n\n<p>Do dyspozycji uczestnik\u00f3w b\u0119d\u0105 r\u00f3wnie\u017c stoiska naszych partner\u00f3w, gdzie b\u0119dzie mo\u017cna pozna\u0107 ich propozycje, nawi\u0105za\u0107 kontakty&nbsp;biznesowe i skorzysta\u0107 ze specjalnych promocji. Je\u015bli chcesz do\u0142\u0105czy\u0107 do grona wystawc\u00f3w, <a href=\"mailto:wojciech.markowski@sprawnymarketing.pl\">zapraszamy do kontaktu<\/a><\/p>\n\t<\/div>\n\n<div class=\"col-12 col-md-5\">\n\t\t\t\n<div style=\"padding:100% 0 0 0;position:relative;\"><iframe src=https:\/\/player.vimeo.com\/video\/848043728?h=4bcb7dfcd7?autoplay=1&amp;loop=1&amp;autopause=0&amp;background=1&amp;muted=1\" frameborder=\"0\" allow=\"autoplay; fullscreen; picture-in-picture\" allowfullscreen=\"\" style=\"position:absolute;top:0;left:0;width:100%;height:100%;\" title=\"dymki_1\"><\/iframe><\/div>\n\t<\/div>\n<\/div>\n<\/div><div class=\"wp-bootstrap-blocks-container container-fluid mb-0 px-0 mt-sm-7\">\n\t\n<div class=\"wp-bootstrap-blocks-row row\">\n\t\n<div class=\"col-12 col-md-7\">\n\t\t\t\n<h2 id=\"heading-block_7b2e520e1f579bb686c9d0fa9e031873\" class=\"title-counter d-flex\">\n    <div class=\"title-counter--number\">5<\/div>\n    <div class=\"title-counter--break\">Epickie Afterparty #ilovemkt<\/div>\n<\/h2>\n\n<p>Impreza odbywa si\u0119 po pierwszym dniu I \u2764\ufe0f Marketing &amp; Technology 29.10 \u2013 networking z prelegentami, lu\u017ana atmosfera i nowe znajomo\u015bci.<\/p>\n\t<\/div>\n\n<div class=\"col-12 col-md-5\">\n\t\t\t\n<div style=\"padding:100% 0 0 0;position:relative;\"><iframe src=https:\/\/player.vimeo.com\/video\/852264010?h=fd45215d10?autoplay=1&amp;loop=1&amp;autopause=0&amp;background=1&amp;muted=1\" frameborder=\"0\" allow=\"autoplay; fullscreen; picture-in-picture\" allowfullscreen=\"\" style=\"position:absolute;top:0;left:0;width:100%;height:100%;\" title=\"dymki_1\"><\/iframe><\/div>\n\t<\/div>\n<\/div>\n<\/div><div class=\"wp-bootstrap-blocks-container container-fluid mb-0 px-0 mt-sm-7\">\n\t\n<div class=\"wp-bootstrap-blocks-row row\">\n\t\n<div class=\"col-12 col-md-7\">\n\t\t\t\n<h2 id=\"heading-block_f9597ba3c6fbb7ab7be673e92d2e4ca3\" class=\"title-counter d-flex\">\n    <div class=\"title-counter--number\">6<\/div>\n    <div class=\"title-counter--break\">Edutainment w najlepszej formie<\/div>\n<\/h2>\n\n<p>Wiemy, \u017ce radosny m\u00f3zg zapami\u0119tuje lepiej, dlatego podczas #ilovemkt stawiamy na edutainment! Udowodniono, \u017ce pozytywne emocje u\u0142atwiaj\u0105 przyswajanie wi\u0119kszej liczby informacji oraz zapami\u0119tywanie ich na d\u0142u\u017cej. To w\u0142a\u015bnie dlatego nasi prelegenci nie tylko przekazuj\u0105 wiedz\u0119, ale te\u017c roz\u015bmieszaj\u0105 (czasem do \u0142ez) uczestnik\u00f3w #ilovemkt :)<\/p>\n\t<\/div>\n\n<div class=\"col-12 col-md-5\">\n\t\t\t\n<div style=\"padding:100% 0 0 0;position:relative;\"><iframe src=\"https:\/\/player.vimeo.com\/video\/762178566?autoplay=1&amp;loop=1&amp;autopause=0&amp;background=1&amp;muted=1\" frameborder=\"0\" allow=\"autoplay; fullscreen; picture-in-picture\" allowfullscreen=\"\" style=\"position:absolute;top:0;left:0;width:100%;height:100%;\" title=\"dymki_1\"><\/iframe><\/div>\n\t<\/div>\n<\/div>\n<\/div><div class=\"wp-bootstrap-blocks-container container-fluid mb-0 px-0 mt-sm-7\">\n\t\n<div class=\"wp-bootstrap-blocks-row row\">\n\t\n<div class=\"col-12 col-md-7\">\n\t\t\t\n<h2 id=\"heading-block_e8a94bf7bda2c177ce9e7e3e475953d1\" class=\"title-counter d-flex\">\n    <div class=\"title-counter--number\">7<\/div>\n    <div class=\"title-counter--break\">I Love Marketing loves eco!<\/div>\n<\/h2>\n\n<p>Pracujemy nad tym, aby konferencja z ka\u017cd\u0105 edycj\u0105 by\u0142a coraz bardziej przyjazna \u015brodowisku. Razem z Posadzimy.pl i Aktywni dla Las\u00f3w posadzimy wsp\u00f3lnie tyle drzew, ile os\u00f3b pojawi si\u0119 na konferencji!<\/p>\n\t<\/div>\n\n<div class=\"col-12 col-md-5\">\n\t\t\t\n<div style=\"padding:100% 0 0 0;position:relative;\"><iframe src=\"https:\/\/player.vimeo.com\/video\/762178407?autoplay=1&amp;loop=1&amp;autopause=0&amp;background=1&amp;muted=1\" frameborder=\"0\" allow=\"autoplay; fullscreen; picture-in-picture\" allowfullscreen=\"\" style=\"position:absolute;top:0;left:0;width:100%;height:100%;\" title=\"dymki_1\"><\/iframe><\/div>\n\t<\/div>\n<\/div>\n<\/div><div class=\"wp-bootstrap-blocks-container container-fluid mb-0 px-0 mt-sm-7\">\n\t\n<div class=\"wp-bootstrap-blocks-row row\">\n\t\n<div class=\"col-12 col-md-7\">\n\t\t\t\n<h2 id=\"heading-block_646a625efcd603ff6d39271dfc328029\" class=\"title-counter d-flex\">\n    <div class=\"title-counter--number\">8<\/div>\n    <div class=\"title-counter--break\">Paczka konferencyjna<\/div>\n<\/h2>\n\n<p>Osoby, kt\u00f3re zakupi\u0142y bilet VIP otrzymaj\u0105 paczk\u0119 konferencyjn\u0105 poczt\u0105 na dwa tygodnie przed eventem. Koniec z noszeniem k\u0142opotliwej torby na konferencji.<\/p>\n\t<\/div>\n\n<div class=\"col-12 col-md-5\">\n\t\t\t\n<div style=\"padding:100% 0 0 0;position:relative;\"><iframe src=\"https:\/\/player.vimeo.com\/video\/762178198?autoplay=1&amp;loop=1&amp;autopause=0&amp;background=1&amp;muted=1\" frameborder=\"0\" allow=\"autoplay; fullscreen; picture-in-picture\" allowfullscreen=\"\" style=\"position:absolute;top:0;left:0;width:100%;height:100%;\" title=\"dymki_1\"><\/iframe><\/div>\n\t<\/div>\n<\/div>\n<\/div><div class=\"wp-bootstrap-blocks-container container-fluid mb-0 px-0 mt-sm-7\">\n\t\n<div class=\"wp-bootstrap-blocks-row row\">\n\t\n<div class=\"col-12 col-md-7\">\n\t\t\t\n<h2 id=\"heading-block_674548c76cd7ef6954e624ee6fcbf85b\" class=\"title-counter d-flex\">\n    <div class=\"title-counter--number\">9<\/div>\n    <div class=\"title-counter--break\">Doskonali konferansjerzy!<\/div>\n<\/h2>\n\n<p>Konferencj\u0119 <strong>#ilovemkt<\/strong> poprowadzi zesp\u00f3\u0142 charyzmatycznych prowadz\u0105cych, na czele z niezast\u0105pionym <strong>Maciejem Kautzem<\/strong>, kt\u00f3ry ju\u017c po raz 20. zadba o punktualno\u015b\u0107 prezentacji, dobr\u0105 atmosfer\u0119 i energi\u0119 na scenie. <\/p>\n\t<\/div>\n\n<div class=\"col-12 col-md-5\">\n\t\t\t\n<div style=\"padding:100% 0 0 0;position:relative;\"><iframe src=\"https:\/\/player.vimeo.com\/video\/762178441?autoplay=1&amp;loop=1&amp;autopause=0&amp;background=1&amp;muted=1\" frameborder=\"0\" allow=\"autoplay; fullscreen; picture-in-picture\" allowfullscreen=\"\" style=\"position:absolute;top:0;left:0;width:100%;height:100%;\" title=\"dymki_1\"><\/iframe><\/div>\n\t<\/div>\n<\/div>\n<\/div><div class=\"wp-bootstrap-blocks-container container-fluid mb-0 px-0 mt-sm-7\">\n\t\n<div class=\"wp-bootstrap-blocks-row row\">\n\t\n<div class=\"col-12 col-md-7\">\n\t\t\t\n<h2 id=\"heading-block_b6a74738cda717f87842ee3ef36f9ffa\" class=\"title-counter d-flex\">\n    <div class=\"title-counter--number\">10<\/div>\n    <div class=\"title-counter--break\">Panele dyskusyjne prelegentek i prelegent\u00f3w<\/div>\n<\/h2>\n\n<p>Czyli dodatkowe bonusowe tre\u015bci! Panele dyskusyjne prelegentek i prelegent\u00f3w na zako\u0144czenie ka\u017cdej \u015bcie\u017cki a przed og\u0142oszeniem wynik\u00f3w.<br><\/p>\n\t<\/div>\n\n<div class=\"col-12 col-md-5\">\n\t\t\t\n<div style=\"padding:100% 0 0 0;position:relative;\"><iframe src=\"https:\/\/player.vimeo.com\/video\/852263992?h=c13619db90?autoplay=1&amp;loop=1&amp;autopause=0&amp;background=1&amp;muted=1\" frameborder=\"0\" allow=\"autoplay; fullscreen; picture-in-picture\" allowfullscreen=\"\" style=\"position:absolute;top:0;left:0;width:100%;height:100%;\" title=\"dymki_1\"><\/iframe><\/div>\n\t<\/div>\n<\/div>\n<\/div><div class=\"wp-bootstrap-blocks-container container-fluid mb-0 px-0 mt-sm-7\">\n\t\n<div class=\"wp-bootstrap-blocks-row row\">\n\t\n<div class=\"col-12 col-md-7\">\n\t\t\t\n<h2 id=\"heading-block_812ed58333a3d4c7afaa2d312e2d6dbf\" class=\"title-counter d-flex\">\n    <div class=\"title-counter--number\">11<\/div>\n    <div class=\"title-counter--break\">Najwy\u017csza jako\u015b\u0107 obrazu i d\u017awi\u0119ku <\/div>\n<\/h2>\n\n<p>Dbamy o to, aby\u015b podczas ca\u0142ej konferencji czu\u0142 si\u0119 jak najbardziej komfortowo. Ekran o powierzchni 300m2, nowoczesny projektor laserowy, wygodne fotele i przestrzenny d\u017awi\u0119k poprawi\u0105 komfort przyswajania wiedzy :)<\/p>\n\t<\/div>\n\n<div class=\"col-12 col-md-5\">\n\t\t\t\n<div style=\"padding:100% 0 0 0;position:relative;\"><iframe src=\"https:\/\/player.vimeo.com\/video\/762178547?autoplay=1&amp;loop=1&amp;autopause=0&amp;background=1&amp;muted=1\" frameborder=\"0\" allow=\"autoplay; fullscreen; picture-in-picture\" allowfullscreen=\"\" style=\"position:absolute;top:0;left:0;width:100%;height:100%;\" title=\"dymki_1\"><\/iframe><\/div>\n\t<\/div>\n<\/div>\n<\/div><div class=\"wp-bootstrap-blocks-container container-fluid mb-0 px-0 mt-sm-7\">\n\t\n<div class=\"wp-bootstrap-blocks-row row\">\n\t\n<div class=\"col-12 col-md-7\">\n\t\t\t\n<h2 id=\"heading-block_e5f9a33fbc2d7687ecbfc6d8d0aa6072\" class=\"title-counter d-flex\">\n    <div class=\"title-counter--number\">12<\/div>\n    <div class=\"title-counter--break\">WiFi i dost\u0119p do gniazdek na terenie konferencji<br \/>\r\n<\/div>\n<\/h2>\n\n<p>Mocne \u0142\u0105cze WiFi oraz strefa z dost\u0119pem do gniazdek z pr\u0105dem w strefie expo.<\/p>\n\t<\/div>\n\n<div class=\"col-12 col-md-5\">\n\t\t\t\n<div style=\"padding:100% 0 0 0;position:relative;\"><iframe src=\"https:\/\/player.vimeo.com\/video\/762178173?autoplay=1&amp;loop=1&amp;autopause=0&amp;background=1&amp;muted=1\" frameborder=\"0\" allow=\"autoplay; fullscreen; picture-in-picture\" allowfullscreen=\"\" style=\"position:absolute;top:0;left:0;width:100%;height:100%;\" title=\"dymki_1\"><\/iframe><\/div>\n\t<\/div>\n<\/div>\n<\/div><div class=\"wp-bootstrap-blocks-container container-fluid mb-0 px-0 mt-sm-7\">\n\t\n<div class=\"wp-bootstrap-blocks-row row\">\n\t\n<div class=\"col-12 col-md-7\">\n\t\t\t\n<h2 id=\"heading-block_ab3026609929f86a206e33cb296771e1\" class=\"title-counter d-flex\">\n    <div class=\"title-counter--number\">13<\/div>\n    <div class=\"title-counter--break\">Dost\u0119p do zamkni\u0119tej platformy wiedzy <\/div>\n<\/h2>\n\n<p>Dla uczestnik\u00f3w, kt\u00f3rzy zakupili bilet premium i VIP przygotowali\u015bmy co\u015b wyj\u0105tkowego: dost\u0119p do zamkni\u0119tej platformy. Znajdziecie tam mi\u0119dzy innymi: kursy online, streszczenia ksi\u0105\u017cek, webinary z ekspertami, archiwalne wydania magazynu i wiele wi\u0119cej.<\/p>\n\t<\/div>\n\n<div class=\"col-12 col-md-5\">\n\t\t\t\n<figure class=\"wp-block-image size-large\"><img loading=\"lazy\" decoding=\"async\" width=\"360\" height=\"360\" src=\"https:\/\/sprawnymarketing.pl\/konferencja\/wp-content\/uploads\/2021\/05\/1.png\" alt=\"\" class=\"wp-image-987\" srcset=\"https:\/\/sprawnymarketing.pl\/konferencja\/wp-content\/uploads\/2021\/05\/1.png 360w, https:\/\/sprawnymarketing.pl\/konferencja\/wp-content\/uploads\/2021\/05\/1-300x300.png 300w, https:\/\/sprawnymarketing.pl\/konferencja\/wp-content\/uploads\/2021\/05\/1-100x100.png 100w, https:\/\/sprawnymarketing.pl\/konferencja\/wp-content\/uploads\/2021\/05\/1-150x150.png 150w\" sizes=\"auto, (max-width: 360px) 100vw, 360px\" \/><\/figure>\n\t<\/div>\n<\/div>\n<\/div><div class=\"wp-bootstrap-blocks-container container-fluid mb-0 px-0 mt-sm-7\">\n\t\n<div class=\"wp-bootstrap-blocks-row row\">\n\t\n<div class=\"col-12 col-md-7\">\n\t\t\t\n<h2 id=\"heading-block_f360b5a92a701a5661dc5b5240db4b0a\" class=\"title-counter d-flex\">\n    <div class=\"title-counter--number\">14<\/div>\n    <div class=\"title-counter--break\">Profesjonalne zdj\u0119cia w mobilnym studio<\/div>\n<\/h2>\n\n<p>Podczas wydarzenia b\u0119dzie mo\u017cliwo\u015b\u0107 wykonania ca\u0142kowicie za darmo profesjonalnego zdj\u0119cia na LinkedIn lub do CV. Za realizacj\u0119 zdj\u0119\u0107 odpowiedzialna b\u0119dzie <a href=\"https:\/\/bocerba.com\/\">Bo\u017cena Cerba<\/a>, fotografka portretowa z ponad 7-letnim do\u015bwiadczeniem i 1000 zrealizowanych sesji na koncie. Jej stanowisko b\u0119dzie dost\u0119pne dla uczestnik\u00f3w na poziomie 1.<\/p>\n\t<\/div>\n\n<div class=\"col-12 col-md-5\">\n\t\t\t\n<figure class=\"wp-block-image size-large\"><img loading=\"lazy\" decoding=\"async\" width=\"1024\" height=\"769\" src=\"https:\/\/sprawnymarketing.pl\/konferencja\/wp-content\/uploads\/2025\/09\/Bozena-Cerba-Fotograf-portretowy-biznesowy-1024x769.jpg\" alt=\"\" class=\"wp-image-10958\" srcset=\"https:\/\/sprawnymarketing.pl\/konferencja\/wp-content\/uploads\/2025\/09\/Bozena-Cerba-Fotograf-portretowy-biznesowy-1024x769.jpg 1024w, https:\/\/sprawnymarketing.pl\/konferencja\/wp-content\/uploads\/2025\/09\/Bozena-Cerba-Fotograf-portretowy-biznesowy-300x225.jpg 300w, https:\/\/sprawnymarketing.pl\/konferencja\/wp-content\/uploads\/2025\/09\/Bozena-Cerba-Fotograf-portretowy-biznesowy-768x576.jpg 768w, https:\/\/sprawnymarketing.pl\/konferencja\/wp-content\/uploads\/2025\/09\/Bozena-Cerba-Fotograf-portretowy-biznesowy-1536x1153.jpg 1536w, https:\/\/sprawnymarketing.pl\/konferencja\/wp-content\/uploads\/2025\/09\/Bozena-Cerba-Fotograf-portretowy-biznesowy-600x450.jpg 600w, https:\/\/sprawnymarketing.pl\/konferencja\/wp-content\/uploads\/2025\/09\/Bozena-Cerba-Fotograf-portretowy-biznesowy.jpg 2048w\" sizes=\"auto, (max-width: 1024px) 100vw, 1024px\" \/><\/figure>\n\t<\/div>\n<\/div>\n<\/div><section id=\"partners\" class=\"container\">\n    <div class=\"partners-new row text-center align-items-center\">\n                        <div class=\"col-12 partners__heading\">\n        <h3 class=\"partners__heading--head\">We <span><svg width=\"48\" height=\"40\" viewBox=\"0 0 48 40\" fill=\"none\">\n                        <path d=\"M33.1959 0L23.9394 6.70302L14.7626 0L3.5909 5.50605L0 13.4858L3.5909 20.8273L23.9394 39.5L44.2878 20.8273L47.8787 13.4858L44.2878 5.50605L33.1959 0Z\" fill=\"#EE312F\" \/>\n                        <path d=\"M23.9394 17.4757L33.1959 0L23.9394 6.70302V17.4757L14.7626 0L3.5909 5.50605L0 13.4858L3.5909 20.8273L23.9394 39.5L44.2878 20.8273L47.8787 13.4858L44.2878 5.50605L23.9394 17.4757Z\" fill=\"#CE1723\" \/>\n                        <path d=\"M0 13.4861L3.5909 20.8275L23.9394 17.476L3.5909 5.50632L0 13.4861Z\" fill=\"#96161E\" \/>\n                        <path d=\"M44.2898 20.8273L23.9413 17.4758V39.5L44.2898 20.8273Z\" fill=\"#96161E\" \/>\n                    <\/svg>\n                <\/span> our Partners<\/h3>\n    <\/div>\n        <div class=\"col-12 partners__main\">\n        <div class=\"row\">\n            <div class=\"col-12\">\n                <h3 style=\"font-size:32px\">Patronat honorowy\n                <\/h3>\n            <\/div>\n            <div class=\"grid grid-cols-1 place-items-center\">\n                                    <div>\n                                                    <div>\n                                <img loading=\"lazy\" decoding=\"async\" width=\"253\" height=\"140\" src=\"https:\/\/sprawnymarketing.pl\/konferencja\/wp-content\/uploads\/2026\/04\/200_warszawa_prezydent.png\" class=\"attachment-full size-full\" alt=\"\" \/>                            <\/div>\n                                            <\/div>\n                            <\/div>\n        <\/div>\n    <\/div>\n        <div class=\"col-12 partners__main\">\n        <div class=\"row\">\n            <div class=\"col-12\">\n                <h3 style=\"font-size:32px\">Partner konferencji\n                <\/h3>\n            <\/div>\n            <div class=\"grid grid-cols-1 place-items-center\">\n                                    <div>\n                                                    <div>\n                                <img loading=\"lazy\" decoding=\"async\" width=\"200\" height=\"117\" src=\"https:\/\/sprawnymarketing.pl\/konferencja\/wp-content\/uploads\/2026\/02\/200_warszawa.png\" class=\"attachment-full size-full\" alt=\"\" \/>                            <\/div>\n                                            <\/div>\n                            <\/div>\n        <\/div>\n    <\/div>\n        <div class=\"col-12 partners__main\">\n        <div class=\"row\">\n            <div class=\"col-12\">\n                <h3 style=\"font-size:32px\">Partner g\u0142\u00f3wny \u015bcie\u017cki\n                                                            <img decoding=\"async\" src=\"https:\/\/sprawnymarketing.pl\/konferencja\/wp-content\/uploads\/2026\/02\/marketing.png\" alt=\"Grafika wydarzenia\" style=\"width:auto; max-width:100%; height:32px;\" \/>\n                                    <\/h3>\n            <\/div>\n            <div class=\"grid grid-cols-1 place-items-center\">\n                                    <div>\n                                                    <a href=\"https:\/\/www.opengift.pl\/\" rel=\"nofollow\" target=\"_blank\">\n                                <img loading=\"lazy\" decoding=\"async\" width=\"362\" height=\"140\" src=\"https:\/\/sprawnymarketing.pl\/konferencja\/wp-content\/uploads\/2026\/02\/120_OPEN-GIFT.png\" class=\"attachment-full size-full\" alt=\"\" srcset=\"https:\/\/sprawnymarketing.pl\/konferencja\/wp-content\/uploads\/2026\/02\/120_OPEN-GIFT.png 362w, https:\/\/sprawnymarketing.pl\/konferencja\/wp-content\/uploads\/2026\/02\/120_OPEN-GIFT-300x116.png 300w\" sizes=\"auto, (max-width: 362px) 100vw, 362px\" \/>                            <\/a>\n                                            <\/div>\n                            <\/div>\n        <\/div>\n    <\/div>\n        <div class=\"col-12 partners__main\">\n        <div class=\"row\">\n            <div class=\"col-12\">\n                <h3 style=\"font-size:32px\">Partner strategiczny \u015bcie\u017cki\n                                                            <img decoding=\"async\" src=\"https:\/\/sprawnymarketing.pl\/konferencja\/wp-content\/uploads\/2026\/02\/marketing.png\" alt=\"Grafika wydarzenia\" style=\"width:auto; max-width:100%; height:32px;\" \/>\n                                    <\/h3>\n            <\/div>\n            <div class=\"grid grid-cols-1 place-items-center\">\n                                    <div>\n                                                    <div>\n                                <img loading=\"lazy\" decoding=\"async\" width=\"131\" height=\"60\" src=\"https:\/\/sprawnymarketing.pl\/konferencja\/wp-content\/uploads\/2026\/03\/200_twoj_startup.png\" class=\"attachment-full size-full\" alt=\"\" \/>                            <\/div>\n                                            <\/div>\n                            <\/div>\n        <\/div>\n    <\/div>\n        <div class=\"col-12 partners__main\">\n        <div class=\"row\">\n            <div class=\"col-12\">\n                <h3 style=\"font-size:32px\">Partner g\u0142\u00f3wny \u015bcie\u017cki\n                                                            <img decoding=\"async\" src=\"https:\/\/sprawnymarketing.pl\/konferencja\/wp-content\/uploads\/2026\/02\/hr.png\" alt=\"Grafika wydarzenia\" style=\"width:auto; max-width:100%; height:32px;\" \/>\n                                    <\/h3>\n            <\/div>\n            <div class=\"grid grid-cols-1 place-items-center\">\n                                    <div>\n                                                    <div>\n                                <img loading=\"lazy\" decoding=\"async\" width=\"197\" height=\"64\" src=\"https:\/\/sprawnymarketing.pl\/konferencja\/wp-content\/uploads\/2026\/02\/100_olx.png\" class=\"attachment-full size-full\" alt=\"\" \/>                            <\/div>\n                                            <\/div>\n                            <\/div>\n        <\/div>\n    <\/div>\n        <div class=\"col-12 partners__main\">\n        <div class=\"row\">\n            <div class=\"col-12\">\n                <h3 style=\"font-size:32px\">Partner strategiczny \u015bcie\u017cki\n                                                            <img decoding=\"async\" src=\"https:\/\/sprawnymarketing.pl\/konferencja\/wp-content\/uploads\/2026\/02\/hr.png\" alt=\"Grafika wydarzenia\" style=\"width:auto; max-width:100%; height:32px;\" \/>\n                                    <\/h3>\n            <\/div>\n            <div class=\"grid grid-cols-1 place-items-center\">\n                                    <div>\n                                                    <div>\n                                <img loading=\"lazy\" decoding=\"async\" width=\"150\" height=\"92\" src=\"https:\/\/sprawnymarketing.pl\/konferencja\/wp-content\/uploads\/2026\/02\/200_edenred.png\" class=\"attachment-full size-full\" alt=\"\" \/>                            <\/div>\n                                            <\/div>\n                            <\/div>\n        <\/div>\n    <\/div>\n        <div class=\"col-12 partners__main\">\n        <div class=\"row\">\n            <div class=\"col-12\">\n                <h3 style=\"font-size:32px\">Partner g\u0142\u00f3wny \u015bcie\u017cki\n                                                            <img decoding=\"async\" src=\"https:\/\/sprawnymarketing.pl\/konferencja\/wp-content\/uploads\/2026\/02\/pro_email.png\" alt=\"Grafika wydarzenia\" style=\"width:auto; max-width:100%; height:32px;\" \/>\n                                    <\/h3>\n            <\/div>\n            <div class=\"grid grid-cols-1 place-items-center\">\n                                    <div>\n                                                    <div>\n                                <img loading=\"lazy\" decoding=\"async\" width=\"565\" height=\"79\" src=\"https:\/\/sprawnymarketing.pl\/konferencja\/wp-content\/uploads\/2026\/02\/getresponse_xxl.png\" class=\"attachment-full size-full\" alt=\"\" srcset=\"https:\/\/sprawnymarketing.pl\/konferencja\/wp-content\/uploads\/2026\/02\/getresponse_xxl.png 565w, https:\/\/sprawnymarketing.pl\/konferencja\/wp-content\/uploads\/2026\/02\/getresponse_xxl-300x42.png 300w\" sizes=\"auto, (max-width: 565px) 100vw, 565px\" \/>                            <\/div>\n                                            <\/div>\n                            <\/div>\n        <\/div>\n    <\/div>\n        <div class=\"col-12 partners__main\">\n        <div class=\"row\">\n            <div class=\"col-12\">\n                <h3 style=\"font-size:32px\">Partner strefy VIP\n                <\/h3>\n            <\/div>\n            <div class=\"grid grid-cols-1 place-items-center\">\n                                    <div>\n                                                    <div>\n                                <img loading=\"lazy\" decoding=\"async\" width=\"203\" height=\"72\" src=\"https:\/\/sprawnymarketing.pl\/konferencja\/wp-content\/uploads\/2026\/04\/fit-catering_vip.png\" class=\"attachment-full size-full\" alt=\"\" \/>                            <\/div>\n                                            <\/div>\n                            <\/div>\n        <\/div>\n    <\/div>\n        <div class=\"col-12 partners__main\">\n        <div class=\"row\">\n            <div class=\"col-12\">\n                <h3 style=\"font-size:32px\">Partner przerw kawowych\n                <\/h3>\n            <\/div>\n            <div class=\"grid grid-cols-1 place-items-center\">\n                                    <div>\n                                                    <div>\n                                <img loading=\"lazy\" decoding=\"async\" width=\"248\" height=\"47\" src=\"https:\/\/sprawnymarketing.pl\/konferencja\/wp-content\/uploads\/2025\/10\/whitepress_250.png\" class=\"attachment-full size-full\" alt=\"\" \/>                            <\/div>\n                                            <\/div>\n                            <\/div>\n        <\/div>\n    <\/div>\n        <div class=\"col-12 partners__main\">\n        <div class=\"row\">\n            <div class=\"col-12\">\n                <h3 style=\"font-size:32px\">Partner transportowy\n                <\/h3>\n            <\/div>\n            <div class=\"grid grid-cols-1 place-items-center\">\n                                    <div>\n                                                    <div>\n                                <img loading=\"lazy\" decoding=\"async\" width=\"180\" height=\"65\" src=\"https:\/\/sprawnymarketing.pl\/konferencja\/wp-content\/uploads\/2025\/03\/koleo_180.png\" class=\"attachment-full size-full\" alt=\"\" \/>                            <\/div>\n                                            <\/div>\n                            <\/div>\n        <\/div>\n    <\/div>\n        <div class=\"col-12 partners__strat\">\n        <div class=\"row\">\n            <div class=\"col-12\">\n                <h3 style=\"font-size:32px\">Partnerzy eco\n                <\/h3>\n            <\/div>\n\n            <div class=\"grid grid-cols-3\" style=\"gap:0px\">\n                                    <div class=\"grid-item\">\n                                                    <div>\n                                <img loading=\"lazy\" decoding=\"async\" width=\"215\" height=\"45\" src=\"https:\/\/sprawnymarketing.pl\/konferencja\/wp-content\/uploads\/2025\/09\/BRITA_Logo_3c_RGB-e1776072390644.png\" class=\"attachment-full size-full\" alt=\"\" \/>                            <\/div>\n                                            <\/div>\n                                    <div class=\"grid-item\">\n                                                    <div>\n                                <img loading=\"lazy\" decoding=\"async\" width=\"212\" height=\"60\" src=\"https:\/\/sprawnymarketing.pl\/konferencja\/wp-content\/uploads\/2025\/09\/60_posadzimypl.png\" class=\"attachment-full size-full\" alt=\"\" \/>                            <\/div>\n                                            <\/div>\n                                    <div class=\"grid-item\">\n                                                    <div>\n                                <img loading=\"lazy\" decoding=\"async\" width=\"182\" height=\"60\" src=\"https:\/\/sprawnymarketing.pl\/konferencja\/wp-content\/uploads\/2025\/09\/60_aktywni_dla_lasow.png\" class=\"attachment-full size-full\" alt=\"\" \/>                            <\/div>\n                                            <\/div>\n                            <\/div>\n\n        <\/div>\n    <\/div>\n        <div class=\"col-12 partners__all\">\n        <div class=\"row\">\n            <div class=\"col-12\">\n                <h3 style=\"font-size:32px\">Partnerzy\n                                                            <img decoding=\"async\" src=\"https:\/\/sprawnymarketing.pl\/konferencja\/wp-content\/uploads\/2026\/02\/expo_marketing.png\" alt=\"Grafika wydarzenia\" style=\"width:auto; max-width:100%; height:32px;\" \/>\n                                    <\/h3>\n            <\/div>\n\n            <div class=\"grid grid-cols-5\">\n                                    <div>\n                                                    <div>\n                                <img loading=\"lazy\" decoding=\"async\" width=\"110\" height=\"50\" src=\"https:\/\/sprawnymarketing.pl\/konferencja\/wp-content\/uploads\/2026\/02\/happy_brands.png\" class=\"attachment-full size-full\" alt=\"\" \/>                            <\/div>\n                                            <\/div>\n                                    <div>\n                                                    <div>\n                                <img loading=\"lazy\" decoding=\"async\" width=\"97\" height=\"50\" src=\"https:\/\/sprawnymarketing.pl\/konferencja\/wp-content\/uploads\/2026\/03\/webtolean.png\" class=\"attachment-full size-full\" alt=\"\" \/>                            <\/div>\n                                            <\/div>\n                                    <div>\n                                                    <div>\n                                <img loading=\"lazy\" decoding=\"async\" width=\"171\" height=\"50\" src=\"https:\/\/sprawnymarketing.pl\/konferencja\/wp-content\/uploads\/2026\/02\/trkkn.png\" class=\"attachment-full size-full\" alt=\"\" \/>                            <\/div>\n                                            <\/div>\n                                    <div>\n                                                    <div>\n                                <img loading=\"lazy\" decoding=\"async\" width=\"116\" height=\"50\" src=\"https:\/\/sprawnymarketing.pl\/konferencja\/wp-content\/uploads\/2025\/09\/011_happy_pins.png\" class=\"attachment-full size-full\" alt=\"\" \/>                            <\/div>\n                                            <\/div>\n                                    <div>\n                                                    <div>\n                                <img loading=\"lazy\" decoding=\"async\" width=\"121\" height=\"50\" src=\"https:\/\/sprawnymarketing.pl\/konferencja\/wp-content\/uploads\/2026\/03\/pethelp.png\" class=\"attachment-full size-full\" alt=\"\" \/>                            <\/div>\n                                            <\/div>\n                                    <div>\n                                                    <div>\n                                <img loading=\"lazy\" decoding=\"async\" width=\"128\" height=\"50\" src=\"https:\/\/sprawnymarketing.pl\/konferencja\/wp-content\/uploads\/2025\/09\/07_sales_insiders.png\" class=\"attachment-full size-full\" alt=\"\" \/>                            <\/div>\n                                            <\/div>\n                                    <div>\n                                                    <div>\n                                <img loading=\"lazy\" decoding=\"async\" width=\"120\" height=\"50\" src=\"https:\/\/sprawnymarketing.pl\/konferencja\/wp-content\/uploads\/2026\/03\/platforma_bezpieczenstwa-1.png\" class=\"attachment-full size-full\" alt=\"\" \/>                            <\/div>\n                                            <\/div>\n                                    <div>\n                                                    <div>\n                                <img loading=\"lazy\" decoding=\"async\" width=\"156\" height=\"50\" src=\"https:\/\/sprawnymarketing.pl\/konferencja\/wp-content\/uploads\/2026\/02\/magic_pack.png\" class=\"attachment-full size-full\" alt=\"\" \/>                            <\/div>\n                                            <\/div>\n                                    <div>\n                                                    <div>\n                                <img loading=\"lazy\" decoding=\"async\" width=\"92\" height=\"50\" src=\"https:\/\/sprawnymarketing.pl\/konferencja\/wp-content\/uploads\/2026\/03\/hands_marketing_02.png\" class=\"attachment-full size-full\" alt=\"\" \/>                            <\/div>\n                                            <\/div>\n                                    <div>\n                                                    <div>\n                                <img loading=\"lazy\" decoding=\"async\" width=\"92\" height=\"50\" src=\"https:\/\/sprawnymarketing.pl\/konferencja\/wp-content\/uploads\/2026\/03\/hands_events_02.png\" class=\"attachment-full size-full\" alt=\"\" \/>                            <\/div>\n                                            <\/div>\n                                    <div>\n                                                    <div>\n                                <img loading=\"lazy\" decoding=\"async\" width=\"86\" height=\"50\" src=\"https:\/\/sprawnymarketing.pl\/konferencja\/wp-content\/uploads\/2025\/10\/tillio-1.png\" class=\"attachment-full size-full\" alt=\"\" \/>                            <\/div>\n                                            <\/div>\n                                    <div>\n                                                    <div>\n                                <img loading=\"lazy\" decoding=\"async\" width=\"128\" height=\"50\" src=\"https:\/\/sprawnymarketing.pl\/konferencja\/wp-content\/uploads\/2024\/09\/pozytywnie_pro.png\" class=\"attachment-full size-full\" alt=\"\" \/>                            <\/div>\n                                            <\/div>\n                                    <div>\n                                                    <div>\n                                <img loading=\"lazy\" decoding=\"async\" width=\"95\" height=\"50\" src=\"https:\/\/sprawnymarketing.pl\/konferencja\/wp-content\/uploads\/2024\/09\/notedeco.png\" class=\"attachment-full size-full\" alt=\"\" \/>                            <\/div>\n                                            <\/div>\n                                    <div>\n                                                    <div>\n                                <img loading=\"lazy\" decoding=\"async\" width=\"101\" height=\"50\" src=\"https:\/\/sprawnymarketing.pl\/konferencja\/wp-content\/uploads\/2026\/03\/cookie2.png\" class=\"attachment-full size-full\" alt=\"\" \/>                            <\/div>\n                                            <\/div>\n                                    <div>\n                                                    <div>\n                                <img loading=\"lazy\" decoding=\"async\" width=\"128\" height=\"50\" src=\"https:\/\/sprawnymarketing.pl\/konferencja\/wp-content\/uploads\/2026\/03\/grupa_maciaszczyk.png\" class=\"attachment-full size-full\" alt=\"\" \/>                            <\/div>\n                                            <\/div>\n                                    <div>\n                                                    <div>\n                                <img loading=\"lazy\" decoding=\"async\" width=\"128\" height=\"50\" src=\"https:\/\/sprawnymarketing.pl\/konferencja\/wp-content\/uploads\/2025\/08\/bouncer-1.png\" class=\"attachment-full size-full\" alt=\"\" \/>                            <\/div>\n                                            <\/div>\n                                    <div>\n                                                    <div>\n                                <img loading=\"lazy\" decoding=\"async\" width=\"72\" height=\"50\" src=\"https:\/\/sprawnymarketing.pl\/konferencja\/wp-content\/uploads\/2026\/02\/eden_red.png\" class=\"attachment-full size-full\" alt=\"\" \/>                            <\/div>\n                                            <\/div>\n                                    <div>\n                                                    <div>\n                                <img loading=\"lazy\" decoding=\"async\" width=\"174\" height=\"50\" src=\"https:\/\/sprawnymarketing.pl\/konferencja\/wp-content\/uploads\/2026\/02\/digitree.png\" class=\"attachment-full size-full\" alt=\"\" \/>                            <\/div>\n                                            <\/div>\n                                    <div>\n                                                    <div>\n                                <img loading=\"lazy\" decoding=\"async\" width=\"96\" height=\"50\" src=\"https:\/\/sprawnymarketing.pl\/konferencja\/wp-content\/uploads\/2025\/09\/011_noblessa.png\" class=\"attachment-full size-full\" alt=\"\" \/>                            <\/div>\n                                            <\/div>\n                                    <div>\n                                                    <div>\n                                <img loading=\"lazy\" decoding=\"async\" width=\"79\" height=\"50\" src=\"https:\/\/sprawnymarketing.pl\/konferencja\/wp-content\/uploads\/2025\/10\/mirage-1.png\" class=\"attachment-full size-full\" alt=\"\" \/>                            <\/div>\n                                            <\/div>\n                                    <div>\n                                                    <div>\n                                <img loading=\"lazy\" decoding=\"async\" width=\"128\" height=\"50\" src=\"https:\/\/sprawnymarketing.pl\/konferencja\/wp-content\/uploads\/2025\/03\/delante.png\" class=\"attachment-full size-full\" alt=\"\" \/>                            <\/div>\n                                            <\/div>\n                                    <div>\n                                                    <div>\n                                <img loading=\"lazy\" decoding=\"async\" width=\"101\" height=\"50\" src=\"https:\/\/sprawnymarketing.pl\/konferencja\/wp-content\/uploads\/2025\/10\/merchup.png\" class=\"attachment-full size-full\" alt=\"\" \/>                            <\/div>\n                                            <\/div>\n                                    <div>\n                                                    <div>\n                                <img loading=\"lazy\" decoding=\"async\" width=\"122\" height=\"50\" src=\"https:\/\/sprawnymarketing.pl\/konferencja\/wp-content\/uploads\/2025\/10\/011_ecomail.png\" class=\"attachment-full size-full\" alt=\"\" \/>                            <\/div>\n                                            <\/div>\n                                    <div>\n                                                    <div>\n                                <img loading=\"lazy\" decoding=\"async\" width=\"128\" height=\"50\" src=\"https:\/\/sprawnymarketing.pl\/konferencja\/wp-content\/uploads\/2026\/04\/moleke.png\" class=\"attachment-full size-full\" alt=\"\" \/>                            <\/div>\n                                            <\/div>\n                            <\/div>\n        <\/div>\n    <\/div>\n        <div class=\"col-12 partners__all\">\n        <div class=\"row\">\n            <div class=\"col-12\">\n                <h3 style=\"font-size:32px\">Partnerzy\n                                                            <img decoding=\"async\" src=\"https:\/\/sprawnymarketing.pl\/konferencja\/wp-content\/uploads\/2026\/02\/expo_hr.png\" alt=\"Grafika wydarzenia\" style=\"width:auto; max-width:100%; height:32px;\" \/>\n                                    <\/h3>\n            <\/div>\n\n            <div class=\"grid grid-cols-5\">\n                                    <div>\n                                                    <div>\n                                <img loading=\"lazy\" decoding=\"async\" width=\"92\" height=\"50\" src=\"https:\/\/sprawnymarketing.pl\/konferencja\/wp-content\/uploads\/2026\/03\/sense_02.png\" class=\"attachment-full size-full\" alt=\"\" \/>                            <\/div>\n                                            <\/div>\n                                    <div>\n                                                    <div>\n                                <img loading=\"lazy\" decoding=\"async\" width=\"128\" height=\"50\" src=\"https:\/\/sprawnymarketing.pl\/konferencja\/wp-content\/uploads\/2026\/03\/frisco.png\" class=\"attachment-full size-full\" alt=\"\" \/>                            <\/div>\n                                            <\/div>\n                                    <div>\n                                                    <div>\n                                <img loading=\"lazy\" decoding=\"async\" width=\"88\" height=\"50\" src=\"https:\/\/sprawnymarketing.pl\/konferencja\/wp-content\/uploads\/2026\/03\/berlitz_xs.png\" class=\"attachment-full size-full\" alt=\"\" \/>                            <\/div>\n                                            <\/div>\n                                    <div>\n                                                    <div>\n                                <img loading=\"lazy\" decoding=\"async\" width=\"116\" height=\"50\" src=\"https:\/\/sprawnymarketing.pl\/konferencja\/wp-content\/uploads\/2025\/09\/011_happy_pins.png\" class=\"attachment-full size-full\" alt=\"\" \/>                            <\/div>\n                                            <\/div>\n                                    <div>\n                                                    <div>\n                                <img loading=\"lazy\" decoding=\"async\" width=\"121\" height=\"50\" src=\"https:\/\/sprawnymarketing.pl\/konferencja\/wp-content\/uploads\/2026\/03\/pethelp.png\" class=\"attachment-full size-full\" alt=\"\" \/>                            <\/div>\n                                            <\/div>\n                                    <div>\n                                                    <div>\n                                <img loading=\"lazy\" decoding=\"async\" width=\"118\" height=\"50\" src=\"https:\/\/sprawnymarketing.pl\/konferencja\/wp-content\/uploads\/2025\/10\/06_etutor_all.png\" class=\"attachment-full size-full\" alt=\"\" \/>                            <\/div>\n                                            <\/div>\n                                    <div>\n                                                    <div>\n                                <img loading=\"lazy\" decoding=\"async\" width=\"128\" height=\"50\" src=\"https:\/\/sprawnymarketing.pl\/konferencja\/wp-content\/uploads\/2026\/03\/medicover_01.png\" class=\"attachment-full size-full\" alt=\"\" \/>                            <\/div>\n                                            <\/div>\n                                    <div>\n                                                    <div>\n                                <img loading=\"lazy\" decoding=\"async\" width=\"64\" height=\"50\" src=\"https:\/\/sprawnymarketing.pl\/konferencja\/wp-content\/uploads\/2026\/02\/mowiac_wprost.png\" class=\"attachment-full size-full\" alt=\"\" \/>                            <\/div>\n                                            <\/div>\n                                    <div>\n                                                    <div>\n                                <img loading=\"lazy\" decoding=\"async\" width=\"170\" height=\"50\" src=\"https:\/\/sprawnymarketing.pl\/konferencja\/wp-content\/uploads\/2026\/02\/pracownia_eb.png\" class=\"attachment-full size-full\" alt=\"\" \/>                            <\/div>\n                                            <\/div>\n                                    <div>\n                                                    <div>\n                                <img loading=\"lazy\" decoding=\"async\" width=\"128\" height=\"50\" src=\"https:\/\/sprawnymarketing.pl\/konferencja\/wp-content\/uploads\/2026\/02\/pracownia_tc.png\" class=\"attachment-full size-full\" alt=\"\" \/>                            <\/div>\n                                            <\/div>\n                                    <div>\n                                                    <div>\n                                <img loading=\"lazy\" decoding=\"async\" width=\"128\" height=\"50\" src=\"https:\/\/sprawnymarketing.pl\/konferencja\/wp-content\/uploads\/2026\/03\/sharebee.png\" class=\"attachment-full size-full\" alt=\"\" \/>                            <\/div>\n                                            <\/div>\n                                    <div>\n                                                    <div>\n                                <img loading=\"lazy\" decoding=\"async\" width=\"128\" height=\"50\" src=\"https:\/\/sprawnymarketing.pl\/konferencja\/wp-content\/uploads\/2025\/08\/05_erecruiter.png\" class=\"attachment-full size-full\" alt=\"\" \/>                            <\/div>\n                                            <\/div>\n                                    <div>\n                                                    <div>\n                                <img loading=\"lazy\" decoding=\"async\" width=\"128\" height=\"50\" src=\"https:\/\/sprawnymarketing.pl\/konferencja\/wp-content\/uploads\/2024\/09\/pozytywnie_pro.png\" class=\"attachment-full size-full\" alt=\"\" \/>                            <\/div>\n                                            <\/div>\n                                    <div>\n                                                    <div>\n                                <img loading=\"lazy\" decoding=\"async\" width=\"95\" height=\"50\" src=\"https:\/\/sprawnymarketing.pl\/konferencja\/wp-content\/uploads\/2024\/09\/notedeco.png\" class=\"attachment-full size-full\" alt=\"\" \/>                            <\/div>\n                                            <\/div>\n                                    <div>\n                                                    <div>\n                                <img loading=\"lazy\" decoding=\"async\" width=\"101\" height=\"50\" src=\"https:\/\/sprawnymarketing.pl\/konferencja\/wp-content\/uploads\/2026\/03\/cookie2.png\" class=\"attachment-full size-full\" alt=\"\" \/>                            <\/div>\n                                            <\/div>\n                                    <div>\n                                                    <div>\n                                <img loading=\"lazy\" decoding=\"async\" width=\"72\" height=\"50\" src=\"https:\/\/sprawnymarketing.pl\/konferencja\/wp-content\/uploads\/2026\/03\/ideo_02.png\" class=\"attachment-full size-full\" alt=\"\" \/>                            <\/div>\n                                            <\/div>\n                                    <div>\n                                                    <div>\n                                <img loading=\"lazy\" decoding=\"async\" width=\"112\" height=\"50\" src=\"https:\/\/sprawnymarketing.pl\/konferencja\/wp-content\/uploads\/2026\/03\/pyszne-pl.png\" class=\"attachment-full size-full\" alt=\"\" \/>                            <\/div>\n                                            <\/div>\n                                    <div>\n                                                    <div>\n                                <img loading=\"lazy\" decoding=\"async\" width=\"96\" height=\"50\" src=\"https:\/\/sprawnymarketing.pl\/konferencja\/wp-content\/uploads\/2025\/10\/workai.png\" class=\"attachment-full size-full\" alt=\"\" \/>                            <\/div>\n                                            <\/div>\n                                    <div>\n                                                    <div>\n                                <img loading=\"lazy\" decoding=\"async\" width=\"111\" height=\"50\" src=\"https:\/\/sprawnymarketing.pl\/konferencja\/wp-content\/uploads\/2026\/03\/open_gift-1.png\" class=\"attachment-full size-full\" alt=\"\" \/>                            <\/div>\n                                            <\/div>\n                                    <div>\n                                                    <div>\n                                <img loading=\"lazy\" decoding=\"async\" width=\"101\" height=\"50\" src=\"https:\/\/sprawnymarketing.pl\/konferencja\/wp-content\/uploads\/2026\/03\/outcome_skils2.png\" class=\"attachment-full size-full\" alt=\"\" \/>                            <\/div>\n                                            <\/div>\n                                    <div>\n                                                    <div>\n                                <img loading=\"lazy\" decoding=\"async\" width=\"200\" height=\"50\" src=\"https:\/\/sprawnymarketing.pl\/konferencja\/wp-content\/uploads\/2026\/02\/hrappka.png\" class=\"attachment-full size-full\" alt=\"\" \/>                            <\/div>\n                                            <\/div>\n                                    <div>\n                                                    <div>\n                                <img loading=\"lazy\" decoding=\"async\" width=\"128\" height=\"50\" src=\"https:\/\/sprawnymarketing.pl\/konferencja\/wp-content\/uploads\/2026\/04\/moleke.png\" class=\"attachment-full size-full\" alt=\"\" \/>                            <\/div>\n                                            <\/div>\n                            <\/div>\n        <\/div>\n    <\/div>\n        <div class=\"col-12 partners__all\">\n        <div class=\"row\">\n            <div class=\"col-12\">\n                <h3 style=\"font-size:32px\">Wsp\u00f3\u0142prace partnerskie\n                <\/h3>\n            <\/div>\n\n            <div class=\"grid grid-cols-5\">\n                                    <div>\n                                                    <div>\n                                <img loading=\"lazy\" decoding=\"async\" width=\"66\" height=\"57\" src=\"https:\/\/sprawnymarketing.pl\/konferencja\/wp-content\/uploads\/2025\/09\/08_clever_frame.png\" class=\"attachment-full size-full\" alt=\"\" \/>                            <\/div>\n                                            <\/div>\n                                    <div>\n                                                    <div>\n                                <img loading=\"lazy\" decoding=\"async\" width=\"98\" height=\"50\" src=\"https:\/\/sprawnymarketing.pl\/konferencja\/wp-content\/uploads\/2025\/09\/wakacje_pl.png\" class=\"attachment-full size-full\" alt=\"\" \/>                            <\/div>\n                                            <\/div>\n                                    <div>\n                                                    <div>\n                                <img loading=\"lazy\" decoding=\"async\" width=\"128\" height=\"50\" src=\"https:\/\/sprawnymarketing.pl\/konferencja\/wp-content\/uploads\/2026\/03\/golebiewski_hotel.png\" class=\"attachment-full size-full\" alt=\"\" \/>                            <\/div>\n                                            <\/div>\n                                    <div>\n                                                    <div>\n                                <img loading=\"lazy\" decoding=\"async\" width=\"125\" height=\"35\" src=\"https:\/\/sprawnymarketing.pl\/konferencja\/wp-content\/uploads\/2024\/04\/Logo-z-haslem.png\" class=\"attachment-full size-full\" alt=\"\" \/>                            <\/div>\n                                            <\/div>\n                                    <div>\n                                                    <div>\n                                <img loading=\"lazy\" decoding=\"async\" width=\"128\" height=\"50\" src=\"https:\/\/sprawnymarketing.pl\/konferencja\/wp-content\/uploads\/2026\/03\/greenverta.png\" class=\"attachment-full size-full\" alt=\"\" \/>                            <\/div>\n                                            <\/div>\n                                    <div>\n                                                    <div>\n                                <img loading=\"lazy\" decoding=\"async\" width=\"128\" height=\"50\" src=\"https:\/\/sprawnymarketing.pl\/konferencja\/wp-content\/uploads\/2026\/03\/avant.png\" class=\"attachment-full size-full\" alt=\"\" \/>                            <\/div>\n                                            <\/div>\n                                    <div>\n                                                    <div>\n                                <img loading=\"lazy\" decoding=\"async\" width=\"105\" height=\"50\" src=\"https:\/\/sprawnymarketing.pl\/konferencja\/wp-content\/uploads\/2026\/03\/zooksy.png\" class=\"attachment-full size-full\" alt=\"\" \/>                            <\/div>\n                                            <\/div>\n                                    <div>\n                                                    <div>\n                                <img loading=\"lazy\" decoding=\"async\" width=\"111\" height=\"50\" src=\"https:\/\/sprawnymarketing.pl\/konferencja\/wp-content\/uploads\/2026\/03\/mondelia.png\" class=\"attachment-full size-full\" alt=\"\" \/>                            <\/div>\n                                            <\/div>\n                                    <div>\n                                                    <div>\n                                <img loading=\"lazy\" decoding=\"async\" width=\"128\" height=\"50\" src=\"https:\/\/sprawnymarketing.pl\/konferencja\/wp-content\/uploads\/2026\/03\/symbiomedia.png\" class=\"attachment-full size-full\" alt=\"\" \/>                            <\/div>\n                                            <\/div>\n                                    <div>\n                                                    <div>\n                                <img loading=\"lazy\" decoding=\"async\" width=\"79\" height=\"50\" src=\"https:\/\/sprawnymarketing.pl\/konferencja\/wp-content\/uploads\/2026\/03\/wow_puzle.png\" class=\"attachment-full size-full\" alt=\"\" \/>                            <\/div>\n                                            <\/div>\n                                    <div>\n                                                    <div>\n                                <img loading=\"lazy\" decoding=\"async\" width=\"128\" height=\"50\" src=\"https:\/\/sprawnymarketing.pl\/konferencja\/wp-content\/uploads\/2026\/03\/gratisownia.png\" class=\"attachment-full size-full\" alt=\"\" \/>                            <\/div>\n                                            <\/div>\n                                    <div>\n                                                    <div>\n                                <img loading=\"lazy\" decoding=\"async\" width=\"128\" height=\"50\" src=\"https:\/\/sprawnymarketing.pl\/konferencja\/wp-content\/uploads\/2026\/04\/miodowa_mydlarnia2.png\" class=\"attachment-full size-full\" alt=\"\" \/>                            <\/div>\n                                            <\/div>\n                                    <div>\n                                                    <div>\n                                <img loading=\"lazy\" decoding=\"async\" width=\"96\" height=\"50\" src=\"https:\/\/sprawnymarketing.pl\/konferencja\/wp-content\/uploads\/2026\/03\/cetaphil.png\" class=\"attachment-full size-full\" alt=\"\" \/>                            <\/div>\n                                            <\/div>\n                                    <div>\n                                                    <div>\n                                <img loading=\"lazy\" decoding=\"async\" width=\"128\" height=\"50\" src=\"https:\/\/sprawnymarketing.pl\/konferencja\/wp-content\/uploads\/2026\/04\/eveline.png\" class=\"attachment-full size-full\" alt=\"\" \/>                            <\/div>\n                                            <\/div>\n                                    <div>\n                                                    <div>\n                                <img loading=\"lazy\" decoding=\"async\" width=\"94\" height=\"50\" src=\"https:\/\/sprawnymarketing.pl\/konferencja\/wp-content\/uploads\/2026\/03\/kredens.png\" class=\"attachment-full size-full\" alt=\"\" \/>                            <\/div>\n                                            <\/div>\n                                    <div>\n                                                    <div>\n                                <img loading=\"lazy\" decoding=\"async\" width=\"101\" height=\"50\" src=\"https:\/\/sprawnymarketing.pl\/konferencja\/wp-content\/uploads\/2026\/03\/depil_concept.png\" class=\"attachment-full size-full\" alt=\"\" \/>                            <\/div>\n                                            <\/div>\n                                    <div>\n                                                    <div>\n                                <img loading=\"lazy\" decoding=\"async\" width=\"116\" height=\"50\" src=\"https:\/\/sprawnymarketing.pl\/konferencja\/wp-content\/uploads\/2026\/04\/em_ideas.png\" class=\"attachment-full size-full\" alt=\"\" \/>                            <\/div>\n                                            <\/div>\n                                    <div>\n                                                    <div>\n                                <img loading=\"lazy\" decoding=\"async\" width=\"128\" height=\"50\" src=\"https:\/\/sprawnymarketing.pl\/konferencja\/wp-content\/uploads\/2026\/04\/ted_gifted.png\" class=\"attachment-full size-full\" alt=\"\" \/>                            <\/div>\n                                            <\/div>\n                                    <div>\n                                                    <div>\n                                <img loading=\"lazy\" decoding=\"async\" width=\"64\" height=\"50\" src=\"https:\/\/sprawnymarketing.pl\/konferencja\/wp-content\/uploads\/2025\/10\/rmf_maxx-1.png\" class=\"attachment-full size-full\" alt=\"\" \/>                            <\/div>\n                                            <\/div>\n                                    <div>\n                                                    <div>\n                                <img loading=\"lazy\" decoding=\"async\" width=\"53\" height=\"50\" src=\"https:\/\/sprawnymarketing.pl\/konferencja\/wp-content\/uploads\/2025\/10\/nedo.png\" class=\"attachment-full size-full\" alt=\"\" \/>                            <\/div>\n                                            <\/div>\n                                    <div>\n                                                    <div>\n                                <img loading=\"lazy\" decoding=\"async\" width=\"144\" height=\"50\" src=\"https:\/\/sprawnymarketing.pl\/konferencja\/wp-content\/uploads\/2025\/03\/kwb.png\" class=\"attachment-full size-full\" alt=\"\" \/>                            <\/div>\n                                            <\/div>\n                                    <div>\n                                                    <div>\n                                <img loading=\"lazy\" decoding=\"async\" width=\"54\" height=\"54\" src=\"https:\/\/sprawnymarketing.pl\/konferencja\/wp-content\/uploads\/2024\/04\/3D_Teekanne_logo_CMYK-1.png\" class=\"attachment-full size-full\" alt=\"\" \/>                            <\/div>\n                                            <\/div>\n                                    <div>\n                                                    <div>\n                                <img loading=\"lazy\" decoding=\"async\" width=\"54\" height=\"54\" src=\"https:\/\/sprawnymarketing.pl\/konferencja\/wp-content\/uploads\/2025\/03\/schweppes.png\" class=\"attachment-full size-full\" alt=\"\" \/>                            <\/div>\n                                            <\/div>\n                                    <div>\n                                                    <div>\n                                <img loading=\"lazy\" decoding=\"async\" width=\"55\" height=\"55\" src=\"https:\/\/sprawnymarketing.pl\/konferencja\/wp-content\/uploads\/2024\/04\/Logo-stempel-czarny-1.png\" class=\"attachment-full size-full\" alt=\"\" \/>                            <\/div>\n                                            <\/div>\n                                    <div>\n                                                    <div>\n                                <img loading=\"lazy\" decoding=\"async\" width=\"69\" height=\"50\" src=\"https:\/\/sprawnymarketing.pl\/konferencja\/wp-content\/uploads\/2025\/10\/lorenz.png\" class=\"attachment-full size-full\" alt=\"\" \/>                            <\/div>\n                                            <\/div>\n                                    <div>\n                                                    <div>\n                                <img loading=\"lazy\" decoding=\"async\" width=\"50\" height=\"50\" src=\"https:\/\/sprawnymarketing.pl\/konferencja\/wp-content\/uploads\/2025\/10\/lajkonik.png\" class=\"attachment-full size-full\" alt=\"\" \/>                            <\/div>\n                                            <\/div>\n                                    <div>\n                                                    <div>\n                                <img loading=\"lazy\" decoding=\"async\" width=\"100\" height=\"50\" src=\"https:\/\/sprawnymarketing.pl\/konferencja\/wp-content\/uploads\/2026\/03\/frankoil.png\" class=\"attachment-full size-full\" alt=\"\" \/>                            <\/div>\n                                            <\/div>\n                                    <div>\n                                                    <div>\n                                <img loading=\"lazy\" decoding=\"async\" width=\"64\" height=\"50\" src=\"https:\/\/sprawnymarketing.pl\/konferencja\/wp-content\/uploads\/2025\/10\/funady.png\" class=\"attachment-full size-full\" alt=\"\" \/>                            <\/div>\n                                            <\/div>\n                                    <div>\n                                                    <div>\n                                <img loading=\"lazy\" decoding=\"async\" width=\"86\" height=\"50\" src=\"https:\/\/sprawnymarketing.pl\/konferencja\/wp-content\/uploads\/2025\/10\/colian.png\" class=\"attachment-full size-full\" alt=\"\" \/>                            <\/div>\n                                            <\/div>\n                                    <div>\n                                                    <div>\n                                <img loading=\"lazy\" decoding=\"async\" width=\"50\" height=\"50\" src=\"https:\/\/sprawnymarketing.pl\/konferencja\/wp-content\/uploads\/2025\/10\/013_helena.png\" class=\"attachment-full size-full\" alt=\"\" \/>                            <\/div>\n                                            <\/div>\n                                    <div>\n                                                    <div>\n                                <img loading=\"lazy\" decoding=\"async\" width=\"86\" height=\"50\" src=\"https:\/\/sprawnymarketing.pl\/konferencja\/wp-content\/uploads\/2026\/03\/grzesiki.png\" class=\"attachment-full size-full\" alt=\"\" \/>                            <\/div>\n                                            <\/div>\n                                    <div>\n                                                    <div>\n                                <img loading=\"lazy\" decoding=\"async\" width=\"75\" height=\"50\" src=\"https:\/\/sprawnymarketing.pl\/konferencja\/wp-content\/uploads\/2025\/10\/013_familijne.png\" class=\"attachment-full size-full\" alt=\"\" \/>                            <\/div>\n                                            <\/div>\n                                    <div>\n                                                    <div>\n                                <img loading=\"lazy\" decoding=\"async\" width=\"75\" height=\"50\" src=\"https:\/\/sprawnymarketing.pl\/konferencja\/wp-content\/uploads\/2025\/10\/013_jerzyki.png\" class=\"attachment-full size-full\" alt=\"\" \/>                            <\/div>\n                                            <\/div>\n                                    <div>\n                                                    <div>\n                                <img loading=\"lazy\" decoding=\"async\" width=\"67\" height=\"50\" src=\"https:\/\/sprawnymarketing.pl\/konferencja\/wp-content\/uploads\/2025\/10\/013_sliwka.png\" class=\"attachment-full size-full\" alt=\"\" \/>                            <\/div>\n                                            <\/div>\n                                    <div>\n                                                    <div>\n                                <img loading=\"lazy\" decoding=\"async\" width=\"83\" height=\"40\" src=\"https:\/\/sprawnymarketing.pl\/konferencja\/wp-content\/uploads\/2025\/10\/013_appetita-e1773911190609.png\" class=\"attachment-full size-full\" alt=\"\" \/>                            <\/div>\n                                            <\/div>\n                                    <div>\n                                                    <div>\n                                <img loading=\"lazy\" decoding=\"async\" width=\"81\" height=\"46\" src=\"https:\/\/sprawnymarketing.pl\/konferencja\/wp-content\/uploads\/2022\/11\/Redbull-1.png\" class=\"attachment-full size-full\" alt=\"\" \/>                            <\/div>\n                                            <\/div>\n                                    <div>\n                                                    <div>\n                                <img loading=\"lazy\" decoding=\"async\" width=\"128\" height=\"50\" src=\"https:\/\/sprawnymarketing.pl\/konferencja\/wp-content\/uploads\/2026\/03\/oryginalny_sok-1.png\" class=\"attachment-full size-full\" alt=\"\" \/>                            <\/div>\n                                            <\/div>\n                                    <div>\n                                                    <div>\n                                <img loading=\"lazy\" decoding=\"async\" width=\"69\" height=\"50\" src=\"https:\/\/sprawnymarketing.pl\/konferencja\/wp-content\/uploads\/2026\/03\/tago.png\" class=\"attachment-full size-full\" alt=\"\" \/>                            <\/div>\n                                            <\/div>\n                                    <div>\n                                                    <div>\n                                <img loading=\"lazy\" decoding=\"async\" width=\"70\" height=\"50\" src=\"https:\/\/sprawnymarketing.pl\/konferencja\/wp-content\/uploads\/2026\/03\/inka.png\" class=\"attachment-full size-full\" alt=\"\" \/>                            <\/div>\n                                            <\/div>\n                                    <div>\n                                                    <div>\n                                <img loading=\"lazy\" decoding=\"async\" width=\"102\" height=\"40\" src=\"https:\/\/sprawnymarketing.pl\/konferencja\/wp-content\/uploads\/2026\/03\/owolovo-e1773911206420.png\" class=\"attachment-full size-full\" alt=\"\" \/>                            <\/div>\n                                            <\/div>\n                                    <div>\n                                                    <div>\n                                <img loading=\"lazy\" decoding=\"async\" width=\"110\" height=\"50\" src=\"https:\/\/sprawnymarketing.pl\/konferencja\/wp-content\/uploads\/2026\/04\/sfd-2.png\" class=\"attachment-full size-full\" alt=\"\" \/>                            <\/div>\n                                            <\/div>\n                            <\/div>\n        <\/div>\n    <\/div>\n        <div class=\"col-12 partners__all\">\n        <div class=\"row\">\n            <div class=\"col-12\">\n                <h3 style=\"font-size:32px\">Patroni medialni\n                <\/h3>\n            <\/div>\n\n            <div class=\"grid grid-cols-5\">\n                                    <div>\n                                                    <div>\n                                <img loading=\"lazy\" decoding=\"async\" width=\"115\" height=\"38\" src=\"https:\/\/sprawnymarketing.pl\/konferencja\/wp-content\/uploads\/2021\/09\/Marketing_przy_kawie_logo_zaakceptowane.png\" class=\"attachment-full size-full\" alt=\"\" \/>                            <\/div>\n                                            <\/div>\n                                    <div>\n                                                    <div>\n                                <img loading=\"lazy\" decoding=\"async\" width=\"120\" height=\"22\" src=\"https:\/\/sprawnymarketing.pl\/konferencja\/wp-content\/uploads\/2022\/11\/logo-nowymarketing-1-2.png\" class=\"attachment-full size-full\" alt=\"\" \/>                            <\/div>\n                                            <\/div>\n                                    <div>\n                                                    <div>\n                                <img loading=\"lazy\" decoding=\"async\" width=\"126\" height=\"50\" src=\"https:\/\/sprawnymarketing.pl\/konferencja\/wp-content\/uploads\/2022\/11\/my-company-1-2.png\" class=\"attachment-full size-full\" alt=\"\" \/>                            <\/div>\n                                            <\/div>\n                                    <div>\n                                                    <div>\n                                <img loading=\"lazy\" decoding=\"async\" width=\"99\" height=\"45\" src=\"https:\/\/sprawnymarketing.pl\/konferencja\/wp-content\/uploads\/2023\/05\/Group-1727.png\" class=\"attachment-full size-full\" alt=\"\" \/>                            <\/div>\n                                            <\/div>\n                                    <div>\n                                                    <div>\n                                <img loading=\"lazy\" decoding=\"async\" width=\"93\" height=\"50\" src=\"https:\/\/sprawnymarketing.pl\/konferencja\/wp-content\/uploads\/2025\/09\/010_gazeta-1.png\" class=\"attachment-full size-full\" alt=\"\" \/>                            <\/div>\n                                            <\/div>\n                                    <div>\n                                                    <div>\n                                <img loading=\"lazy\" decoding=\"async\" width=\"118\" height=\"25\" src=\"https:\/\/sprawnymarketing.pl\/konferencja\/wp-content\/uploads\/2024\/03\/Group-1920.png\" class=\"attachment-full size-full\" alt=\"\" \/>                            <\/div>\n                                            <\/div>\n                                    <div>\n                                                    <div>\n                                <img loading=\"lazy\" decoding=\"async\" width=\"128\" height=\"50\" src=\"https:\/\/sprawnymarketing.pl\/konferencja\/wp-content\/uploads\/2026\/04\/innomate.png\" class=\"attachment-full size-full\" alt=\"\" \/>                            <\/div>\n                                            <\/div>\n                                    <div>\n                                                    <div>\n                                <img loading=\"lazy\" decoding=\"async\" width=\"98\" height=\"50\" src=\"https:\/\/sprawnymarketing.pl\/konferencja\/wp-content\/uploads\/2026\/04\/grupa_eurozet.png\" class=\"attachment-full size-full\" alt=\"\" \/>                            <\/div>\n                                            <\/div>\n                                    <div>\n                                                    <div>\n                                <img loading=\"lazy\" decoding=\"async\" width=\"114\" height=\"50\" src=\"https:\/\/sprawnymarketing.pl\/konferencja\/wp-content\/uploads\/2026\/04\/audio_broker.png\" class=\"attachment-full size-full\" alt=\"\" \/>                            <\/div>\n                                            <\/div>\n                                    <div>\n                                                    <div>\n                                <img loading=\"lazy\" decoding=\"async\" width=\"120\" height=\"50\" src=\"https:\/\/sprawnymarketing.pl\/konferencja\/wp-content\/uploads\/2026\/02\/e_biznes.png\" class=\"attachment-full size-full\" alt=\"\" \/>                            <\/div>\n                                            <\/div>\n                                    <div>\n                                                    <div>\n                                <img loading=\"lazy\" decoding=\"async\" width=\"106\" height=\"50\" src=\"https:\/\/sprawnymarketing.pl\/konferencja\/wp-content\/uploads\/2025\/10\/04_brand24.png\" class=\"attachment-full size-full\" alt=\"\" \/>                            <\/div>\n                                            <\/div>\n                                    <div>\n                                                    <div>\n                                <img loading=\"lazy\" decoding=\"async\" width=\"117\" height=\"31\" src=\"https:\/\/sprawnymarketing.pl\/konferencja\/wp-content\/uploads\/2023\/04\/tb-czarne-1-1.png\" class=\"attachment-full size-full\" alt=\"\" \/>                            <\/div>\n                                            <\/div>\n                                    <div>\n                                                    <div>\n                                <img loading=\"lazy\" decoding=\"async\" width=\"105\" height=\"42\" src=\"https:\/\/sprawnymarketing.pl\/konferencja\/wp-content\/uploads\/2023\/10\/aioai.png\" class=\"attachment-full size-full\" alt=\"\" \/>                            <\/div>\n                                            <\/div>\n                                    <div>\n                                                    <div>\n                                <img loading=\"lazy\" decoding=\"async\" width=\"90\" height=\"50\" src=\"https:\/\/sprawnymarketing.pl\/konferencja\/wp-content\/uploads\/2026\/03\/bauer_media_outdoor_xs.png\" class=\"attachment-full size-full\" alt=\"\" \/>                            <\/div>\n                                            <\/div>\n                                    <div>\n                                                    <div>\n                                <img loading=\"lazy\" decoding=\"async\" width=\"77\" height=\"50\" src=\"https:\/\/sprawnymarketing.pl\/konferencja\/wp-content\/uploads\/2025\/09\/010_mbe.png\" class=\"attachment-full size-full\" alt=\"\" \/>                            <\/div>\n                                            <\/div>\n                                    <div>\n                                                    <div>\n                                <img loading=\"lazy\" decoding=\"async\" width=\"120\" height=\"50\" src=\"https:\/\/sprawnymarketing.pl\/konferencja\/wp-content\/uploads\/2026\/04\/hr-polska.png\" class=\"attachment-full size-full\" alt=\"\" \/>                            <\/div>\n                                            <\/div>\n                                    <div>\n                                                    <div>\n                                <img loading=\"lazy\" decoding=\"async\" width=\"137\" height=\"31\" src=\"https:\/\/sprawnymarketing.pl\/konferencja\/wp-content\/uploads\/2024\/04\/logo_siec.png\" class=\"attachment-full size-full\" alt=\"\" \/>                            <\/div>\n                                            <\/div>\n                                    <div>\n                                                    <div>\n                                <img loading=\"lazy\" decoding=\"async\" width=\"148\" height=\"50\" src=\"https:\/\/sprawnymarketing.pl\/konferencja\/wp-content\/uploads\/2024\/10\/girlbosskie.png\" class=\"attachment-full size-full\" alt=\"\" \/>                            <\/div>\n                                            <\/div>\n                                    <div>\n                                                    <div>\n                                <img loading=\"lazy\" decoding=\"async\" width=\"116\" height=\"41\" src=\"https:\/\/sprawnymarketing.pl\/konferencja\/wp-content\/uploads\/2021\/08\/jestem_interaktywna-nowy-kolor-1-1.png\" class=\"attachment-full size-full\" alt=\"\" \/>                            <\/div>\n                                            <\/div>\n                                    <div>\n                                                    <div>\n                                <img loading=\"lazy\" decoding=\"async\" width=\"110\" height=\"50\" src=\"https:\/\/sprawnymarketing.pl\/konferencja\/wp-content\/uploads\/2026\/03\/semcore.png\" class=\"attachment-full size-full\" alt=\"\" \/>                            <\/div>\n                                            <\/div>\n                                    <div>\n                                                    <div>\n                                <img loading=\"lazy\" decoding=\"async\" width=\"79\" height=\"50\" src=\"https:\/\/sprawnymarketing.pl\/konferencja\/wp-content\/uploads\/2026\/04\/bir.png\" class=\"attachment-full size-full\" alt=\"\" \/>                            <\/div>\n                                            <\/div>\n                                    <div>\n                                                    <div>\n                                <img loading=\"lazy\" decoding=\"async\" width=\"67\" height=\"50\" src=\"https:\/\/sprawnymarketing.pl\/konferencja\/wp-content\/uploads\/2025\/09\/010_it.png\" class=\"attachment-full size-full\" alt=\"\" \/>                            <\/div>\n                                            <\/div>\n                                    <div>\n                                                    <div>\n                                <img loading=\"lazy\" decoding=\"async\" width=\"123\" height=\"50\" src=\"https:\/\/sprawnymarketing.pl\/konferencja\/wp-content\/uploads\/2025\/09\/010_poradnik.png\" class=\"attachment-full size-full\" alt=\"\" \/>                            <\/div>\n                                            <\/div>\n                                    <div>\n                                                    <div>\n                                <img loading=\"lazy\" decoding=\"async\" width=\"105\" height=\"42\" src=\"https:\/\/sprawnymarketing.pl\/konferencja\/wp-content\/uploads\/2023\/09\/400-px-bez-tla-light.-czerwone-4.png\" class=\"attachment-full size-full\" alt=\"\" \/>                            <\/div>\n                                            <\/div>\n                                    <div>\n                                                    <div>\n                                <img loading=\"lazy\" decoding=\"async\" width=\"128\" height=\"50\" src=\"https:\/\/sprawnymarketing.pl\/konferencja\/wp-content\/uploads\/2026\/03\/ai_przewodnik.png\" class=\"attachment-full size-full\" alt=\"\" \/>                            <\/div>\n                                            <\/div>\n                                    <div>\n                                                    <div>\n                                <img loading=\"lazy\" decoding=\"async\" width=\"62\" height=\"60\" src=\"https:\/\/sprawnymarketing.pl\/konferencja\/wp-content\/uploads\/2026\/03\/bmp_60.png\" class=\"attachment-full size-full\" alt=\"\" \/>                            <\/div>\n                                            <\/div>\n                                    <div>\n                                                    <div>\n                                <img loading=\"lazy\" decoding=\"async\" width=\"128\" height=\"50\" src=\"https:\/\/sprawnymarketing.pl\/konferencja\/wp-content\/uploads\/2026\/04\/wikimedia.png\" class=\"attachment-full size-full\" alt=\"\" \/>                            <\/div>\n                                            <\/div>\n                                    <div>\n                                                    <div>\n                                <img loading=\"lazy\" decoding=\"async\" width=\"121\" height=\"37\" src=\"https:\/\/sprawnymarketing.pl\/konferencja\/wp-content\/uploads\/2023\/09\/Group-1729-1.png\" class=\"attachment-full size-full\" alt=\"\" \/>                            <\/div>\n                                            <\/div>\n                                    <div>\n                                                    <div>\n                                <img loading=\"lazy\" decoding=\"async\" width=\"142\" height=\"50\" src=\"https:\/\/sprawnymarketing.pl\/konferencja\/wp-content\/uploads\/2025\/03\/gcf.png\" class=\"attachment-full size-full\" alt=\"\" \/>                            <\/div>\n                                            <\/div>\n                            <\/div>\n        <\/div>\n    <\/div>\n    <\/div>\n\n<style>\n\t.place-items-center img {\n\t\tmax-width: 220px;\n\t}\n<\/style>\n<\/section><style>\n.partners__strat img,\n.partners__main img:nth-of-type(n+4) {\n  margin-bottom: 12px;\n}\n\n\n<\/style>","protected":false},"excerpt":{"rendered":"<p>Kr\u00f3tko o festiwalu i dlaczego Pozna\u0144&#8230; Kliknij i sprawd\u017a agend\u0119 ka\u017cdego z dni 1 Po rejestracji mo\u017cesz op\u0142aci\u0107 zam\u00f3wienie od razu online lub pobra\u0107 faktur\u0119 proform\u0119 i op\u0142aci\u0107 j\u0105 przelewem bankowym. 2 Po zaksi\u0119gowaniu wp\u0142aty, je\u015bli posiadasz taki pakiet otrzymasz dost\u0119p do materia\u0142\u00f3w video z poprzedniej edycji #ilovemkt o warto\u015bci 1970 z\u0142. 3 Tydzie\u0144 przed [&#8230;]<\/p>\n<p><a class=\"btn btn-secondary understrap-read-more-link\" href=\"https:\/\/sprawnymarketing.pl\/konferencja\/poznan\/\">Czytaj dalej\u2026<\/a><\/p>\n","protected":false},"author":13,"featured_media":0,"parent":0,"menu_order":0,"comment_status":"closed","ping_status":"closed","template":"","meta":{"_acf_changed":false,"inline_featured_image":false,"footnotes":""},"class_list":["post-12881","page","type-page","status-publish","hentry"],"acf":[],"yoast_head":"<!-- This site is optimized with the Yoast SEO plugin v26.8 - https:\/\/yoast.com\/product\/yoast-seo-wordpress\/ -->\n<title>Festiwal I Love Marketing &amp; Technology \u00b7 Pozna\u0144 \u00b7 28-29.10.2026<\/title>\n<meta name=\"robots\" content=\"index, follow, max-snippet:-1, max-image-preview:large, max-video-preview:-1\" \/>\n<link rel=\"canonical\" href=\"https:\/\/sprawnymarketing.pl\/konferencja\/poznan\/\" \/>\n<meta property=\"og:locale\" content=\"pl_PL\" \/>\n<meta property=\"og:type\" content=\"article\" \/>\n<meta property=\"og:title\" content=\"Festiwal I Love Marketing &amp; Technology \u00b7 Pozna\u0144 \u00b7 28-29.10.2026\" \/>\n<meta property=\"og:description\" content=\"Kr\u00f3tko o festiwalu i dlaczego Pozna\u0144&#8230; Kliknij i sprawd\u017a agend\u0119 ka\u017cdego z dni 1 Po rejestracji mo\u017cesz op\u0142aci\u0107 zam\u00f3wienie od razu online lub pobra\u0107 faktur\u0119 proform\u0119 i op\u0142aci\u0107 j\u0105 przelewem bankowym. 2 Po zaksi\u0119gowaniu wp\u0142aty, je\u015bli posiadasz taki pakiet otrzymasz dost\u0119p do materia\u0142\u00f3w video z poprzedniej edycji #ilovemkt o warto\u015bci 1970 z\u0142. 3 Tydzie\u0144 przed [...]Czytaj dalej\u2026\" \/>\n<meta property=\"og:url\" content=\"https:\/\/sprawnymarketing.pl\/konferencja\/poznan\/\" \/>\n<meta property=\"og:site_name\" content=\"sprawny.marketing \u2022 Szkolenia \u2022 Konferencje \u2022 Magazyn\" \/>\n<meta property=\"article:modified_time\" content=\"2026-04-29T12:14:00+00:00\" \/>\n<meta property=\"og:image\" content=\"https:\/\/sprawnymarketing.pl\/konferencja\/wp-content\/uploads\/2025\/05\/1920x1080-ilovemkt-1-1024x576.png\" \/>\n\t<meta property=\"og:image:width\" content=\"1024\" \/>\n\t<meta property=\"og:image:height\" content=\"576\" \/>\n\t<meta property=\"og:image:type\" content=\"image\/png\" \/>\n<meta name=\"twitter:card\" content=\"summary_large_image\" \/>\n<meta name=\"twitter:title\" content=\"Festiwal I Love Marketing &amp; Technology \u00b7 Pozna\u0144 \u00b7 28-29.10.2026\" \/>\n<meta name=\"twitter:image\" content=\"https:\/\/sprawnymarketing.pl\/konferencja\/wp-content\/uploads\/2025\/05\/1920x1080-ilovemkt-1.png\" \/>\n<meta name=\"twitter:label1\" content=\"Szacowany czas czytania\" \/>\n\t<meta name=\"twitter:data1\" content=\"8 minut\" \/>\n<script type=\"application\/ld+json\" class=\"yoast-schema-graph\">{\"@context\":\"https:\/\/schema.org\",\"@graph\":[{\"@type\":\"WebPage\",\"@id\":\"https:\/\/sprawnymarketing.pl\/konferencja\/poznan\/\",\"url\":\"https:\/\/sprawnymarketing.pl\/konferencja\/poznan\/\",\"name\":\"Festiwal I Love Marketing & Technology \u00b7 Pozna\u0144 \u00b7 28-29.10.2026\",\"isPartOf\":{\"@id\":\"https:\/\/sprawnymarketing.pl\/konferencja\/#website\"},\"primaryImageOfPage\":{\"@id\":\"https:\/\/sprawnymarketing.pl\/konferencja\/poznan\/#primaryimage\"},\"image\":{\"@id\":\"https:\/\/sprawnymarketing.pl\/konferencja\/poznan\/#primaryimage\"},\"thumbnailUrl\":\"https:\/\/sprawnymarketing.pl\/konferencja\/wp-content\/uploads\/2025\/10\/gif.gif\",\"datePublished\":\"2026-04-22T07:43:11+00:00\",\"dateModified\":\"2026-04-29T12:14:00+00:00\",\"breadcrumb\":{\"@id\":\"https:\/\/sprawnymarketing.pl\/konferencja\/poznan\/#breadcrumb\"},\"inLanguage\":\"pl-PL\",\"potentialAction\":[{\"@type\":\"ReadAction\",\"target\":[\"https:\/\/sprawnymarketing.pl\/konferencja\/poznan\/\"]}]},{\"@type\":\"ImageObject\",\"inLanguage\":\"pl-PL\",\"@id\":\"https:\/\/sprawnymarketing.pl\/konferencja\/poznan\/#primaryimage\",\"url\":\"https:\/\/sprawnymarketing.pl\/konferencja\/wp-content\/uploads\/2025\/10\/gif.gif\",\"contentUrl\":\"https:\/\/sprawnymarketing.pl\/konferencja\/wp-content\/uploads\/2025\/10\/gif.gif\",\"width\":733,\"height\":418},{\"@type\":\"BreadcrumbList\",\"@id\":\"https:\/\/sprawnymarketing.pl\/konferencja\/poznan\/#breadcrumb\",\"itemListElement\":[{\"@type\":\"ListItem\",\"position\":1,\"name\":\"Strona g\u0142\u00f3wna\",\"item\":\"https:\/\/sprawnymarketing.pl\/konferencja\/\"},{\"@type\":\"ListItem\",\"position\":2,\"name\":\"Pozna\u0144 pa\u017adziernik 2026\"}]},{\"@type\":\"WebSite\",\"@id\":\"https:\/\/sprawnymarketing.pl\/konferencja\/#website\",\"url\":\"https:\/\/sprawnymarketing.pl\/konferencja\/\",\"name\":\"sprawny.marketing \u2022 Szkolenia \u2022 Konferencje \u2022 Magazyn\",\"description\":\"\",\"potentialAction\":[{\"@type\":\"SearchAction\",\"target\":{\"@type\":\"EntryPoint\",\"urlTemplate\":\"https:\/\/sprawnymarketing.pl\/konferencja\/?s={search_term_string}\"},\"query-input\":{\"@type\":\"PropertyValueSpecification\",\"valueRequired\":true,\"valueName\":\"search_term_string\"}}],\"inLanguage\":\"pl-PL\"}]}<\/script>\n<!-- \/ Yoast SEO plugin. -->","yoast_head_json":{"title":"Festiwal I Love Marketing & Technology \u00b7 Pozna\u0144 \u00b7 28-29.10.2026","robots":{"index":"index","follow":"follow","max-snippet":"max-snippet:-1","max-image-preview":"max-image-preview:large","max-video-preview":"max-video-preview:-1"},"canonical":"https:\/\/sprawnymarketing.pl\/konferencja\/poznan\/","og_locale":"pl_PL","og_type":"article","og_title":"Festiwal I Love Marketing & Technology \u00b7 Pozna\u0144 \u00b7 28-29.10.2026","og_description":"Kr\u00f3tko o festiwalu i dlaczego Pozna\u0144&#8230; Kliknij i sprawd\u017a agend\u0119 ka\u017cdego z dni 1 Po rejestracji mo\u017cesz op\u0142aci\u0107 zam\u00f3wienie od razu online lub pobra\u0107 faktur\u0119 proform\u0119 i op\u0142aci\u0107 j\u0105 przelewem bankowym. 2 Po zaksi\u0119gowaniu wp\u0142aty, je\u015bli posiadasz taki pakiet otrzymasz dost\u0119p do materia\u0142\u00f3w video z poprzedniej edycji #ilovemkt o warto\u015bci 1970 z\u0142. 3 Tydzie\u0144 przed [...]Czytaj dalej\u2026","og_url":"https:\/\/sprawnymarketing.pl\/konferencja\/poznan\/","og_site_name":"sprawny.marketing \u2022 Szkolenia \u2022 Konferencje \u2022 Magazyn","article_modified_time":"2026-04-29T12:14:00+00:00","og_image":[{"width":1024,"height":576,"url":"https:\/\/sprawnymarketing.pl\/konferencja\/wp-content\/uploads\/2025\/05\/1920x1080-ilovemkt-1-1024x576.png","type":"image\/png"}],"twitter_card":"summary_large_image","twitter_title":"Festiwal I Love Marketing & Technology \u00b7 Pozna\u0144 \u00b7 28-29.10.2026","twitter_image":"https:\/\/sprawnymarketing.pl\/konferencja\/wp-content\/uploads\/2025\/05\/1920x1080-ilovemkt-1.png","twitter_misc":{"Szacowany czas czytania":"8 minut"},"schema":{"@context":"https:\/\/schema.org","@graph":[{"@type":"WebPage","@id":"https:\/\/sprawnymarketing.pl\/konferencja\/poznan\/","url":"https:\/\/sprawnymarketing.pl\/konferencja\/poznan\/","name":"Festiwal I Love Marketing & Technology \u00b7 Pozna\u0144 \u00b7 28-29.10.2026","isPartOf":{"@id":"https:\/\/sprawnymarketing.pl\/konferencja\/#website"},"primaryImageOfPage":{"@id":"https:\/\/sprawnymarketing.pl\/konferencja\/poznan\/#primaryimage"},"image":{"@id":"https:\/\/sprawnymarketing.pl\/konferencja\/poznan\/#primaryimage"},"thumbnailUrl":"https:\/\/sprawnymarketing.pl\/konferencja\/wp-content\/uploads\/2025\/10\/gif.gif","datePublished":"2026-04-22T07:43:11+00:00","dateModified":"2026-04-29T12:14:00+00:00","breadcrumb":{"@id":"https:\/\/sprawnymarketing.pl\/konferencja\/poznan\/#breadcrumb"},"inLanguage":"pl-PL","potentialAction":[{"@type":"ReadAction","target":["https:\/\/sprawnymarketing.pl\/konferencja\/poznan\/"]}]},{"@type":"ImageObject","inLanguage":"pl-PL","@id":"https:\/\/sprawnymarketing.pl\/konferencja\/poznan\/#primaryimage","url":"https:\/\/sprawnymarketing.pl\/konferencja\/wp-content\/uploads\/2025\/10\/gif.gif","contentUrl":"https:\/\/sprawnymarketing.pl\/konferencja\/wp-content\/uploads\/2025\/10\/gif.gif","width":733,"height":418},{"@type":"BreadcrumbList","@id":"https:\/\/sprawnymarketing.pl\/konferencja\/poznan\/#breadcrumb","itemListElement":[{"@type":"ListItem","position":1,"name":"Strona g\u0142\u00f3wna","item":"https:\/\/sprawnymarketing.pl\/konferencja\/"},{"@type":"ListItem","position":2,"name":"Pozna\u0144 pa\u017adziernik 2026"}]},{"@type":"WebSite","@id":"https:\/\/sprawnymarketing.pl\/konferencja\/#website","url":"https:\/\/sprawnymarketing.pl\/konferencja\/","name":"sprawny.marketing \u2022 Szkolenia \u2022 Konferencje \u2022 Magazyn","description":"","potentialAction":[{"@type":"SearchAction","target":{"@type":"EntryPoint","urlTemplate":"https:\/\/sprawnymarketing.pl\/konferencja\/?s={search_term_string}"},"query-input":{"@type":"PropertyValueSpecification","valueRequired":true,"valueName":"search_term_string"}}],"inLanguage":"pl-PL"}]}},"_links":{"self":[{"href":"https:\/\/sprawnymarketing.pl\/konferencja\/smilovemkt-api\/wp\/v2\/pages\/12881","targetHints":{"allow":["GET"]}}],"collection":[{"href":"https:\/\/sprawnymarketing.pl\/konferencja\/smilovemkt-api\/wp\/v2\/pages"}],"about":[{"href":"https:\/\/sprawnymarketing.pl\/konferencja\/smilovemkt-api\/wp\/v2\/types\/page"}],"author":[{"embeddable":true,"href":"https:\/\/sprawnymarketing.pl\/konferencja\/smilovemkt-api\/wp\/v2\/users\/13"}],"replies":[{"embeddable":true,"href":"https:\/\/sprawnymarketing.pl\/konferencja\/smilovemkt-api\/wp\/v2\/comments?post=12881"}],"version-history":[{"count":48,"href":"https:\/\/sprawnymarketing.pl\/konferencja\/smilovemkt-api\/wp\/v2\/pages\/12881\/revisions"}],"predecessor-version":[{"id":13049,"href":"https:\/\/sprawnymarketing.pl\/konferencja\/smilovemkt-api\/wp\/v2\/pages\/12881\/revisions\/13049"}],"wp:attachment":[{"href":"https:\/\/sprawnymarketing.pl\/konferencja\/smilovemkt-api\/wp\/v2\/media?parent=12881"}],"curies":[{"name":"wp","href":"https:\/\/api.w.org\/{rel}","templated":true}]}}