{"id":38831,"date":"2020-07-24T14:03:43","date_gmt":"2020-07-24T12:03:43","guid":{"rendered":"https:\/\/sprawnymarketing.pl\/?page_id=38831"},"modified":"2024-09-06T14:05:29","modified_gmt":"2024-09-06T12:05:29","slug":"polityka-prywatnosci","status":"publish","type":"page","link":"https:\/\/sprawnymarketing.pl\/polityka-prywatnosci\/","title":{"rendered":"Polityka prywatno\u015bci"},"content":{"rendered":"\n<h2 class=\"wp-block-heading\" id=\"h-informacje-ogolne\"><strong>Informacje og\u00f3lne<\/strong><\/h2>\n\n\n\n<p>\u201esprawny.marketing sp\u00f3\u0142ka z ograniczon\u0105 odpowiedzialno\u015bci\u0105\u201d gwarantuje bezpiecze\u0144stwo danych, w tym danych osobowych, u\u017cytkownik\u00f3w odwiedzaj\u0105cych stron\u0119 internetow\u0105 <a href=\"https:\/\/sprawnymarketing.pl\/\"><em>https:\/\/sprawnymarketing.pl<\/em><\/a> Zamieszczone poni\u017cej informacje gwarantuj\u0105 zachowanie poufno\u015bci danych osobowych oraz ich w\u0142a\u015bciwe wykorzystanie. W celu zwi\u0119kszenia przyst\u0119pno\u015bci Polityki Prywatno\u015bci i Cookies termin \u201eU\u017cytkownik\u201d zast\u0105piony zosta\u0142 okre\u015bleniem \u201eTy\u201d, a \u201eAdministrator\u201d \u2013 \u201eMy\u201d. Ponadto wprowadzili\u015bmy \u015br\u00f3dtytu\u0142y, kt\u00f3re u\u0142atwi\u0105 Ci wyszukanie interesuj\u0105cych Ci\u0119 informacji.Niniejsza Polityka Prywatno\u015bci i Cookies obejmuje w szczeg\u00f3lno\u015bci nale\u017c\u0105c\u0105 do sp\u00f3\u0142ki \u201esprawny.marketing sp\u00f3\u0142ka z ograniczon\u0105 odpowiedzialno\u015bci\u0105\u201d stron\u0119 internetow\u0105 <a href=\"https:\/\/sprawnymarketing.pl\/\"><em>https:\/\/sprawnymarketing.pl<\/em><\/a> oraz wszystkie inne strony internetowe w tej domenie, kt\u00f3rych jeste\u015bmy w\u0142a\u015bcicielem (dalej \u201eWitryna\u201d lub \u201eWitryny\u201d).<\/p>\n\n\n\n<p>W niniejszej Polityce b\u0119dziemy odnosi\u0107 si\u0119 do Rozporz\u0105dzenia Parlamentu Europejskiego i Rady (UE) 2016\/679 z dnia 27 kwietnia 2016 r. w sprawie ochrony os\u00f3b fizycznych w zwi\u0105zku z przetwarzaniem danych osobowych i w sprawie swobodnego przep\u0142ywu takich danych oraz uchylenia dyrektywy 95\/46\/WE (og\u00f3lne rozporz\u0105dzenie o ochronie danych), kt\u00f3re w skr\u00f3cie b\u0119dziemy nazywa\u0107 \u201eRODO\u201d.&nbsp;<\/p>\n\n\n\n<h2 class=\"wp-block-heading\" id=\"h-administrator-danych-osobowych\"><strong>Administrator danych osobowych<\/strong><\/h2>\n\n\n\n<p>\u201esprawny.marketing sp\u00f3\u0142ka z ograniczon\u0105 odpowiedzialno\u015bci\u0105\u201d z siedzib\u0105 w Poznaniu pod adresem ul.Wolszty\u0144ska 5, 60-361 Pozna\u0144 wpisana do rejestru przedsi\u0119biorc\u00f3w Krajowego Rejestru S\u0105dowego prowadzonego przez S\u0105d Rejonowy Pozna\u0144- Nowe Miasto i Wilda w Poznaniu, Wydzia\u0142 VIII Gospodarczy Krajowego Rejestru S\u0105dowego pod numerem KRS 0000313890, NIP 7773078143, REGON 300905973 jest administratorem Twoich danych osobowych.Kontakt z nami jest mo\u017cliwy r\u00f3wnie\u017c pod adresem email: faktury@sprawnymarketing.pl lub numerem telefonu: +519 183&nbsp;555<\/p>\n\n\n\n<h2 class=\"wp-block-heading\" id=\"h-kontakt-w-sprawach-ochrony-danych-osobowych\"><strong>Kontakt w sprawach ochrony danych osobowych<\/strong><\/h2>\n\n\n\n<p>W\u00a0sprawach zwi\u0105zanych z ochron\u0105 danych osobowych\u00a0mo\u017cesz kontaktowa\u0107 si\u0119 z nami\u00a0pod adresem e-mail:\u00a0rodo@sprawnymarketing.pl.<\/p>\n\n\n\n<h2 class=\"wp-block-heading\" id=\"h-dane-osobowe-ktore-zbieramy\"><strong>Dane osobowe, kt\u00f3re zbieramy<\/strong><\/h2>\n\n\n\n<p>Podanie danych osobowych jest dobrowolne, jednak je\u017celi chcesz korzysta\u0107 z naszych us\u0142ug, jest ono niezb\u0119dne do zawarcia i realizacji umowy. Je\u017celi wymagaj\u0105 tego przepisy prawa, mo\u017cemy wymaga\u0107 od Ciebie podania innych danych niezb\u0119dnych np. ze wzgl\u0119d\u00f3w rachunkowych lub podatkowych. Poza tymi przypadkami podanie danych jest dobrowolne. Gromadzimy informacje o Tobie z r\u00f3\u017cnych \u017ar\u00f3de\u0142:<\/p>\n\n\n\n<h3 class=\"wp-block-heading\" id=\"h-informacje-ktore-nam-dostarczasz\"><strong>Informacje, kt\u00f3re nam dostarczasz<\/strong><\/h3>\n\n\n\n<p>W przypadku korzystania z us\u0142ugi newslettera przetwarzamy nast\u0119puj\u0105ce dane osobowe:<\/p>\n\n\n\n<ol>\n<li>adres e-mail,<\/li>\n\n\n\n<li>imi\u0119.<\/li>\n<\/ol>\n\n\n\n<p>Dane osobowe w tym przypadku&nbsp; przetwarzamy na podstawie wyra\u017conej przez Ciebie zgody, tj. art. 6 ust. 1 lit. a RODO.<\/p>\n\n\n\n<p>Podanie danych jest dobrowolne, ale je\u015bli z jakiego\u015b powodu nie podasz tych danych osobowych, nie b\u0119dziesz m\u00f3g\u0142 skorzysta\u0107 z us\u0142ugi newslettera.<\/p>\n\n\n\n<p>W przypadku dokonywania transakcji przetwarzamy nast\u0119puj\u0105ce dane osobowe:<\/p>\n\n\n\n<ol>\n<li>imi\u0119,<\/li>\n\n\n\n<li>nazwisko,<\/li>\n\n\n\n<li>adres korespondencyjny,<\/li>\n\n\n\n<li>adres e-mail,<\/li>\n\n\n\n<li>nr telefonu,<\/li>\n\n\n\n<li>nazwa firmy,<\/li>\n\n\n\n<li>NIP.<\/li>\n<\/ol>\n\n\n\n<p>Je\u015bli z jakiego\u015b powodu nie podasz tych danych osobowych, nie b\u0119dziemy mogli zawrze\u0107 z Tob\u0105 umowy, a Ty nie b\u0119dziesz m\u00f3g\u0142 skorzysta\u0107 z naszych towar\u00f3w lub us\u0142ug.Je\u017celi wymagaj\u0105 tego przepisy prawa, mo\u017ce wymaga\u0107 od Ciebie podania innych danych niezb\u0119dnych np. ze wzgl\u0119d\u00f3w rachunkowych lub podatkowych. Poza tymi przypadkami podanie danych jest dobrowolne (podanie adresu e-mail oraz nr telefonu jest dobrowolne).<\/p>\n\n\n\n<p>Dane niezb\u0119dne do zwarcia umowy przetwarzamy na podstawie art. 6 ust. 1 lit. b RODO. Dane, kt\u00f3re zbieramy w zwi\u0105zku z wykonaniem ci\u0105\u017c\u0105cych na nas obowi\u0105zk\u00f3w rachunkowych oraz podatkowych, przetwarzamy na podstawie przepis\u00f3w prawa rachunkowego, podatkowego oraz art. 6 ust. 1 lit. c RODO. Ponadto dane mo\u017cemy przetwarza\u0107 r\u00f3wnie\u017c w celu dochodzenia i obrony przed roszczeniami na podstawie naszego prawnie uzasadnionego interesu, tj. art. 6 ust. 1 lit. f RODO. Dane do kontaktu podane dodatkowo zbieramy na podstawie wyra\u017conej przez Ciebie zgody, tj. art. 6 ust. 1 lit. a RODO.&nbsp;<\/p>\n\n\n\n<p>Opr\u00f3cz informacji niezb\u0119dnych do zawarcia i realizacji ewentualnej umowy dostarczasz nam r\u00f3wnie\u017c:<\/p>\n\n\n\n<ol>\n<li>Informacje pochodz\u0105ce z korespondencji: Udost\u0119pnisz niekt\u00f3re dane osobowe, je\u017celi b\u0119dziesz si\u0119 z Nami kontaktowa\u0107 za po\u015brednictwem poczty elektronicznej, a tak\u017ce u\u017cywaj\u0105c formularzy kontaktowych udost\u0119pnionych na Witrynie lub kontaktuj\u0105c si\u0119 z nami za po\u015brednictwem tradycyjnej poczty, faksu lub innych \u015brodk\u00f3w poza sieciowych. Dane osobowe przetwarzamy na podstawie naszego prawnie uzasadnionego interesu jakim jest utrzymywanie kontaktu z osobami zainteresowanymi, tj. art. 6 ust. 1 lit. f RODO.&nbsp;&nbsp;<\/li>\n<\/ol>\n\n\n\n<ol start=\"2\">\n<li>Informacje pochodz\u0105ce z ankiet: je\u017celi uczestniczysz w jakichkolwiek ankietach, udost\u0119pniasz niekt\u00f3re dane osobowe jako cz\u0119\u015b\u0107 swojej odpowiedzi, chyba \u017ce odpowiadasz anonimowo. Dane osobowe przetwarzamy na podstawie naszego prawnie uzasadnionego interesu jakim jest przeprowadzanie dobrowolnych ankiet, tj. art. 6 ust. 1 lit. f RODO lub na podstawie wyra\u017conej przez Ciebie zgody, tj. art. 6 ust. 1 lit. a RODO.&nbsp;<\/li>\n\n\n\n<li>Informacje, kt\u00f3re udost\u0119pniasz w swoich postach: mo\u017cesz udost\u0119pnia\u0107 dane osobowe, gdy umieszczasz na Witrynie komentarze lub uczestniczysz w og\u00f3lnej dyskusji. Dane osobowe przetwarzamy na podstawie wyra\u017conej przez Ciebie zgody, tj. art. 6 ust. 1 lit. a RODO.&nbsp;<\/li>\n<\/ol>\n\n\n\n<ol start=\"4\">\n<li>Informacje przekazywane podczas prowadzenia czatu na stronie internetowej (adres e-mail, imi\u0119 i inne informacje, kt\u00f3re mog\u0105 si\u0119 pojawi\u0107): w zale\u017cno\u015bci jakie dane nam przedstawisz podczas prowadzenia rozmowy. Dane osobowe przetwarzamy na podstawie naszego prawnie uzasadnionego interesu jakim jest prowadzenie czatu,<br>tj. art. 6 ust. 1 lit. f RODO.<\/li>\n\n\n\n<li>&nbsp;Wysy\u0142aj\u0105c wiadomo\u015bci zawieraj\u0105ce ofert\u0119 handlow\u0105 sprawny.marketing dzia\u0142a na podstawie wcze\u015bniej uzyskanej zgody adresata wiadomo\u015bci, zgodnie z obowi\u0105zuj\u0105cymi przepisami ustawy o \u015bwiadczeniu us\u0142ug drog\u0105 elektroniczn\u0105 i ustawy prawo telekomunikacyjne. Dane osobowe przetwarzamy na podstawie wyra\u017conej przez Ciebie zgody, tj. art. 6 ust. 1 lit. a RODO.&nbsp;<\/li>\n<\/ol>\n\n\n\n<h3 class=\"wp-block-heading\" id=\"h-informacje-ktore-zbieramy-automatycznie\"><strong>Informacje, kt\u00f3re zbieramy automatycznie<\/strong><\/h3>\n\n\n\n<p>Niekt\u00f3re informacje gromadzimy automatycznie w wyniku tego, \u017ce u\u017cywasz Witryny, jak opisano to w sekcji po\u015bwi\u0119conej Cookies. Informacje te zawieraj\u0105 mi\u0119dzy innymi:<\/p>\n\n\n\n<ol>\n<li>adres protoko\u0142u internetowego (IP) urz\u0105dzenia, z kt\u00f3rego uzyskujesz dost\u0119p do Witryny (czasami mo\u017cna go wykorzysta\u0107 do uzyskania informacji o kraju lub mie\u015bcie, w kt\u00f3rym korzystasz z platformy)<\/li>\n\n\n\n<li>adres strony odwiedzanej bezpo\u015brednio przed odwiedzeniem strony internetowej<\/li>\n\n\n\n<li>konkretne dzia\u0142ania podejmowane w Witrynie, w tym odwiedzane strony, przesy\u0142anie strumieniowe, \u0142\u0105czenie z kontem na Facebooku lub Google+, umieszczanie komentarza lub przeprowadzanie wyszukiwania<\/li>\n\n\n\n<li>wszelkie wyszukiwane has\u0142a, kt\u00f3re mog\u0142e\u015b wprowadzi\u0107 na Witrynie<\/li>\n\n\n\n<li>czas, cz\u0119stotliwo\u015b\u0107 i d\u0142ugo\u015b\u0107 twoich wizyt na Witrynie<\/li>\n\n\n\n<li>rodzaj twojej wyszukiwarki i systemu operacyjnego<\/li>\n\n\n\n<li>rodzaj urz\u0105dzenia, z kt\u00f3rego uzyskujesz dost\u0119p do Witryny, na przyk\u0142ad \u2013 czy masz dost\u0119p do Witryny z komputera osobistego, czy te\u017c z urz\u0105dzenia mobilnego i identyfikatora urz\u0105dzenia (ID)<\/li>\n\n\n\n<li>informacje zebrane za po\u015brednictwem ciasteczek i podobnych technologii, jak opisano to sekcji po\u015bwi\u0119conej Cookies<\/li>\n\n\n\n<li>informacje dotycz\u0105ce interakcji z wiadomo\u015bciami e-mail, na przyk\u0142ad \u2013 czy je otwierasz, klikasz na nie lub przekazujesz wiadomo\u015bci mejlowe.<\/li>\n<\/ol>\n\n\n\n<h2 class=\"wp-block-heading\" id=\"h-jak-wykorzystujemy-twoje-dane\"><strong>Jak wykorzystujemy Twoje dane?<\/strong><\/h2>\n\n\n\n<p>Twoje dane osobowe b\u0119d\u0105 przetwarzane w nast\u0119puj\u0105cych celach:<\/p>\n\n\n\n<ol>\n<li>Udost\u0119pniania Ci naszych towar\u00f3w i us\u0142ug do korzystania przez Ciebie, podstaw\u0105 prawn\u0105 tego przetwarzania jest to, \u017ce jest ono niezb\u0119dne do zawarcia przez Nas z Tob\u0105 umowy i jej wykonania, tj. na podstawie art. 6 ust. 1 lit. b RODO.<\/li>\n\n\n\n<li>Zarz\u0105dzania i usprawniania naszej dzia\u0142alno\u015bci, przez co rozumiemy w szczeg\u00f3lno\u015bci zarz\u0105dzanie i usprawnianie Witryny ulepszanie naszej oferty, wykrywanie nadu\u017cy\u0107 finansowych i innych oraz zapobieganie im podstaw\u0105 prawn\u0105 tego przetwarzania b\u0119dzie nasz prawnie uzasadniony interes, tj. art. 6 ust. 1 lit. f RODO.<\/li>\n\n\n\n<li>Personalizowania udost\u0119pnianych tre\u015bci, przez co rozumiemy personalizowanie adresowanych do Ciebie ofert i reklam widocznych w Witrynie \u2013 w tym wypadku w zale\u017cno\u015bci od konkretnej sytuacji podstaw\u0105 prawn\u0105 przetwarzania danych mo\u017ce by\u0107 Twoja zgoda lub nasz prawnie uzasadniony interes, tj. art. 6 ust. 1 lit. a RODO lub art. 6 ust. 1 lit. f RODO.<\/li>\n\n\n\n<li>Kontaktowania si\u0119 oraz interakcji z Tob\u0105, przez co rozumiemy odpowiedzi na adresowane do nas zapytania, komentarze itd. w tym wypadku w zale\u017cno\u015bci od konkretnej sytuacji podstaw\u0105 prawn\u0105 przetwarzania danych mo\u017ce by\u0107 Twoja zgoda lub nasz prawnie uzasadniony interes, tj. art. 6 ust. 1 lit. a RODO lub art. 6 ust. 1 lit. f RODO.<\/li>\n<\/ol>\n\n\n\n<ol start=\"5\">\n<li>Rozwi\u0105zywania spor\u00f3w, rozpatrywania skarg lub roszcze\u0144, przez co rozumiemy rozpatrywanie reklamacji, roszcze\u0144 prawnych lub spor\u00f3w z udzia\u0142em Ciebie lub nas \u2013 w tym wypadku w zale\u017cno\u015bci od konkretnej sytuacji podstaw\u0105 prawn\u0105 przetwarzania danych mo\u017ce by\u0107 wykonanie umowy lub nasz prawnie uzasadniony interes, tj. art. 6 ust. 1 lit. b RODO lub art. 6 ust. 1 lit. f RODO.<\/li>\n\n\n\n<li>Realizacji obowi\u0105zk\u00f3w jakie nak\u0142adaj\u0105 na nas przepisy prawa, np. przepisy prawa podatkowego \u2013 w tym wypadku podstaw\u0105 prawn\u0105 przetwarzania danych b\u0119dzie to, \u017ce przetwarzanie jest niezb\u0119dne do wype\u0142nienia obowi\u0105zku prawnego, kt\u00f3ry na nas ci\u0105\u017cy, tj. art. 6 ust. 1 lit. c RODO.<\/li>\n\n\n\n<li>W celu wy\u015bwietlania reklam w ramach us\u0142ug Meta na podstawie przekazanego przez Ciebie adresu e-mail \u2013 w tym przypadku podstaw\u0105 prawn\u0105 przetwarzania danych b\u0119dzie uzasadniony interes, tj. art. 6 ust. 1 lit. f RODO.<\/li>\n<\/ol>\n\n\n\n<p>Przy czym wykorzystujemy us\u0142ugi Meta i wy\u015bwietlamy reklamy naszych us\u0142ug tylko tym u\u017cytkownikom, kt\u00f3rzy wcze\u015bniej wyrazili zgod\u0119 na przetwarzanie adresu e-mail w celach marketingowych.&nbsp;<\/p>\n\n\n\n<h2 class=\"wp-block-heading\" id=\"h-informacje-dla-uzytkownikow-serwisow-portali-spolecznosciowych\"><strong>Informacje dla u\u017cytkownik\u00f3w serwis\u00f3w portali spo\u0142eczno\u015bciowych<\/strong><\/h2>\n\n\n\n<p>W przypadku portali spo\u0142eczno\u015bciowych dane osobowe b\u0119d\u0119 przetwarzane w celu prowadzenia komunikacji i promocji w ramach fanpage oraz kana\u0142\u00f3w Administratora w serwisach Facebook, Instagram, YouTube, LinkedIn, Tik-tok, X w szczeg\u00f3lno\u015bci odpowiedzi na reakcje, komentarze oraz prywatne wiadomo\u015bci, a tak\u017ce w celach statystycznych oraz reklamowych realizowanych za po\u015brednictwem narz\u0119dzi reklamowych w ramach wskazanych serwis\u00f3w.<\/p>\n\n\n\n<p>Przetwarzanie jest realizowane na podstawie naszego prawnie uzasadnionego interesu administratora, jakim jest zapewnienie ci\u0105g\u0142o\u015bci komunikacji biznesowej, marketing produkt\u00f3w w\u0142asnych, dbanie o wizerunek marki, a tak\u017ce poszukiwanie pracownik\u00f3w lub kontrahent\u00f3w. Informacje marketingowe mog\u0105 by\u0107 Tobie tak\u017ce przekazywane na podstawie wyra\u017conej zgody. W takim wypadku zgod\u0119 mo\u017cna wycofa\u0107 w dowolnym momencie, kontaktuj\u0105c si\u0119 z nami drog\u0105 mailow\u0105 lub pisemn\u0105. Wycofanie zgody nie wp\u0142ywa na zgodno\u015b\u0107 przetwarzania danych z przepisami przed jej wycofaniem.<\/p>\n\n\n\n<p>Odbiorcami Twoich danych osobowych mog\u0105 by\u0107 wy\u0142\u0105cznie podmioty, kt\u00f3re uprawnione s\u0105 do&nbsp; ich&nbsp; otrzymania&nbsp; na&nbsp; mocy&nbsp; przepis\u00f3w&nbsp; prawa.&nbsp; Ponadto&nbsp; Twoje&nbsp; dane s\u0105&nbsp; udost\u0119pniane&nbsp; Meta Platforms Ireland Limited (informacja szczeg\u00f3\u0142owa poni\u017cej).<\/p>\n\n\n\n<p>Dane&nbsp; osobowe&nbsp; przechowywane&nbsp; do&nbsp; czasu&nbsp; wyra\u017cenia&nbsp; sprzeciwu&nbsp; lub&nbsp; ustania&nbsp; cel\u00f3w przetwarzania.&nbsp; Podanie danych jest dobrowolne i nast\u0119puje poprzez korzystanie z Fanpage Administratora.<\/p>\n\n\n\n<p>Dane w postacie Twojego adresu e-mail mog\u0105 zosta\u0107 r\u00f3wnie\u017c wykorzystane w celu wy\u015bwietlenia Ci na portalach Meta reklam zwi\u0105zanych z nadchodz\u0105cymi wydarzeniami lub \u015bwiadczonymi przez nas us\u0142ugami. Dbamy o to, aby adresy e-mail, na kt\u00f3rych podstawie udost\u0119pniamy reklamy w portalach spo\u0142eczno\u015bciowych nale\u017ca\u0142y do os\u00f3b, kt\u00f3re s\u0105 zainteresowane otrzymywaniem informacji o podejmowanych przez nas dzia\u0142aniach. Je\u015bli jednak uznasz, \u017ce nie chcesz widzie\u0107 tego typu reklam mo\u017cesz z\u0142o\u017cy\u0107 w ka\u017cdej chwili sprzeciw. Szanujemy Twoje prawo do prywatno\u015bci i zale\u017cy nam, aby\u015b mia\u0142 \u015bwiadomo\u015b\u0107 swoich praw oraz wp\u0142yw na spos\u00f3b otrzymywania od nas informacji.&nbsp;<\/p>\n\n\n\n<p><strong>Informacja o wsp\u00f3\u0142administrowaniu danych z Meta Platforms Ireland Limited<\/strong><\/p>\n\n\n\n<p>sprawny.marketing sp. z o.o. oraz&nbsp; Meta Platforms Ireland Limited (4 Grand Canal Square, Grand Canal Harbour, Dublin 2 Irlandia) s\u0105 wsp\u00f3lnymi administratorami Twoich danych zgodnie z artyku\u0142em 26&nbsp;RODO w zakresie przetwarzania danych do cel\u00f3w statystycznych oraz reklamowych.<\/p>\n\n\n\n<p>Wsp\u00f3\u0142administrowanie obejmuje zbiorcz\u0105 analiz\u0119 danych w celu wy\u015bwietlania statystyk aktywno\u015bci u\u017cytkownik\u00f3w Fanpage Administratora.<\/p>\n\n\n\n<p>Zakres odpowiedzialno\u015bci Meta Platforms Ireland za przetwarzanie Twoich danych we wskazanych celach:&nbsp;<\/p>\n\n\n\n<p>\u2022 posiadanie podstawy prawnej dla przetwarzania danych na potrzeby statystyk strony;<\/p>\n\n\n\n<p>\u2022 zapewnienie realizacji praw os\u00f3b, kt\u00f3rych dane dotycz\u0105;<\/p>\n\n\n\n<p>\u2022 zg\u0142aszanie narusze\u0144 do organu nadzorczego oraz zawiadamianie, os\u00f3b kt\u00f3rych dotyczy\u0142o naruszenie o zdarzeniu;<\/p>\n\n\n\n<p>\u2022 zapewnienie odpowiednich \u015brodk\u00f3w technicznych i organizacyjnych w celu zapewnienia bezpiecze\u0144stwa Twoich danych.<\/p>\n\n\n\n<p>Zakres naszej odpowiedzialno\u015bci za przetwarzanie Twoich danych:<\/p>\n\n\n\n<p>\u2022 posiadanie podstawy prawnej do przetwarzania danych na potrzeby statystyk;<\/p>\n\n\n\n<p>\u2022 zrealizowanie obowi\u0105zk\u00f3w informacyjnych w zakresie realizowanych przez nas cel\u00f3w przetwarzania.<\/p>\n\n\n\n<p>Meta Platforms Ireland udost\u0119pni zasadnicz\u0105 tre\u015b\u0107 za\u0142\u0105cznika dotycz\u0105cego statystyk strony osobom, kt\u00f3rych dotycz\u0105 dane (art. 26 ust. 2 RODO), za po\u015brednictwem danych zawartych w Informacjach o statystykach strony, do kt\u00f3rych dost\u0119p mo\u017cna uzyska\u0107 ze wszystkich stron.<\/p>\n\n\n\n<p>G\u0142\u00f3wnym organem nadzorczym w zakresie wsp\u00f3lnego przetwarzania danych jest irlandzka Komisja ds. ochrony danych (niezale\u017cnie od zapis\u00f3w art. 55 ust. 2 RODO, w stosownych przypadkach).<\/p>\n\n\n\n<p>Szczeg\u00f3\u0142owe informacje dotycz\u0105ce wzajemnych uzgodnie\u0144 pomi\u0119dzy administratorami s\u0105 dost\u0119pne na stronie: &lt;https:\/\/www.facebook.com\/legal\/terms\/page_controller_addendum&gt;.<\/p>\n\n\n\n<p>Zasady przetwarzania Twoich danych osobowych przez Meta Platforms Ireland s\u0105 dost\u0119pne na&nbsp; stronie: &lt;https:\/\/www.facebook.com\/privacy\/explanation&gt;.<\/p>\n\n\n\n<h2 class=\"wp-block-heading\" id=\"h-\"><\/h2>\n\n\n\n<h2 class=\"wp-block-heading\" id=\"h-udostepnianie-twoich-danych\"><strong>Udost\u0119pnianie Twoich danych<\/strong><\/h2>\n\n\n\n<p>Twoje dane osobowe mo\u017cemy i najpewniej b\u0119dziemy udost\u0119pnia\u0107:<\/p>\n\n\n\n<ol>\n<li>dostawcom zapewniaj\u0105cym nam infrastruktur\u0119 informatyczn\u0105 i sieciow\u0105,<\/li>\n\n\n\n<li>dostawcom us\u0142ug hostingowych, informatycznych, umo\u017cliwiaj\u0105cych wysy\u0142anie sms\u00f3w oraz newslettera,&nbsp;<\/li>\n\n\n\n<li>dostawcom technologii wykorzystywanych przez Witryn\u0119,<\/li>\n\n\n\n<li>dostawcom us\u0142ug ksi\u0119gowych, podatkowych,<\/li>\n\n\n\n<li>innym podmiotom o ile b\u0119dzie to niezb\u0119dne do realizacji cel\u00f3w przetwarzania danych.<\/li>\n<\/ol>\n\n\n\n<p>Twoje dane mo\u017cemy udost\u0119pnia\u0107 r\u00f3wnie\u017c w nast\u0119puj\u0105cych okoliczno\u015bciach:<\/p>\n\n\n\n<ol>\n<li>je\u017celi prawo lub w\u0142adza publiczna okre\u015bla, \u017ce musimy udost\u0119pnia\u0107 dane osobowe lub dla cel\u00f3w wymiaru sprawiedliwo\u015bci;<\/li>\n\n\n\n<li>je\u017celi musimy udost\u0119pnia\u0107 dane osobowe w celu ustalenia, wykonywania lub obrony naszych praw (obejmuje to udost\u0119pnianie danych osobowych innym osobom w celu zapobiegania oszustwom);<\/li>\n\n\n\n<li>w przypadku restrukturyzacji, sprzeda\u017cy lub przeniesienia w\u0142asno\u015bci przedsi\u0119biorstwa (lub jego cz\u0119\u015bci) np. w zwi\u0105zku z przej\u0119ciem lub fuzj\u0105.<\/li>\n<\/ol>\n\n\n\n<p>Ka\u017cdorazowo udost\u0119pniany b\u0119dzie mo\u017cliwe jak najw\u0119\u017cszy zakres Twoich danych kt\u00f3ry pozwoli na realizacj\u0119 celu przetwarzania danych i realizacj\u0119 ci\u0105\u017c\u0105cych na nas obowi\u0105zk\u00f3w.<\/p>\n\n\n\n<h2 class=\"wp-block-heading\" id=\"h-twoje-prawa\"><strong>Twoje prawa<\/strong><\/h2>\n\n\n\n<p>Posiadasz prawo do:<\/p>\n\n\n\n<ol>\n<li>dost\u0119pu do tre\u015bci swoich danych osobowych,<\/li>\n\n\n\n<li>prawo ich sprostowania,<\/li>\n\n\n\n<li>usuni\u0119cia,<\/li>\n\n\n\n<li>ograniczenia przetwarzania,<\/li>\n\n\n\n<li>przenoszenia danych<\/li>\n\n\n\n<li>cofni\u0119cia zgody (o ile przetwarzanie nast\u0119puje na jej podstawie) w dowolnym momencie bez wp\u0142ywu na zgodno\u015b\u0107 z prawem przetwarzania, kt\u00f3rego dokonano na podstawie zgody przed jej cofni\u0119ciem. Cofni\u0119cie zgody mo\u017ce nast\u0105pi\u0107 w dowolnym momencie.<\/li>\n<\/ol>\n\n\n\n<p>Masz prawo w dowolnym momencie wnie\u015b\u0107 sprzeciw \u2013 z przyczyn zwi\u0105zanych z swoj\u0105 szczeg\u00f3ln\u0105 sytuacj\u0105 \u2013 wobec przetwarzania dotycz\u0105cego swoich danych osobowych opartego na naszym uzasadnionym interesie. W razie wniesienia sprzeciwu nie wolno nam ju\u017c przetwarza\u0107 tych danych osobowych, chyba \u017ce wyka\u017cemy istnienie wa\u017cnych prawnie uzasadnionych podstaw do przetwarzania, nadrz\u0119dnych wobec Twoich interes\u00f3w, praw i wolno\u015bci, lub podstaw do ustalenia, dochodzenia lub obrony roszcze\u0144. Je\u017celi Twoje dane osobowe s\u0105 przetwarzane na potrzeby marketingu bezpo\u015bredniego, masz prawo w dowolnym momencie wnie\u015b\u0107 sprzeciw wobec przetwarzania dotycz\u0105cych swoich danych osobowych na potrzeby takiego marketingu, w zakresie, w jakim przetwarzanie jest zwi\u0105zane z takim marketingiem bezpo\u015brednim. Je\u017celi wniesiesz sprzeciw wobec przetwarzania do cel\u00f3w marketingu bezpo\u015bredniego, Twoich danych osobowych nie b\u0119dzie nam wolno przetwarza\u0107 do takich cel\u00f3w. Masz prawo do wniesienia skargi do organu nadzorczego, w szczeg\u00f3lno\u015bci w pa\u0144stwie cz\u0142onkowskim swojego zwyk\u0142ego pobytu, swojego miejsca pracy lub miejsca pope\u0142nienia domniemanego naruszenia, je\u017celi s\u0105dzisz, \u017ce przetwarzanie danych osobowych Ciebie dotycz\u0105cych narusza przepisy prawa. Lista organ\u00f3w nadzorczych dost\u0119pna jest pod linkiem <a href=\"http:\/\/ec.europa.eu\/justice\/article-29\/structure\/data-protection-authorities\/index_en.htm\"><em>http:\/\/ec.europa.eu\/justice\/article-29\/structure\/data-protection-authorities\/index_en.htm<\/em><\/a>. W Polsce organem nadzorczym jest Prezes Urz\u0119du Ochrony Danych Osobowych. W celu realizacji swoich praw skontaktuj si\u0119 z nami.<\/p>\n\n\n\n<h2 class=\"wp-block-heading\" id=\"h-miedzynarodowe-transfery-danych\"><strong>Mi\u0119dzynarodowe transfery danych<\/strong><\/h2>\n\n\n\n<p>Dane osobowe mog\u0105 by\u0107 przekazywane i przechowywane w miejscu przeznaczenia znajduj\u0105cym si\u0119 poza Europejskim Obszarem Gospodarczym (\u201eEOG\u201d). Mog\u0105 by\u0107 r\u00f3wnie\u017c przetwarzane przez podmioty dzia\u0142aj\u0105ce poza EOG, kt\u00f3re pracuj\u0105 dla nas lub dla jednego z naszych podwykonawc\u00f3w. W takim przypadku zapewniamy, \u017ce Twoje prawo do prywatno\u015bci jest respektowane.<\/p>\n\n\n\n<p><strong>W takich przypadkach transfer do pa\u0144stwa trzeciego najcz\u0119\u015bciej odbywa si\u0119 na podstawie:<\/strong><\/p>\n\n\n\n<ul>\n<li>decyzji Komisji Europejskiej stwierdzaj\u0105cej odpowiedni stopie\u0144 ochrony danych&nbsp;<\/li>\n\n\n\n<li>lub je\u017celi w tym zakresie nie zosta\u0142 stwierdzony przez Komisj\u0119 Europejsk\u0105 odpowiedni stopie\u0144 ochrony w drodze decyzji, dane b\u0119d\u0119 odpowiednio zabezpieczone za pomoc\u0105 standardowych klauzul ochrony o jakich mowa w Decyzji Komisji z dnia 4 czerwca 2021 r. w sprawie standardowych klauzul umownych dotycz\u0105cych przekazywania danych osobowych do pa\u0144stw trzecich na podstawie rozporz\u0105dzenia Parlamentu Europejskiego i Rady (UE) 2016\/679&nbsp; dost\u0119pnej pod linkiem:&nbsp;<a href=\"https:\/\/eur-lex.europa.eu\/legal-content\/PL\/TXT\/?uri=uriserv%3AOJ.L_.2021.199.01.0031.01.POL&amp;toc=OJ%3AL%3A2021%3A199%3ATOC\">https:\/\/eur-lex.europa.eu\/legal-content\/PL\/TXT\/?uri=uriserv%3AOJ.L_.2021.199.01.0031.01.POL&amp;toc=OJ%3AL%3A2021%3A199%3ATOC<\/a><\/li>\n\n\n\n<li>Mo\u017cesz uzyska\u0107 kopi\u0119 danych osobowych przekazywanych do pa\u0144stwa trzeciego. W tym celu nale\u017cy skontaktowa\u0107 si\u0119 z nami.<\/li>\n<\/ul>\n\n\n\n<h2 class=\"wp-block-heading\" id=\"h-okres-przechowywania-danych\"><strong>Okres przechowywania danych<\/strong><\/h2>\n\n\n\n<p>Przechowujemy Twoje dane osobowe przez czas obowi\u0105zywania zawartej z Tob\u0105 umowy, a tak\u017ce po jej zako\u0144czeniu w celach:<\/p>\n\n\n\n<ol>\n<li>dochodzenia roszcze\u0144 w zwi\u0105zku z wykonywaniem umowy,<\/li>\n\n\n\n<li>wykonania obowi\u0105zk\u00f3w wynikaj\u0105cych z przepis\u00f3w prawa, w tym w szczeg\u00f3lno\u015bci podatkowych i rachunkowych,<\/li>\n\n\n\n<li>zapobiegania nadu\u017cyciom i oszustwom,<\/li>\n\n\n\n<li>statystycznych i archiwizacyjnych,<\/li>\n\n\n\n<li>maksymalnie przez okres do up\u0142ywu przedawnienia roszcze\u0144, kt\u00f3re mog\u0105 by\u0107 podnoszone wobec nas albo kt\u00f3re nam przys\u0142uguj\u0105.<\/li>\n<\/ol>\n\n\n\n<p>Dane osobowe przetwarzane na podstawie naszego prawnie uzasadnionego interesu przechowywane b\u0119d\u0105 przez okres obowi\u0105zywania umowy lub do momentu wyga\u015bni\u0119cia plik\u00f3w cookies, lub do momentu wniesienia przez Ciebie sprzeciwu wobec takiego przetwarzania, w zale\u017cno\u015bci od tego, kt\u00f3re z tych zdarze\u0144 wyst\u0105pi wcze\u015bniej.Dane osobowe przetwarzane na podstawie Twojej zgody b\u0119d\u0105 przetwarzane przez okres trzech 3 lat od jej udzielenia albo do momentu cofni\u0119cia zgody, w zale\u017cno\u015bci od tego, kt\u00f3re z tych zdarze\u0144 nast\u0105pi wcze\u015bniej.<\/p>\n\n\n\n<h2 class=\"wp-block-heading\" id=\"h-maloletni\"><strong>Ma\u0142oletni<\/strong><\/h2>\n\n\n\n<p>Witryny nie s\u0105 przeznaczona dla dzieci. Osoby niepe\u0142noletnie nie mog\u0105 korzysta\u0107 z Witryn. Nie gromadzimy intencjonalnie \u017cadnych danych osobowych os\u00f3b, kt\u00f3re nie s\u0105 pe\u0142noletnie ani nie zezwalamy im na korzystanie z Witryn. Je\u017celi zauwa\u017cymy, \u017ce gromadzimy dane osobowe osoby niepe\u0142noletniej, usuniemy je niezw\u0142ocznie. Je\u015bli masz powody, aby s\u0105dzi\u0107, \u017ce mogli\u015bmy zgromadzi\u0107 takie dane osobowe, prosimy o natychmiastowy kontakt bezpo\u015brednio z nami.<\/p>\n\n\n\n<h2 class=\"wp-block-heading\" id=\"h-ciasteczka-cookies\"><strong>Ciasteczka \u2013 cookies<\/strong><\/h2>\n\n\n\n<p>Aby u\u0142atwi\u0107 korzystanie z naszej witryny, u\u017cywamy \u201eplik\u00f3w cookie\u201d. Cookies to ma\u0142e pliki tekstowe, kt\u00f3re serwis internetowy umieszcza na dysku u\u017cytkownika lub w jego przegl\u0105darce. Ciasteczko zazwyczaj zawiera nazw\u0119 strony internetowej, z kt\u00f3rej pochodzi, \u201ed\u0142ugo\u015b\u0107 \u017cycia\u201d ciasteczka (to znaczy czas jego istnienia), oraz przypadkowo wygenerowany unikalny numer s\u0142u\u017c\u0105cy do identyfikacji przegl\u0105darki, z jakiej nast\u0119puje po\u0142\u0105czenie ze stron\u0105 internetow\u0105.<\/p>\n\n\n\n<h2 class=\"wp-block-heading\" id=\"h-do-czego-uzywamy-ciasteczek\"><strong>Do czego u\u017cywamy ciasteczek?<\/strong><\/h2>\n\n\n\n<p>Ciasteczek u\u017cywamy w nast\u0119puj\u0105cych celach:<\/p>\n\n\n\n<ol>\n<li>aby zapewni\u0107 Ci dost\u0119p do towar\u00f3w i us\u0142ug jakich poszukujesz na naszych Witrynach;<\/li>\n\n\n\n<li>aby udoskonala\u0107 nasze Witryny, towary i us\u0142ugi;<\/li>\n\n\n\n<li>aby zapewni\u0107 bezpiecze\u0144stwo na naszych Witrynach;<\/li>\n\n\n\n<li>aby lepiej przedstawia\u0107 nasze towary i us\u0142ugi w celach marketingowych, korzystaj\u0105c z anonimowych i pseudonimizowanych danych;<\/li>\n\n\n\n<li>oraz je\u017celi wyrazi\u0142e\u015b na to dodatkow\u0105 zgod\u0119, w celu personalizowania dla Ciebie oferty i tre\u015bci Witryn w szczeg\u00f3lno\u015bci poprzez remarketing.<\/li>\n<\/ol>\n\n\n\n<h2 class=\"wp-block-heading\" id=\"h-w-zaleznosci-od-kryterium-cookies-mozna-podzielic-na-rozne-rodzaje\"><strong>W zale\u017cno\u015bci od kryterium cookies mo\u017cna podzieli\u0107 na r\u00f3\u017cne rodzaje<\/strong><\/h2>\n\n\n\n<p>Ze wzgl\u0119du na czas, przez jaki cookies s\u0105 umieszczone w Twoim urz\u0105dzeniu ko\u0144cowym wyr\u00f3\u017cniamy nast\u0119puj\u0105ce rodzaje plik\u00f3w cookies:<\/p>\n\n\n\n<ol>\n<li>sesyjne \u2013 przechowywane s\u0105 na Twoim telekomunikacyjnym urz\u0105dzeniu ko\u0144cowym tj. np. telefonie, laptopie, czy tablecie, jednak tylko do czasu przebywania na naszej Witrynie, wy\u0142\u0105czenia przegl\u0105darki lub momentu wylogowania ze strony;<\/li>\n\n\n\n<li>sta\u0142e \u2013 przechowywane s\u0105 na Twoim telekomunikacyjnym urz\u0105dzeniu ko\u0144cowym tj. np. telefonie, laptopie, czy tablecie, jednak przez okre\u015blony czas lub do momentu usuni\u0119cia ich przez Ciebie.<\/li>\n<\/ol>\n\n\n\n<p>Ze wzgl\u0119du na pochodzenie mo\u017cna wyr\u00f3\u017cni\u0107 nast\u0119puj\u0105ce rodzaje ciasteczek:<\/p>\n\n\n\n<ol>\n<li>cookies w\u0142asne (first party cookies) \u2013 cookies umieszczane bezpo\u015brednio przez nas kiedy odwiedzasz Witryny.<\/li>\n\n\n\n<li>cookies zewn\u0119trzne (third-party cookies) \u2013 korzystaj\u0105c z naszych Witryn mo\u017cesz otrzymywa\u0107 ciasteczka pochodz\u0105ce od wsp\u00f3\u0142pracuj\u0105cych z nami podmiot\u00f3w, kt\u00f3re \u015bwiadcz\u0105 na nasz\u0105 rzecz us\u0142ugi.<\/li>\n<\/ol>\n\n\n\n<p>Ze wzgl\u0119du na niezb\u0119dno\u015b\u0107 do realizacji us\u0142ugi wyr\u00f3\u017cniamy cookies:<\/p>\n\n\n\n<ol>\n<li>niezb\u0119dne \u2013 s\u0105 absolutnie niezb\u0119dne do prawid\u0142owego funkcjonowania witryny lub funkcjonalno\u015bci, z kt\u00f3rych chcesz skorzysta\u0107. Te pliki cookie przyczyniaj\u0105 si\u0119 do u\u017cyteczno\u015bci strony poprzez umo\u017cliwianie podstawowych funkcji takich jak nawigacja na stronie i dost\u0119p do bezpiecznych obszar\u00f3w strony internetowej. Strona internetowa nie mo\u017ce funkcjonowa\u0107 poprawnie bez tych ciasteczek.<\/li>\n\n\n\n<li>funkcjonalne \u2013 pozwalaj\u0105 Nam na analiz\u0119, w jaki spos\u00f3b korzystasz z Witryny, np. w jakie linki klikasz i z jakich ustawie\u0144 przegl\u0105darki korzystasz,&nbsp;<\/li>\n\n\n\n<li>reklamowe\/biznesowe\u2013 pozwalaj\u0105 Nam lepiej ocenia\u0107 efektywno\u015b\u0107 naszych dzia\u0142a\u0144 reklamowych i marketingowych. Te ciasteczka pochodz\u0105 od naszych partner\u00f3w z kt\u00f3rych us\u0142ug korzystamy w celu&nbsp; analizowania i \u015bledzenia odwiedzin Witryny i efektywno\u015bci stosowanych reklam. Nie dzielimy si\u0119 Twoimi danymi osobowymi z dostawcami tych us\u0142ug za wyj\u0105tkiem danych zbieranych bezpo\u015brednio przez ciasteczka reklamowe\/biznesowe. Miej na uwadze, \u017ce dane zebrane w taki spos\u00f3b mog\u0105 by\u0107 po\u0142\u0105czone z danymi zebranymi w inny spos\u00f3b przez naszych dostawc\u00f3w. Takie zewn\u0119trzne przetwarzanie b\u0119dzie podlega\u0142o politykom prywatno\u015bci stosowanym przez naszych partner\u00f3w.<\/li>\n\n\n\n<li>Statystyczne &#8211; pomagaj\u0105 w\u0142a\u015bcicielem stron internetowych zrozumie\u0107, w jaki spos\u00f3b r\u00f3\u017cni u\u017cytkownicy zachowuj\u0105 si\u0119 na stronie, gromadz\u0105c i zg\u0142aszaj\u0105c anonimowe informacje.<\/li>\n\n\n\n<li>&nbsp;Marketingowe &#8211; pliki cookie stosowane s\u0105 w celu \u015bledzenia u\u017cytkownik\u00f3w na stronach internetowych. Celem jest wy\u015bwietlanie reklam, kt\u00f3re s\u0105 istotne i interesuj\u0105ce dla poszczeg\u00f3lnych u\u017cytkownik\u00f3w i tym samym bardziej cenne dla wydawc\u00f3w i reklamodawc\u00f3w strony trzeciej.<\/li>\n\n\n\n<li>Preferencyjne &#8211; Pliki cookie dotycz\u0105ce preferencji umo\u017cliwiaj\u0105 stronie zapami\u0119tanie informacji, kt\u00f3re zmieniaj\u0105 wygl\u0105d lub funkcjonowanie strony, np. preferowany j\u0119zyk lub region, w kt\u00f3rym znajduje si\u0119 u\u017cytkownik.<\/li>\n<\/ol>\n\n\n\n<p>Poni\u017cej znajdziesz opis ciasteczek, z kt\u00f3rych korzystaj\u0105 nasze Witryny oraz jak mo\u017cesz wy\u0142\u0105czy\u0107 ich zastosowanie.<\/p>\n\n\n\n<h2 class=\"wp-block-heading\" id=\"h-nasze-ciasteczka-ciasteczka-niezbedne\"><strong>Nasze ciasteczka (ciasteczka niezb\u0119dne)<\/strong><\/h2>\n\n\n\n<p>Ciasteczka te s\u0105 \u015bci\u015ble zwi\u0105zane z dzia\u0142aniem Witryny i pozwalaj\u0105 m.in. na prawid\u0142owe wy\u015bwietlanie strony, logowanie si\u0119 czy te\u017c umieszczanie zakup\u00f3w w koszyku.<\/p>\n\n\n\n<h2 class=\"wp-block-heading\" id=\"h-wistia\"><strong>Wistia<\/strong><\/h2>\n\n\n\n<p>Nasze Witryny korzystaj\u0105 z us\u0142ugi <a href=\"https:\/\/wistia.com\/\"><em>Wistia<\/em><\/a>. Wistia \u015bledzi jak korzystasz z film\u00f3w dost\u0119pnych przez Witryny: jak d\u0142ugo ogl\u0105dasz dany film, w kt\u00f3rym momencie robisz pauz\u0119 albo w\u0142\u0105czasz przewijanie itd. W przypadku niekt\u00f3rych film\u00f3w mo\u017cemy zapauzowa\u0107 odtwarzanie i poprosi\u0107 Ci\u0119 o podanie imienia lub adresu email. Nie jeste\u015b zobowi\u0105zany do podania tych danych, jednak\u017ce zastrzegamy sobie prawo, aby niekt\u00f3re filmy by\u0142y dost\u0119pne tylko dla zidentyfikowanych u\u017cytkownik\u00f3w. Wistia \u0142\u0105czy dane zabrane poprzez filmy, w tym imiona i adres e-mail i tak zebrane informacje udost\u0119pnia nam. Poza tym Wistia nie sprzedaje ani w inny spos\u00f3b nie udost\u0119pnia stronom trzecim danych zebranych przez filmy dost\u0119pne w Witrynach. Tak zabrane dane wykorzystujemy w celu poprawy jako\u015bci film\u00f3w udost\u0119pnianych w Witrynach.<\/p>\n\n\n\n<h2 class=\"wp-block-heading\" id=\"h-google-analytics-ciasteczka-funkcjonalne\"><strong>Google Analytics (ciasteczka funkcjonalne)<\/strong><\/h2>\n\n\n\n<p>Nasze Witryny korzystaj\u0105 z us\u0142ugi Google Analytics \u015bwiadczonej przez firm\u0119 Google Inc., 1600 Amphitheatre Parkway, Mountain View, CA 94043, USA (\u201eGoogle\u201d). Google b\u0119dzie analizowa\u0107 korzystanie z Witryny przez Ciebie, co pozwoli Nam na ulepszenie Witryny. Informacje gromadzone przez Google w zwi\u0105zku z korzystaniem z Witryny (np. odwiedzane podstrony, ustawienia j\u0119zykowe, wykorzystywane systemy operacyjne) b\u0119d\u0105 przesy\u0142ane do serwera Google zlokalizowanego w USA, gdzie b\u0119d\u0105 one przechowywane i analizowane. Odpowiednie wyniki b\u0119d\u0105 nast\u0119pnie Nam udost\u0119pniane w postaci zanonimizowanej. Zbierana dane nie b\u0119d\u0105 kojarzone z Twoim pe\u0142nym adresem IP w ramach tego procesu. Uaktywnili\u015bmy funkcj\u0119 anonimizacji adres\u00f3w IP oferowan\u0105 przez Google, kt\u00f3ra usunie ostatnich 8 cyfr (typ IPv4) lub ostatnich 80 bit\u00f3w (typ IPv6) z Twojego adresu IP. Transfer danych odbywa si\u0119 na podstawie standardowych klauzul umownych zatwierdzonych przez Komisj\u0119 Europejsk\u0105. Wi\u0119cej informacji dost\u0119pnych jest na stronie <a href=\"https:\/\/policies.google.com\/privacy\/frameworks?hl=pl\">https:\/\/policies.google.com\/privacy\/frameworks?hl=pl<\/a> Dodatkowe informacje o us\u0142udze Google Analytics s\u0105 dost\u0119pne na stronach <a href=\"https:\/\/www.google.com\/analytics\/terms\/us.html\"><em>Google Analytics Terms of Use<\/em><\/a> (warunki korzystania z us\u0142ugi), <a href=\"https:\/\/support.google.com\/analytics\/answer\/6004245?hl=en-GB\"><em>Privacy and Data Protection Guidelines of Google Analytics<\/em><\/a>(zasady prywatno\u015bci i ochrony danych) oraz <a href=\"http:\/\/www.google.com\/intl\/en\/policies\/privacy\/\"><em>Google Privacy Policy<\/em><\/a> (regulamin prywatno\u015bci).<\/p>\n\n\n\n<h2 class=\"wp-block-heading\" id=\"h-google-adwords-ciasteczka-reklamowe-biznesowe\"><strong>Google AdWords (ciasteczka reklamowe\/biznesowe)<\/strong><\/h2>\n\n\n\n<p>Nasze Witryny korzystaj\u0105 z <a href=\"https:\/\/adwords.google.com\/\"><em>Google AdWords<\/em><\/a> w celu reklamy naszych produkt\u00f3w i us\u0142ug w Internecie. Adwords b\u0119dzie wy\u015bwietla\u0142 reklamy na innych odwiedzanych przez Ciebie stronach bazuj\u0105c na tym z jak\u0105 cz\u0119\u015bci\u0105 Witryn si\u0119 zapozna\u0142e\u015b. W tym celu b\u0119d\u0105 wykorzystywane ciasteczka, kt\u00f3re zostan\u0105 umieszczone na Twoim urz\u0105dzeniu. Ciasteczka te W \u017bADEN SPOS\u00d3B NIE POZWALAJ\u0104 NAM NA ZIDENTYFIKOWANIE CIEBIE ALBO NA UZYSKANIE DOST\u0118PU DO TWOJEGO URZ\u0104DZENIA.Aby dowiedzie\u0107 si\u0119 wi\u0119cej o polityce prywatno\u015bci Google kliknij <a href=\"https:\/\/www.google.com\/intl\/en\/policies\/privacy\/\"><em>tutaj<\/em><\/a>.<\/p>\n\n\n\n<h2 class=\"wp-block-heading\" id=\"h-google-doubleclick-ciasteczka-reklamowe-biznesowe\"><strong>Google DoubleClick (ciasteczka reklamowe\/biznesowe)<\/strong><\/h2>\n\n\n\n<p>Nasze Witryny korzystaj\u0105 z <a href=\"https:\/\/www.doubleclickbygoogle.com\/\"><em>Google DoubleClick<\/em><\/a> \u2013 ciasteczek pozwalaj\u0105cych nam na kontrolowanie jak cz\u0119sto dana reklama jest wy\u015bwietlana w przegl\u0105darce, jak d\u0142ugo trwa jej wy\u015bwietlanie oraz przez jaki okres czasu reklama mo\u017ce pojawi\u0107 si\u0119 w przegl\u0105darce. Na tej podstawie mo\u017cemy ocenia\u0107 skuteczno\u015b\u0107 naszych reklam.<\/p>\n\n\n\n<h2 class=\"wp-block-heading\" id=\"h-vimeo-ciasteczka-funkcjonalne\"><strong>Vimeo (ciasteczka funkcjonalne)<\/strong><\/h2>\n\n\n\n<p>Nasze Witryny korzystaj\u0105 z us\u0142ugi Vimeo zapewnianej przez Vimeo, Inc, kt\u00f3ra pozwala Nam na udost\u0119pnianie Tobie w Witrynie nagra\u0144 wideo. Aby dowiedzie\u0107 si\u0119 wi\u0119cej na ich temat zapoznaj si\u0119 z <a href=\"https:\/\/vimeo.com\/cookie_policy\"><em>Cookie Policy<\/em><\/a> and <a href=\"https:\/\/vimeo.com\/privacy\"><em>Privacy<\/em><\/a> us\u0142ugi.<\/p>\n\n\n\n<h2 class=\"wp-block-heading\" id=\"h-facebook-pixel\"><strong>Facebook Pixel<\/strong><\/h2>\n\n\n\n<p>Nasze Witryny korzystaj\u0105 z us\u0142ugi Facebook Pixel zapewnianej przez Facebook Inc., 1601 S. California Ave, Palo Alto, CA 94304, USA (\u201cFacebook\u201d). Us\u0142uga ta pozwala Nam na \u015bledzenie Twojego zachowania po tym jak zobaczy\u0142e\u015b albo klikn\u0105\u0142e\u015b w reklam\u0119 pochodz\u0105c\u0105 Facebooka. Ta us\u0142uga jest zaprojektowana w spos\u00f3b pozwalaj\u0105cy na ocen\u0119 wp\u0142ywu reklam pochodz\u0105cych z Facebooka w celach statystycznych i badaniu rynku, i pomaga Nam w ulepszaniu naszych przysz\u0142ych reklam. Dane zbierane w ten spos\u00f3b s\u0105 anonimowe i nie pozwalaj\u0105 na ustalenie Twojej to\u017csamo\u015bci. Dane te s\u0105 jednak gromadzone i przetwarzane przez Facebooka i mog\u0105 by\u0107 \u0142\u0105czone z Twoim facebookowym profilem, a nast\u0119pnie wykorzystane przez Facebooka w jego w\u0142asnych celach reklamowych na zasadach okre\u015blonych w Polityce Prywatno\u015bci Facebooka dost\u0119pnej<a href=\"https:\/\/www.facebook.com\/privacy\/explanation\"><em> tutaj<\/em><\/a>.&nbsp;<\/p>\n\n\n\n<p><strong>Jak mo\u017cna zmieni\u0107 ustawienia w zakresie cookies?&nbsp;<\/strong><\/p>\n\n\n\n<p>Na stronie stosujemy platform\u0119&nbsp; zarz\u0105dzania&nbsp; zgod\u0105&nbsp; (CMP),&nbsp; aby&nbsp; u\u0142atwi\u0107 U\u017cytkownikowi zarz\u0105dzanie swoimi preferencjami w zakresie cookies.&nbsp;<\/p>\n\n\n\n<p>U\u017cytkownik&nbsp; mo\u017ce&nbsp; zmienia\u0107&nbsp; swoje&nbsp; ustawienia&nbsp; dotycz\u0105ce&nbsp; Plik\u00f3w cookie.&nbsp;<\/p>\n\n\n\n<p>CMP pozwala:&nbsp;<\/p>\n\n\n\n<ol>\n<li>pozyska\u0107 szczeg\u00f3\u0142owe informacje na temat Plik\u00f3w cookie wykorzystywanych w Serwisie oraz zaufanych partner\u00f3w Administratora;&nbsp;<\/li>\n\n\n\n<li>wyrazi\u0107&nbsp; i&nbsp; wycofa\u0107&nbsp; zgod\u0119&nbsp; na&nbsp; wykorzystanie&nbsp; przez&nbsp; Administratora&nbsp; i&nbsp; zaufanych partner\u00f3w opcjonalnych Plik\u00f3w cookie;&nbsp;<\/li>\n\n\n\n<li>zmienia\u0107 wybrane wcze\u015bniej ustawienia.&nbsp;<\/li>\n<\/ol>\n\n\n\n<p><strong>Czy mo\u017cliwa jest zmiana ustawie\u0144 w zakresie Plik\u00f3w cookie z poziomu przegl\u0105darki internetowej?&nbsp;<\/strong><\/p>\n\n\n\n<p>Twoja Przegl\u0105darka&nbsp; internetowa&nbsp; powinna&nbsp; zapewnia\u0107&nbsp; mo\u017cliwo\u015b\u0107 zmiany ustawie\u0144&nbsp; tak,&nbsp; aby&nbsp; odrzuci\u0107,&nbsp; usun\u0105\u0107&nbsp; lub&nbsp; zablokowa\u0107&nbsp; okre\u015blone&nbsp; Pliki&nbsp; cookie.&nbsp; Pod&nbsp; tymi linkami znajduj\u0105 si\u0119 odpowiednie informacje dla najbardziej popularnych przegl\u0105darek:&nbsp;<\/p>\n\n\n\n<ol>\n<li><a href=\"https:\/\/support.microsoft.com\/pl-pl\/help\/17442\/windows-internet-explorer-delete-manage-cookies\"><em>Internet Explorer<\/em><\/a><\/li>\n\n\n\n<li><a href=\"https:\/\/support.mozilla.org\/pl\/kb\/ciasteczka\"><em>Mozilla Firefox<\/em><\/a><\/li>\n\n\n\n<li><a href=\"https:\/\/support.google.com\/chrome\/answer\/95647?co=GENIE.Platform%3DDesktop&amp;hl=pl\"><em>Chrome<\/em><\/a><\/li>\n\n\n\n<li><a href=\"http:\/\/help.opera.com\/Windows\/12.10\/pl\/cookies.html\"><em>Opera<\/em><\/a><\/li>\n<\/ol>\n\n\n\n<p>W celu wy\u0142\u0105czenia ciasteczek na urz\u0105dzeniach mobilnych w zale\u017cno\u015bci od zainstalowanego systemu operacyjnego kliknij w odpowiedni link poni\u017cej i post\u0119puj zgodnie z instrukcjami:&nbsp;<\/p>\n\n\n\n<ol>\n<li><a href=\"https:\/\/support.google.com\/chrome\/answer\/95647?co=GENIE.Platform%3DAndroid&amp;hl=pl\"><em>Android<\/em><\/a><\/li>\n\n\n\n<li><a href=\"https:\/\/support.apple.com\/pl-pl\/HT201265\"><em>iOS<\/em><\/a><\/li>\n<\/ol>\n\n\n\n<p>Poniewa\u017c&nbsp; niekt\u00f3re&nbsp; Pliki&nbsp; cookie&nbsp; s\u0105&nbsp; niezb\u0119dne&nbsp; do&nbsp; funkcjonowania&nbsp; Serwisu,&nbsp; zmiana&nbsp;<\/p>\n\n\n\n<p>ustawie\u0144 przegl\u0105darki mo\u017ce sprawi\u0107, \u017ce niekt\u00f3re us\u0142ugi nie b\u0119d\u0105 dzia\u0142a\u0107 prawid\u0142owo, a&nbsp;<\/p>\n\n\n\n<p>nawet ca\u0142kowicie uniemo\u017cliwi\u0107 korzystanie z Serwisu.&nbsp;<\/p>\n\n\n\n<p>Jak d\u0142ugo przetwarzamy pliki cookies?<\/p>\n\n\n\n<p>Pliki cookies, kt\u00f3re stosujemy na stronie przechowujemy maksymalnie do 4 miesi\u0119cy.<\/p>\n\n\n\n<h2 class=\"wp-block-heading\" id=\"h-informacje-dodatkowe\"><strong>Informacje dodatkowe<\/strong><\/h2>\n\n\n\n<p>Dodatkowe informacje na temat plik\u00f3w cookies i innych technologii mo\u017cna znale\u017a\u0107 m.in. pod adresem <a href=\"http:\/\/wszystkoociasteczkach.pl\/\"><em>wszystkoociasteczkach.pl<\/em><\/a>, <a href=\"http:\/\/www.youronlinechoices.com\/pl\/\"><em>youronlinechoices.com<\/em><\/a> lub w sekcji Pomoc w menu przegl\u0105darki internetowej. O uzyskanie dodatkowych informacji mo\u017ce r\u00f3wnie\u017c zwr\u00f3ci si\u0119 bezpo\u015brednio do nas.<\/p>\n\n\n\n<h2 class=\"wp-block-heading\" id=\"h-powiadomienia-web-push\"><strong>Powiadomienia Web Push<\/strong><\/h2>\n\n\n\n<p>Powiadomienia Web Push s\u0105 wysy\u0142ane do Twojej przegl\u0105darki internetowej wy\u0142\u0105cznie po wyra\u017ceniu przez Ciebie zgody na ich otrzymywanie. Aby wyrazi\u0107 zgod\u0119 na odbieranie powiadomie\u0144 Web Push powiniene\u015b na komunikacie wys\u0142anym przez swoj\u0105 przegl\u0105dark\u0119 internetow\u0105 zaznaczy\u0107 opcj\u0119 \u201ewy\u015bwietlaj powiadomienia\u201d lub inn\u0105 bliskoznaczn\u0105 (ka\u017cda przegl\u0105darka mo\u017ce inaczej nazywa\u0107 t\u0119 opcj\u0119).<\/p>\n\n\n\n<p>Zgoda na otrzymywanie powiadomie\u0144 Web Push mo\u017ce zosta\u0107 w ka\u017cdej chwili odwo\u0142ana poprzez zmian\u0119 ustawie\u0144 Twojej przegl\u0105darki internetowej.<\/p>\n\n\n\n<p>W zwi\u0105zku z korzystaniem przez Ciebie z powiadomie\u0144 Web Push nie przetwarzamy \u017cadnych Twoich danych osobowych. Jeste\u015b identyfikowany wy\u0142\u0105cznie na podstawie informacji, kt\u00f3re s\u0105 przechowywane przez Twoj\u0105 przegl\u0105dark\u0119 internetow\u0105. Do tych informacji nie mamy dost\u0119pu.<\/p>\n\n\n\n<h2 class=\"wp-block-heading\" id=\"h-zmiany-polityki-prywatnosci-i-cookies\"><strong>Zmiany polityki prywatno\u015bci i cookies<\/strong><\/h2>\n\n\n\n<p>Zastrzegamy sobie prawo do zmiany i aktualizacji niniejszej polityki prywatno\u015bci i cookies. O wszelkich zmianach poinformujemy bezzw\u0142ocznie u\u017cytkownik\u00f3w Witryn.Je\u015bli nadal korzystasz z Witryn po wprowadzeniu zmian, akceptujesz zmienione zasady. Je\u015bli zmiany s\u0105 znacz\u0105ce, mo\u017cemy przekaza\u0107 wyra\u017aniejsze powiadomienie lub uzyska\u0107 zgod\u0119 zgodnie z wymogami prawa. Data wej\u015bcia w \u017cycie niniejszej polityki prywatno\u015bci i cookies: 28.01.2020 r.<\/p>\n\n\n\n<h2 class=\"wp-block-heading\" id=\"h-dane-administratora-serwisu\"><strong>Dane administratora serwisu<\/strong><\/h2>\n\n\n\n<h2 class=\"wp-block-heading\" id=\"h-sprawny-marketing-sp-z-o-o\">sprawny.marketing sp. z o.o.<\/h2>\n\n\n\n<h2 class=\"wp-block-heading\" id=\"h-ul-wolsztynska-5\">ul. Wolszty\u0144ska 5<\/h2>\n\n\n\n<p>60-361 Pozna\u0144<\/p>\n\n\n\n<p>Polska<\/p>\n\n\n\n<p>NIP: PL 7773078143<\/p>\n\n\n\n<p>REGON: 300905973<\/p>\n\n\n\n<p>S\u0105d Rejonowy Pozna\u0144 \u2013 Nowe Miasto i Wilda w Poznaniu, Wydzia\u0142 VIII Gospodarczy KRS nr 000313890. Kapita\u0142 zak\u0142adowy: 102 000 z\u0142<\/p>\n\n\n\n<p>email: faktury@sprawnymarketing.pl<\/p>\n\n\n\n<p>telefon: +48 519 183 555&nbsp;<\/p>\n\n\n\n<p>Przeczytaj wi\u0119cej na: <a href=\"https:\/\/sprawnymarketing.pl\/polityka-prywatnosci\/\"><em>https:\/\/sprawnymarketing.pl\/polityka-prywatnosci\/&nbsp;<\/em><\/a><\/p>\n","protected":false},"excerpt":{"rendered":"<p>Informacje og\u00f3lne \u201esprawny.marketing sp\u00f3\u0142ka z ograniczon\u0105 odpowiedzialno\u015bci\u0105\u201d gwarantuje bezpiecze\u0144stwo danych, w tym danych osobowych, u\u017cytkownik\u00f3w odwiedzaj\u0105cych stron\u0119 internetow\u0105 https:\/\/sprawnymarketing.pl Zamieszczone poni\u017cej informacje gwarantuj\u0105 zachowanie poufno\u015bci danych osobowych oraz ich w\u0142a\u015bciwe wykorzystanie. W celu zwi\u0119kszenia przyst\u0119pno\u015bci Polityki Prywatno\u015bci i Cookies termin \u201eU\u017cytkownik\u201d zast\u0105piony zosta\u0142 okre\u015bleniem \u201eTy\u201d, a \u201eAdministrator\u201d \u2013 \u201eMy\u201d. Ponadto wprowadzili\u015bmy \u015br\u00f3dtytu\u0142y, kt\u00f3re u\u0142atwi\u0105 Ci [&hellip;]<\/p>\n","protected":false},"author":250,"featured_media":0,"parent":0,"menu_order":0,"comment_status":"closed","ping_status":"closed","template":"","meta":{"_acf_changed":false,"footnotes":""},"coauthors":[4736],"acf":[],"yoast_head":"<!-- This site is optimized with the Yoast SEO Premium plugin v24.1 (Yoast SEO v24.4) - https:\/\/yoast.com\/wordpress\/plugins\/seo\/ -->\n<title>Polityka Prywatno\u015bci i Cookies | sprawnymarketing.pl<\/title>\n<meta name=\"description\" content=\"Informacje og\u00f3lne \u201esprawny.marketing sp\u00f3\u0142ka z ograniczon\u0105 odpowiedzialno\u015bci\u0105\u201d gwarantuje bezpiecze\u0144stwo danych, w tym danych osobowych, u\u017cytkownik\u00f3w\" \/>\n<meta name=\"robots\" content=\"index, follow, max-snippet:-1, max-image-preview:large, max-video-preview:-1\" \/>\n<link rel=\"canonical\" href=\"https:\/\/sprawnymarketing.pl\/polityka-prywatnosci\/\" \/>\n<meta property=\"og:locale\" content=\"pl_PL\" \/>\n<meta property=\"og:type\" content=\"article\" \/>\n<meta property=\"og:title\" content=\"Polityka prywatno\u015bci\" \/>\n<meta property=\"og:description\" content=\"Informacje og\u00f3lne \u201esprawny.marketing sp\u00f3\u0142ka z ograniczon\u0105 odpowiedzialno\u015bci\u0105\u201d gwarantuje bezpiecze\u0144stwo danych, w tym danych osobowych, u\u017cytkownik\u00f3w\" \/>\n<meta property=\"og:url\" content=\"https:\/\/sprawnymarketing.pl\/polityka-prywatnosci\/\" \/>\n<meta property=\"og:site_name\" content=\"sprawny.marketing \u2022 Szkolenia \u2022 Konferencje \u2022 Magazyn\" \/>\n<meta property=\"article:publisher\" content=\"https:\/\/www.facebook.com\/SprawnyMarketing\/\" \/>\n<meta property=\"article:modified_time\" content=\"2024-09-06T12:05:29+00:00\" \/>\n<meta property=\"og:image\" content=\"https:\/\/sprawnymarketing.pl\/wp-content\/uploads\/2018\/04\/unnamed-2.png\" \/>\n\t<meta property=\"og:image:width\" content=\"1200\" \/>\n\t<meta property=\"og:image:height\" content=\"675\" \/>\n\t<meta property=\"og:image:type\" content=\"image\/png\" \/>\n<meta name=\"twitter:card\" content=\"summary_large_image\" \/>\n<meta name=\"twitter:label1\" content=\"Szacowany czas czytania\" \/>\n\t<meta name=\"twitter:data1\" content=\"25 minut\" \/>\n\t<meta name=\"twitter:label2\" content=\"Written by\" \/>\n\t<meta name=\"twitter:data2\" content=\"Anna Ko\u0142odziej-Muszy\u0144ska\" \/>\n<!-- \/ Yoast SEO Premium plugin. -->","yoast_head_json":{"title":"Polityka Prywatno\u015bci i Cookies | sprawnymarketing.pl","description":"Informacje og\u00f3lne \u201esprawny.marketing sp\u00f3\u0142ka z ograniczon\u0105 odpowiedzialno\u015bci\u0105\u201d gwarantuje bezpiecze\u0144stwo danych, w tym danych osobowych, u\u017cytkownik\u00f3w","robots":{"index":"index","follow":"follow","max-snippet":"max-snippet:-1","max-image-preview":"max-image-preview:large","max-video-preview":"max-video-preview:-1"},"canonical":"https:\/\/sprawnymarketing.pl\/polityka-prywatnosci\/","og_locale":"pl_PL","og_type":"article","og_title":"Polityka prywatno\u015bci","og_description":"Informacje og\u00f3lne \u201esprawny.marketing sp\u00f3\u0142ka z ograniczon\u0105 odpowiedzialno\u015bci\u0105\u201d gwarantuje bezpiecze\u0144stwo danych, w tym danych osobowych, u\u017cytkownik\u00f3w","og_url":"https:\/\/sprawnymarketing.pl\/polityka-prywatnosci\/","og_site_name":"sprawny.marketing \u2022 Szkolenia \u2022 Konferencje \u2022 Magazyn","article_publisher":"https:\/\/www.facebook.com\/SprawnyMarketing\/","article_modified_time":"2024-09-06T12:05:29+00:00","og_image":[{"width":1200,"height":675,"url":"https:\/\/sprawnymarketing.pl\/wp-content\/uploads\/2018\/04\/unnamed-2.png","type":"image\/png"}],"twitter_card":"summary_large_image","twitter_misc":{"Szacowany czas czytania":"25 minut","Written by":"Anna Ko\u0142odziej-Muszy\u0144ska"},"schema":{"@context":"https:\/\/schema.org","@graph":[{"@type":"WebPage","@id":"https:\/\/sprawnymarketing.pl\/polityka-prywatnosci\/","url":"https:\/\/sprawnymarketing.pl\/polityka-prywatnosci\/","name":"Polityka Prywatno\u015bci i Cookies | sprawnymarketing.pl","isPartOf":{"@id":"https:\/\/sprawnymarketing.pl\/#website"},"datePublished":"2020-07-24T12:03:43+00:00","dateModified":"2024-09-06T12:05:29+00:00","description":"Informacje og\u00f3lne \u201esprawny.marketing sp\u00f3\u0142ka z ograniczon\u0105 odpowiedzialno\u015bci\u0105\u201d gwarantuje bezpiecze\u0144stwo danych, w tym danych osobowych, u\u017cytkownik\u00f3w","breadcrumb":{"@id":"https:\/\/sprawnymarketing.pl\/polityka-prywatnosci\/#breadcrumb"},"inLanguage":"pl-PL","potentialAction":[{"@type":"ReadAction","target":["https:\/\/sprawnymarketing.pl\/polityka-prywatnosci\/"]}]},{"@type":"BreadcrumbList","@id":"https:\/\/sprawnymarketing.pl\/polityka-prywatnosci\/#breadcrumb","itemListElement":[{"@type":"ListItem","position":1,"name":"Strona g\u0142\u00f3wna","item":"https:\/\/sprawnymarketing.pl\/"},{"@type":"ListItem","position":2,"name":"Polityka prywatno\u015bci"}]},{"@type":"WebSite","@id":"https:\/\/sprawnymarketing.pl\/#website","url":"https:\/\/sprawnymarketing.pl\/","name":"sprawny.marketing \u2022 Szkolenia \u2022 Konferencje \u2022 Magazyn","description":"","publisher":{"@id":"https:\/\/sprawnymarketing.pl\/#organization"},"potentialAction":[{"@type":"SearchAction","target":{"@type":"EntryPoint","urlTemplate":"https:\/\/sprawnymarketing.pl\/?s={search_term_string}"},"query-input":{"@type":"PropertyValueSpecification","valueRequired":true,"valueName":"search_term_string"}}],"inLanguage":"pl-PL"},{"@type":"Organization","@id":"https:\/\/sprawnymarketing.pl\/#organization","name":"sprawny.marketing \u2022 Szkolenia \u2022 Konferencje \u2022 Magazyn","url":"https:\/\/sprawnymarketing.pl\/","logo":{"@type":"ImageObject","inLanguage":"pl-PL","@id":"https:\/\/sprawnymarketing.pl\/#\/schema\/logo\/image\/","url":"https:\/\/sprawnymarketing.pl\/wp-content\/uploads\/2020\/07\/logo-3.png","contentUrl":"https:\/\/sprawnymarketing.pl\/wp-content\/uploads\/2020\/07\/logo-3.png","width":512,"height":106,"caption":"sprawny.marketing \u2022 Szkolenia \u2022 Konferencje \u2022 Magazyn"},"image":{"@id":"https:\/\/sprawnymarketing.pl\/#\/schema\/logo\/image\/"},"sameAs":["https:\/\/www.facebook.com\/SprawnyMarketing\/"]}]}},"_links":{"self":[{"href":"https:\/\/sprawnymarketing.pl\/smblog-api\/wp\/v2\/pages\/38831"}],"collection":[{"href":"https:\/\/sprawnymarketing.pl\/smblog-api\/wp\/v2\/pages"}],"about":[{"href":"https:\/\/sprawnymarketing.pl\/smblog-api\/wp\/v2\/types\/page"}],"author":[{"embeddable":true,"href":"https:\/\/sprawnymarketing.pl\/smblog-api\/wp\/v2\/users\/250"}],"replies":[{"embeddable":true,"href":"https:\/\/sprawnymarketing.pl\/smblog-api\/wp\/v2\/comments?post=38831"}],"version-history":[{"count":9,"href":"https:\/\/sprawnymarketing.pl\/smblog-api\/wp\/v2\/pages\/38831\/revisions"}],"predecessor-version":[{"id":48923,"href":"https:\/\/sprawnymarketing.pl\/smblog-api\/wp\/v2\/pages\/38831\/revisions\/48923"}],"wp:attachment":[{"href":"https:\/\/sprawnymarketing.pl\/smblog-api\/wp\/v2\/media?parent=38831"}],"wp:term":[{"taxonomy":"author","embeddable":true,"href":"https:\/\/sprawnymarketing.pl\/smblog-api\/wp\/v2\/coauthors?post=38831"}],"curies":[{"name":"wp","href":"https:\/\/api.w.org\/{rel}","templated":true}]}}