{"id":9198,"date":"2025-05-27T13:43:50","date_gmt":"2025-05-27T11:43:50","guid":{"rendered":"https:\/\/sprawnymarketing.pl\/konferencja\/?page_id=9198"},"modified":"2026-03-12T15:21:17","modified_gmt":"2026-03-12T14:21:17","slug":"agenci-ai","status":"publish","type":"page","link":"https:\/\/sprawnymarketing.pl\/konferencja\/agenci-ai\/","title":{"rendered":"I love Agenci AI- podstrona"},"content":{"rendered":"<style>\n\/* Floating Header *\/\n.floating-header {\n    position: fixed;\n    top: 0;\n    left: 0;\n    right: 0;\n    background-color: white;\n    box-shadow: 0 2px 5px rgba(0,0,0,0.1);\n    padding: 10px 20px;\n    display: flex;\n    justify-content: space-between;\n    align-items: center;\n    z-index: 9999;\n}\n\n.floating-header .logo {\n    height: 40px;\n    width: auto;\n}\n\t\n.logo-link {\n    display: inline-block;\n    line-height: 0;\n}\n\n.logo-link:hover .logo {\n    opacity: 0.8;\n    transition: opacity 0.3s ease;\n}\n\n\/* Smooth scroll *\/\nhtml {\n    scroll-behavior: smooth;\n}\n\n\/* Button styles *\/\n.rocketjobs-buy-button-top {\n    background-color: #fff000;\n    color: #000;\n    padding: 8px 16px;\n    text-decoration: none;\n    border-radius: 0px;\n    font-weight: bold;\n    transition: all 0.3s ease;\n}\n\n.rocketjobs-buy-button-top:hover {\n    text-decoration: none;\n    color: #000;\n}\n\n\/* Header styles *\/\n.full-width-header {\n    width: 100%;\n    position: relative;\n    background-size: cover;\n    background-position: center;\n    background-repeat: no-repeat;\n    overflow: hidden;\n    margin-top: 0px;\n}\n\n.header-content {\n    min-height: 400px;\n    display: flex;\n    flex-direction: column;\n    align-items: center;\n    justify-content: center;\n    text-align: center;\n    padding: 60px 15px;\n    position: relative;\n    z-index: 2;\n}\n\n.header-logo, .grafika-gorna, .grafika-dolna {\n    max-width: 450px;\n    height: auto;\n    margin-bottom: 20px;\n    max-height: 100px;\n}\n\n.header-title {\n    margin-top: 20px;\n    font-size: 3rem;\n}\n\n.title-highlight {\n    background-color: #fff000;\n    padding: 0 8px;\n}\n\n.header-date {\n    display: block;\n    font-size: 3rem;\n    color: white;\n}\n\n.full-width {\n    width: 100vw;\n    position: relative;\n    background-size: cover;\n    background-position: center;\n    margin: 0;\n    padding: 0;\n    left: 50%;\n    right: 50%;\n    height: 435px;\n}\n\n\/* Hide default navbar *\/\n.navbar {\n    display: none !important;\n}\n\n.button-form {\n    display: none !important;\n}\n\n\/* Desktop styles *\/\n@media (min-width: 992px) {\n    .floating-header {\n        padding-left: 10%;\n        padding-right: 10%;\n    }\n    \n    .floating-header .logo-container {\n        margin-left: 20px;\n    }\n    \n    .floating-header .button-container {\n        margin-right: 20px;\n    }\n    \n    .full-width {\n        margin-top: -100px;\n    }\n    \n    .full-width-header {\n        padding-top: 80px;\n    }\n}\n\n\/* Mobile and tablet styles *\/\n@media (max-width: 991px) {\n    \/* Hide navigation menu on mobile *\/\n    .navbar__list,\n    .floating-menu,\n    .floating-header .floating-menu,\n    .floating-header .navbar__list {\n        display: none !important;\n    }\n    \n    \/* Adjust header spacing for mobile *\/\n    .full-width {\n        margin-top: 0px !important;\n    }\n    \n    .full-width-header {\n        padding-top: 60px; \/* Adjust based on actual floating-header height *\/\n    }\n}\n\n\/* Small mobile devices *\/\n@media (max-width: 767px) {\n    .floating-header {\n        padding: 8px 15px;\n    }\n    \n    .floating-header .logo {\n        height: 35px;\n    }\n    \n    .rocketjobs-buy-button-top {\n        padding: 6px 12px;\n        font-size: 14px;\n    }\n    \n    .header-title {\n        font-size: 2.5rem;\n    }\n    \n    .header-date {\n        font-size: 2.5rem;\n    }\n}\n<\/style>\n\n<div class=\"floating-header\">\n    <div class=\"logo-container\">\n        \t\t<a href=\"https:\/\/sprawnymarketing.pl\/konferencja\/smilovemkt-api\/wp\/v2\/pages\/9198\" class=\"logo-link\">\n            <img decoding=\"async\" src=\"https:\/\/sprawnymarketing.pl\/konferencja\/wp-content\/uploads\/2025\/04\/I-love-agenci-AI.png\" alt=\"Logo\" class=\"logo\">\n\t\t<\/a>\n            <\/div>\n    \n    <!-- Menu nawigacyjne z ACF -->\n            <nav class=\"floating-menu\">\n            <ul class=\"navbar__list d-flex\">\n                                                                                <li class=\"navbar__list-item\">\n                            <a class=\"navbar__list-link\" \n                               href=\"#agenda\"\n                               data-target=\"#agenda\">\n                                Agenda                            <\/a>\n                        <\/li>\n                                                                                                    <li class=\"navbar__list-item\">\n                            <a class=\"navbar__list-link\" \n                               href=\"#gridalyTickets\"\n                               data-target=\"#gridalyTickets\">\n                                Formularz                            <\/a>\n                        <\/li>\n                                                <\/ul>\n        <\/nav>\n        \n    <div class=\"button-container\">\n\t\t\t\t\t<a href=\"https:\/\/sprawnymarketing.pl\/konferencja\/agenci-ai#gridalyTickets\" class=\"rocketjobs-buy-button-top mt-2\">\n\t\t\t\tKup bilet &gt;&gt;\t\t\t<\/a>\n\t\t\t<\/div>\n<\/div>\n\n<header id=\"header-imgblock_3f8de5b4411d897c076ee6a4d2d2326e\" class=\"header-conf-img full-width full-width-header\"\n     \n    style=\"background-image: url('https:\/\/sprawnymarketing.pl\/konferencja\/wp-content\/uploads\/2025\/05\/Mask-Group-7.png');\" \n    >\n    \n    <div class=\"container header-content\">\n                    <h1 class=\"header-title\">\n                <span class=\"title-highlight\">Konferencja o Agentach AI<\/span>\n            <\/h1>\n                            <img decoding=\"async\" src=\"https:\/\/sprawnymarketing.pl\/konferencja\/wp-content\/uploads\/2025\/05\/PRO-agenci-AI_biale-2.png\" alt=\"\" class=\"header-logo\">\n                                            <time class=\"header-date\">\u015broda &#8211; 22.04.2026 | Warszawa, Multikino Z\u0142ote Tarasy <\/time>\n            <\/div>\n<\/header>\n\n<script>\ndocument.addEventListener('DOMContentLoaded', function() {\n    \/\/ Dynamic header padding adjustment for mobile\n    function adjustHeaderPadding() {\n        if (window.innerWidth <= 991) {\n            const floatingHeader = document.querySelector('.floating-header');\n            const mainHeader = document.querySelector('.full-width-header');\n            \n            if (floatingHeader &#038;&#038; mainHeader) {\n                const floatingHeaderHeight = floatingHeader.offsetHeight;\n                mainHeader.style.paddingTop = floatingHeaderHeight + 'px';\n            }\n        }\n    }\n    \n    \/\/ Call on load and resize\n    adjustHeaderPadding();\n    window.addEventListener('resize', adjustHeaderPadding);\n    \n    \/\/ Menu navigation handling\n    const menuLinks = document.querySelectorAll('.navbar__list-link');\n    \n    menuLinks.forEach(link => {\n        link.addEventListener('click', function(e) {\n            const href = this.getAttribute('href');\n            \n            \/\/ Check if it's an internal link (starts with #)\n            if (href && href.startsWith('#')) {\n                e.preventDefault();\n                \n                \/\/ Remove active class from all links\n                menuLinks.forEach(l => l.classList.remove('navbar__list-link--active'));\n                \n                \/\/ Add active class to clicked link\n                this.classList.add('navbar__list-link--active');\n                \n                \/\/ Find target element\n                const targetElement = document.querySelector(href);\n                \n                if (targetElement) {\n                    \/\/ Smooth scroll to element accounting for floating header height\n                    const headerHeight = document.querySelector('.floating-header').offsetHeight;\n                    const targetPosition = targetElement.offsetTop - headerHeight - 20; \/\/ 20px additional margin\n                    \n                    window.scrollTo({\n                        top: targetPosition,\n                        behavior: 'smooth'\n                    });\n                }\n            } else {\n                \/\/ For external links, remove active class from all\n                menuLinks.forEach(l => l.classList.remove('navbar__list-link--active'));\n                \/\/ Add active class to clicked link\n                this.classList.add('navbar__list-link--active');\n            }\n        });\n    });\n    \n    \/\/ Optional: Automatic active section highlighting during scroll\n    const sections = document.querySelectorAll('[id]');\n    \n    window.addEventListener('scroll', function() {\n        const headerHeight = document.querySelector('.floating-header').offsetHeight;\n        let current = '';\n        \n        sections.forEach(section => {\n            const sectionTop = section.offsetTop - headerHeight - 50;\n            const sectionHeight = section.offsetHeight;\n            \n            if (window.pageYOffset >= sectionTop && window.pageYOffset < sectionTop + sectionHeight) {\n                current = section.getAttribute('id');\n            }\n        });\n        \n        \/\/ Update active menu only if a corresponding section is found\n        if (current) {\n            menuLinks.forEach(link => {\n                link.classList.remove('navbar__list-link--active');\n                if (link.getAttribute('href') === '#' + current) {\n                    link.classList.add('navbar__list-link--active');\n                }\n            });\n        }\n    });\n});\n<\/script><script>var countdownDates = {\"date1\":\"Dec 12, 2025 23:59:00\",\"date2\":\"Jan 30, 2026 23:59:00\",\"date3\":\"Feb 27, 2026 23:59:00\",\"date4\":\"Mar 31, 2026 23:59:00\",\"date5\":\"Apr 21, 2026 10:00:00\",\"date6\":\"Apr 21, 2026 10:00:00\"};<\/script><script>var currentDate1 = {\"date\":\"2026-05-03 16:02:17.905015\",\"timezone_type\":3,\"timezone\":\"UTC\"};<\/script>\n<section id=\"coutdown-block_aae1070e0b230268c394539925e35215\" class=\"coutdown mx-auto text-center\" >\n\t<p class=\"coutdown__title ff-lato bg-primary\">CENY WZROSN\u0104 ZA:<\/p>\n\t<div class=\"coutdown__timer d-flex justify-content-between\">\n\t\t<div class=\"position-relative coutdown__timer-wrap days\">\n\t\t\t<canvas id=\"days-canvas\" width=\"200\" height=\"200\"><\/canvas>\n\t\t\t<svg class=\"coutdown__timer-svg\" width=\"200\" height=\"200\">\n\t\t\t\t<circle id=\"outer\" cx=\"100\" cy=\"100\" r=\"90\" fill=\"transparent\" stroke-width=\"8\" stroke=\"#000000\" opacity=\"0.1\" \/>\n\t\t\t<\/svg>\n\t\t\t\t\t\t\t<div class=\"coutdown__timer-label\">\n\t\t\t\t\t<span class=\"coutdown__timer-value\" id=\"days-value\"><\/span>\n\t\t\t\t\t<span class=\"coutdown__timer-text text-uppercase\">dni<\/span>\n\t\t\t\t<\/div>\n\t\t\t\t\t<\/div>\n\t\t<div class=\"position-relative coutdown__timer-wrap hours\">\n\t\t\t<canvas id=\"hours-canvas\" width=\"200\" height=\"200\"><\/canvas>\n\t\t\t<svg class=\"coutdown__timer-svg\" width=\"200\" height=\"200\">\n\t\t\t\t<circle id=\"outer\" cx=\"100\" cy=\"100\" r=\"90\" fill=\"transparent\" stroke-width=\"8\" stroke=\"#000000\" opacity=\"0.1\" \/>\n\t\t\t<\/svg>\n\t\t\t\t\t\t\t\t<div class=\"coutdown__timer-label\">\n\t\t\t\t<span class=\"coutdown__timer-value\" id=\"hours-value\"><\/span>\n\t\t\t\t<span class=\"coutdown__timer-text text-uppercase\">godzin<\/span>\n\t\t\t<\/div>\n\t\t\t\t\t\t\n\t\t<\/div>\n\t\t<div class=\"position-relative coutdown__timer-wrap minutes\">\n\t\t\t<canvas id=\"minutes-canvas\" width=\"200\" height=\"200\"><\/canvas>\n\t\t\t<svg class=\"coutdown__timer-svg\" width=\"200\" height=\"200\">\n\t\t\t\t<circle id=\"outer\" cx=\"100\" cy=\"100\" r=\"90\" fill=\"transparent\" stroke-width=\"8\" stroke=\"#000000\" opacity=\"0.1\" \/>\n\t\t\t<\/svg>\n\t\t\t\t\t\t\t\t\t\t<div class=\"coutdown__timer-label\">\n\t\t\t\t<span class=\"coutdown__timer-value\" id=\"minutes-value\"><\/span>\n\t\t\t\t<span class=\"coutdown__timer-text text-uppercase\">minut<\/span>\n\t\t\t<\/div>\n\t\t\t\t\t<\/div>\n\t\t<div class=\"position-relative coutdown__timer-wrap seconds\">\n\t\t\t<canvas id=\"seconds-canvas\" width=\"200\" height=\"200\"><\/canvas>\n\t\t\t<svg class=\"coutdown__timer-svg\" width=\"200\" height=\"200\">\n\t\t\t\t<circle id=\"outer\" cx=\"100\" cy=\"100\" r=\"90\" fill=\"transparent\" stroke-width=\"8\" stroke=\"#000000\" opacity=\"0.1\" \/>\n\t\t\t<\/svg>\n\t\t\t\t\t\t<div class=\"coutdown__timer-label\">\n\t\t\t\t<span class=\"coutdown__timer-value\" id=\"seconds-value\"><\/span>\n\t\t\t\t<span class=\"coutdown__timer-text text-uppercase\">sekund<\/span>\n\t\t\t<\/div>\n\t\t\t\t\t<\/div>\n\t<\/div>\n\t<p class=\"coutdown__text ff-lato\"><\/p>\n\t<a class=\"coutdown__title black ff-lato coutdown__btn\" href=\"https:\/\/sprawnymarketing.pl\/konferencja\/agenci-ai\/#gridalyTickets\">Kup bilety >><\/a>\n<\/section><h2 class=\"wp-block-heading has-text-align-center\">Konferencja <span style=\"background-color:#FFFF00\">I \u2764\ufe0f PRO: Agenci AI<\/span><\/h2><div class=\"wp-bootstrap-blocks-row row\">\n\t\n<div class=\"col-12 col-xl-10 mx-auto px-3 px-lg-0\">\n\t\t\t\n<p>Zapraszamy na pierwsze w Polsce wydarzenie w ca\u0142o\u015bci po\u015bwi\u0119cone agentom AI &#8211; inteligentnym asystentom, kt\u00f3rzy potrafi\u0105 samodzielnie planowa\u0107, dzia\u0142a\u0107 i wspiera\u0107 zespo\u0142y w codziennej pracy [Warszawa, 22.04.2026].<\/p>\n\n<p>Podczas I \u2764\ufe0f PRO: Agenci AI spotkasz praktyk\u00f3w, w\u0142a\u015bcicieli firm, ekspert\u00f3w od automatyzacji i tw\u00f3rc\u00f3w rozwi\u0105za\u0144, kt\u00f3re ju\u017c dzi\u015b zmieniaj\u0105 spos\u00f3b dzia\u0142ania firm na ca\u0142ym \u015bwiecie.<\/p>\n\n<p>To wydarzenie dla tych, kt\u00f3rzy chc\u0105 robi\u0107 wi\u0119cej &#8211; szybciej, precyzyjniej i m\u0105drzej &#8211; dzi\u0119ki realnym zastosowaniom sztucznej inteligencji.<\/p>\n\n<h2 class=\"wp-block-heading\">Czym s\u0105 agenci AI \u2013 i dlaczego robi si\u0119 o nich tak g\u0142o\u015bno?<\/h2>\n\n<p>Agenci AI (czyli AI agents) to <strong>nowa generacja sztucznej inteligencji, kt\u00f3ra nie tylko odpowiada na pytania, ale dzia\u0142a samodzielnie, wykonuj\u0105c konkretne zadania<\/strong> \u2013 od planowania i analiz, po obs\u0142ug\u0119 klient\u00f3w, pisanie tre\u015bci, zarz\u0105dzanie danymi czy integracj\u0119 system\u00f3w.<\/p>\n\n<p>To jak mie\u0107 inteligentnego, wirtualnego asystenta, kt\u00f3ry rozumie Tw\u00f3j cel, planuje kroki i samodzielnie je realizuje &#8211; 24\/7, bez przerwy.<\/p>\n\n<p>Dzi\u0119ki agentom AI <strong>automatyzujesz z\u0142o\u017cone procesy (np. marketingowe, sprzeda\u017cowe, HR), oszcz\u0119dzasz czas i zasoby ludzkie, zwi\u0119kszasz precyzj\u0119 i efektywno\u015b\u0107 dzia\u0142a\u0144<\/strong>.<\/p>\n\n<h2 class=\"wp-block-heading\">Przesta\u0144 tylko s\u0142ucha\u0107 o AI<\/h2>\n\n<p>To b\u0119dzie dzie\u0144 pe\u0142en praktycznych inspiracji, live-demo narz\u0119dzi i rozm\u00f3w z tymi, kt\u00f3rzy wiedz\u0105, jak wdro\u017cy\u0107 AI z efektem biznesowym, a nie tylko PR-owym.<\/p>\n\n<p><strong>Do\u0142\u0105cz do nas i odkryj, jak agent AI mo\u017ce pracowa\u0107 dla Ciebie.<\/strong><\/p>\n\n<h2 class=\"wp-block-heading\"><strong>Jakie tematy b\u0119d\u0105 poruszane na konferencji?<\/strong><\/h2>\n\n<p>Podczas konferencji dowiesz si\u0119 m.in.:<\/p>\n\n<ul class=\"wp-block-list\"><li>Jak w\u0142asny agent AI mo\u017ce zwi\u0119kszy\u0107 efektywno\u015b\u0107 Twojego zespo\u0142u,<\/li>\n\n<li>Jakie narz\u0119dzia i platformy najlepiej sprawdzaj\u0105 si\u0119 w budowie dedykowanych asystent\u00f3w,<\/li>\n\n<li>Jak wdro\u017cenia agent\u00f3w AI przek\u0142adaj\u0105 si\u0119 na realne wyniki biznesowe \u2013 wzrost sprzeda\u017cy, popraw\u0119 konwersji, obni\u017cenie koszt\u00f3w,<\/li>\n\n<li>Jak unika\u0107 b\u0142\u0119d\u00f3w przy projektowaniu w\u0142asnego AI do firmy.<\/li><\/ul>\n\t<\/div>\n<\/div><h2 class=\"wp-block-heading has-text-align-center\" id=\"agenda\"><\/h2><style>\n.event-group {\n  position: relative;\n}\n\n.event-label-above {\n  position: absolute;\n  top: 0;\n  left: 50%;\n  transform: translateX(-50%) translateY(-50%);\n  background-color: #ee312f;\n  border: 1px solid #ee312f;\n  color: white;\n  padding: 0px 12px;\n  font-size: 10px;\n  font-weight: bold;\n  text-transform: uppercase;\n  white-space: nowrap;\n  z-index: 10;\n  letter-spacing: 1px;\n}\n\t\n\/*\n.custom-rectangle-konferencja {\n  position: absolute;\n  width: 65vw;\n  height: 45vh;\n  background-color: #FFC1C1;\n  margin-top: -80px;\n  margin-left: -1vw;\n  z-index: -1;\n}\n\n.custom-rectangle-expo {\n  position: absolute;\n  width: 65vw;\n  height: 25vh;\n  background-color: #E5E5E5;\n  margin-top: -80px;\n  margin-left: -1vw;\n  z-index: -1;\n}\n\n.custom-rectangle-szkolenia {\n  position: absolute;\n  width: 402px;\n  height: 34vh;\n  background-color: #FFFCD5;\n  margin-top: -80px;\n  margin-left: -1vw;\n  z-index: -1;\n}\n*\/\n<\/style>\n\n<script>\ndocument.addEventListener(\"DOMContentLoaded\", function() {\n  \/\/ --- PROSTOK\u0104TY (bez zmian funkcjonalnych) ---\n  const rectConfigs = [\n    { selector: 'a[data-id=\"1-0\"]', className: 'custom-rectangle-konferencja' },\n    { selector: 'a[data-id=\"0-0\"]', className: 'custom-rectangle-szkolenia' },\n    { selector: 'a[data-id=\"1-4\"]', className: 'custom-rectangle-expo' }\n  ];\n\n  rectConfigs.forEach(cfg => {\n    const link = document.querySelector(cfg.selector);\n    if (link) {\n      const rect = document.createElement(\"div\");\n      rect.className = cfg.className;\n      link.insertAdjacentElement(\"afterend\", rect);\n    }\n  });\n\n  \/\/ --- KLIK W AGENDZIE: tylko dla wewn\u0119trznych kotwic w sekcji .agenda ---\n  const agenda = document.querySelector('section.agenda');\n  if (agenda) {\n    const eventLinks = agenda.querySelectorAll('a.event-link[href^=\"#\"]');\n    eventLinks.forEach(link => {\n      link.addEventListener('click', function (e) {\n        const href = this.getAttribute('href') || '';\n        if (!href.startsWith('#')) return; \/\/ bezpiecze\u0144stwo\n\n        const targetId = href.slice(1);\n        const targetElement = document.getElementById(targetId);\n\n        if (targetElement) {\n          e.preventDefault();\n\n          \/\/ Zdejmij klasy aktywne\n          agenda.querySelectorAll('.event-link').forEach(el => el.classList.remove('show', 'active'));\n          agenda.querySelectorAll('.days-content').forEach(el => el.classList.remove('show', 'active'));\n\n          \/\/ Ustaw aktywne\n          this.classList.add('show', 'active');\n          targetElement.classList.add('show', 'active');\n\n          \/\/ Scroll\n          targetElement.scrollIntoView({ behavior: 'smooth', block: 'start' });\n          \/\/ (opcjonalnie offset dla sticky headera)\n          \/\/ setTimeout(() => window.scrollBy(0, -100), 300);\n\n          \/\/ Aktualizuj hash bez prze\u0142adowania\n          history.replaceState(null, '', '#' + targetId);\n        }\n        \/\/ je\u015bli targetu nie ma \u2013 pozw\u00f3l przegl\u0105darce zrobi\u0107 domy\u015blne (hash w URL)\n      }, { passive: false });\n    });\n  }\n\n  \/\/ --- NAWIGACJA U G\u00d3RY: p\u0142ynny scroll TYLKO dla hash-y; zewn\u0119trzne linki bez zmian ---\n  document.querySelectorAll('.navbar__list-link[href^=\"#\"]').forEach(link => {\n    link.addEventListener('click', function (e) {\n      const id = this.getAttribute('href').slice(1);\n      const el = document.getElementById(id);\n      if (el) {\n        e.preventDefault();\n        el.scrollIntoView({ behavior: 'smooth', block: 'start' });\n        history.replaceState(null, '', '#' + id);\n      }\n      \/\/ je\u015bli elementu brak, przegl\u0105darka zostawi # w URL; NIE blokujemy\n    }, { passive: false });\n  });\n});\n<\/script>\n\n\n<section id=\"agenda-block_7cf59b655cfd9ee210248f893581751e\" class=\"agenda\">\n  <nav class=\"container px-0 container--agenda-nav\">\n    <div class=\"conference-logo-above-nav\">\n          <\/div>\n    <div class=\"text-center justify-content-center\">\n      <div class=\"swiper swiper-agenda\">\n                  <div class=\"swiper-wrapper fullw\">\n                                                        <div class=\"col-lg day swiper-slide\">\n                  <div class=\"event-data-group\">\n                    <p class=\"event-day-name\"><\/p>\n                    <p class=\"event-day-data\"><\/p>\n                  <\/div>\n                                                                                                          <div class=\"event-group\">\n                                                    <a href=\"#0-0\" class=\"event-link day-tab dzien day-tab-0-0 show active\" data-id=\"0-0\">\n                            <img decoding=\"async\" src=\"https:\/\/sprawnymarketing.pl\/konferencja\/wp-content\/uploads\/2025\/04\/I-love-agenci-AI.png\" alt=\"\" class=\"no-lazy-load\" \/>\n                          <\/a>\n                        <\/div>\n                                                                            <\/div>\n                                    <\/div>\n          <!-- ZMIENIONE: Warunkowo wy\u015bwietl przyciski dla pierwszej konferencji -->\n                        <\/div>\n    <\/div>\n  <\/nav>\n                                                            <div id=\"0-0\" class=\"days-content fade day-content day-content-0-0  dni  show active\" data-id=\"0-0\">\n  <div class=\"day-description\">\n<p><b>O \u015bcie\u017cce PRO: agenci AI<\/b><\/p>\n<p><b>Dla tych, kt\u00f3rzy wiedz\u0105, \u017ce AI to nie gad\u017cet, tylko nowy wsp\u00f3\u0142pracownik.<\/b><\/p>\n<p><span style=\"font-weight: 400;\">\u015acie\u017cka <\/span><b>PRO: agenci AI<\/b><span style=\"font-weight: 400;\"> to miejsce, gdzie marketing spotyka si\u0119 z automatyzacj\u0105 opart\u0105 o sztuczn\u0105 inteligencj\u0119.<\/span><span style=\"font-weight: 400;\"><br \/>\n<\/span><span style=\"font-weight: 400;\">Poka\u017cemy, jak tworzy\u0107 i wykorzystywa\u0107 <\/span><b>AI agent\u00f3w<\/b><span style=\"font-weight: 400;\"> do obs\u0142ugi kampanii, analizy danych, tworzenia tre\u015bci i personalizacji komunikacji w czasie rzeczywistym.<\/span><\/p>\n<p><span style=\"font-weight: 400;\">Dowiesz si\u0119, jak zintegrowa\u0107 AI z procesami zespo\u0142u marketingowego, jak szkoli\u0107 modele pod w\u0142asne dane i jak zbudowa\u0107 agent\u00f3w, kt\u00f3rzy naprawd\u0119 odci\u0105\u017caj\u0105 ludzi \u2014 zamiast tworzy\u0107 wi\u0119cej chaosu.<\/span><b><\/b><\/p>\n<p><span style=\"font-weight: 400;\">Je\u015bli chcesz, by AI naprawd\u0119 pracowa\u0142o dla Ciebie \u2014 a nie tylko generowa\u0142o \u0142adne slajdy \u2014 ta \u015bcie\u017cka poka\u017ce Ci, <\/span><b>jak to zrobi\u0107 dobrze.<\/b><\/p>\n<p><b>Na scenie 6 specjalist\u00f3w, kt\u00f3rzy <\/b><span style=\"font-weight: 400;\">w <\/span><b>40 minut poka\u017c\u0105 Ci <\/b><span style=\"font-weight: 400;\">wi\u0119cej konkretnych przyk\u0142ad\u00f3w, narz\u0119dzi i wdro\u017ce\u0144.<\/span><\/p>\n<p class=\"text-center agenda__title\"><strong>Prelegenci I \u2764\ufe0f PRO agenci AI<\/strong><\/p>\n  <\/div>\n                    <div class=\"container px-0 text-center\" id=\"accordion-agenda-0-\">\n                    \t\t\t\t\t\t\n                <div class=\"row row--full row--full-md-none agenda__border \">\n                    <div class=\"col-12\" id=\"heading-lecturer-ilovemkt-12412\">\n                            <div class=\"agenda__collapse-heading collapsed row align-items-center collapsed\" data-toggle=\"collapse\" data-target=\"#collapse-lecturer-ilovemkt-12412\" aria-expanded=\"false\" aria-controls=\"collapse-lecturer-ilovemkt-12412\">\n                            <div class=\"px-0 col-4\">\n                                                                    <img loading=\"lazy\" decoding=\"async\" width=\"150\" height=\"150\" src=\"https:\/\/sprawnymarketing.pl\/konferencja\/wp-content\/uploads\/2025\/09\/networking-3-150x150.png\" class=\"agenda__thumb wp-post-image\" alt=\"\" srcset=\"https:\/\/sprawnymarketing.pl\/konferencja\/wp-content\/uploads\/2025\/09\/networking-3-150x150.png 150w, https:\/\/sprawnymarketing.pl\/konferencja\/wp-content\/uploads\/2025\/09\/networking-3-300x300.png 300w, https:\/\/sprawnymarketing.pl\/konferencja\/wp-content\/uploads\/2025\/09\/networking-3-100x100.png 100w, https:\/\/sprawnymarketing.pl\/konferencja\/wp-content\/uploads\/2025\/09\/networking-3.png 500w\" sizes=\"auto, (max-width: 150px) 100vw, 150px\" \/>                                                                \n                                                                                                                            <\/div>\n                            <div class=\"col-8 col-lg-6 agenda-details agenda-details--no-arrow\">\n\n                                                                                                                                                                                <time class=\"agenda__time\" datetime=\"2026-04-22 09:00\">\n                                        09:00                                         &#8211;                                         11:00                                    <\/time>\n                                                                \n                                <p class=\"agenda__accordion-title black\">Rejestracja uczestnik\u00f3w<\/p>\n                  \n                                <div class=\"agenda__accordion-topic\"><\/div>\n\n                                <div class=\"agenda-achievements\">\n                                                                                                                                                                                <\/div>\n\n                            <\/div>\n                        <\/div>\n                    <\/div>\n                    <div id=\"collapse-lecturer-ilovemkt-12412\" class=\"collapse agenda__collapse-padding col-12 \" aria-labelledby=\"heading-lecturer-ilovemkt-12412\" data-parent=\"#accordion-agenda-0-\">\n                        <div class=\"agenda__collapse-content\">\n                                                                                <\/div>\n                    <\/div>\n                <\/div>\n                \n                \n                    \t\t\t\t\t\t\n                <div class=\"row row--full row--full-md-none agenda__border \">\n                    <div class=\"col-12\" id=\"heading-lecturer-ilovemkt-12405\">\n                            <div class=\"agenda__collapse-heading collapsed row align-items-center collapsed\" data-toggle=\"collapse\" data-target=\"#collapse-lecturer-ilovemkt-12405\" aria-expanded=\"false\" aria-controls=\"collapse-lecturer-ilovemkt-12405\">\n                            <div class=\"px-0 col-4\">\n                                                                    <img loading=\"lazy\" decoding=\"async\" width=\"150\" height=\"150\" src=\"https:\/\/sprawnymarketing.pl\/konferencja\/wp-content\/uploads\/2025\/06\/piotr-szkoda-150x150.png\" class=\"agenda__thumb wp-post-image\" alt=\"\" srcset=\"https:\/\/sprawnymarketing.pl\/konferencja\/wp-content\/uploads\/2025\/06\/piotr-szkoda-150x150.png 150w, https:\/\/sprawnymarketing.pl\/konferencja\/wp-content\/uploads\/2025\/06\/piotr-szkoda-300x300.png 300w, https:\/\/sprawnymarketing.pl\/konferencja\/wp-content\/uploads\/2025\/06\/piotr-szkoda-768x768.png 768w, https:\/\/sprawnymarketing.pl\/konferencja\/wp-content\/uploads\/2025\/06\/piotr-szkoda-600x600.png 600w, https:\/\/sprawnymarketing.pl\/konferencja\/wp-content\/uploads\/2025\/06\/piotr-szkoda-100x100.png 100w, https:\/\/sprawnymarketing.pl\/konferencja\/wp-content\/uploads\/2025\/06\/piotr-szkoda.png 940w\" sizes=\"auto, (max-width: 150px) 100vw, 150px\" \/>                                                                \n                                                                    <p class=\"mt-1 mb-0 agenda__position\">Konferansjer<\/p>\n                                                                                                                            <\/div>\n                            <div class=\"col-8 col-lg-6 agenda-details agenda-details--no-arrow\">\n\n                                                                                                                                                                                <time class=\"agenda__time\" datetime=\"2026-04-22 11:00\">\n                                        11:00                                         &#8211;                                         11:10                                    <\/time>\n                                                                \n                                <p class=\"agenda__accordion-title black\">Piotr Szkoda<\/p>\n                  \n                                <div class=\"agenda__accordion-topic\"><p>Rozpocz\u0119cie konferencji<\/p>\n<\/div>\n\n                                <div class=\"agenda-achievements\">\n                                                                                                                                                                                <\/div>\n\n                            <\/div>\n                        <\/div>\n                    <\/div>\n                    <div id=\"collapse-lecturer-ilovemkt-12405\" class=\"collapse agenda__collapse-padding col-12 \" aria-labelledby=\"heading-lecturer-ilovemkt-12405\" data-parent=\"#accordion-agenda-0-\">\n                        <div class=\"agenda__collapse-content\">\n                                                                                <\/div>\n                    <\/div>\n                <\/div>\n                \n                \n                    \t\t\t\t\t\t\n                <div class=\"row row--full row--full-md-none agenda__border \">\n                    <div class=\"col-12\" id=\"heading-lecturer-ilovemkt-9789\">\n                            <div class=\"agenda__collapse-heading collapsed row align-items-center collapsed\" data-toggle=\"collapse\" data-target=\"#collapse-lecturer-ilovemkt-9789\" aria-expanded=\"false\" aria-controls=\"collapse-lecturer-ilovemkt-9789\">\n                            <div class=\"px-0 col-4\">\n                                                                    <img loading=\"lazy\" decoding=\"async\" width=\"150\" height=\"150\" src=\"https:\/\/sprawnymarketing.pl\/konferencja\/wp-content\/uploads\/2025\/07\/08_dawid_adach-150x150.png\" class=\"agenda__thumb wp-post-image\" alt=\"\" srcset=\"https:\/\/sprawnymarketing.pl\/konferencja\/wp-content\/uploads\/2025\/07\/08_dawid_adach-150x150.png 150w, https:\/\/sprawnymarketing.pl\/konferencja\/wp-content\/uploads\/2025\/07\/08_dawid_adach-300x300.png 300w, https:\/\/sprawnymarketing.pl\/konferencja\/wp-content\/uploads\/2025\/07\/08_dawid_adach-1024x1024.png 1024w, https:\/\/sprawnymarketing.pl\/konferencja\/wp-content\/uploads\/2025\/07\/08_dawid_adach-768x768.png 768w, https:\/\/sprawnymarketing.pl\/konferencja\/wp-content\/uploads\/2025\/07\/08_dawid_adach-1536x1536.png 1536w, https:\/\/sprawnymarketing.pl\/konferencja\/wp-content\/uploads\/2025\/07\/08_dawid_adach-600x600.png 600w, https:\/\/sprawnymarketing.pl\/konferencja\/wp-content\/uploads\/2025\/07\/08_dawid_adach-100x100.png 100w, https:\/\/sprawnymarketing.pl\/konferencja\/wp-content\/uploads\/2025\/07\/08_dawid_adach.png 1800w\" sizes=\"auto, (max-width: 150px) 100vw, 150px\" \/>                                                                \n                                                                    <p class=\"mt-1 mb-0 agenda__position\">Co-founder<\/p>\n                                                                                                    <p class=\"agenda__company\">MDBOOTSTRAP<\/p>\n                                                                                            <\/div>\n                            <div class=\"col-8 col-lg-6 agenda-details \">\n\n                                                                                                                                                                                <time class=\"agenda__time\" datetime=\"2026-04-22 11:10\">\n                                        11:10                                         &#8211;                                         11:50                                    <\/time>\n                                                                \n                                <p class=\"agenda__accordion-title black\">Dawid Adach<\/p>\n                  \n                                <div class=\"agenda__accordion-topic\"><p>Agenci AI rok p\u00f3\u017aniej: symbioza, wsp\u00f3\u0142praca czy konkurencja?<\/p>\n<\/div>\n\n                                <div class=\"agenda-achievements\">\n                                                                                                                                                                                <\/div>\n\n                            <\/div>\n                        <\/div>\n                    <\/div>\n                    <div id=\"collapse-lecturer-ilovemkt-9789\" class=\"collapse agenda__collapse-padding col-12 \" aria-labelledby=\"heading-lecturer-ilovemkt-9789\" data-parent=\"#accordion-agenda-0-\">\n                        <div class=\"agenda__collapse-content\">\n                                                                                        <p class=\"mt-4 mb-4 bold\">O prelegencie<\/p>\n                                <p><p>Dawid Adach to seryjny przedsi\u0119biorca, inwestor i ekspert w dziedzinie sztucznej inteligencji oraz nowych technologii. Jest wsp\u00f3\u0142tw\u00f3rc\u0105 takich firm jak MDBootstrap, CogniVis.ai i HydroCrops.farm, z kt\u00f3rych rozwi\u0105za\u0144 korzysta ponad 3 miliony u\u017cytkownik\u00f3w na ca\u0142ym \u015bwiecie \u2013 w tym tak presti\u017cowe instytucje i marki jak NASA, Amazon, Airbus, Nike, Apple czy Samsung.<\/p>\n<p>&nbsp;<\/p>\n<p>Laureat listy \u201eForbes 30 Under 30\u201d, posiada ponad pi\u0119\u0107 lat do\u015bwiadczenia w pracy dla globalnych korporacji, takich jak Accenture, ING, Nationale-Nederlanden czy T-Mobile, w tym cztery lata sp\u0119dzi\u0142 na projektach zagranicznych w Indiach, Holandii, Niemczech, Belgii i Francji. Obecnie zarz\u0105dza trzema sp\u00f3\u0142kami dzia\u0142aj\u0105cymi w obszarach oprogramowania, sztucznej inteligencji oraz hydroponiki i upraw wertykalnych, a tak\u017ce zasiada w radach nadzorczych kilku przedsi\u0119biorstw.<\/p>\n<p>&nbsp;<\/p>\n<p>Jako prelegent i autor podcastu zAInspirowani.ai regularnie dzieli si\u0119 wiedz\u0105 na temat cyfrowej transformacji, praktycznych zastosowa\u0144 AI i przysz\u0142o\u015bci technologii.<\/p>\n<\/p>\n                                                    <\/div>\n                    <\/div>\n                <\/div>\n                \n                \n                    \t\t\t\t\t\t\n                <div class=\"row row--full row--full-md-none agenda__border \">\n                    <div class=\"col-12\" id=\"heading-lecturer-ilovemkt-11663\">\n                            <div class=\"agenda__collapse-heading collapsed row align-items-center collapsed\" data-toggle=\"collapse\" data-target=\"#collapse-lecturer-ilovemkt-11663\" aria-expanded=\"false\" aria-controls=\"collapse-lecturer-ilovemkt-11663\">\n                            <div class=\"px-0 col-4\">\n                                                                    <img loading=\"lazy\" decoding=\"async\" width=\"150\" height=\"150\" src=\"https:\/\/sprawnymarketing.pl\/konferencja\/wp-content\/uploads\/2025\/12\/dawid_kotrys-150x150.png\" class=\"agenda__thumb wp-post-image\" alt=\"\" srcset=\"https:\/\/sprawnymarketing.pl\/konferencja\/wp-content\/uploads\/2025\/12\/dawid_kotrys-150x150.png 150w, https:\/\/sprawnymarketing.pl\/konferencja\/wp-content\/uploads\/2025\/12\/dawid_kotrys-300x300.png 300w, https:\/\/sprawnymarketing.pl\/konferencja\/wp-content\/uploads\/2025\/12\/dawid_kotrys-1024x1024.png 1024w, https:\/\/sprawnymarketing.pl\/konferencja\/wp-content\/uploads\/2025\/12\/dawid_kotrys-768x768.png 768w, https:\/\/sprawnymarketing.pl\/konferencja\/wp-content\/uploads\/2025\/12\/dawid_kotrys-1536x1536.png 1536w, https:\/\/sprawnymarketing.pl\/konferencja\/wp-content\/uploads\/2025\/12\/dawid_kotrys-600x600.png 600w, https:\/\/sprawnymarketing.pl\/konferencja\/wp-content\/uploads\/2025\/12\/dawid_kotrys-100x100.png 100w, https:\/\/sprawnymarketing.pl\/konferencja\/wp-content\/uploads\/2025\/12\/dawid_kotrys.png 1800w\" sizes=\"auto, (max-width: 150px) 100vw, 150px\" \/>                                                                \n                                                                    <p class=\"mt-1 mb-0 agenda__position\">Prezes, wsp\u00f3\u0142w\u0142a\u015bciciel<\/p>\n                                                                                                    <p class=\"agenda__company\">Two Colours Agency<\/p>\n                                                                                            <\/div>\n                            <div class=\"col-8 col-lg-6 agenda-details \">\n\n                                                                                                                                                                                <time class=\"agenda__time\" datetime=\"2026-04-22 11:50\">\n                                        11:50                                         &#8211;                                         12:30                                    <\/time>\n                                                                \n                                <p class=\"agenda__accordion-title black\">Dawid Kotrys<\/p>\n                  \n                                <div class=\"agenda__accordion-topic\"><p><span data-sheets-root=\"1\">One Man Army: Jak agenci AI zmieniaj\u0105 pojedynczego marketera w niemal ca\u0142y zesp\u00f3\u0142.<\/span><\/p>\n<\/div>\n\n                                <div class=\"agenda-achievements\">\n                                                                                                                                                    <div class=\"col-12 order-md-2 px-md-2 col-md-6\">\n                                            <p class=\"agenda__achievements black\">Pierwszy raz na konferencji<\/p>\n                                        <\/div>\n                                                                                                        <\/div>\n\n                            <\/div>\n                        <\/div>\n                    <\/div>\n                    <div id=\"collapse-lecturer-ilovemkt-11663\" class=\"collapse agenda__collapse-padding col-12 \" aria-labelledby=\"heading-lecturer-ilovemkt-11663\" data-parent=\"#accordion-agenda-0-\">\n                        <div class=\"agenda__collapse-content\">\n                                                            <p class=\"mt-4 mb-4 bold\">Opis prelekcji<\/p>\n                                <p><p>Przedstawi\u0119 praktyczne podej\u015bcie do agent\u00f3w AI. G\u0142\u00f3wna teza: nie trzeba by\u0107 technicznie zaawansowanym, \u017ceby korzysta\u0107 z tych samych narz\u0119dzi, z kt\u00f3rych korzystaj\u0105 deweloperzy<span class=\"gmail_default\">\u00a0i\u00a0<\/span><\/p>\n<p>Wyst\u0105pienie koncentruje si\u0119 wok\u00f3\u0142 koncepcji &#8222;One Man Army&#8221; \u2014-jak pojedynczy marketer lub specjalista, \u0142\u0105cz\u0105c strategi\u0119 z odpowiednimi narz\u0119dziami AI, mo\u017ce osi\u0105gn\u0105\u0107 wszechstronno\u015b\u0107 por\u00f3wnywaln\u0105 z ca\u0142ym zespo\u0142em.<\/p>\n<\/p>\n                                                                                        <p class=\"mt-4 mb-4 bold\">O prelegencie<\/p>\n                                <p><p>Tw\u00f3rca startupu\u00a0<b>Voicie<\/b>\u00a0\u2013 inteligentnego asystenta AI w formie aplikacji i urz\u0105dzenia, kt\u00f3re skracaj\u0105 dystans mi\u0119dzy cz\u0142owiekiem a sztuczn\u0105 inteligencj\u0105, umo\u017cliwiaj\u0105c naturalne rejestrowanie my\u015bli i rozm\u00f3w oraz sterowanie aplikacjami g\u0142osem.<\/p>\n<p>Prezes nagradzanej agencji marketingowej\u00a0<b>Two Colours<\/b>, z\u00a0<b>11-letnim do\u015bwiadczeniem<\/b> w bran\u017cy. Autor ksi\u0105\u017cki oraz licznych wyst\u0105pie\u0144 po\u015bwi\u0119conych\u00a0<b>sztucznej inteligencji i nowoczesnym technologiom w biznesie<\/b>.<\/p>\n<p>Przeszkoli\u0142 kilkana\u015bcie tysi\u0119cy os\u00f3b \u2013 od w\u0142a\u015bcicieli firm po specjalist\u00f3w \u2013 w skutecznym wdra\u017caniu AI i automatyzacji proces\u00f3w. Dawid jest przekonany, \u017ce przysz\u0142o\u015b\u0107 nale\u017cy do tych, kt\u00f3rzy potrafi\u0105 \u0142\u0105czy\u0107 umiej\u0119tno\u015bci strategiczne z nowoczesnymi technologiami i AI, aby \u015bwiadomie rozwija\u0107 siebie i swoje firmy.<\/p>\n<\/p>\n                                                    <\/div>\n                    <\/div>\n                <\/div>\n                \n                \n                    \t\t\t\t\t\t\n                <div class=\"row row--full row--full-md-none agenda__border  coffe-break \">\n                    <div class=\"col-12\" id=\"heading-lecturer-ilovemkt-10823\">\n                            <div class=\"agenda__collapse-heading collapsed row align-items-center collapsed\" data-toggle=\"collapse\" data-target=\"#collapse-lecturer-ilovemkt-10823\" aria-expanded=\"false\" aria-controls=\"collapse-lecturer-ilovemkt-10823\">\n                            <div class=\"px-0 col-4\">\n                                                                    <img loading=\"lazy\" decoding=\"async\" width=\"150\" height=\"150\" src=\"https:\/\/sprawnymarketing.pl\/konferencja\/wp-content\/uploads\/2024\/09\/unnamed-1.png\" class=\"agenda__thumb wp-post-image\" alt=\"\" srcset=\"https:\/\/sprawnymarketing.pl\/konferencja\/wp-content\/uploads\/2024\/09\/unnamed-1.png 150w, https:\/\/sprawnymarketing.pl\/konferencja\/wp-content\/uploads\/2024\/09\/unnamed-1-100x100.png 100w\" sizes=\"auto, (max-width: 150px) 100vw, 150px\" \/>                                                                \n                                                                                                                            <\/div>\n                            <div class=\"col-8 col-lg-6 agenda-details agenda-details--no-arrow\">\n\n                                                                                                                                                                                <time class=\"agenda__time\" datetime=\"2026-04-22 12:30\">\n                                        12:30                                         &#8211;                                         13:10                                    <\/time>\n                                                                \n                                <p class=\"agenda__accordion-title black\">Przerwa kawowa<\/p>\n                  \n                                <div class=\"agenda__accordion-topic\"><\/div>\n\n                                <div class=\"agenda-achievements\">\n                                                                                                                                                                                <\/div>\n\n                            <\/div>\n                        <\/div>\n                    <\/div>\n                    <div id=\"collapse-lecturer-ilovemkt-10823\" class=\"collapse agenda__collapse-padding col-12 \" aria-labelledby=\"heading-lecturer-ilovemkt-10823\" data-parent=\"#accordion-agenda-0-\">\n                        <div class=\"agenda__collapse-content\">\n                                                                                <\/div>\n                    <\/div>\n                <\/div>\n                \n                \n                    \t\t\t\t\t\t\n                <div class=\"row row--full row--full-md-none agenda__border \">\n                    <div class=\"col-12\" id=\"heading-lecturer-ilovemkt-11665\">\n                            <div class=\"agenda__collapse-heading collapsed row align-items-center collapsed\" data-toggle=\"collapse\" data-target=\"#collapse-lecturer-ilovemkt-11665\" aria-expanded=\"false\" aria-controls=\"collapse-lecturer-ilovemkt-11665\">\n                            <div class=\"px-0 col-4\">\n                                                                    <img loading=\"lazy\" decoding=\"async\" width=\"150\" height=\"150\" src=\"https:\/\/sprawnymarketing.pl\/konferencja\/wp-content\/uploads\/2025\/12\/mateusz_drozd-150x150.png\" class=\"agenda__thumb wp-post-image\" alt=\"\" srcset=\"https:\/\/sprawnymarketing.pl\/konferencja\/wp-content\/uploads\/2025\/12\/mateusz_drozd-150x150.png 150w, https:\/\/sprawnymarketing.pl\/konferencja\/wp-content\/uploads\/2025\/12\/mateusz_drozd-300x300.png 300w, https:\/\/sprawnymarketing.pl\/konferencja\/wp-content\/uploads\/2025\/12\/mateusz_drozd-1024x1024.png 1024w, https:\/\/sprawnymarketing.pl\/konferencja\/wp-content\/uploads\/2025\/12\/mateusz_drozd-768x768.png 768w, https:\/\/sprawnymarketing.pl\/konferencja\/wp-content\/uploads\/2025\/12\/mateusz_drozd-1536x1536.png 1536w, https:\/\/sprawnymarketing.pl\/konferencja\/wp-content\/uploads\/2025\/12\/mateusz_drozd-600x600.png 600w, https:\/\/sprawnymarketing.pl\/konferencja\/wp-content\/uploads\/2025\/12\/mateusz_drozd-100x100.png 100w, https:\/\/sprawnymarketing.pl\/konferencja\/wp-content\/uploads\/2025\/12\/mateusz_drozd.png 1800w\" sizes=\"auto, (max-width: 150px) 100vw, 150px\" \/>                                                                \n                                                                    <p class=\"mt-1 mb-0 agenda__position\">Founder<\/p>\n                                                                                                    <p class=\"agenda__company\">Prompt Haus<\/p>\n                                                                                            <\/div>\n                            <div class=\"col-8 col-lg-6 agenda-details \">\n\n                                                                                                                                                                                <time class=\"agenda__time\" datetime=\"2026-04-22 13:10\">\n                                        13:10                                         &#8211;                                         13:50                                    <\/time>\n                                                                \n                                <p class=\"agenda__accordion-title black\">Mateusz Drozd<\/p>\n                  \n                                <div class=\"agenda__accordion-topic\"><p><span data-sheets-root=\"1\">Jak oddelegowa\u0107 proces do agenta AI? Na przyk\u0142adzie e-commerce fashion.<\/span><\/p>\n<\/div>\n\n                                <div class=\"agenda-achievements\">\n                                                                                                                                                    <div class=\"col-12 order-md-2 px-md-2 col-md-6\">\n                                            <p class=\"agenda__achievements black\">Pierwszy raz na konferencji<\/p>\n                                        <\/div>\n                                                                                                        <\/div>\n\n                            <\/div>\n                        <\/div>\n                    <\/div>\n                    <div id=\"collapse-lecturer-ilovemkt-11665\" class=\"collapse agenda__collapse-padding col-12 \" aria-labelledby=\"heading-lecturer-ilovemkt-11665\" data-parent=\"#accordion-agenda-0-\">\n                        <div class=\"agenda__collapse-content\">\n                                                            <p class=\"mt-4 mb-4 bold\">Opis prelekcji<\/p>\n                                <p><p>Generowanie jednego zdj\u0119cia produktowego przez AI to demo. Generowanie setek zdj\u0119\u0107, kt\u00f3re s\u0105 sp\u00f3jne z mark\u0105, poprawne technicznie i gotowe do publikacji &#8211; to system. Poka\u017c\u0119 Wam jak zaprojektowa\u0107 agenta AI, kt\u00f3ry przejmuje proces tworzenia zdj\u0119\u0107 dla fashion e-commerce. Od definicji zakresu, przez dob\u00f3r narz\u0119dzi i guardrails, po mechanizmy samokontroli i naprawy b\u0142\u0119d\u00f3w.<\/p>\n<p>&nbsp;<\/p>\n<p>Prezentacja dla os\u00f3b, kt\u00f3re chc\u0105 rozumie\u0107 nie \u201eczy AI da rad\u0119&#8221;, ale \u201ejak zaprojektowa\u0107 proces, \u017ceby dowozi\u0142 wyniki&#8221;. Realne przyk\u0142ady, realne problemy, realne rozwi\u0105zania.<\/p>\n<\/p>\n                                                                                        <p class=\"mt-4 mb-4 bold\">O prelegencie<\/p>\n                                <p><p>Mateusz \u0142\u0105czy produkcj\u0119 kreatywn\u0105 z analityk\u0105 danych. Zbudowa\u0142 generatywne pipeline&#8217;y, kt\u00f3re dostarczy\u0142y kilka tysi\u0119cy spersonalizowanych grafik eventowych. Mierzy\u0142 bezpo\u015bredni wp\u0142yw reklam TV na ruch online. Wsp\u00f3\u0142autor ksi\u0105\u017cki napisanej z GPT-3. Pracowa\u0142 przy produkcjach reklamowych dla globalnych marek (m.in. McDonald&#8217;s). Wsp\u00f3\u0142za\u0142o\u017cyciel ETULU,\u00a0platformy do generowania contentu produktowego dla e-commerce. Prowadzi Prompt Haus, AI experimentation lab w Krakowie.<\/p>\n<\/p>\n                                                    <\/div>\n                    <\/div>\n                <\/div>\n                \n                \n                    \t\t\t\t\t\t\n                <div class=\"row row--full row--full-md-none agenda__border \">\n                    <div class=\"col-12\" id=\"heading-lecturer-ilovemkt-9688\">\n                            <div class=\"agenda__collapse-heading collapsed row align-items-center collapsed\" data-toggle=\"collapse\" data-target=\"#collapse-lecturer-ilovemkt-9688\" aria-expanded=\"false\" aria-controls=\"collapse-lecturer-ilovemkt-9688\">\n                            <div class=\"px-0 col-4\">\n                                                                    <img loading=\"lazy\" decoding=\"async\" width=\"150\" height=\"150\" src=\"https:\/\/sprawnymarketing.pl\/konferencja\/wp-content\/uploads\/2025\/06\/09_mateusz_cisowski-150x150.png\" class=\"agenda__thumb wp-post-image\" alt=\"\" srcset=\"https:\/\/sprawnymarketing.pl\/konferencja\/wp-content\/uploads\/2025\/06\/09_mateusz_cisowski-150x150.png 150w, https:\/\/sprawnymarketing.pl\/konferencja\/wp-content\/uploads\/2025\/06\/09_mateusz_cisowski-300x300.png 300w, https:\/\/sprawnymarketing.pl\/konferencja\/wp-content\/uploads\/2025\/06\/09_mateusz_cisowski-1024x1024.png 1024w, https:\/\/sprawnymarketing.pl\/konferencja\/wp-content\/uploads\/2025\/06\/09_mateusz_cisowski-768x768.png 768w, https:\/\/sprawnymarketing.pl\/konferencja\/wp-content\/uploads\/2025\/06\/09_mateusz_cisowski-1536x1536.png 1536w, https:\/\/sprawnymarketing.pl\/konferencja\/wp-content\/uploads\/2025\/06\/09_mateusz_cisowski-600x600.png 600w, https:\/\/sprawnymarketing.pl\/konferencja\/wp-content\/uploads\/2025\/06\/09_mateusz_cisowski-100x100.png 100w, https:\/\/sprawnymarketing.pl\/konferencja\/wp-content\/uploads\/2025\/06\/09_mateusz_cisowski.png 1800w\" sizes=\"auto, (max-width: 150px) 100vw, 150px\" \/>                                                                \n                                                                    <p class=\"mt-1 mb-0 agenda__position\">CEO i za\u0142o\u017cyciel <\/p>\n                                                                                                    <p class=\"agenda__company\">AI Hero<\/p>\n                                                                                            <\/div>\n                            <div class=\"col-8 col-lg-6 agenda-details \">\n\n                                                                                                                                                                                <time class=\"agenda__time\" datetime=\"2026-04-22 13:50\">\n                                        13:50                                         &#8211;                                         14:30                                    <\/time>\n                                                                \n                                <p class=\"agenda__accordion-title black\">Mateusz Cisowski<\/p>\n                  \n                                <div class=\"agenda__accordion-topic\"><p>8 godzin pracy w 40 minut &#8211; m\u00f3j dzie\u0144 na \u017cywo.<\/p>\n<\/div>\n\n                                <div class=\"agenda-achievements\">\n                                                                                                                                                                                <\/div>\n\n                            <\/div>\n                        <\/div>\n                    <\/div>\n                    <div id=\"collapse-lecturer-ilovemkt-9688\" class=\"collapse agenda__collapse-padding col-12 \" aria-labelledby=\"heading-lecturer-ilovemkt-9688\" data-parent=\"#accordion-agenda-0-\">\n                        <div class=\"agenda__collapse-content\">\n                                                            <p class=\"mt-4 mb-4 bold\">Opis prelekcji<\/p>\n                                <p><p>3 lata temu te same zadania zajmowa\u0142y mi ca\u0142y dzie\u0144. Dzi\u015b kosztuj\u0105 u\u0142amek tego czasu, ale nie dlatego, \u017ce robi\u0119 je szybciej &#8211; po prostu po\u0142owa z nich wygl\u0105da zupe\u0142nie inaczej.<\/p>\n<p>Na scenie poka\u017c\u0119 na \u017cywo ca\u0142y m\u00f3j dzie\u0144 pracy &#8211; od pierwszej kawy do zamkni\u0119cia laptopa. B\u0119dzie o tym jak zbieram informacje z r\u00f3\u017cnych \u017ar\u00f3de\u0142 (mail, Slack, w\u0142asne notki), by u\u0142o\u017cy\u0107 optymalny plan dnia. Poka\u017c\u0119 jak wyci\u0105gam transkrypcji mas\u0119 informacj i jaka warto\u015b\u0107 z tego p\u0142ynie dla marketingu czy sprzeda\u017cy. B\u0119dzie te\u017c\u00a0o tworzeniu contentu pod personal brand, ale z zupe\u0142nie innej perspektywy, ni\u017c robi to wi\u0119kszo\u015b\u0107 os\u00f3b.<\/p>\n<p>To nie jest prezentacja o narz\u0119dziach\u00a0&#8211; poka\u017c\u0119 koncepty, kt\u00f3re zostaj\u0105. B\u0119dzie r\u00f3wnie\u017c o context engineeringu, dzi\u0119ki kt\u00f3remu to wszystko faktycznie dzia\u0142a, a nie tylko dobrze wygl\u0105da na demo. Zobaczysz te\u017c miejsca, gdzie \u015bwiadomie nie oddaj\u0119 pracy AI, bo &#8222;lepiej&#8221; i &#8222;wi\u0119cej&#8221; to nie to samo.<\/p>\n<\/p>\n                                                                                        <p class=\"mt-4 mb-4 bold\">O prelegencie<\/p>\n                                <p><p>CEO i za\u0142o\u017cyciel AI Hero, ekspert technologiczny z 15-letnim do\u015bwiadczeniem w tworzeniu i wdra\u017caniu innowacyjnych rozwi\u0105za\u0144 biznesowych. \u0141\u0105czy zaawansowan\u0105 wiedz\u0119 techniczn\u0105 z biznesowym pragmatyzmem, wdra\u017caj\u0105c skuteczne rozwi\u0105zania AI w organizacjach. Pasjonat nowych technologii, do\u015bwiadczony przedsi\u0119biorca i lider technologiczny z udokumentowan\u0105 histori\u0105 budowania i sprzeda\u017cy firm technologicznych.<!-- notionvc: 6b2a9044-5dca-4c13-8c2c-9194370149b2 --><\/p>\n<\/p>\n                                                    <\/div>\n                    <\/div>\n                <\/div>\n                \n                \n                    \t\t\t\t\t\t\n                <div class=\"row row--full row--full-md-none agenda__border  coffe-break \">\n                    <div class=\"col-12\" id=\"heading-lecturer-ilovemkt-10822\">\n                            <div class=\"agenda__collapse-heading collapsed row align-items-center collapsed\" data-toggle=\"collapse\" data-target=\"#collapse-lecturer-ilovemkt-10822\" aria-expanded=\"false\" aria-controls=\"collapse-lecturer-ilovemkt-10822\">\n                            <div class=\"px-0 col-4\">\n                                                                    <img loading=\"lazy\" decoding=\"async\" width=\"150\" height=\"150\" src=\"https:\/\/sprawnymarketing.pl\/konferencja\/wp-content\/uploads\/2024\/09\/unnamed-1.png\" class=\"agenda__thumb wp-post-image\" alt=\"\" srcset=\"https:\/\/sprawnymarketing.pl\/konferencja\/wp-content\/uploads\/2024\/09\/unnamed-1.png 150w, https:\/\/sprawnymarketing.pl\/konferencja\/wp-content\/uploads\/2024\/09\/unnamed-1-100x100.png 100w\" sizes=\"auto, (max-width: 150px) 100vw, 150px\" \/>                                                                \n                                                                                                                            <\/div>\n                            <div class=\"col-8 col-lg-6 agenda-details agenda-details--no-arrow\">\n\n                                                                                                                                                                                <time class=\"agenda__time\" datetime=\"2026-04-22 14:30\">\n                                        14:30                                         &#8211;                                         15:30                                    <\/time>\n                                                                \n                                <p class=\"agenda__accordion-title black\">Przerwa kawowa<\/p>\n                  \n                                <div class=\"agenda__accordion-topic\"><\/div>\n\n                                <div class=\"agenda-achievements\">\n                                                                                                                                                                                <\/div>\n\n                            <\/div>\n                        <\/div>\n                    <\/div>\n                    <div id=\"collapse-lecturer-ilovemkt-10822\" class=\"collapse agenda__collapse-padding col-12 \" aria-labelledby=\"heading-lecturer-ilovemkt-10822\" data-parent=\"#accordion-agenda-0-\">\n                        <div class=\"agenda__collapse-content\">\n                                                                                <\/div>\n                    <\/div>\n                <\/div>\n                \n                \n                    \t\t\t\t\t\t\n                <div class=\"row row--full row--full-md-none agenda__border \">\n                    <div class=\"col-12\" id=\"heading-lecturer-ilovemkt-11667\">\n                            <div class=\"agenda__collapse-heading collapsed row align-items-center collapsed\" data-toggle=\"collapse\" data-target=\"#collapse-lecturer-ilovemkt-11667\" aria-expanded=\"false\" aria-controls=\"collapse-lecturer-ilovemkt-11667\">\n                            <div class=\"px-0 col-4\">\n                                                                    <img loading=\"lazy\" decoding=\"async\" width=\"150\" height=\"150\" src=\"https:\/\/sprawnymarketing.pl\/konferencja\/wp-content\/uploads\/2025\/12\/kamil_soldacki-150x150.png\" class=\"agenda__thumb wp-post-image\" alt=\"\" srcset=\"https:\/\/sprawnymarketing.pl\/konferencja\/wp-content\/uploads\/2025\/12\/kamil_soldacki-150x150.png 150w, https:\/\/sprawnymarketing.pl\/konferencja\/wp-content\/uploads\/2025\/12\/kamil_soldacki-300x300.png 300w, https:\/\/sprawnymarketing.pl\/konferencja\/wp-content\/uploads\/2025\/12\/kamil_soldacki-1024x1024.png 1024w, https:\/\/sprawnymarketing.pl\/konferencja\/wp-content\/uploads\/2025\/12\/kamil_soldacki-768x768.png 768w, https:\/\/sprawnymarketing.pl\/konferencja\/wp-content\/uploads\/2025\/12\/kamil_soldacki-1536x1536.png 1536w, https:\/\/sprawnymarketing.pl\/konferencja\/wp-content\/uploads\/2025\/12\/kamil_soldacki-600x600.png 600w, https:\/\/sprawnymarketing.pl\/konferencja\/wp-content\/uploads\/2025\/12\/kamil_soldacki-100x100.png 100w, https:\/\/sprawnymarketing.pl\/konferencja\/wp-content\/uploads\/2025\/12\/kamil_soldacki.png 1800w\" sizes=\"auto, (max-width: 150px) 100vw, 150px\" \/>                                                                \n                                                                    <p class=\"mt-1 mb-0 agenda__position\">Audio Director<\/p>\n                                                                                                    <p class=\"agenda__company\">ElevenLabs<\/p>\n                                                                                            <\/div>\n                            <div class=\"col-8 col-lg-6 agenda-details \">\n\n                                                                                                                                                                                <time class=\"agenda__time\" datetime=\"2026-04-22 15:30\">\n                                        15:30                                         &#8211;                                         16:10                                    <\/time>\n                                                                \n                                <p class=\"agenda__accordion-title black\">Kamil So\u0142dacki<\/p>\n                  \n                                <div class=\"agenda__accordion-topic\"><p><span data-sheets-root=\"1\">Jeden g\u0142os, wielu odbiorc\u00f3w. Jak nie zgubi\u0107 marki, a trafi\u0107 w r\u00f3\u017cne gusta.<br \/>\n<\/span><\/p>\n<\/div>\n\n                                <div class=\"agenda-achievements\">\n                                                                                                                                                    <div class=\"col-12 order-md-2 px-md-2 col-md-6\">\n                                            <p class=\"agenda__achievements black\">Pierwszy raz na konferencji<\/p>\n                                        <\/div>\n                                                                                                        <\/div>\n\n                            <\/div>\n                        <\/div>\n                    <\/div>\n                    <div id=\"collapse-lecturer-ilovemkt-11667\" class=\"collapse agenda__collapse-padding col-12 \" aria-labelledby=\"heading-lecturer-ilovemkt-11667\" data-parent=\"#accordion-agenda-0-\">\n                        <div class=\"agenda__collapse-content\">\n                                                                                        <p class=\"mt-4 mb-4 bold\">O prelegencie<\/p>\n                                <p><p><span style=\"font-weight: 400;\">Rodzina i przyjaciele m\u00f3wi\u0105 o nim &#8222;internista d\u017awi\u0119ku&#8221;. Przez ostatnie 15 lat po\u015bwi\u0119ci\u0142 si\u0119 nagrywaniu, edytowaniu, miksowaniu i tworzeniu d\u017awi\u0119k\u00f3w do reklam, film\u00f3w, podcast\u00f3w, program\u00f3w telewizyjnych, gier i innych form audiowizualnych. W ElevenLabs odpowiedzialny za jako\u015b\u0107 d\u017awi\u0119ku wchodz\u0105c\u0105 i wychodz\u0105ca z modeli AI, jak r\u00f3wnie\u017c za rozw\u00f3j nowych produkt\u00f3w i us\u0142ug.<\/span><\/p>\n<\/p>\n                                                    <\/div>\n                    <\/div>\n                <\/div>\n                \n                \n                    \t\t\t\t\t\t\n                <div class=\"row row--full row--full-md-none agenda__border \">\n                    <div class=\"col-12\" id=\"heading-lecturer-ilovemkt-11695\">\n                            <div class=\"agenda__collapse-heading collapsed row align-items-center collapsed\" data-toggle=\"collapse\" data-target=\"#collapse-lecturer-ilovemkt-11695\" aria-expanded=\"false\" aria-controls=\"collapse-lecturer-ilovemkt-11695\">\n                            <div class=\"px-0 col-4\">\n                                                                    <img loading=\"lazy\" decoding=\"async\" width=\"150\" height=\"150\" src=\"https:\/\/sprawnymarketing.pl\/konferencja\/wp-content\/uploads\/2025\/12\/konrad_gladkowski-150x150.png\" class=\"agenda__thumb wp-post-image\" alt=\"\" srcset=\"https:\/\/sprawnymarketing.pl\/konferencja\/wp-content\/uploads\/2025\/12\/konrad_gladkowski-150x150.png 150w, https:\/\/sprawnymarketing.pl\/konferencja\/wp-content\/uploads\/2025\/12\/konrad_gladkowski-300x300.png 300w, https:\/\/sprawnymarketing.pl\/konferencja\/wp-content\/uploads\/2025\/12\/konrad_gladkowski-1024x1024.png 1024w, https:\/\/sprawnymarketing.pl\/konferencja\/wp-content\/uploads\/2025\/12\/konrad_gladkowski-768x768.png 768w, https:\/\/sprawnymarketing.pl\/konferencja\/wp-content\/uploads\/2025\/12\/konrad_gladkowski-1536x1536.png 1536w, https:\/\/sprawnymarketing.pl\/konferencja\/wp-content\/uploads\/2025\/12\/konrad_gladkowski-600x600.png 600w, https:\/\/sprawnymarketing.pl\/konferencja\/wp-content\/uploads\/2025\/12\/konrad_gladkowski-100x100.png 100w, https:\/\/sprawnymarketing.pl\/konferencja\/wp-content\/uploads\/2025\/12\/konrad_gladkowski.png 1800w\" sizes=\"auto, (max-width: 150px) 100vw, 150px\" \/>                                                                \n                                                                    <p class=\"mt-1 mb-0 agenda__position\">Co-founder<\/p>\n                                                                                                    <p class=\"agenda__company\">WeAreFuture<\/p>\n                                                                                            <\/div>\n                            <div class=\"col-8 col-lg-6 agenda-details \">\n\n                                                                                                                                                                                <time class=\"agenda__time\" datetime=\"2026-04-22 16:10\">\n                                        16:10                                         &#8211;                                         16:50                                    <\/time>\n                                                                \n                                <p class=\"agenda__accordion-title black\">Konrad G\u0142adkowski<\/p>\n                  \n                                <div class=\"agenda__accordion-topic\"><p><span data-sheets-root=\"1\">Dlaczego 90% Agent\u00f3w AI nie dowozi wynik\u00f3w (i co z tym zrobi\u0107).<\/span><\/p>\n<\/div>\n\n                                <div class=\"agenda-achievements\">\n                                                                                                                                                    <div class=\"col-12 order-md-2 px-md-2 col-md-6\">\n                                            <p class=\"agenda__achievements black\">Pierwszy raz na konferencji<\/p>\n                                        <\/div>\n                                                                                                        <\/div>\n\n                            <\/div>\n                        <\/div>\n                    <\/div>\n                    <div id=\"collapse-lecturer-ilovemkt-11695\" class=\"collapse agenda__collapse-padding col-12 \" aria-labelledby=\"heading-lecturer-ilovemkt-11695\" data-parent=\"#accordion-agenda-0-\">\n                        <div class=\"agenda__collapse-content\">\n                                                            <p class=\"mt-4 mb-4 bold\">Opis prelekcji<\/p>\n                                <p><p>Agenci AI mieli odci\u0105\u017ca\u0107 zespo\u0142y, a w wi\u0119kszo\u015bci firm generuj\u0105 chaos i rozczarowanie. Na podstawie kilkudziesi\u0119ciu wdro\u017ce\u0144 chatbot\u00f3w i agent\u00f3w AI poka\u017c\u0119, jakie b\u0142\u0119dy w projektowaniu i mierzeniu wynik\u00f3w sprawiaj\u0105, \u017ce 90% agent\u00f3w nie dowozi i ujawni jeden test, kt\u00f3ry w 5 minut pozwala oceni\u0107, czy Tw\u00f3j agent w og\u00f3le ma szans\u0119 zadzia\u0142a\u0107. Uczestnicy wyjd\u0105 z gotowym frameworkiem do projektowania agent\u00f3w, kt\u00f3rzy naprawd\u0119 pracuj\u0105.<\/p>\n<\/p>\n                                                                                        <p class=\"mt-4 mb-4 bold\">O prelegencie<\/p>\n                                <p><p>Od 7 lat buduje chatboty\u00a0wykorzystuj\u0105cych NLP i agent\u00f3w AI dla firm od startup\u00f3w po mi\u0119dzynarodowe korporacje. Wsp\u00f3\u0142za\u0142o\u017cyciel WeAreFuture, trener Dimaq AI i Eskadry Bielika. Przep\u0142yn\u0105\u0142 Atlantyk na jachcie, a teraz mieszka na Teneryfie i po pracy jest instruktorem nurkowania. M\u00f3wi, \u017ce projektowanie agent\u00f3w AI, nurkowanie i \u017ceglowanie maj\u0105 ze sob\u0105 wi\u0119cej wsp\u00f3lnego, ni\u017c si\u0119 wydaje.<\/p>\n<\/p>\n                                                    <\/div>\n                    <\/div>\n                <\/div>\n                \n                \n                    \t\t\t\t\t\t\n                <div class=\"row row--full row--full-md-none agenda__border \">\n                    <div class=\"col-12\" id=\"heading-lecturer-ilovemkt-11219\">\n                            <div class=\"agenda__collapse-heading collapsed row align-items-center collapsed\" data-toggle=\"collapse\" data-target=\"#collapse-lecturer-ilovemkt-11219\" aria-expanded=\"false\" aria-controls=\"collapse-lecturer-ilovemkt-11219\">\n                            <div class=\"px-0 col-4\">\n                                                                    <img loading=\"lazy\" decoding=\"async\" width=\"150\" height=\"150\" src=\"https:\/\/sprawnymarketing.pl\/konferencja\/wp-content\/uploads\/2024\/09\/unnamed.png\" class=\"agenda__thumb wp-post-image\" alt=\"\" srcset=\"https:\/\/sprawnymarketing.pl\/konferencja\/wp-content\/uploads\/2024\/09\/unnamed.png 150w, https:\/\/sprawnymarketing.pl\/konferencja\/wp-content\/uploads\/2024\/09\/unnamed-100x100.png 100w\" sizes=\"auto, (max-width: 150px) 100vw, 150px\" \/>                                                                \n                                                                                                                            <\/div>\n                            <div class=\"col-8 col-lg-6 agenda-details agenda-details--no-arrow\">\n\n                                                                                                                                                                                <time class=\"agenda__time\" datetime=\"2026-04-22 16:50\">\n                                        16:50                                         &#8211;                                         17:20                                    <\/time>\n                                                                \n                                <p class=\"agenda__accordion-title black\">Panel dyskusyjny<\/p>\n                  \n                                <div class=\"agenda__accordion-topic\"><\/div>\n\n                                <div class=\"agenda-achievements\">\n                                                                                                                                                                                <\/div>\n\n                            <\/div>\n                        <\/div>\n                    <\/div>\n                    <div id=\"collapse-lecturer-ilovemkt-11219\" class=\"collapse agenda__collapse-padding col-12 \" aria-labelledby=\"heading-lecturer-ilovemkt-11219\" data-parent=\"#accordion-agenda-0-\">\n                        <div class=\"agenda__collapse-content\">\n                                                                                <\/div>\n                    <\/div>\n                <\/div>\n                \n                \n                    \t\t\t\t\t\t\n                <div class=\"row row--full row--full-md-none agenda__border \">\n                    <div class=\"col-12\" id=\"heading-lecturer-ilovemkt-12401\">\n                            <div class=\"agenda__collapse-heading collapsed row align-items-center collapsed\" data-toggle=\"collapse\" data-target=\"#collapse-lecturer-ilovemkt-12401\" aria-expanded=\"false\" aria-controls=\"collapse-lecturer-ilovemkt-12401\">\n                            <div class=\"px-0 col-4\">\n                                                                    <img loading=\"lazy\" decoding=\"async\" width=\"150\" height=\"150\" src=\"https:\/\/sprawnymarketing.pl\/konferencja\/wp-content\/uploads\/2024\/09\/Ikony-do-harmonogramu-4-\u2013-5.png\" class=\"agenda__thumb wp-post-image\" alt=\"\" srcset=\"https:\/\/sprawnymarketing.pl\/konferencja\/wp-content\/uploads\/2024\/09\/Ikony-do-harmonogramu-4-\u2013-5.png 150w, https:\/\/sprawnymarketing.pl\/konferencja\/wp-content\/uploads\/2024\/09\/Ikony-do-harmonogramu-4-\u2013-5-100x100.png 100w\" sizes=\"auto, (max-width: 150px) 100vw, 150px\" \/>                                                                \n                                                                                                                            <\/div>\n                            <div class=\"col-8 col-lg-6 agenda-details agenda-details--no-arrow\">\n\n                                                                                                                                                                                <time class=\"agenda__time\" datetime=\"2026-04-22 17:20\">\n                                        17:20                                         &#8211;                                         17:30                                    <\/time>\n                                                                \n                                <p class=\"agenda__accordion-title black\">Zako\u0144czenie konferencji<\/p>\n                  \n                                <div class=\"agenda__accordion-topic\"><\/div>\n\n                                <div class=\"agenda-achievements\">\n                                                                                                                                                                                <\/div>\n\n                            <\/div>\n                        <\/div>\n                    <\/div>\n                    <div id=\"collapse-lecturer-ilovemkt-12401\" class=\"collapse agenda__collapse-padding col-12 \" aria-labelledby=\"heading-lecturer-ilovemkt-12401\" data-parent=\"#accordion-agenda-0-\">\n                        <div class=\"agenda__collapse-content\">\n                                                                                <\/div>\n                    <\/div>\n                <\/div>\n                \n                \n            <\/div>\n<style>\n@media (min-width: 992px) {\n    .agenda__thumb_gif {\n        max-width: 180px;\n    }\n}\n<\/style>\n            <\/div>\n                                <nav class=\"container px-0 container--agenda-nav\">\n    <div class=\"conference-logo-above-nav\">\n          <\/div>\n    <div class=\"text-center justify-content-center second-agenda-wrapper\">\n      <div class=\"swiper swiper-agenda\">\n                  <div class=\"swiper-wrapper\">\n                                                              <\/div>\n          <!-- ZMIENIONE: Warunkowo wy\u015bwietl przyciski dla drugiej konferencji -->\n                        <\/div>\n    <\/div>\n  <\/nav>\n                        <\/section>\n\n<div id=\"kup-bilet\"><\/div><script>\n    (function (d, script) {\n        var configUrl = \"https:\/\/enterprise.gridaly.com\/events\/sprawny-marketing\/tickets\/config\/kwiecien-2026.json\";\n\n        script = d.createElement('script');\n        script.type = 'text\/javascript';\n        script.async = true;\n        script.setAttribute(\"data-config-url\", configUrl);\n\n        styles = d.createElement('link');\n        styles.rel = 'stylesheet';\n\n        script.onload = function () {\n            \/\/ Script has been loaded\n        };\n        script.src = 'https:\/\/enterprise.gridaly.com\/events\/sprawny-marketing\/tickets\/script.js';\n        styles.href = 'https:\/\/enterprise.gridaly.com\/events\/sprawny-marketing\/tickets\/styles.css';\n\n        d.getElementsByTagName('head')[0].appendChild(script);\n        d.getElementsByTagName('head')[0].appendChild(styles);\n    }(document));\n<\/script>\n<style>\n\n.gr-border-bottom{\nborder-bottom: 8px solid #ee312f;\n}\n\n#gridalyTickets .gr-container > .gr-header,\n#gridalyTickets .gr-container > .gr-row {\n  display: none;\n}\n\n#gridalyTickets .gr-container > #o5D16y16 {\n  display: flex;\n}\n\n#gridalyTickets .gr-container > #UHp6FJ9w {\n  display: flex;\n}\n\n<\/style>\n<div class=\"bonuses container gr-border-bottom\">\n<div id=\"gridalyTickets\"><\/div>\n<section class=\"form__after\">\n    <div class=\"container\">\n        <div class=\"row\">\n            <div class=\"col-12\">\n                <h2 class=\"text-center mt-5\"><?php _e('Po rejestracji'); ?><\/h2>\n            <\/div>\n            <div class=\"col-md-6 col-xl-4 mt-4\">\n                <div class=\"form__after-wrap\">\n                    <p class=\"form__after-number\">1<\/p>\n                    <img decoding=\"async\" class=\"form__after-icon\" src=\"https:\/\/sprawnymarketing.pl\/konferencja\/wp-content\/uploads\/2022\/04\/fv.png\" alt=\"\">\n                    <p class=\"form__after-text\">Po rejestracji mo\u017cesz op\u0142aci\u0107 zam\u00f3wienie od razu online lub pobra\u0107 faktur\u0119 proform\u0119 i op\u0142aci\u0107 j\u0105 przelewem bankowym.<\/p>\n                <\/div>\n            <\/div>\n\n            <div class=\"col-md-6 col-xl-4 mt-4\">\n                <div class=\"form__after-wrap\">\n                    <p class=\"form__after-number\">2<\/p>\n                    <img decoding=\"async\" class=\"form__after-icon\" src=\"https:\/\/sprawnymarketing.pl\/konferencja\/wp-content\/uploads\/2023\/05\/Nagrania-15-edycja.png\" alt=\"\">\n                    <p class=\"form__after-text\">Po zaksi\u0119gowaniu wp\u0142aty, je\u015bli posiadasz taki pakiet otrzymasz dost\u0119p do materia\u0142\u00f3w video z poprzedniej edycji #ilovemkt o warto\u015bci 1970 z\u0142.<\/p>\n                <\/div>\n            <\/div>\n            <div class=\"col-md-6 col-xl-4 mt-4\">\n                <div class=\"form__after-wrap\">\n                    <p class=\"form__after-number\">3<\/p>\n                    <img decoding=\"async\" class=\"form__after-icon\" src=\"https:\/\/sprawnymarketing.pl\/konferencja\/wp-content\/uploads\/2025\/10\/Pudelko-removebg-preview-e1759305739962.png\" alt=\"Paczka konferencyjna\">\n                    <p class=\"form__after-text\">Tydzie\u0144 przed eventem otrzymasz od nas paczk\u0119 konferencyjn\u0105 na adres, kt\u00f3ry zosta\u0142 wskazany w zam\u00f3wieniu ze wszystkimi gad\u017cetami.<\/p>\n                <\/div>\n            <\/div>\n            <div class=\"col-md-6 col-xl-4 mt-4\">\n                <div class=\"form__after-wrap\">\n                    <p class=\"form__after-number\">4<\/p>\n                    <img decoding=\"async\" class=\"form__after-icon\" src=\"https:\/\/sprawnymarketing.pl\/konferencja\/wp-content\/uploads\/2022\/04\/id.png\" alt=\"\">\n                    <p class=\"form__after-text\">W dniu konferencji wystarczy, \u017ce podejdziesz do stanowiska rejestracyjnego i odbierzesz sw\u00f3j badge. Nie otrzymasz od nas fizycznego biletu na konferencj\u0119.<\/p>\n                <\/div>\n            <\/div>\n            <div class=\"col-md-6 col-xl-4 mt-4\">\n                <div class=\"form__after-wrap\">\n                    <p class=\"form__after-number\">5<\/p>\n                    <img decoding=\"async\" class=\"form__after-icon\" src=\"https:\/\/sprawnymarketing.pl\/konferencja\/wp-content\/uploads\/2022\/04\/phone.png\" alt=\"\">\n                    <p class=\"form__after-text\">Dzi\u0119ki aplikacji konferencyjnej przez ca\u0142y dzie\u0144 b\u0119dziesz mie\u0107 mo\u017cliwo\u015b\u0107 zag\u0142osowania na najlepsz\u0105 prezentacj\u0119. Pami\u0119taj, \u017ce to Ty wybierasz kto wygra I Love Marketing.<\/p>\n                <\/div>\n            <\/div>\n            <div class=\"col-md-6 col-xl-4 mt-4\">\n                <div class=\"form__after-wrap\">\n                    <p class=\"form__after-number\">6<\/p>\n                    <img decoding=\"async\" class=\"form__after-icon\" src=\"https:\/\/sprawnymarketing.pl\/konferencja\/wp-content\/uploads\/2022\/04\/video.png\" alt=\"\">\n                    <p class=\"form__after-text\">Do tygodnia po evencie, je\u015bli posiadasz taki pakiet &#8211; otrzymasz nagrania prezentacji z konferencji.<\/p>\n                <\/div>\n            <\/div>\n        <\/div>\n    <\/div>\n<?php endif; ?>\n<\/section>\n<\/div><section id=\"bonuses-block_2595d6489ea3fe26b0db82738e3cfc23\" class=\"bonuses gr-border-bottom container\">\n    <div class=\"row row--full row--full-lg-none row--full-lg-width bonuses__row-titles align-items-stretch\">\n            <div class=\"col-5 bonuses__col-title d-flex align-items-center text-center\">\n            <p class=\"bonuses__title ff-lato w-100 mb-0\">Bonusy  w ramach  pakiet\u00f3w<\/p>\n        <\/div>\n                <div class=\"col px-0 d-flex align-items-center justify-content-center bonuses__bor-lt\">\n            <p class=\"bonuses__title-pack ff-lato mb-0\"><span class=\"bonuses__title-pack--bg\">VIP<\/span><\/p>\n        <\/div>\n            <div class=\"col px-0 d-flex align-items-center justify-content-center bonuses__bor-lt\">\n            <p class=\"bonuses__title-pack ff-lato mb-0\"><span class=\"bonuses__title-pack--bg\">Premium<\/span><\/p>\n        <\/div>\n            <div class=\"col px-0 d-flex align-items-center justify-content-center bonuses__bor-lt\">\n            <p class=\"bonuses__title-pack ff-lato mb-0\"><span class=\"bonuses__title-pack--bg\">Standard<\/span><\/p>\n        <\/div>\n        <\/div>\n    <div class=\"row row--full row--full-lg-none row--full-lg-width bonuses__row align-items-stretch text-center bonuses__bor-bt \">\n        <div class=\"col-5 bonuses__col align-items-center d-flex bonuses__bor-rt\">\n            <div class=\"d-none d-md-block bonuses__img-bonuses-wrap\">\n                <img decoding=\"async\" class=\"bonuses__img-bonuses\" src=\"https:\/\/sprawnymarketing.pl\/konferencja\/wp-content\/uploads\/2023\/09\/Bonusy-2023.png\" srcset=\"\" sizes=\"(max-width: 300px) 100vw, 300px\" alt=\"\"\/>\n            <\/div>\n            <p class=\"bonuses__text mb-0\">Dedykowana strefa VIP z mo\u017cliwo\u015bci\u0105 networkingu z prelegentami i wystawcami w komfortowych warunkach<\/p>\n\n                    <\/div>\n\n        <div class=\"col align-items-center d-flex bonuses__bor-rt\">\n                            <img decoding=\"async\" class=\"bonuses__img\" src=\"https:\/\/sprawnymarketing.pl\/konferencja\/wp-content\/themes\/dist-product\/img\/tick.svg\" alt=\"\">\n                    <\/div>\n        \n        <div class=\"col align-items-center d-flex bonuses__bor-rt\">\n            <img decoding=\"async\" class=\"bonuses__img\" src=\"https:\/\/sprawnymarketing.pl\/konferencja\/wp-content\/uploads\/2022\/09\/Nie-dotyczy.png\" alt=\"\">\n        <\/div>  \n        <div class=\"col align-items-center d-flex\">\n            <img decoding=\"async\" class=\"bonuses__img\" src=\"https:\/\/sprawnymarketing.pl\/konferencja\/wp-content\/uploads\/2022\/09\/Nie-dotyczy.png\" alt=\"\">\n        <\/div>\n    <\/div>\n    <div class=\"row row--full row--full-lg-none row--full-lg-width bonuses__row align-items-stretch text-center bonuses__bor-bt \">\n        <div class=\"col-5 bonuses__col align-items-center d-flex bonuses__bor-rt\">\n            <div class=\"d-none d-md-block bonuses__img-bonuses-wrap\">\n                <img decoding=\"async\" class=\"bonuses__img-bonuses\" src=\"https:\/\/sprawnymarketing.pl\/konferencja\/wp-content\/uploads\/2020\/12\/Nagrania-po-konferencji.png\" srcset=\"\" sizes=\"(max-width: 300px) 100vw, 300px\" alt=\"\"\/>\n            <\/div>\n            <p class=\"bonuses__text mb-0\">Materia\u0142y video z poprzedniej edycji konferencji \r\n<span>WARTO\u015a\u0106: 1970 z\u0142<\/span><\/p>\n\n                            <div class=\"bonuses__tooltip\">\n                    Kupuj\u0105c bilet na \u015bcie\u017cki marketing, social, AI, e-commerce oraz \u015bcie\u017cki PRO otrzymasz dost\u0119p do nagra\u0144 z poprzedniej edycji konferencji I &lt;3 marketing &amp; technology. Wybieraj\u0105c bilet na \u015bcie\u017ck\u0119 HR otrzymasz dost\u0119p do nagra\u0144 z poprzedniej edycji I &lt;3 HR.\r\n                <\/div>\n                    <\/div>\n\n        <div class=\"col align-items-center d-flex bonuses__bor-rt\">\n                            <img decoding=\"async\" class=\"bonuses__img\" src=\"https:\/\/sprawnymarketing.pl\/konferencja\/wp-content\/themes\/dist-product\/img\/tick.svg\" alt=\"\">\n                    <\/div>\n        \n        <div class=\"col align-items-center d-flex bonuses__bor-rt\">\n            <img decoding=\"async\" class=\"bonuses__img\" src=\"https:\/\/sprawnymarketing.pl\/konferencja\/wp-content\/uploads\/2022\/09\/Nie-dotyczy.png\" alt=\"\">\n        <\/div>  \n        <div class=\"col align-items-center d-flex\">\n            <img decoding=\"async\" class=\"bonuses__img\" src=\"https:\/\/sprawnymarketing.pl\/konferencja\/wp-content\/uploads\/2022\/09\/Nie-dotyczy.png\" alt=\"\">\n        <\/div>\n    <\/div>\n    <div class=\"row row--full row--full-lg-none row--full-lg-width bonuses__row align-items-stretch text-center bonuses__bor-bt \">\n        <div class=\"col-5 bonuses__col align-items-center d-flex bonuses__bor-rt\">\n            <div class=\"d-none d-md-block bonuses__img-bonuses-wrap\">\n                <img decoding=\"async\" class=\"bonuses__img-bonuses\" src=\"https:\/\/sprawnymarketing.pl\/konferencja\/wp-content\/uploads\/2021\/12\/Video-XII-edycja-1.png\" srcset=\"\" sizes=\"(max-width: 300px) 100vw, 300px\" alt=\"\"\/>\n            <\/div>\n            <p class=\"bonuses__text mb-0\">Materia\u0142y video z zakupionych dni z najbli\u017cszej edycji konferencji\r\n<span>WARTO\u015a\u0106: 1970 z\u0142<\/span>\r\n<\/p>\n\n                    <\/div>\n\n        <div class=\"col align-items-center d-flex bonuses__bor-rt\">\n                            <img decoding=\"async\" class=\"bonuses__img\" src=\"https:\/\/sprawnymarketing.pl\/konferencja\/wp-content\/themes\/dist-product\/img\/tick.svg\" alt=\"\">\n                    <\/div>\n        \n        <div class=\"col align-items-center d-flex bonuses__bor-rt\">\n            <img decoding=\"async\" class=\"bonuses__img\" src=\"https:\/\/sprawnymarketing.pl\/konferencja\/wp-content\/uploads\/2022\/09\/Nie-dotyczy.png\" alt=\"\">\n        <\/div>  \n        <div class=\"col align-items-center d-flex\">\n            <img decoding=\"async\" class=\"bonuses__img\" src=\"https:\/\/sprawnymarketing.pl\/konferencja\/wp-content\/uploads\/2022\/09\/Nie-dotyczy.png\" alt=\"\">\n        <\/div>\n    <\/div>\n    <div class=\"row row--full row--full-lg-none row--full-lg-width bonuses__row align-items-stretch text-center bonuses__bor-bt \">\n        <div class=\"col-5 bonuses__col align-items-center d-flex bonuses__bor-rt\">\n            <div class=\"d-none d-md-block bonuses__img-bonuses-wrap\">\n                <img decoding=\"async\" class=\"bonuses__img-bonuses\" src=\"https:\/\/sprawnymarketing.pl\/konferencja\/wp-content\/uploads\/2020\/12\/Kartonik.png\" srcset=\"https:\/\/sprawnymarketing.pl\/konferencja\/wp-content\/uploads\/2020\/12\/Kartonik.png 324w, https:\/\/sprawnymarketing.pl\/konferencja\/wp-content\/uploads\/2020\/12\/Kartonik-300x198.png 300w\" sizes=\"(max-width: 300px) 100vw, 300px\" alt=\"\"\/>\n            <\/div>\n            <p class=\"bonuses__text mb-0\">Paczka konferencyjna\t\r\n<\/p>\n\n                    <\/div>\n\n        <div class=\"col align-items-center d-flex bonuses__bor-rt\">\n                            <img decoding=\"async\" class=\"bonuses__img\" src=\"https:\/\/sprawnymarketing.pl\/konferencja\/wp-content\/themes\/dist-product\/img\/tick.svg\" alt=\"\">\n                    <\/div>\n        \n        <div class=\"col align-items-center d-flex bonuses__bor-rt\">\n            <img decoding=\"async\" class=\"bonuses__img\" src=\"https:\/\/sprawnymarketing.pl\/konferencja\/wp-content\/uploads\/2024\/11\/Nie-dotyczy.webp\" alt=\"\">\n        <\/div>  \n        <div class=\"col align-items-center d-flex\">\n            <img decoding=\"async\" class=\"bonuses__img\" src=\"https:\/\/sprawnymarketing.pl\/konferencja\/wp-content\/uploads\/2022\/09\/Nie-dotyczy.png\" alt=\"\">\n        <\/div>\n    <\/div>\n    <div class=\"row row--full row--full-lg-none row--full-lg-width bonuses__row align-items-stretch text-center bonuses__bor-bt \">\n        <div class=\"col-5 bonuses__col align-items-center d-flex bonuses__bor-rt\">\n            <div class=\"d-none d-md-block bonuses__img-bonuses-wrap\">\n                <img decoding=\"async\" class=\"bonuses__img-bonuses\" src=\"https:\/\/sprawnymarketing.pl\/konferencja\/wp-content\/uploads\/2025\/02\/Bluza-bonus.png\" srcset=\"\" sizes=\"(max-width: 300px) 100vw, 300px\" alt=\"\"\/>\n            <\/div>\n            <p class=\"bonuses__text mb-0\">Wysokiej jako\u015bci bluza z eko bawe\u0142ny<\/p>\n\n                    <\/div>\n\n        <div class=\"col align-items-center d-flex bonuses__bor-rt\">\n                            <img decoding=\"async\" class=\"bonuses__img\" src=\"https:\/\/sprawnymarketing.pl\/konferencja\/wp-content\/themes\/dist-product\/img\/tick.svg\" alt=\"\">\n                    <\/div>\n        \n        <div class=\"col align-items-center d-flex bonuses__bor-rt\">\n            <img decoding=\"async\" class=\"bonuses__img\" src=\"https:\/\/sprawnymarketing.pl\/konferencja\/wp-content\/uploads\/2024\/11\/Nie-dotyczy.webp\" alt=\"\">\n        <\/div>  \n        <div class=\"col align-items-center d-flex\">\n            <img decoding=\"async\" class=\"bonuses__img\" src=\"https:\/\/sprawnymarketing.pl\/konferencja\/wp-content\/uploads\/2022\/09\/Nie-dotyczy.png\" alt=\"\">\n        <\/div>\n    <\/div>\n    <div class=\"row row--full row--full-lg-none row--full-lg-width bonuses__row align-items-stretch text-center bonuses__bor-bt \">\n        <div class=\"col-5 bonuses__col align-items-center d-flex bonuses__bor-rt\">\n            <div class=\"d-none d-md-block bonuses__img-bonuses-wrap\">\n                <img decoding=\"async\" class=\"bonuses__img-bonuses\" src=\"https:\/\/sprawnymarketing.pl\/konferencja\/wp-content\/uploads\/2021\/06\/1rzedy.jpeg\" srcset=\"\" sizes=\"(max-width: 300px) 100vw, 300px\" alt=\"\"\/>\n            <\/div>\n            <p class=\"bonuses__text mb-0\">Wydzielone najlepsze miejsca na widowni<\/p>\n\n                    <\/div>\n\n        <div class=\"col align-items-center d-flex bonuses__bor-rt\">\n                            <img decoding=\"async\" class=\"bonuses__img\" src=\"https:\/\/sprawnymarketing.pl\/konferencja\/wp-content\/themes\/dist-product\/img\/tick.svg\" alt=\"\">\n                    <\/div>\n        \n        <div class=\"col align-items-center d-flex bonuses__bor-rt\">\n            <img decoding=\"async\" class=\"bonuses__img\" src=\"https:\/\/sprawnymarketing.pl\/konferencja\/wp-content\/uploads\/2022\/09\/Nie-dotyczy.png\" alt=\"\">\n        <\/div>  \n        <div class=\"col align-items-center d-flex\">\n            <img decoding=\"async\" class=\"bonuses__img\" src=\"https:\/\/sprawnymarketing.pl\/konferencja\/wp-content\/uploads\/2022\/09\/Nie-dotyczy.png\" alt=\"\">\n        <\/div>\n    <\/div>\n    <div class=\"row row--full row--full-lg-none row--full-lg-width bonuses__row align-items-stretch text-center bonuses__bor-bt \">\n        <div class=\"col-5 bonuses__col align-items-center d-flex bonuses__bor-rt\">\n            <div class=\"d-none d-md-block bonuses__img-bonuses-wrap\">\n                <img decoding=\"async\" class=\"bonuses__img-bonuses\" src=\"https:\/\/sprawnymarketing.pl\/konferencja\/wp-content\/uploads\/2021\/06\/after1.png\" srcset=\"\" sizes=\"(max-width: 300px) 100vw, 300px\" alt=\"\"\/>\n            <\/div>\n            <p class=\"bonuses__text mb-0\">Udzia\u0142 w afterparty, 22.04.2026\r\nOpen bar dla uczestnik\u00f3w\r\n<\/p>\n\n                    <\/div>\n\n        <div class=\"col align-items-center d-flex bonuses__bor-rt\">\n                            <img decoding=\"async\" class=\"bonuses__img\" src=\"https:\/\/sprawnymarketing.pl\/konferencja\/wp-content\/themes\/dist-product\/img\/tick.svg\" alt=\"\">\n                    <\/div>\n        \n        <div class=\"col align-items-center d-flex bonuses__bor-rt\">\n            <img decoding=\"async\" class=\"bonuses__img\" src=\"https:\/\/sprawnymarketing.pl\/konferencja\/wp-content\/themes\/dist-product\/img\/tick.svg\" alt=\"\">\n        <\/div>  \n        <div class=\"col align-items-center d-flex\">\n            <img decoding=\"async\" class=\"bonuses__img\" src=\"https:\/\/sprawnymarketing.pl\/konferencja\/wp-content\/uploads\/2022\/09\/Nie-dotyczy.png\" alt=\"\">\n        <\/div>\n    <\/div>\n    <div class=\"row row--full row--full-lg-none row--full-lg-width bonuses__row align-items-stretch text-center bonuses__bor-bt \">\n        <div class=\"col-5 bonuses__col align-items-center d-flex bonuses__bor-rt\">\n            <div class=\"d-none d-md-block bonuses__img-bonuses-wrap\">\n                <img decoding=\"async\" class=\"bonuses__img-bonuses\" src=\"https:\/\/sprawnymarketing.pl\/konferencja\/wp-content\/uploads\/2024\/11\/1-300x300.png.webp\" srcset=\"https:\/\/sprawnymarketing.pl\/konferencja\/wp-content\/uploads\/2024\/11\/1-300x300.png.webp 300w, https:\/\/sprawnymarketing.pl\/konferencja\/wp-content\/uploads\/2024\/11\/1-300x300.png-100x100.webp 100w, https:\/\/sprawnymarketing.pl\/konferencja\/wp-content\/uploads\/2024\/11\/1-300x300.png-150x150.webp 150w\" sizes=\"(max-width: 300px) 100vw, 300px\" alt=\"\"\/>\n            <\/div>\n            <p class=\"bonuses__text mb-0\">Dost\u0119p do zamkni\u0119tej platformy wiedzy &#8211; kursy online, streszczenia ksi\u0105\u017cek, webinary, archiwalne wydania magazynu <\/p>\n\n                    <\/div>\n\n        <div class=\"col align-items-center d-flex bonuses__bor-rt\">\n                            <img decoding=\"async\" class=\"bonuses__img\" src=\"https:\/\/sprawnymarketing.pl\/konferencja\/wp-content\/themes\/dist-product\/img\/tick.svg\" alt=\"\">\n                    <\/div>\n        \n        <div class=\"col align-items-center d-flex bonuses__bor-rt\">\n            <img decoding=\"async\" class=\"bonuses__img\" src=\"https:\/\/sprawnymarketing.pl\/konferencja\/wp-content\/themes\/dist-product\/img\/tick.svg\" alt=\"\">\n        <\/div>  \n        <div class=\"col align-items-center d-flex\">\n            <img decoding=\"async\" class=\"bonuses__img\" src=\"https:\/\/sprawnymarketing.pl\/konferencja\/wp-content\/uploads\/2022\/09\/Nie-dotyczy.png\" alt=\"\">\n        <\/div>\n    <\/div>\n    <div class=\"row row--full row--full-lg-none row--full-lg-width bonuses__row align-items-stretch text-center bonuses__bor-bt \">\n        <div class=\"col-5 bonuses__col align-items-center d-flex bonuses__bor-rt\">\n            <div class=\"d-none d-md-block bonuses__img-bonuses-wrap\">\n                <img decoding=\"async\" class=\"bonuses__img-bonuses\" src=\"https:\/\/sprawnymarketing.pl\/konferencja\/wp-content\/uploads\/2023\/09\/Podsumowanie.png\" srcset=\"\" sizes=\"(max-width: 300px) 100vw, 300px\" alt=\"\"\/>\n            <\/div>\n            <p class=\"bonuses__text mb-0\">Prezentacje w formie PDF po konferencji <\/p>\n\n                    <\/div>\n\n        <div class=\"col align-items-center d-flex bonuses__bor-rt\">\n                            <img decoding=\"async\" class=\"bonuses__img\" src=\"https:\/\/sprawnymarketing.pl\/konferencja\/wp-content\/themes\/dist-product\/img\/tick.svg\" alt=\"\">\n                    <\/div>\n        \n        <div class=\"col align-items-center d-flex bonuses__bor-rt\">\n            <img decoding=\"async\" class=\"bonuses__img\" src=\"https:\/\/sprawnymarketing.pl\/konferencja\/wp-content\/themes\/dist-product\/img\/tick.svg\" alt=\"\">\n        <\/div>  \n        <div class=\"col align-items-center d-flex\">\n            <img decoding=\"async\" class=\"bonuses__img\" src=\"https:\/\/sprawnymarketing.pl\/konferencja\/wp-content\/uploads\/2025\/04\/tick.svg\" alt=\"\">\n        <\/div>\n    <\/div>\n    <div class=\"row row--full row--full-lg-none row--full-lg-width bonuses__row align-items-stretch text-center bonuses__bor-bt \">\n        <div class=\"col-5 bonuses__col align-items-center d-flex bonuses__bor-rt\">\n            <div class=\"d-none d-md-block bonuses__img-bonuses-wrap\">\n                <img decoding=\"async\" class=\"bonuses__img-bonuses\" src=\"https:\/\/sprawnymarketing.pl\/konferencja\/wp-content\/uploads\/2020\/12\/Aplikacja-grywalizacyjna.png\" srcset=\"\" sizes=\"(max-width: 300px) 100vw, 300px\" alt=\"\"\/>\n            <\/div>\n            <p class=\"bonuses__text mb-0\">Aplikacja konferencyjna do grywalizacji i zadawania pyta\u0144 prelegentom\t<\/p>\n\n                    <\/div>\n\n        <div class=\"col align-items-center d-flex bonuses__bor-rt\">\n                            <img decoding=\"async\" class=\"bonuses__img\" src=\"https:\/\/sprawnymarketing.pl\/konferencja\/wp-content\/themes\/dist-product\/img\/tick.svg\" alt=\"\">\n                    <\/div>\n        \n        <div class=\"col align-items-center d-flex bonuses__bor-rt\">\n            <img decoding=\"async\" class=\"bonuses__img\" src=\"https:\/\/sprawnymarketing.pl\/konferencja\/wp-content\/themes\/dist-product\/img\/tick.svg\" alt=\"\">\n        <\/div>  \n        <div class=\"col align-items-center d-flex\">\n            <img decoding=\"async\" class=\"bonuses__img\" src=\"https:\/\/sprawnymarketing.pl\/konferencja\/wp-content\/themes\/dist-product\/img\/tick.svg\" alt=\"\">\n        <\/div>\n    <\/div>\n    <div class=\"row row--full row--full-lg-none row--full-lg-width bonuses__row align-items-stretch text-center bonuses__bor-bt \">\n        <div class=\"col-5 bonuses__col align-items-center d-flex bonuses__bor-rt\">\n            <div class=\"d-none d-md-block bonuses__img-bonuses-wrap\">\n                <img decoding=\"async\" class=\"bonuses__img-bonuses\" src=\"https:\/\/sprawnymarketing.pl\/konferencja\/wp-content\/uploads\/2020\/12\/Miniaturka-certyfikatu.png\" srcset=\"\" sizes=\"(max-width: 300px) 100vw, 300px\" alt=\"\"\/>\n            <\/div>\n            <p class=\"bonuses__text mb-0\">Elektroniczny certyfikat potwierdzaj\u0105cy udzia\u0142\t<\/p>\n\n                    <\/div>\n\n        <div class=\"col align-items-center d-flex bonuses__bor-rt\">\n                            <img decoding=\"async\" class=\"bonuses__img\" src=\"https:\/\/sprawnymarketing.pl\/konferencja\/wp-content\/themes\/dist-product\/img\/tick.svg\" alt=\"\">\n                    <\/div>\n        \n        <div class=\"col align-items-center d-flex bonuses__bor-rt\">\n            <img decoding=\"async\" class=\"bonuses__img\" src=\"https:\/\/sprawnymarketing.pl\/konferencja\/wp-content\/themes\/dist-product\/img\/tick.svg\" alt=\"\">\n        <\/div>  \n        <div class=\"col align-items-center d-flex\">\n            <img decoding=\"async\" class=\"bonuses__img\" src=\"https:\/\/sprawnymarketing.pl\/konferencja\/wp-content\/themes\/dist-product\/img\/tick.svg\" alt=\"\">\n        <\/div>\n    <\/div>\n    <div class=\"row row--full row--full-lg-none row--full-lg-width bonuses__row align-items-stretch text-center bonuses__bor-bt \">\n        <div class=\"col-5 bonuses__col align-items-center d-flex bonuses__bor-rt\">\n            <div class=\"d-none d-md-block bonuses__img-bonuses-wrap\">\n                <img decoding=\"async\" class=\"bonuses__img-bonuses\" src=\"https:\/\/sprawnymarketing.pl\/konferencja\/wp-content\/uploads\/2022\/05\/Sadzonka.png\" srcset=\"\" sizes=\"(max-width: 300px) 100vw, 300px\" alt=\"\"\/>\n            <\/div>\n            <p class=\"bonuses__text mb-0\">Zasadzenie drzewa w ramach wsp\u00f3\u0142pracy z Posadzimy.pl<\/p>\n\n                    <\/div>\n\n        <div class=\"col align-items-center d-flex bonuses__bor-rt\">\n                            <img decoding=\"async\" class=\"bonuses__img\" src=\"https:\/\/sprawnymarketing.pl\/konferencja\/wp-content\/themes\/dist-product\/img\/tick.svg\" alt=\"\">\n                    <\/div>\n        \n        <div class=\"col align-items-center d-flex bonuses__bor-rt\">\n            <img decoding=\"async\" class=\"bonuses__img\" src=\"https:\/\/sprawnymarketing.pl\/konferencja\/wp-content\/themes\/dist-product\/img\/tick.svg\" alt=\"\">\n        <\/div>  \n        <div class=\"col align-items-center d-flex\">\n            <img decoding=\"async\" class=\"bonuses__img\" src=\"https:\/\/sprawnymarketing.pl\/konferencja\/wp-content\/themes\/dist-product\/img\/tick.svg\" alt=\"\">\n        <\/div>\n    <\/div>\n<style>\n\t.bonuses__col {\n    position: relative;\n}\n\n.bonuses__tooltip {\n    position: absolute;\n    bottom: 100%;\n    left: 50%;\n    transform: translateX(-50%);\n    background: rgba(0, 0, 0, 0.85);\n    color: #fff;\n    padding: 8px 12px;\n    border-radius: 0px;\n    white-space: normal;\n    font-size: 14px;\n    line-height: 1.4;\n    opacity: 0;\n    visibility: hidden;\n    transition: opacity 0.3s ease, visibility 0.3s ease;\n    z-index: 10;\n}\n\n.bonuses__col:hover .bonuses__tooltip {\n    opacity: 1;\n    visibility: visible;\n}\n<\/style>\n<\/section><div class=\"wp-bootstrap-blocks-container container mb-2\">\n\t\n<h2 class=\"wp-block-heading has-text-align-center\"><\/h2>\n<\/div><div class=\"wp-bootstrap-blocks-container container mb-2\">\n\t\n<h2 class=\"wp-block-heading has-text-align-center\">Dlaczego warto? <\/h2>\n<\/div><div class=\"wp-bootstrap-blocks-container container mb-2\">\n\t\n<p>Konferencja <strong>I \u2764\ufe0f <\/strong>PRO Agenci AI to nie tylko miejsce wymiany wiedzy, ale te\u017c doskona\u0142a okazja do nawi\u0105zywania warto\u015bciowych kontakt\u00f3w biznesowych. Spotkasz tu projektant\u00f3w rozwi\u0105za\u0144 AI, praktyk\u00f3w wdro\u017ce\u0144 oraz lider\u00f3w, kt\u00f3rzy poka\u017c\u0105 Ci, jak w\u0142asny agent AI mo\u017ce zrewolucjonizowa\u0107 codzienno\u015b\u0107 Twojej firmy.<\/p>\n\n<p>Dzi\u0119ki inspiruj\u0105cym prelekcjom i praktycznym warsztatom poznasz najnowsze trendy, dowiesz si\u0119, jak projektowa\u0107 i wdra\u017ca\u0107 w\u0142asne AI do obs\u0142ugi klient\u00f3w, generowania lead\u00f3w czy automatyzacji proces\u00f3w sprzeda\u017cowych. Zdob\u0119dziesz praktyczne metody na popraw\u0119 wynik\u00f3w, zwi\u0119kszenie konwersji i skuteczne skalowanie dzia\u0142a\u0144. Dowiesz si\u0119 te\u017c, jak radzi\u0107 sobie z wyzwaniami wdro\u017ceniowymi i jak dobra\u0107 najlepsze narz\u0119dzia dla swojego biznesu.<\/p>\n\n<p>Nie przegap tej szansy na rozw\u00f3j \u2013 do\u0142\u0105cz do grona innowator\u00f3w i wsp\u00f3lnie z nami buduj przysz\u0142o\u015b\u0107 biznesu z AI Agents!<\/p>\n<\/div><div class=\"wp-bootstrap-blocks-container container-fluid mb-0 px-0 mt-sm-7\">\n\t\n<div class=\"wp-bootstrap-blocks-row row\">\n\t\n<div class=\"col-12 col-md-7\">\n\t\t\t\t<\/div>\n\n<div class=\"col-12 col-md-5\">\n\t\t\t\t<\/div>\n<\/div>\n<\/div><div class=\"wp-bootstrap-blocks-container container-fluid mb-0 px-0 mt-sm-7\">\n\t\n<div class=\"wp-bootstrap-blocks-row row\">\n\t\n<div class=\"col-12 col-md-7\">\n\t\t\t\n<h2 id=\"heading-block_5b1f719e39f394bf07543a293e14e803\" class=\"title-counter d-flex\">\n    <div class=\"title-counter--number\">1<\/div>\n    <div class=\"title-counter--break\"> 40-minutowe prezentacje skierowane do profesjonalist\u00f3w<br \/>\r\n<\/div>\n<\/h2>\n\n<p><strong>Na scenie 6 specjalist\u00f3w, kt\u00f3rzy&nbsp;<\/strong>w&nbsp;<strong>40 minut poka\u017c\u0105 Ci&nbsp;<\/strong>wi\u0119cej konkretnych przyk\u0142ad\u00f3w, narz\u0119dzi i wdro\u017ce\u0144.<\/p>\n\t<\/div>\n\n<div class=\"col-12 col-md-5\">\n\t\t\t\n<div style=\"padding:100% 0 0 0;position:relative;\"><iframe src=\"https:\/\/player.vimeo.com\/video\/762178468?autoplay=1&amp;loop=1&amp;autopause=0&amp;background=1&amp;muted=1\" frameborder=\"0\" allow=\"autoplay; fullscreen; picture-in-picture\" allowfullscreen=\"\" style=\"position:absolute;top:0;left:0;width:100%;height:100%;\" title=\"dymki_1\"><\/iframe><\/div>\n\t<\/div>\n<\/div>\n<\/div><div class=\"wp-bootstrap-blocks-container container-fluid mb-0 px-0 mt-sm-7\">\n\t\n<div class=\"wp-bootstrap-blocks-row row\">\n\t\n<div class=\"col-12 col-md-7\">\n\t\t\t\n<h2 id=\"heading-block_94cf7cf234d6b955a86d8f569a49d97a\" class=\"title-counter d-flex\">\n    <div class=\"title-counter--number\">2<\/div>\n    <div class=\"title-counter--break\">ZERO sprzeda\u017cowych prezentacji<\/div>\n<\/h2>\n\n<p>Prelegenci na I \u2764\ufe0f PRO Agenci AI otrzymuj\u0105 wynagrodzenie za swoje premierowe, merytoryczne i praktyczne prezentacje! \ud83d\udd25<\/p>\n\t<\/div>\n\n<div class=\"col-12 col-md-5\">\n\t\t\t\n<div style=\"padding:100% 0 0 0;position:relative;\"><iframe src=\"https:\/\/player.vimeo.com\/video\/762178274?autoplay=1&amp;loop=1&amp;autopause=0&amp;background=1&amp;muted=1\" frameborder=\"0\" allow=\"autoplay; fullscreen; picture-in-picture\" allowfullscreen=\"\" style=\"position:absolute;top:0;left:0;width:100%;height:100%;\" title=\"dymki_1\"><\/iframe><\/div>\n\t<\/div>\n<\/div>\n<\/div><div class=\"wp-bootstrap-blocks-container container-fluid mb-0 px-0 mt-sm-7\">\n\t\n<div class=\"wp-bootstrap-blocks-row row\">\n\t\n<div class=\"col-12 col-md-7\">\n\t\t\t\n<h2 id=\"heading-block_5050be71982b811fefe7fde2c781d25b\" class=\"title-counter d-flex\">\n    <div class=\"title-counter--number\">3<\/div>\n    <div class=\"title-counter--break\">Okazja na poznanie Sponsor\u00f3w i Partner\u00f3w konferencji<\/div>\n<\/h2>\n\n<p>Do dyspozycji uczestnik\u00f3w b\u0119d\u0105 r\u00f3wnie\u017c stoiska naszych partner\u00f3w, gdzie b\u0119dzie mo\u017cna pozna\u0107 ich propozycje, nawi\u0105za\u0107 kontakty&nbsp;biznesowe i skorzysta\u0107 ze specjalnych promocji. Je\u015bli chcesz do\u0142\u0105czy\u0107 do grona wystawc\u00f3w, <a href=\"mailto:wojciech.markowski@sprawnymarketing.pl\">zapraszamy do kontaktu<\/a><\/p>\n\t<\/div>\n\n<div class=\"col-12 col-md-5\">\n\t\t\t\n<div style=\"padding:100% 0 0 0;position:relative;\"><iframe src=https:\/\/player.vimeo.com\/video\/848043728?h=4bcb7dfcd7?autoplay=1&amp;loop=1&amp;autopause=0&amp;background=1&amp;muted=1\" frameborder=\"0\" allow=\"autoplay; fullscreen; picture-in-picture\" allowfullscreen=\"\" style=\"position:absolute;top:0;left:0;width:100%;height:100%;\" title=\"dymki_1\"><\/iframe><\/div>\n\t<\/div>\n<\/div>\n<\/div><div class=\"wp-bootstrap-blocks-container container-fluid mb-0 px-0 mt-sm-7\">\n\t\n<div class=\"wp-bootstrap-blocks-row row\">\n\t\n<div class=\"col-12 col-md-7\">\n\t\t\t\n<h2 id=\"heading-block_653c0517d8a23e247910e9d59f073126\" class=\"title-counter d-flex\">\n    <div class=\"title-counter--number\">4<\/div>\n    <div class=\"title-counter--break\">Edutainment w najlepszej formie<\/div>\n<\/h2>\n\n<p>Wierzymy, \u017ce pozytywne emocje s\u0105 kluczem do sukcesu, dlatego stawiamy na edutainment! Nauka w przyjaznej atmosferze i \u015bwietna energia sprawiaj\u0105, \u017ce wiedza zostaje z Tob\u0105 na d\u0142u\u017cej. Nasi eksperci nie tylko przekazuj\u0105 najnowsz\u0105 wiedz\u0119 o AI, ale te\u017c potrafi\u0105 rozbawi\u0107 wszystkich uczestnik\u00f3w. Gwarantujemy, \u017ce wyjdziesz z g\u0142ow\u0105 pe\u0142n\u0105 inspiracji i \u015bwietnym nastrojem! \ud83d\ude04<\/p>\n\t<\/div>\n\n<div class=\"col-12 col-md-5\">\n\t\t\t\n<div style=\"padding:100% 0 0 0;position:relative;\"><iframe src=\"https:\/\/player.vimeo.com\/video\/762178566?autoplay=1&amp;loop=1&amp;autopause=0&amp;background=1&amp;muted=1\" frameborder=\"0\" allow=\"autoplay; fullscreen; picture-in-picture\" allowfullscreen=\"\" style=\"position:absolute;top:0;left:0;width:100%;height:100%;\" title=\"dymki_1\"><\/iframe><\/div>\n\t<\/div>\n<\/div>\n<\/div><div class=\"wp-bootstrap-blocks-container container-fluid mb-0 px-0 mt-sm-7\">\n\t\n<div class=\"wp-bootstrap-blocks-row row\">\n\t\n<div class=\"col-12 col-md-7\">\n\t\t\t\n<h2 id=\"heading-block_4c301a693c59b0fd95d4dd48ddb1c36f\" class=\"title-counter d-flex\">\n    <div class=\"title-counter--number\">5<\/div>\n    <div class=\"title-counter--break\">I Love PRO Agenci AI loves eco!<\/div>\n<\/h2>\n\n<p>Pracujemy nad tym, aby konferencja z ka\u017cd\u0105 edycj\u0105 by\u0142a coraz bardziej przyjazna \u015brodowisku. Razem z Posadzimy.pl posadzimy wsp\u00f3lnie dok\u0142adnie tyle drzew, ile os\u00f3b pojawi si\u0119 na konferencji!<\/p>\n\t<\/div>\n\n<div class=\"col-12 col-md-5\">\n\t\t\t\n<div style=\"padding:100% 0 0 0;position:relative;\"><iframe src=\"https:\/\/player.vimeo.com\/video\/762178407?autoplay=1&amp;loop=1&amp;autopause=0&amp;background=1&amp;muted=1\" frameborder=\"0\" allow=\"autoplay; fullscreen; picture-in-picture\" allowfullscreen=\"\" style=\"position:absolute;top:0;left:0;width:100%;height:100%;\" title=\"dymki_1\"><\/iframe><\/div>\n\t<\/div>\n<\/div>\n<\/div><div class=\"wp-bootstrap-blocks-container container-fluid mb-0 px-0 mt-sm-7\">\n\t\n<div class=\"wp-bootstrap-blocks-row row\">\n\t\n<div class=\"col-12 col-md-7\">\n\t\t\t\n<h2 id=\"heading-block_6b187ff2ee55fd4fb588e9049a80a459\" class=\"title-counter d-flex\">\n    <div class=\"title-counter--number\">6<\/div>\n    <div class=\"title-counter--break\">Paczka konferencyjna<\/div>\n<\/h2>\n\n<p>Osoby, kt\u00f3re zakupi\u0142y bilet VIP otrzymaj\u0105 paczk\u0119 konferencyjn\u0105 poczt\u0105 na tydzie\u0144 przed eventem. Koniec z noszeniem k\u0142opotliwej torby na konferencji.<\/p>\n\t<\/div>\n\n<div class=\"col-12 col-md-5\">\n\t\t\t\n<div style=\"padding:100% 0 0 0;position:relative;\"><iframe src=\"https:\/\/player.vimeo.com\/video\/762178198?autoplay=1&amp;loop=1&amp;autopause=0&amp;background=1&amp;muted=1\" frameborder=\"0\" allow=\"autoplay; fullscreen; picture-in-picture\" allowfullscreen=\"\" style=\"position:absolute;top:0;left:0;width:100%;height:100%;\" title=\"dymki_1\"><\/iframe><\/div>\n\t<\/div>\n<\/div>\n<\/div><div class=\"wp-bootstrap-blocks-container container-fluid mb-0 px-0 mt-sm-7\">\n\t\n<div class=\"wp-bootstrap-blocks-row row\">\n\t\n<div class=\"col-12 col-md-7\">\n\t\t\t\n<h2 id=\"heading-block_b2e7f434d281494f90244f6c39714ddd\" class=\"title-counter d-flex\">\n    <div class=\"title-counter--number\">7<\/div>\n    <div class=\"title-counter--break\">Doskonali konferansjerzy!<\/div>\n<\/h2>\n\n<p>Konferencj\u0119 <strong>#ilovemkt<\/strong> poprowadzi zesp\u00f3\u0142 charyzmatycznych prowadz\u0105cych, na czele z niezast\u0105pionym <strong>Maciejem Kautzem<\/strong>, kt\u00f3ry ju\u017c po raz 21. zadba o punktualno\u015b\u0107 prezentacji, dobr\u0105 atmosfer\u0119 i energi\u0119 na scenie.<\/p>\n\t<\/div>\n\n<div class=\"col-12 col-md-5\">\n\t\t\t\n<div style=\"padding:100% 0 0 0;position:relative;\"><iframe src=\"https:\/\/player.vimeo.com\/video\/762178441?autoplay=1&amp;loop=1&amp;autopause=0&amp;background=1&amp;muted=1\" frameborder=\"0\" allow=\"autoplay; fullscreen; picture-in-picture\" allowfullscreen=\"\" style=\"position:absolute;top:0;left:0;width:100%;height:100%;\" title=\"dymki_1\"><\/iframe><\/div>\n\t<\/div>\n<\/div>\n<\/div><div class=\"wp-bootstrap-blocks-container container-fluid mb-0 px-0 mt-sm-7\">\n\t\n<div class=\"wp-bootstrap-blocks-row row\">\n\t\n<div class=\"col-12 col-md-7\">\n\t\t\t\n<h2 id=\"heading-block_53e8b870ee343ae7b0418f1e10938a1f\" class=\"title-counter d-flex\">\n    <div class=\"title-counter--number\">8<\/div>\n    <div class=\"title-counter--break\">Panel dyskusyjny na #ilovemkt<\/div>\n<\/h2>\n\n<p>Czyli dodatkowe bonusowe tre\u015bci! Ekspercki panel dyskusyjny na zako\u0144czenie ka\u017cdej \u015bcie\u017cki.<\/p>\n\t<\/div>\n\n<div class=\"col-12 col-md-5\">\n\t\t\t\n<div style=\"padding:100% 0 0 0;position:relative;\"><iframe src=\"https:\/\/player.vimeo.com\/video\/852263992?h=c13619db90?autoplay=1&amp;loop=1&amp;autopause=0&amp;background=1&amp;muted=1\" frameborder=\"0\" allow=\"autoplay; fullscreen; picture-in-picture\" allowfullscreen=\"\" style=\"position:absolute;top:0;left:0;width:100%;height:100%;\" title=\"dymki_1\"><\/iframe><\/div>\n\t<\/div>\n<\/div>\n<\/div><div class=\"wp-bootstrap-blocks-container container-fluid mb-0 px-0 mt-sm-7\">\n\t\n<div class=\"wp-bootstrap-blocks-row row\">\n\t\n<div class=\"col-12 col-md-7\">\n\t\t\t\n<h2 id=\"heading-block_ab8683b49c03155b5964bac71f119b1b\" class=\"title-counter d-flex\">\n    <div class=\"title-counter--number\">9<\/div>\n    <div class=\"title-counter--break\">WiFi i dost\u0119p do gniazdek na terenie konferencji<br \/>\r\n<\/div>\n<\/h2>\n\n<p>Mocne \u0142\u0105cze WiFi oraz dost\u0119p do gniazdek z pr\u0105dem w niemal ka\u017cdym rz\u0119dzie, dzi\u0119ki czemu w ka\u017cdej chwili mo\u017cesz pod\u0142adowa\u0107 sw\u00f3j telefon.<\/p>\n\t<\/div>\n\n<div class=\"col-12 col-md-5\">\n\t\t\t\n<div style=\"padding:100% 0 0 0;position:relative;\"><iframe src=\"https:\/\/player.vimeo.com\/video\/762178173?autoplay=1&amp;loop=1&amp;autopause=0&amp;background=1&amp;muted=1\" frameborder=\"0\" allow=\"autoplay; fullscreen; picture-in-picture\" allowfullscreen=\"\" style=\"position:absolute;top:0;left:0;width:100%;height:100%;\" title=\"dymki_1\"><\/iframe><\/div>\n\t<\/div>\n<\/div>\n<\/div><div class=\"wp-bootstrap-blocks-container container-fluid mb-0 px-0 mt-sm-7\">\n\t\n<div class=\"wp-bootstrap-blocks-row row\">\n\t\n<div class=\"col-12 col-md-7\">\n\t\t\t\n<h2 id=\"heading-block_8fb44caaa7abc1cee6d9613922976142\" class=\"title-counter d-flex\">\n    <div class=\"title-counter--number\">10<\/div>\n    <div class=\"title-counter--break\">Dost\u0119p do zamkni\u0119tej platformy wiedzy <\/div>\n<\/h2>\n\n<p>Dla uczestnik\u00f3w, kt\u00f3rzy zakupili bilet premium i VIP przygotowali\u015bmy co\u015b wyj\u0105tkowego: dost\u0119p do zamkni\u0119tej platformy. Znajdziecie tam mi\u0119dzy innymi: kursy online, streszczenia ksi\u0105\u017cek, webinary z ekspertami, archiwalne wydania magazynu i wiele wi\u0119cej.<\/p>\n\t<\/div>\n\n<div class=\"col-12 col-md-5\">\n\t\t\t\n<figure class=\"wp-block-image size-large\"><img loading=\"lazy\" decoding=\"async\" width=\"360\" height=\"360\" src=\"https:\/\/sprawnymarketing.pl\/konferencja\/wp-content\/uploads\/2021\/05\/1.png\" alt=\"\" class=\"wp-image-987\" srcset=\"https:\/\/sprawnymarketing.pl\/konferencja\/wp-content\/uploads\/2021\/05\/1.png 360w, https:\/\/sprawnymarketing.pl\/konferencja\/wp-content\/uploads\/2021\/05\/1-300x300.png 300w, https:\/\/sprawnymarketing.pl\/konferencja\/wp-content\/uploads\/2021\/05\/1-100x100.png 100w, https:\/\/sprawnymarketing.pl\/konferencja\/wp-content\/uploads\/2021\/05\/1-150x150.png 150w\" sizes=\"auto, (max-width: 360px) 100vw, 360px\" \/><\/figure>\n\t<\/div>\n<\/div>\n<\/div><p><\/p>","protected":false},"excerpt":{"rendered":"<p>Konferencja I \u2764\ufe0f PRO: Agenci AI 1 Po rejestracji mo\u017cesz op\u0142aci\u0107 zam\u00f3wienie od razu online lub pobra\u0107 faktur\u0119 proform\u0119 i op\u0142aci\u0107 j\u0105 przelewem bankowym. 2 Po zaksi\u0119gowaniu wp\u0142aty, je\u015bli posiadasz taki pakiet otrzymasz dost\u0119p do materia\u0142\u00f3w video z poprzedniej edycji #ilovemkt o warto\u015bci 1970 z\u0142. 3 Tydzie\u0144 przed eventem otrzymasz od nas paczk\u0119 konferencyjn\u0105 na [&#8230;]<\/p>\n<p><a class=\"btn btn-secondary understrap-read-more-link\" href=\"https:\/\/sprawnymarketing.pl\/konferencja\/agenci-ai\/\">Czytaj dalej\u2026<\/a><\/p>\n","protected":false},"author":13,"featured_media":0,"parent":0,"menu_order":0,"comment_status":"closed","ping_status":"closed","template":"","meta":{"_acf_changed":false,"inline_featured_image":false,"footnotes":""},"class_list":["post-9198","page","type-page","status-publish","hentry"],"acf":[],"yoast_head":"<!-- This site is optimized with the Yoast SEO plugin v26.8 - https:\/\/yoast.com\/product\/yoast-seo-wordpress\/ -->\n<title>I love Agenci AI \ud83d\udcc5 22.04 | Warszawa | Konferencja o automatyzacji i agentach AI<\/title>\n<meta name=\"robots\" content=\"index, follow, max-snippet:-1, max-image-preview:large, max-video-preview:-1\" \/>\n<link rel=\"canonical\" href=\"https:\/\/sprawnymarketing.pl\/konferencja\/agenci-ai\/\" \/>\n<meta property=\"og:locale\" content=\"pl_PL\" \/>\n<meta property=\"og:type\" content=\"article\" \/>\n<meta property=\"og:title\" content=\"I love Agenci AI \ud83d\udcc5 22.04 | Warszawa | Konferencja o automatyzacji i agentach AI\" \/>\n<meta property=\"og:description\" content=\"Konferencja I \u2764\ufe0f PRO: Agenci AI 1 Po rejestracji mo\u017cesz op\u0142aci\u0107 zam\u00f3wienie od razu online lub pobra\u0107 faktur\u0119 proform\u0119 i op\u0142aci\u0107 j\u0105 przelewem bankowym. 2 Po zaksi\u0119gowaniu wp\u0142aty, je\u015bli posiadasz taki pakiet otrzymasz dost\u0119p do materia\u0142\u00f3w video z poprzedniej edycji #ilovemkt o warto\u015bci 1970 z\u0142. 3 Tydzie\u0144 przed eventem otrzymasz od nas paczk\u0119 konferencyjn\u0105 na [...]Czytaj dalej\u2026\" \/>\n<meta property=\"og:url\" content=\"https:\/\/sprawnymarketing.pl\/konferencja\/agenci-ai\/\" \/>\n<meta property=\"og:site_name\" content=\"sprawny.marketing \u2022 Szkolenia \u2022 Konferencje \u2022 Magazyn\" \/>\n<meta property=\"article:modified_time\" content=\"2026-03-12T14:21:17+00:00\" \/>\n<meta property=\"og:image\" content=\"https:\/\/sprawnymarketing.pl\/konferencja\/wp-content\/uploads\/2025\/05\/1200x628-PRO-Agenci.png\" \/>\n\t<meta property=\"og:image:width\" content=\"1200\" \/>\n\t<meta property=\"og:image:height\" content=\"628\" \/>\n\t<meta property=\"og:image:type\" content=\"image\/png\" \/>\n<meta name=\"twitter:card\" content=\"summary_large_image\" \/>\n<meta name=\"twitter:title\" content=\"I love Agenci AI \ud83d\udcc5 22.04 | Warszawa | Konferencja o automatyzacji i agentach AI\" \/>\n<meta name=\"twitter:image\" content=\"https:\/\/sprawnymarketing.pl\/konferencja\/wp-content\/uploads\/2025\/05\/1200x628-PRO-Agenci.png\" \/>\n<meta name=\"twitter:label1\" content=\"Szacowany czas czytania\" \/>\n\t<meta name=\"twitter:data1\" content=\"6 minut\" \/>\n<script type=\"application\/ld+json\" class=\"yoast-schema-graph\">{\"@context\":\"https:\/\/schema.org\",\"@graph\":[{\"@type\":\"WebPage\",\"@id\":\"https:\/\/sprawnymarketing.pl\/konferencja\/agenci-ai\/\",\"url\":\"https:\/\/sprawnymarketing.pl\/konferencja\/agenci-ai\/\",\"name\":\"I love Agenci AI \ud83d\udcc5 22.04 | Warszawa | Konferencja o automatyzacji i agentach AI\",\"isPartOf\":{\"@id\":\"https:\/\/sprawnymarketing.pl\/konferencja\/#website\"},\"primaryImageOfPage\":{\"@id\":\"https:\/\/sprawnymarketing.pl\/konferencja\/agenci-ai\/#primaryimage\"},\"image\":{\"@id\":\"https:\/\/sprawnymarketing.pl\/konferencja\/agenci-ai\/#primaryimage\"},\"thumbnailUrl\":\"https:\/\/sprawnymarketing.pl\/konferencja\/wp-content\/uploads\/2022\/04\/fv.png\",\"datePublished\":\"2025-05-27T11:43:50+00:00\",\"dateModified\":\"2026-03-12T14:21:17+00:00\",\"breadcrumb\":{\"@id\":\"https:\/\/sprawnymarketing.pl\/konferencja\/agenci-ai\/#breadcrumb\"},\"inLanguage\":\"pl-PL\",\"potentialAction\":[{\"@type\":\"ReadAction\",\"target\":[\"https:\/\/sprawnymarketing.pl\/konferencja\/agenci-ai\/\"]}]},{\"@type\":\"ImageObject\",\"inLanguage\":\"pl-PL\",\"@id\":\"https:\/\/sprawnymarketing.pl\/konferencja\/agenci-ai\/#primaryimage\",\"url\":\"https:\/\/sprawnymarketing.pl\/konferencja\/wp-content\/uploads\/2022\/04\/fv.png\",\"contentUrl\":\"https:\/\/sprawnymarketing.pl\/konferencja\/wp-content\/uploads\/2022\/04\/fv.png\"},{\"@type\":\"BreadcrumbList\",\"@id\":\"https:\/\/sprawnymarketing.pl\/konferencja\/agenci-ai\/#breadcrumb\",\"itemListElement\":[{\"@type\":\"ListItem\",\"position\":1,\"name\":\"Strona g\u0142\u00f3wna\",\"item\":\"https:\/\/sprawnymarketing.pl\/konferencja\/\"},{\"@type\":\"ListItem\",\"position\":2,\"name\":\"I love Agenci AI- podstrona\"}]},{\"@type\":\"WebSite\",\"@id\":\"https:\/\/sprawnymarketing.pl\/konferencja\/#website\",\"url\":\"https:\/\/sprawnymarketing.pl\/konferencja\/\",\"name\":\"sprawny.marketing \u2022 Szkolenia \u2022 Konferencje \u2022 Magazyn\",\"description\":\"\",\"potentialAction\":[{\"@type\":\"SearchAction\",\"target\":{\"@type\":\"EntryPoint\",\"urlTemplate\":\"https:\/\/sprawnymarketing.pl\/konferencja\/?s={search_term_string}\"},\"query-input\":{\"@type\":\"PropertyValueSpecification\",\"valueRequired\":true,\"valueName\":\"search_term_string\"}}],\"inLanguage\":\"pl-PL\"}]}<\/script>\n<!-- \/ Yoast SEO plugin. -->","yoast_head_json":{"title":"I love Agenci AI \ud83d\udcc5 22.04 | Warszawa | Konferencja o automatyzacji i agentach AI","robots":{"index":"index","follow":"follow","max-snippet":"max-snippet:-1","max-image-preview":"max-image-preview:large","max-video-preview":"max-video-preview:-1"},"canonical":"https:\/\/sprawnymarketing.pl\/konferencja\/agenci-ai\/","og_locale":"pl_PL","og_type":"article","og_title":"I love Agenci AI \ud83d\udcc5 22.04 | Warszawa | Konferencja o automatyzacji i agentach AI","og_description":"Konferencja I \u2764\ufe0f PRO: Agenci AI 1 Po rejestracji mo\u017cesz op\u0142aci\u0107 zam\u00f3wienie od razu online lub pobra\u0107 faktur\u0119 proform\u0119 i op\u0142aci\u0107 j\u0105 przelewem bankowym. 2 Po zaksi\u0119gowaniu wp\u0142aty, je\u015bli posiadasz taki pakiet otrzymasz dost\u0119p do materia\u0142\u00f3w video z poprzedniej edycji #ilovemkt o warto\u015bci 1970 z\u0142. 3 Tydzie\u0144 przed eventem otrzymasz od nas paczk\u0119 konferencyjn\u0105 na [...]Czytaj dalej\u2026","og_url":"https:\/\/sprawnymarketing.pl\/konferencja\/agenci-ai\/","og_site_name":"sprawny.marketing \u2022 Szkolenia \u2022 Konferencje \u2022 Magazyn","article_modified_time":"2026-03-12T14:21:17+00:00","og_image":[{"width":1200,"height":628,"url":"https:\/\/sprawnymarketing.pl\/konferencja\/wp-content\/uploads\/2025\/05\/1200x628-PRO-Agenci.png","type":"image\/png"}],"twitter_card":"summary_large_image","twitter_title":"I love Agenci AI \ud83d\udcc5 22.04 | Warszawa | Konferencja o automatyzacji i agentach AI","twitter_image":"https:\/\/sprawnymarketing.pl\/konferencja\/wp-content\/uploads\/2025\/05\/1200x628-PRO-Agenci.png","twitter_misc":{"Szacowany czas czytania":"6 minut"},"schema":{"@context":"https:\/\/schema.org","@graph":[{"@type":"WebPage","@id":"https:\/\/sprawnymarketing.pl\/konferencja\/agenci-ai\/","url":"https:\/\/sprawnymarketing.pl\/konferencja\/agenci-ai\/","name":"I love Agenci AI \ud83d\udcc5 22.04 | Warszawa | Konferencja o automatyzacji i agentach AI","isPartOf":{"@id":"https:\/\/sprawnymarketing.pl\/konferencja\/#website"},"primaryImageOfPage":{"@id":"https:\/\/sprawnymarketing.pl\/konferencja\/agenci-ai\/#primaryimage"},"image":{"@id":"https:\/\/sprawnymarketing.pl\/konferencja\/agenci-ai\/#primaryimage"},"thumbnailUrl":"https:\/\/sprawnymarketing.pl\/konferencja\/wp-content\/uploads\/2022\/04\/fv.png","datePublished":"2025-05-27T11:43:50+00:00","dateModified":"2026-03-12T14:21:17+00:00","breadcrumb":{"@id":"https:\/\/sprawnymarketing.pl\/konferencja\/agenci-ai\/#breadcrumb"},"inLanguage":"pl-PL","potentialAction":[{"@type":"ReadAction","target":["https:\/\/sprawnymarketing.pl\/konferencja\/agenci-ai\/"]}]},{"@type":"ImageObject","inLanguage":"pl-PL","@id":"https:\/\/sprawnymarketing.pl\/konferencja\/agenci-ai\/#primaryimage","url":"https:\/\/sprawnymarketing.pl\/konferencja\/wp-content\/uploads\/2022\/04\/fv.png","contentUrl":"https:\/\/sprawnymarketing.pl\/konferencja\/wp-content\/uploads\/2022\/04\/fv.png"},{"@type":"BreadcrumbList","@id":"https:\/\/sprawnymarketing.pl\/konferencja\/agenci-ai\/#breadcrumb","itemListElement":[{"@type":"ListItem","position":1,"name":"Strona g\u0142\u00f3wna","item":"https:\/\/sprawnymarketing.pl\/konferencja\/"},{"@type":"ListItem","position":2,"name":"I love Agenci AI- podstrona"}]},{"@type":"WebSite","@id":"https:\/\/sprawnymarketing.pl\/konferencja\/#website","url":"https:\/\/sprawnymarketing.pl\/konferencja\/","name":"sprawny.marketing \u2022 Szkolenia \u2022 Konferencje \u2022 Magazyn","description":"","potentialAction":[{"@type":"SearchAction","target":{"@type":"EntryPoint","urlTemplate":"https:\/\/sprawnymarketing.pl\/konferencja\/?s={search_term_string}"},"query-input":{"@type":"PropertyValueSpecification","valueRequired":true,"valueName":"search_term_string"}}],"inLanguage":"pl-PL"}]}},"_links":{"self":[{"href":"https:\/\/sprawnymarketing.pl\/konferencja\/smilovemkt-api\/wp\/v2\/pages\/9198","targetHints":{"allow":["GET"]}}],"collection":[{"href":"https:\/\/sprawnymarketing.pl\/konferencja\/smilovemkt-api\/wp\/v2\/pages"}],"about":[{"href":"https:\/\/sprawnymarketing.pl\/konferencja\/smilovemkt-api\/wp\/v2\/types\/page"}],"author":[{"embeddable":true,"href":"https:\/\/sprawnymarketing.pl\/konferencja\/smilovemkt-api\/wp\/v2\/users\/13"}],"replies":[{"embeddable":true,"href":"https:\/\/sprawnymarketing.pl\/konferencja\/smilovemkt-api\/wp\/v2\/comments?post=9198"}],"version-history":[{"count":40,"href":"https:\/\/sprawnymarketing.pl\/konferencja\/smilovemkt-api\/wp\/v2\/pages\/9198\/revisions"}],"predecessor-version":[{"id":12661,"href":"https:\/\/sprawnymarketing.pl\/konferencja\/smilovemkt-api\/wp\/v2\/pages\/9198\/revisions\/12661"}],"wp:attachment":[{"href":"https:\/\/sprawnymarketing.pl\/konferencja\/smilovemkt-api\/wp\/v2\/media?parent=9198"}],"curies":[{"name":"wp","href":"https:\/\/api.w.org\/{rel}","templated":true}]}}