{"id":12417,"date":"2026-02-27T10:03:28","date_gmt":"2026-02-27T09:03:28","guid":{"rendered":"https:\/\/sprawnymarketing.pl\/konferencja\/?page_id=12417"},"modified":"2026-03-13T12:00:47","modified_gmt":"2026-03-13T11:00:47","slug":"znizki","status":"publish","type":"page","link":"https:\/\/sprawnymarketing.pl\/konferencja\/znizki\/","title":{"rendered":"Zni\u017cki dla uczestnik\u00f3w"},"content":{"rendered":"<style>\n\/* Floating Header *\/\n.floating-header {\n    position: fixed;\n    top: 0;\n    left: 0;\n    right: 0;\n    background-color: white;\n    box-shadow: 0 2px 5px rgba(0,0,0,0.1);\n    padding: 10px 20px;\n    display: flex;\n    justify-content: space-between;\n    align-items: center;\n    z-index: 9999;\n}\n\n.floating-header .logo {\n    height: 40px;\n    width: auto;\n}\n\t\n.logo-link {\n    display: inline-block;\n    line-height: 0;\n}\n\n.logo-link:hover .logo {\n    opacity: 0.8;\n    transition: opacity 0.3s ease;\n}\n\n\/* Smooth scroll *\/\nhtml {\n    scroll-behavior: smooth;\n}\n\n\/* Button styles *\/\n.rocketjobs-buy-button-top {\n    background-color: #fff000;\n    color: #000;\n    padding: 8px 16px;\n    text-decoration: none;\n    border-radius: 0px;\n    font-weight: bold;\n    transition: all 0.3s ease;\n}\n\n.rocketjobs-buy-button-top:hover {\n    text-decoration: none;\n    color: #000;\n}\n\n\/* Header styles *\/\n.full-width-header {\n    width: 100%;\n    position: relative;\n    background-size: cover;\n    background-position: center;\n    background-repeat: no-repeat;\n    overflow: hidden;\n    margin-top: 0px;\n}\n\n.header-content {\n    min-height: 400px;\n    display: flex;\n    flex-direction: column;\n    align-items: center;\n    justify-content: center;\n    text-align: center;\n    padding: 60px 15px;\n    position: relative;\n    z-index: 2;\n}\n\n.header-logo, .grafika-gorna, .grafika-dolna {\n    max-width: 450px;\n    height: auto;\n    margin-bottom: 20px;\n    max-height: 100px;\n}\n\n.header-title {\n    margin-top: 20px;\n    font-size: 3rem;\n}\n\n.title-highlight {\n    background-color: #fff000;\n    padding: 0 8px;\n}\n\n.header-date {\n    display: block;\n    font-size: 3rem;\n    color: white;\n}\n\n.full-width {\n    width: 100vw;\n    position: relative;\n    background-size: cover;\n    background-position: center;\n    margin: 0;\n    padding: 0;\n    left: 50%;\n    right: 50%;\n    height: 435px;\n}\n\n\/* Hide default navbar *\/\n.navbar {\n    display: none !important;\n}\n\n.button-form {\n    display: none !important;\n}\n\n\/* Desktop styles *\/\n@media (min-width: 992px) {\n    .floating-header {\n        padding-left: 10%;\n        padding-right: 10%;\n    }\n    \n    .floating-header .logo-container {\n        margin-left: 20px;\n    }\n    \n    .floating-header .button-container {\n        margin-right: 20px;\n    }\n    \n    .full-width {\n        margin-top: -100px;\n    }\n    \n    .full-width-header {\n        padding-top: 80px;\n    }\n}\n\n\/* Mobile and tablet styles *\/\n@media (max-width: 991px) {\n    \/* Hide navigation menu on mobile *\/\n    .navbar__list,\n    .floating-menu,\n    .floating-header .floating-menu,\n    .floating-header .navbar__list {\n        display: none !important;\n    }\n    \n    \/* Adjust header spacing for mobile *\/\n    .full-width {\n        margin-top: 0px !important;\n    }\n    \n    .full-width-header {\n        padding-top: 60px; \/* Adjust based on actual floating-header height *\/\n    }\n}\n\n\/* Small mobile devices *\/\n@media (max-width: 767px) {\n    .floating-header {\n        padding: 8px 15px;\n    }\n    \n    .floating-header .logo {\n        height: 35px;\n    }\n    \n    .rocketjobs-buy-button-top {\n        padding: 6px 12px;\n        font-size: 14px;\n    }\n    \n    .header-title {\n        font-size: 2.5rem;\n    }\n    \n    .header-date {\n        font-size: 2.5rem;\n    }\n}\n<\/style>\n\n<div class=\"floating-header\">\n    <div class=\"logo-container\">\n        \t\t<a href=\"https:\/\/sprawnymarketing.pl\/konferencja\/smilovemkt-api\/wp\/v2\/pages\/12417\" class=\"logo-link\">\n            <img decoding=\"async\" src=\"https:\/\/sprawnymarketing.pl\/konferencja\/wp-content\/uploads\/2024\/11\/marketing_technology-300px-1.png\" alt=\"Logo\" class=\"logo\">\n\t\t<\/a>\n            <\/div>\n    \n    <!-- Menu nawigacyjne z ACF -->\n            <nav class=\"floating-menu\">\n            <ul class=\"navbar__list d-flex\">\n                                                                                <li class=\"navbar__list-item\">\n                            <a class=\"navbar__list-link\" \n                               href=\"https:\/\/sprawnymarketing.pl\/konferencja\/warszawa\/#agenda\"\n                               data-target=\"https:\/\/sprawnymarketing.pl\/konferencja\/warszawa\/#agenda\">\n                                Wr\u00f3\u0107 do agendy                            <\/a>\n                        <\/li>\n                                                                                                    <li class=\"navbar__list-item\">\n                            <a class=\"navbar__list-link\" \n                               href=\"https:\/\/sprawnymarketing.pl\/konferencja\/warszawa\/#gridalyTickets\"\n                               data-target=\"https:\/\/sprawnymarketing.pl\/konferencja\/warszawa\/#gridalyTickets\">\n                                Kup bilet                            <\/a>\n                        <\/li>\n                                                <\/ul>\n        <\/nav>\n        \n    <div class=\"button-container\">\n\t\t\t\t\t<a href=\"https:\/\/sprawnymarketing.pl\/konferencja\/znizki\/#lo-block-block_bba7d983ec3456c9f99eaca86c31a2c9\" class=\"rocketjobs-buy-button-top mt-2\">\n\t\t\t\tSprawd\u017a zni\u017cki &gt;&gt;\t\t\t<\/a>\n\t\t\t<\/div>\n<\/div>\n\n<header id=\"header-imgblock_08b84dc7300ea585b2b1bb8d71d26f1e\" class=\"header-conf-img full-width full-width-header\"\n     \n    style=\"background-image: url('https:\/\/sprawnymarketing.pl\/konferencja\/wp-content\/uploads\/2025\/05\/Mask-Group-7.png');\" \n    >\n    \n    <div class=\"container header-content\">\n                    <h1 class=\"header-title\">\n                <span class=\"title-highlight\">Zni\u017cki dla uczestnik\u00f3w konferencji<\/span>\n            <\/h1>\n                            <img decoding=\"async\" src=\"https:\/\/sprawnymarketing.pl\/konferencja\/wp-content\/uploads\/2025\/09\/I_love_MarketingTechnology.png\" alt=\"\" class=\"header-logo\">\n                                            <time class=\"header-date\">21-23.04.2026 | Warszawa, Multikino Z\u0142ote Tarasy<\/time>\n            <\/div>\n<\/header>\n\n<script>\ndocument.addEventListener('DOMContentLoaded', function() {\n    \/\/ Dynamic header padding adjustment for mobile\n    function adjustHeaderPadding() {\n        if (window.innerWidth <= 991) {\n            const floatingHeader = document.querySelector('.floating-header');\n            const mainHeader = document.querySelector('.full-width-header');\n            \n            if (floatingHeader &#038;&#038; mainHeader) {\n                const floatingHeaderHeight = floatingHeader.offsetHeight;\n                mainHeader.style.paddingTop = floatingHeaderHeight + 'px';\n            }\n        }\n    }\n    \n    \/\/ Call on load and resize\n    adjustHeaderPadding();\n    window.addEventListener('resize', adjustHeaderPadding);\n    \n    \/\/ Menu navigation handling\n    const menuLinks = document.querySelectorAll('.navbar__list-link');\n    \n    menuLinks.forEach(link => {\n        link.addEventListener('click', function(e) {\n            const href = this.getAttribute('href');\n            \n            \/\/ Check if it's an internal link (starts with #)\n            if (href && href.startsWith('#')) {\n                e.preventDefault();\n                \n                \/\/ Remove active class from all links\n                menuLinks.forEach(l => l.classList.remove('navbar__list-link--active'));\n                \n                \/\/ Add active class to clicked link\n                this.classList.add('navbar__list-link--active');\n                \n                \/\/ Find target element\n                const targetElement = document.querySelector(href);\n                \n                if (targetElement) {\n                    \/\/ Smooth scroll to element accounting for floating header height\n                    const headerHeight = document.querySelector('.floating-header').offsetHeight;\n                    const targetPosition = targetElement.offsetTop - headerHeight - 20; \/\/ 20px additional margin\n                    \n                    window.scrollTo({\n                        top: targetPosition,\n                        behavior: 'smooth'\n                    });\n                }\n            } else {\n                \/\/ For external links, remove active class from all\n                menuLinks.forEach(l => l.classList.remove('navbar__list-link--active'));\n                \/\/ Add active class to clicked link\n                this.classList.add('navbar__list-link--active');\n            }\n        });\n    });\n    \n    \/\/ Optional: Automatic active section highlighting during scroll\n    const sections = document.querySelectorAll('[id]');\n    \n    window.addEventListener('scroll', function() {\n        const headerHeight = document.querySelector('.floating-header').offsetHeight;\n        let current = '';\n        \n        sections.forEach(section => {\n            const sectionTop = section.offsetTop - headerHeight - 50;\n            const sectionHeight = section.offsetHeight;\n            \n            if (window.pageYOffset >= sectionTop && window.pageYOffset < sectionTop + sectionHeight) {\n                current = section.getAttribute('id');\n            }\n        });\n        \n        \/\/ Update active menu only if a corresponding section is found\n        if (current) {\n            menuLinks.forEach(link => {\n                link.classList.remove('navbar__list-link--active');\n                if (link.getAttribute('href') === '#' + current) {\n                    link.classList.add('navbar__list-link--active');\n                }\n            });\n        }\n    });\n});\n<\/script><div class=\"wp-bootstrap-blocks-row row\">\n\t\n<div class=\"col-12 col-xl-10 mx-auto px-3 px-lg-0\">\n\t\t\t\n<p class=\"mt-4 pt-4\">Wybierasz si\u0119 na I \u2764\ufe0f Marketing &amp; Technology do Warszawy? Spraw, aby ten wyjazd by\u0142 czym\u015b wi\u0119cej ni\u017c tylko udzia\u0142em w konferencji.<\/p>\n\n<p>Wsp\u00f3lnie z Warszawsk\u0105 Organizacj\u0105 Turystyczn\u0105 przygotowali\u015bmy dla uczestnik\u00f3w pakiet benefit\u00f3w, dzi\u0119ki kt\u00f3rym po\u0142\u0105czysz inspiruj\u0105ce wyst\u0105pienia #ilovemkt z odkrywaniem miasta.<\/p>\n\n<h2 class=\"wp-block-heading mt-4 pt-4\"><strong>Co na Ciebie czeka?<\/strong><\/h2>\n\n<p><strong>Komfortowy nocleg<br><\/strong>Wybrane hotele w Warszawie oferuj\u0105ce atrakcyjne ceny dla uczestnik\u00f3w konferencji \u2013 wygodnie, blisko i w dobrej cenie.<\/p>\n\n<p><strong>Rozrywka i czas wolny<\/strong><br>Zni\u017cki oraz specjalne oferty do miejsc, kt\u00f3re pozwol\u0105 Ci z\u0142apa\u0107 balans po intensywnym dniu: atrakcje miejskie, w kt\u00f3rych dobrze sp\u0119dzisz czas \u2013 solo lub z ekip\u0105 z konferencji.<\/p>\n\n<p><strong>Miejsca ze smakiem<\/strong><br>Restauracje, kawiarnie i bary ze specjalnymi propozycjami dla uczestnik\u00f3w wydarzenia \u2013 idealne na networking przy kolacji, szybki lunch mi\u0119dzy prelekcjami czy wieczorne rozmowy o marketingu.<\/p>\n\n<p><\/p>\n\n<p class=\"mt-5\">Przy ka\u017cdej ofercie znajdziesz komplet informacji: zasady skorzystania ze zni\u017cki, kody promocyjne oraz terminy.<\/p>\n\n<p class=\"mt-5\"><br><\/p>\n\n<p><\/p>\n\n<p>Niech Tw\u00f3j pobyt w Warszawie b\u0119dzie naturalnym przed\u0142u\u017ceniem do\u015bwiadczenia <strong>I \u2764\ufe0f Marketing &amp; Technology<\/strong>, a dzi\u0119ki wsp\u00f3\u0142pracy z <strong>Warszawsk\u0105 Organizacj\u0105 Turystyczn\u0105<\/strong> mo\u017cesz do\u015bwiadcza\u0107 miasta nie tylko w sali konferencyjnej, ale r\u00f3wnie\u017c poza ni\u0105.<\/p>\n\t<\/div>\n<\/div><!-- Google Fonts: Lato (raz na stron\u0119 \u2013 mo\u017cna przenie\u015b\u0107 do wp_enqueue_scripts) -->\n<link rel=\"preconnect\" href=\"https:\/\/fonts.googleapis.com\">\n<link rel=\"preconnect\" href=\"https:\/\/fonts.gstatic.com\" crossorigin>\n<link href=\"https:\/\/fonts.googleapis.com\/css2?family=Lato:wght@300;400;700;900&#038;display=swap\" rel=\"stylesheet\">\n\n<style>\n\/* ============================================================\n   ZMIENNE\n============================================================ *\/\n:root {\n    --lo-black:    #111111;\n    --lo-graphite: #2d2d2d;\n    --lo-mid:      #4a4a4a;\n    --lo-muted:    #888888;\n    --lo-light:    #f4f4f4;\n    --lo-white:    #ffffff;\n    --lo-red:      #ee312f;\n    --lo-yellow:   #fff000;\n    --lo-font:     'Lato', sans-serif;\n    --lo-ease:     0.3s cubic-bezier(0.4,0,0.2,1);\n}\n\n\/* ============================================================\n   BLOK\n============================================================ *\/\n.lo-wrapper {\n    font-family: var(--lo-font);\n    background: var(--lo-white);\n    padding-bottom: 64px;\n}\n\n\/* ============================================================\n   NAG\u0141\u00d3WEK KATEGORII\n============================================================ *\/\n.lo-category-header {\n    text-align: center;\n    padding: 56px 0 36px;\n    position: relative;\n}\n.lo-category-header::after {\n    content: '';\n    display: block;\n    width: 44px;\n    height: 4px;\n    background: var(--lo-red);\n    margin: 14px auto 0;\n}\n.lo-category-header h2 {\n    font-family: var(--lo-font);\n    font-size: clamp(1.5rem, 2.8vw, 2.2rem);\n    font-weight: 900;\n    color: var(--lo-black);\n    letter-spacing: -0.02em;\n    text-transform: uppercase;\n    margin: 0;\n    line-height: 1.15;\n}\n\n\/* ============================================================\n   LISTA\n============================================================ *\/\n.lo-list {\n    display: flex;\n    flex-direction: column;\n}\n\n\/* ============================================================\n   POJEDYNCZY OBIEKT\n============================================================ *\/\n.lo-item {\n    background: var(--lo-white);\n    overflow: hidden;\n}\n\n\/* Naprzemienne t\u0142a *\/\n.lo-item:nth-child(odd) .lo-item-main  { background: var(--lo-white); }\n.lo-item:nth-child(even) .lo-item-main { background: var(--lo-light); }\n\n.lo-item-main {\n    display: flex;\n    align-items: stretch;\n    cursor: pointer;\n    transition: background var(--lo-ease);\n    gap: 0;\n    user-select: none;\n}\n.lo-item-main:hover { background: #e6e6e6 !important; }\n.lo-item.is-open .lo-item-main { background: var(--lo-black) !important; }\n\n\/* \u2500\u2500 Logo \u2500\u2500\u2500\u2500\u2500\u2500\u2500\u2500\u2500\u2500\u2500\u2500\u2500\u2500\u2500\u2500\u2500\u2500\u2500\u2500\u2500\u2500\u2500\u2500\u2500\u2500\u2500\u2500\u2500\u2500\u2500\u2500\u2500\u2500\u2500\u2500\u2500\u2500\u2500\u2500\u2500\u2500\u2500\u2500\u2500\u2500\u2500\u2500\u2500\u2500\u2500 *\/\n.lo-item-logo-col {\n    flex: 0 0 180px;\n    min-height: 150px;\n    display: flex;\n    align-items: center;\n    justify-content: center;\n    padding: 24px 20px;\n    background: rgba(0,0,0,0.04);\n    transition: background var(--lo-ease);\n}\n.lo-item.is-open .lo-item-logo-col {\n    background: rgba(255,255,255,0.07);\n}\n.lo-item-logo-col img {\n    max-width: 140px;\n    max-height: 110px;\n    width: auto;\n    height: auto;\n    object-fit: contain;\n    display: block;\n    transition: filter var(--lo-ease);\n}\n.lo-item.is-open .lo-item-logo-col img {\n    filter: brightness(0) invert(1);\n}\n\n\/* \u2500\u2500 Dane \u2500\u2500\u2500\u2500\u2500\u2500\u2500\u2500\u2500\u2500\u2500\u2500\u2500\u2500\u2500\u2500\u2500\u2500\u2500\u2500\u2500\u2500\u2500\u2500\u2500\u2500\u2500\u2500\u2500\u2500\u2500\u2500\u2500\u2500\u2500\u2500\u2500\u2500\u2500\u2500\u2500\u2500\u2500\u2500\u2500\u2500\u2500\u2500\u2500\u2500\u2500 *\/\n.lo-item-data-col {\n    flex: 1;\n    padding: 28px 28px 28px 24px;\n    display: flex;\n    flex-direction: column;\n    justify-content: center;\n    gap: 7px;\n}\n\n.lo-item-name {\n    font-family: var(--lo-font);\n    font-size: 2rem;\n    font-weight: 900;\n    color: var(--lo-black);\n    margin: 0;\n    line-height: 1.3;\n    transition: color var(--lo-ease);\n}\n.lo-item.is-open .lo-item-name { color: var(--lo-white); }\n\n.lo-item-discount {\n    font-family: var(--lo-font);\n    font-size: 1.2rem;\n    font-weight: 900;\n    color: var(--lo-graphite);\n    text-transform: uppercase;\n    letter-spacing: 0.06em;\n    transition: color var(--lo-ease);\n}\n.lo-item.is-open .lo-item-discount { color: var(--lo-yellow); }\n\n.lo-item-reservation {\n    font-family: var(--lo-font);\n    font-size: 1rem;\n    color: var(--lo-mid);\n    line-height: 1.65;\n    transition: color var(--lo-ease);\n}\n.lo-item-reservation a {\n    font-size: 1rem;\n}\n.lo-item.is-open .lo-item-reservation { color: rgba(255,255,255,0.6); }\n.lo-item-reservation a {\n    color: var(--lo-red);\n    text-decoration: none;\n    font-weight: 700;\n    transition: color var(--lo-ease);\n}\n.lo-item.is-open .lo-item-reservation a { color: var(--lo-yellow); }\n.lo-item-reservation a:hover { text-decoration: underline; }\n\n.lo-item-link-wrap { margin-top: 2px; }\n.lo-item-link-wrap a {\n    display: inline-flex;\n    align-items: center;\n    gap: 5px;\n    font-family: var(--lo-font);\n    font-size: 0.75rem;\n    font-weight: 700;\n    color: var(--lo-graphite);\n    text-decoration: none;\n    text-transform: uppercase;\n    letter-spacing: 0.08em;\n    padding: 5px 12px;\n    transition: background var(--lo-ease), color var(--lo-ease);\n}\n.lo-item-link-wrap a::after { content: '\u2192'; }\n.lo-item-link-wrap a:hover {\n    background: var(--lo-yellow);\n    color: var(--lo-black);\n}\n.lo-item.is-open .lo-item-link-wrap a { color: var(--lo-white); }\n.lo-item.is-open .lo-item-link-wrap a:hover {\n    background: var(--lo-yellow);\n    color: var(--lo-black);\n}\n\n\/* \u2500\u2500 Ikona toggle \u2500\u2500\u2500\u2500\u2500\u2500\u2500\u2500\u2500\u2500\u2500\u2500\u2500\u2500\u2500\u2500\u2500\u2500\u2500\u2500\u2500\u2500\u2500\u2500\u2500\u2500\u2500\u2500\u2500\u2500\u2500\u2500\u2500\u2500\u2500\u2500\u2500\u2500\u2500\u2500\u2500\u2500\u2500 *\/\n.lo-item-toggle {\n    flex: 0 0 52px;\n    display: flex;\n    align-items: center;\n    justify-content: center;\n    color: var(--lo-muted);\n    transition: color var(--lo-ease);\n    align-self: center;\n    padding: 12px;\n}\n.lo-item.is-open .lo-item-toggle { color: var(--lo-yellow); }\n\n.lo-toggle-icon {\n    width: 20px;\n    height: 20px;\n    position: relative;\n    flex-shrink: 0;\n    transition: transform var(--lo-ease);\n}\n.lo-item.is-open .lo-toggle-icon { transform: rotate(45deg); }\n.lo-toggle-icon::before,\n.lo-toggle-icon::after {\n    content: '';\n    position: absolute;\n    background: currentColor;\n}\n.lo-toggle-icon::before {\n    width: 2px; height: 14px;\n    left: 50%; top: 50%;\n    transform: translate(-50%, -50%);\n}\n.lo-toggle-icon::after {\n    width: 14px; height: 2px;\n    left: 50%; top: 50%;\n    transform: translate(-50%, -50%);\n}\n\n\/* ============================================================\n   AKORDEON\n============================================================ *\/\n.lo-item-accordion {\n    max-height: 0;\n    overflow: hidden;\n    transition: max-height 0.45s cubic-bezier(0.4,0,0.2,1);\n    background: var(--lo-graphite);\n}\n.lo-item.is-open .lo-item-accordion { max-height: 3000px; }\n\n.lo-accordion-inner {\n    padding: 36px 40px 36px 204px; \/* 180px (logo) + 24px (padding) *\/\n    color: rgba(255,255,255,0.82);\n    font-family: var(--lo-font);\n    font-size: 0.92rem;\n    line-height: 1.75;\n}\n.lo-accordion-inner p {\n    font-size: 1.2rem;\n}\n.lo-accordion-inner h1,.lo-accordion-inner h2,.lo-accordion-inner h3,\n.lo-accordion-inner h4,.lo-accordion-inner h5,.lo-accordion-inner h6 {\n    font-family: var(--lo-font);\n    color: var(--lo-white);\n    font-weight: 700;\n}\n.lo-accordion-inner a { color: var(--lo-yellow); text-decoration: none; }\n.lo-accordion-inner a:hover { text-decoration: underline; }\n.lo-accordion-inner p:last-child { margin-bottom: 0; }\n.lo-accordion-inner strong, .lo-accordion-inner b { color: var(--lo-white); }\n.lo-accordion-inner ul, .lo-accordion-inner ol { padding-left: 1.2em; }\n\n\/* ============================================================\n   RESPONSIVE\n============================================================ *\/\n@media (max-width: 767px) {\n    .lo-item-main { flex-wrap: wrap; }\n\n    .lo-item-logo-col {\n        flex: 0 0 100%;\n        min-height: 100px;\n        padding: 20px 16px 10px;\n    }\n    .lo-item-logo-col img { max-width: 100px; max-height: 65px; }\n\n    .lo-item-data-col {\n        flex: 1;\n        padding: 12px 16px 20px;\n        order: 3;\n    }\n    .lo-item-toggle {\n        flex: 0 0 48px;\n        order: 2;\n        align-self: flex-start;\n        padding-top: 12px;\n    }\n    .lo-accordion-inner { padding: 24px 20px; }\n    .lo-category-header { padding: 36px 0 24px; }\n}\n\n@media (max-width: 480px) {\n    .lo-item-name     { font-size: 0.98rem; }\n    .lo-item-discount { font-size: 0.9rem; }\n}\n<\/style>\n\n<!-- \u2500\u2500\u2500\u2500\u2500\u2500\u2500\u2500\u2500\u2500\u2500\u2500\u2500\u2500\u2500\u2500\u2500\u2500\u2500\u2500\u2500\u2500\u2500\u2500\u2500\u2500\u2500\u2500\u2500\u2500\u2500\u2500\u2500\u2500\u2500\u2500\u2500\u2500\u2500\u2500\u2500\u2500\u2500\u2500\u2500\u2500\u2500\u2500\u2500\u2500\u2500\u2500\u2500\u2500\u2500\u2500\u2500\u2500\u2500\u2500\u2500\u2500\u2500\u2500\u2500\u2500\u2500\u2500\n     BLOK HTML\n\u2500\u2500\u2500\u2500\u2500\u2500\u2500\u2500\u2500\u2500\u2500\u2500\u2500\u2500\u2500\u2500\u2500\u2500\u2500\u2500\u2500\u2500\u2500\u2500\u2500\u2500\u2500\u2500\u2500\u2500\u2500\u2500\u2500\u2500\u2500\u2500\u2500\u2500\u2500\u2500\u2500\u2500\u2500\u2500\u2500\u2500\u2500\u2500\u2500\u2500\u2500\u2500\u2500\u2500\u2500\u2500\u2500\u2500\u2500\u2500\u2500\u2500\u2500\u2500\u2500\u2500\u2500\u2500 -->\n<section id=\"lo-block-block_940bbbdde9004e77398f70fc5241c71b\" class=\"lo-wrapper\">\n    <div class=\"container\">\n\n        \n        <div class=\"lo-category mb-4\">\n\n                        <div class=\"lo-category-header\">\n                <h2>Hotele<\/h2>\n            <\/div>\n            \n            <div class=\"lo-list\">\n\n                \n                <div class=\"lo-item\" id=\"lo-block_940bbbdde9004e77398f70fc5241c71b-0-0\">\n\n                    <!-- Sekcja klikalna -->\n                    <div class=\"lo-item-main\"\n                                                  role=\"button\"\n                         tabindex=\"0\"\n                         aria-expanded=\"false\"\n                         aria-controls=\"lo-block_940bbbdde9004e77398f70fc5241c71b-0-0-desc\"\n                         data-lo-toggle\n                         >\n\n                        <!-- Logo -->\n                        <div class=\"lo-item-logo-col\">\n                                                            <img decoding=\"async\" src=\"https:\/\/sprawnymarketing.pl\/konferencja\/wp-content\/uploads\/2026\/02\/1-Patrycja_Radomska_WARSAW-15mm-GOLD.svg\"\n                                     alt=\"Warsaw Presidential Hotel\"\n                                     loading=\"lazy\">\n                                                    <\/div>\n\n                        <!-- Dane -->\n                        <div class=\"lo-item-data-col\">\n                                                            <h3 class=\"lo-item-name\">Warsaw Presidential Hotel<\/h3>\n                            \n                                                            <div class=\"lo-item-discount\">20% zni\u017cki na pokoje ze \u015bniadaniami z has\u0142em MARKETING w terminie 20-23.04.2026<\/div>\n                            \n                                                            <div class=\"lo-item-reservation\">\n                                    <a href=\"mailto:sales@presidential.pl\" rel=\"nofollow noopener\">sales@presidential.pl<\/a>                                <\/div>\n                            \n                                                    <\/div>\n\n                        <!-- Toggle ikona -->\n                                                <div class=\"lo-item-toggle\" aria-hidden=\"true\">\n                            <span class=\"lo-toggle-icon\"><\/span>\n                        <\/div>\n                        \n                    <\/div><!-- \/.lo-item-main -->\n\n                    <!-- Akordeon -->\n                                        <div class=\"lo-item-accordion\"\n                         id=\"lo-block_940bbbdde9004e77398f70fc5241c71b-0-0-desc\"\n                         role=\"region\"\n                         aria-hidden=\"true\">\n                        <div class=\"lo-accordion-inner\">\n                            <p>&#8222;Warsaw Presidential Hotel<\/p>\n<p>Kultowy hotel w samym centrum Warszawy, tu\u017c przy Dworcu Centralnym, oferuj\u0105cy 521 przestronnych pokoi i apartament\u00f3w z widokiem na panoram\u0119 miasta. Do dyspozycji go\u015bci s\u0105 3 restauracje (w tym bar na 40. pi\u0119trze), eleganckie SPA z basenem i si\u0142owni\u0105 oraz pe\u0142en serwis na najwy\u017cszym poziomie. idealne miejsce na komfortowy pobyt w sercu stolicy.&#8221;<\/p>\n                        <\/div>\n                    <\/div>\n                    \n                <\/div><!-- \/.lo-item -->\n\n                \n                <div class=\"lo-item\" id=\"lo-block_940bbbdde9004e77398f70fc5241c71b-0-1\">\n\n                    <!-- Sekcja klikalna -->\n                    <div class=\"lo-item-main\"\n                                                  role=\"button\"\n                         tabindex=\"0\"\n                         aria-expanded=\"false\"\n                         aria-controls=\"lo-block_940bbbdde9004e77398f70fc5241c71b-0-1-desc\"\n                         data-lo-toggle\n                         >\n\n                        <!-- Logo -->\n                        <div class=\"lo-item-logo-col\">\n                                                            <img decoding=\"async\" src=\"https:\/\/sprawnymarketing.pl\/konferencja\/wp-content\/uploads\/2026\/02\/intercontinental_warszawa_large-1.png\"\n                                     alt=\"InterContinental Warszawa\"\n                                     loading=\"lazy\">\n                                                    <\/div>\n\n                        <!-- Dane -->\n                        <div class=\"lo-item-data-col\">\n                                                            <h3 class=\"lo-item-name\">InterContinental Warszawa<\/h3>\n                            \n                                                            <div class=\"lo-item-discount\">10% zni\u017cki na pokoje z has\u0142em I Love Marketing &amp; Technology w terminie 20-24.04.2026<\/div>\n                            \n                                                            <div class=\"lo-item-reservation\">\n                                    <a href=\"mailto:wrs.reservation@ihg.com\" rel=\"nofollow noopener\">wrs.reservation@ihg.com<\/a>                                <\/div>\n                            \n                                                    <\/div>\n\n                        <!-- Toggle ikona -->\n                                                <div class=\"lo-item-toggle\" aria-hidden=\"true\">\n                            <span class=\"lo-toggle-icon\"><\/span>\n                        <\/div>\n                        \n                    <\/div><!-- \/.lo-item-main -->\n\n                    <!-- Akordeon -->\n                                        <div class=\"lo-item-accordion\"\n                         id=\"lo-block_940bbbdde9004e77398f70fc5241c71b-0-1-desc\"\n                         role=\"region\"\n                         aria-hidden=\"true\">\n                        <div class=\"lo-accordion-inner\">\n                            <p>5-gwiazdkowy hotel w samym centrum Warszawy. Do dyspozycji go\u015bci jest 414 pokoi i apartament\u00f3w, restauracje, SPA, basen zlokalizowany na 43 pi\u0119trze, concierge oraz club lounge a tak\u017ce WaWa Golf Lounge.<\/p>\n                        <\/div>\n                    <\/div>\n                    \n                <\/div><!-- \/.lo-item -->\n\n                \n                <div class=\"lo-item\" id=\"lo-block_940bbbdde9004e77398f70fc5241c71b-0-2\">\n\n                    <!-- Sekcja klikalna -->\n                    <div class=\"lo-item-main\"\n                                                  role=\"button\"\n                         tabindex=\"0\"\n                         aria-expanded=\"false\"\n                         aria-controls=\"lo-block_940bbbdde9004e77398f70fc5241c71b-0-2-desc\"\n                         data-lo-toggle\n                         >\n\n                        <!-- Logo -->\n                        <div class=\"lo-item-logo-col\">\n                                                            <img decoding=\"async\" src=\"https:\/\/sprawnymarketing.pl\/konferencja\/wp-content\/uploads\/2026\/02\/3-Sebastian_Brodowski_LOGO-WARSAW-CITY.png\"\n                                     alt=\"Moxy Warsaw City\"\n                                     loading=\"lazy\">\n                                                    <\/div>\n\n                        <!-- Dane -->\n                        <div class=\"lo-item-data-col\">\n                                                            <h3 class=\"lo-item-name\">Moxy Warsaw City<\/h3>\n                            \n                                                            <div class=\"lo-item-discount\">Pokoje jedno lub dwuosobowe w promocyjnej cenie 14% od ceny dnia z has\u0142em ilovemkt w terminie 20-23.04.2026<\/div>\n                            \n                                                            <div class=\"lo-item-reservation\">\n                                    <a href=\"mailto:reservations@moxywarsawcity.com\" rel=\"nofollow noopener\">reservations@moxywarsawcity.com<\/a>                                <\/div>\n                            \n                                                    <\/div>\n\n                        <!-- Toggle ikona -->\n                                                <div class=\"lo-item-toggle\" aria-hidden=\"true\">\n                            <span class=\"lo-toggle-icon\"><\/span>\n                        <\/div>\n                        \n                    <\/div><!-- \/.lo-item-main -->\n\n                    <!-- Akordeon -->\n                                        <div class=\"lo-item-accordion\"\n                         id=\"lo-block_940bbbdde9004e77398f70fc5241c71b-0-2-desc\"\n                         role=\"region\"\n                         aria-hidden=\"true\">\n                        <div class=\"lo-accordion-inner\">\n                            <p>Nowoczesny, designerski hotel w sercu Warszawy, \u0142\u0105cz\u0105cy industrialny klimat Woli z energi\u0105 marki Marriott. 256 komfortowych pokoi, przestrzenie coworkingowe i strefa fitness tworz\u0105 idealne miejsce dla os\u00f3b ceni\u0105cych miejski styl, kreatywno\u015b\u0107 i \u015bwietn\u0105 lokalizacj\u0119 blisko centrum oraz Muzeum Powstania Warszawskiego.<\/p>\n                        <\/div>\n                    <\/div>\n                    \n                <\/div><!-- \/.lo-item -->\n\n                \n                <div class=\"lo-item\" id=\"lo-block_940bbbdde9004e77398f70fc5241c71b-0-3\">\n\n                    <!-- Sekcja klikalna -->\n                    <div class=\"lo-item-main\"\n                                                  role=\"button\"\n                         tabindex=\"0\"\n                         aria-expanded=\"false\"\n                         aria-controls=\"lo-block_940bbbdde9004e77398f70fc5241c71b-0-3-desc\"\n                         data-lo-toggle\n                         >\n\n                        <!-- Logo -->\n                        <div class=\"lo-item-logo-col\">\n                                                            <img decoding=\"async\" src=\"https:\/\/sprawnymarketing.pl\/konferencja\/wp-content\/uploads\/2026\/02\/4-Iwona_Gluchowska_RAD-COLLECTION-LOGO-Black.jpg\"\n                                     alt=\"Radisson Collection Hotel\"\n                                     loading=\"lazy\">\n                                                    <\/div>\n\n                        <!-- Dane -->\n                        <div class=\"lo-item-data-col\">\n                                                            <h3 class=\"lo-item-name\">Radisson Collection Hotel<\/h3>\n                            \n                                                            <div class=\"lo-item-discount\">20% na pokoje z has\u0142em I Love Marketing w teriminie 20-24.04.2026<\/div>\n                            \n                                                            <div class=\"lo-item-reservation\">\n                                    <a href=\"mailto:reservations.warsaw@radissoncollection.com\" rel=\"nofollow noopener\">reservations.warsaw@radissoncollection.com<\/a>                                <\/div>\n                            \n                                                    <\/div>\n\n                        <!-- Toggle ikona -->\n                                                <div class=\"lo-item-toggle\" aria-hidden=\"true\">\n                            <span class=\"lo-toggle-icon\"><\/span>\n                        <\/div>\n                        \n                    <\/div><!-- \/.lo-item-main -->\n\n                    <!-- Akordeon -->\n                                        <div class=\"lo-item-accordion\"\n                         id=\"lo-block_940bbbdde9004e77398f70fc5241c71b-0-3-desc\"\n                         role=\"region\"\n                         aria-hidden=\"true\">\n                        <div class=\"lo-accordion-inner\">\n                            <p>Radisson Collection Hotel (5*) po\u0142o\u017cony jest bliskiej odleg\u0142o\u015bci od Z\u0142otych Taras\u00f3w (10 min. spacerem).<br \/>\nKa\u017cdy z pokoj\u00f3w i apartament\u00f3w posiada wsp\u00f3\u0142czesny wystr\u00f3j doprawiony designerskimi akcentami, oraz wiele udogodnie\u0144, takich jak minibar, darmowy dost\u0119p do sieci Wi-Fi oraz wst\u0119p na basen, do hotelowej si\u0142owni i centrum SPA.<\/p>\n                        <\/div>\n                    <\/div>\n                    \n                <\/div><!-- \/.lo-item -->\n\n                \n                <div class=\"lo-item\" id=\"lo-block_940bbbdde9004e77398f70fc5241c71b-0-4\">\n\n                    <!-- Sekcja klikalna -->\n                    <div class=\"lo-item-main\"\n                                                  role=\"button\"\n                         tabindex=\"0\"\n                         aria-expanded=\"false\"\n                         aria-controls=\"lo-block_940bbbdde9004e77398f70fc5241c71b-0-4-desc\"\n                         data-lo-toggle\n                         >\n\n                        <!-- Logo -->\n                        <div class=\"lo-item-logo-col\">\n                                                            <img decoding=\"async\" src=\"https:\/\/sprawnymarketing.pl\/konferencja\/wp-content\/uploads\/2026\/02\/5-AGNIESZKA_KONKEL_Logo-Mercure-Warszawa-Centrum.jpg\"\n                                     alt=\"MERCURE WARSZAWA CENTRUM\"\n                                     loading=\"lazy\">\n                                                    <\/div>\n\n                        <!-- Dane -->\n                        <div class=\"lo-item-data-col\">\n                                                            <h3 class=\"lo-item-name\">MERCURE WARSZAWA CENTRUM<\/h3>\n                            \n                                                            <div class=\"lo-item-discount\">10% od ceny dnia na rezerwacj\u0119 pokoju ze \u015bniadaniem z has\u0142em I Love Marketing w terminie 19-22.04.2026<\/div>\n                            \n                                                            <div class=\"lo-item-reservation\">\n                                    <a href=\"mailto:h3385-re@accor.com\" rel=\"nofollow noopener\">h3385-re@accor.com<\/a> | <a href=\"tel:226973877\" rel=\"nofollow noopener\">22 697 38 77<\/a>                                <\/div>\n                            \n                                                    <\/div>\n\n                        <!-- Toggle ikona -->\n                                                <div class=\"lo-item-toggle\" aria-hidden=\"true\">\n                            <span class=\"lo-toggle-icon\"><\/span>\n                        <\/div>\n                        \n                    <\/div><!-- \/.lo-item-main -->\n\n                    <!-- Akordeon -->\n                                        <div class=\"lo-item-accordion\"\n                         id=\"lo-block_940bbbdde9004e77398f70fc5241c71b-0-4-desc\"\n                         role=\"region\"\n                         aria-hidden=\"true\">\n                        <div class=\"lo-accordion-inner\">\n                            <p>Czterogwiazdkowy hotel w samym sercu Warszawy, tu\u017c przy Pa\u0142acu Kultury i Nauki oraz Z\u0142otych Tarasach, idealny dla go\u015bci biznesowych i turystycznych. Komfortowe pokoje, restauracja Winestone, centrum fitness, parking.<\/p>\n                        <\/div>\n                    <\/div>\n                    \n                <\/div><!-- \/.lo-item -->\n\n                \n                <div class=\"lo-item\" id=\"lo-block_940bbbdde9004e77398f70fc5241c71b-0-5\">\n\n                    <!-- Sekcja klikalna -->\n                    <div class=\"lo-item-main\"\n                                                  role=\"button\"\n                         tabindex=\"0\"\n                         aria-expanded=\"false\"\n                         aria-controls=\"lo-block_940bbbdde9004e77398f70fc5241c71b-0-5-desc\"\n                         data-lo-toggle\n                         >\n\n                        <!-- Logo -->\n                        <div class=\"lo-item-logo-col\">\n                                                            <img decoding=\"async\" src=\"https:\/\/sprawnymarketing.pl\/konferencja\/wp-content\/uploads\/2026\/02\/6-Andrew_Csenderits_Nobu_Logo_Warsaw_BlackonWhite-1-scaled.jpg\"\n                                     alt=\"Nobu Hotel Warsaw\"\n                                     loading=\"lazy\">\n                                                    <\/div>\n\n                        <!-- Dane -->\n                        <div class=\"lo-item-data-col\">\n                                                            <h3 class=\"lo-item-name\">Nobu Hotel Warsaw<\/h3>\n                            \n                                                            <div class=\"lo-item-discount\">25% od Best Available Bed &amp; Breakfast Rate z has\u0142em NOBU_M&amp;T2026 w terminie 19-25.04.2026<\/div>\n                            \n                                                            <div class=\"lo-item-reservation\">\n                                    <a href=\"mailto:reserve-warsaw@nobuhotels.com\" rel=\"nofollow noopener\">reserve-warsaw@nobuhotels.com<\/a>                                <\/div>\n                            \n                                                    <\/div>\n\n                        <!-- Toggle ikona -->\n                                                <div class=\"lo-item-toggle\" aria-hidden=\"true\">\n                            <span class=\"lo-toggle-icon\"><\/span>\n                        <\/div>\n                        \n                    <\/div><!-- \/.lo-item-main -->\n\n                    <!-- Akordeon -->\n                                        <div class=\"lo-item-accordion\"\n                         id=\"lo-block_940bbbdde9004e77398f70fc5241c71b-0-5-desc\"\n                         role=\"region\"\n                         aria-hidden=\"true\">\n                        <div class=\"lo-accordion-inner\">\n                            <p>Luksusowy hotel w sercu Warszawy, \u0142\u0105cz\u0105cy eleganck\u0105 architektur\u0119 art d\u00e9co z ultranowoczesnym designem. 117 stylowych pokoi, \u015bwiatowej s\u0142awy restauracja Nobu oraz wyj\u0105tkowa atmosfera inspirowana japo\u0144sk\u0105 filozofi\u0105 sprawiaj\u0105, \u017ce ka\u017cdy pobyt staje si\u0119 niezapomnianym do\u015bwiadczeniem.<\/p>\n                        <\/div>\n                    <\/div>\n                    \n                <\/div><!-- \/.lo-item -->\n\n                \n                <div class=\"lo-item\" id=\"lo-block_940bbbdde9004e77398f70fc5241c71b-0-6\">\n\n                    <!-- Sekcja klikalna -->\n                    <div class=\"lo-item-main\"\n                                                  role=\"button\"\n                         tabindex=\"0\"\n                         aria-expanded=\"false\"\n                         aria-controls=\"lo-block_940bbbdde9004e77398f70fc5241c71b-0-6-desc\"\n                         data-lo-toggle\n                         >\n\n                        <!-- Logo -->\n                        <div class=\"lo-item-logo-col\">\n                                                            <img decoding=\"async\" src=\"https:\/\/sprawnymarketing.pl\/konferencja\/wp-content\/uploads\/2026\/02\/7-Weronika_Pastor_logoDTpelne_2019-1.jpg\"\n                                     alt=\"DoubleTree by Hilton Warsaw\"\n                                     loading=\"lazy\">\n                                                    <\/div>\n\n                        <!-- Dane -->\n                        <div class=\"lo-item-data-col\">\n                                                            <h3 class=\"lo-item-name\">DoubleTree by Hilton Warsaw<\/h3>\n                            \n                                                            <div class=\"lo-item-discount\">10% zni\u017cki na pokoje + dost\u0119p do strefy basenowej z saunami gratis z has\u0142em Podw\u00f3jneDrzewo26 w terminie 21-23.04.2026<\/div>\n                            \n                                                            <div class=\"lo-item-reservation\">\n                                    <a href=\"mailto:doubletreewarsaw.reservations@hilton.com\" rel=\"nofollow noopener\">doubletreewarsaw.reservations@hilton.com<\/a> | <a href=\"tel:222780002\" rel=\"nofollow noopener\">22 278 00 02<\/a>                                <\/div>\n                            \n                                                    <\/div>\n\n                        <!-- Toggle ikona -->\n                                                <div class=\"lo-item-toggle\" aria-hidden=\"true\">\n                            <span class=\"lo-toggle-icon\"><\/span>\n                        <\/div>\n                        \n                    <\/div><!-- \/.lo-item-main -->\n\n                    <!-- Akordeon -->\n                                        <div class=\"lo-item-accordion\"\n                         id=\"lo-block_940bbbdde9004e77398f70fc5241c71b-0-6-desc\"\n                         role=\"region\"\n                         aria-hidden=\"true\">\n                        <div class=\"lo-accordion-inner\">\n                            <p>4-gwiazdkowy hotel otoczony zieleni\u0105, oferuj\u0105cy 359 komfortowych pokoi, rozbudowan\u0105 stref\u0119 spa &amp; wellness z basenem i saunami oraz doskona\u0142\u0105 kuchni\u0119 w Restauracji Garden. S\u0142ynne ciep\u0142e ciastko na powitanie i wyj\u0105tkowa atmosfera sprawi\u0105, \u017ce poczujesz si\u0119 tu jak w domu z dala od miejskiego zgie\u0142ku, a jednocze\u015bnie blisko centrum Warszawy.<\/p>\n                        <\/div>\n                    <\/div>\n                    \n                <\/div><!-- \/.lo-item -->\n\n                \n                <div class=\"lo-item\" id=\"lo-block_940bbbdde9004e77398f70fc5241c71b-0-7\">\n\n                    <!-- Sekcja klikalna -->\n                    <div class=\"lo-item-main\"\n                                                  role=\"button\"\n                         tabindex=\"0\"\n                         aria-expanded=\"false\"\n                         aria-controls=\"lo-block_940bbbdde9004e77398f70fc5241c71b-0-7-desc\"\n                         data-lo-toggle\n                         >\n\n                        <!-- Logo -->\n                        <div class=\"lo-item-logo-col\">\n                                                            <img decoding=\"async\" src=\"https:\/\/sprawnymarketing.pl\/konferencja\/wp-content\/uploads\/2026\/02\/51fa5d26-1.png\"\n                                     alt=\"Hotel Flaner, WorldHotels Crafted\"\n                                     loading=\"lazy\">\n                                                    <\/div>\n\n                        <!-- Dane -->\n                        <div class=\"lo-item-data-col\">\n                                                            <h3 class=\"lo-item-name\">Hotel Flaner, WorldHotels Crafted<\/h3>\n                            \n                                                            <div class=\"lo-item-discount\">15% zni\u017cki od ceny dnia na rezerwacj\u0119 pokoju bez \u015bniadania \/ ze \u015bniadaniem z has\u0142em M&amp;T Love w terminie 20-24.04.2026<\/div>\n                            \n                                                            <div class=\"lo-item-reservation\">\n                                    <a href=\"mailto:reception@flanerhotel.com\" rel=\"nofollow noopener\">reception@flanerhotel.com<\/a>                                <\/div>\n                            \n                                                    <\/div>\n\n                        <!-- Toggle ikona -->\n                                                <div class=\"lo-item-toggle\" aria-hidden=\"true\">\n                            <span class=\"lo-toggle-icon\"><\/span>\n                        <\/div>\n                        \n                    <\/div><!-- \/.lo-item-main -->\n\n                    <!-- Akordeon -->\n                                        <div class=\"lo-item-accordion\"\n                         id=\"lo-block_940bbbdde9004e77398f70fc5241c71b-0-7-desc\"\n                         role=\"region\"\n                         aria-hidden=\"true\">\n                        <div class=\"lo-accordion-inner\">\n                            <p>4-gwiazdkowy, designerski hotel przy Krakowskim Przedmie\u015bciu, \u0142\u0105cz\u0105cy nowoczesno\u015b\u0107 z historycznym klimatem Warszawy. 72 stylowe pokoje, autorska restauracja \u017bar, elegancki bar oraz przestrzenie eventowe tworz\u0105 wyj\u0105tkowe miejsce do odkrywania stolicy, zaledwie kilka minut spacerem od Starego Miasta.<\/p>\n                        <\/div>\n                    <\/div>\n                    \n                <\/div><!-- \/.lo-item -->\n\n                \n                <div class=\"lo-item\" id=\"lo-block_940bbbdde9004e77398f70fc5241c71b-0-8\">\n\n                    <!-- Sekcja klikalna -->\n                    <div class=\"lo-item-main\"\n                                                  role=\"button\"\n                         tabindex=\"0\"\n                         aria-expanded=\"false\"\n                         aria-controls=\"lo-block_940bbbdde9004e77398f70fc5241c71b-0-8-desc\"\n                         data-lo-toggle\n                         >\n\n                        <!-- Logo -->\n                        <div class=\"lo-item-logo-col\">\n                                                            <img decoding=\"async\" src=\"https:\/\/sprawnymarketing.pl\/konferencja\/wp-content\/uploads\/2026\/02\/9-Malgorzata_Nowak_Logo_ibis_styles_RGB.png\"\n                                     alt=\"ibis Styles Warszawa Centrum, Essendi Poland SA\"\n                                     loading=\"lazy\">\n                                                    <\/div>\n\n                        <!-- Dane -->\n                        <div class=\"lo-item-data-col\">\n                                                            <h3 class=\"lo-item-name\">ibis Styles Warszawa Centrum, Essendi Poland SA<\/h3>\n                            \n                                                            <div class=\"lo-item-discount\">12% zni\u017cki na pokoje od ceny dnia bez \u015bniadania w terminie konferencji &#8211; I Love Marketing &amp; Technology<\/div>\n                            \n                                                            <div class=\"lo-item-reservation\">\n                                    <a href=\"mailto:ha1j0-re@accor.com\" rel=\"nofollow noopener\">ha1j0-re@accor.com<\/a>                                <\/div>\n                            \n                                                    <\/div>\n\n                        <!-- Toggle ikona -->\n                                                <div class=\"lo-item-toggle\" aria-hidden=\"true\">\n                            <span class=\"lo-toggle-icon\"><\/span>\n                        <\/div>\n                        \n                    <\/div><!-- \/.lo-item-main -->\n\n                    <!-- Akordeon -->\n                                        <div class=\"lo-item-accordion\"\n                         id=\"lo-block_940bbbdde9004e77398f70fc5241c71b-0-8-desc\"\n                         role=\"region\"\n                         aria-hidden=\"true\">\n                        <div class=\"lo-accordion-inner\">\n                            <p>Nowoczesny hotel nad Wis\u0142\u0105, tu\u017c przy \u0141azienkach Kr\u00f3lewskich i w pobli\u017cu Stadionu Narodowego. 179 komfortowych pokoi z \u0142\u00f3\u017ckami Sweet Bed, restauracja Winestone oraz \u015bwietna komunikacja z centrum i lotniskiem sprawiaj\u0105, \u017ce to idealna baza zar\u00f3wno dla go\u015bci biznesowych, jak i turystycznych.<\/p>\n                        <\/div>\n                    <\/div>\n                    \n                <\/div><!-- \/.lo-item -->\n\n                \n                <div class=\"lo-item\" id=\"lo-block_940bbbdde9004e77398f70fc5241c71b-0-9\">\n\n                    <!-- Sekcja klikalna -->\n                    <div class=\"lo-item-main\"\n                         >\n\n                        <!-- Logo -->\n                        <div class=\"lo-item-logo-col\">\n                                                            <img decoding=\"async\" src=\"https:\/\/sprawnymarketing.pl\/konferencja\/wp-content\/uploads\/2026\/02\/10-Malgorzata_Nowak_Logo_ibis_budget_RGB.png\"\n                                     alt=\"ibis budget Warszawa Centrum, Essendi Poland SA\"\n                                     loading=\"lazy\">\n                                                    <\/div>\n\n                        <!-- Dane -->\n                        <div class=\"lo-item-data-col\">\n                                                            <h3 class=\"lo-item-name\">ibis budget Warszawa Centrum, Essendi Poland SA<\/h3>\n                            \n                                                            <div class=\"lo-item-discount\">12% zni\u017cki na pokoje od ceny dnia bez \u015bniadania w terminie konferencji &#8211; I Love Marketing &amp; Technology<\/div>\n                            \n                                                            <div class=\"lo-item-reservation\">\n                                    <a href=\"mailto:h6401@accor.com\" rel=\"nofollow noopener\">h6401@accor.com<\/a>                                <\/div>\n                            \n                                                    <\/div>\n\n                        <!-- Toggle ikona -->\n                        \n                    <\/div><!-- \/.lo-item-main -->\n\n                    <!-- Akordeon -->\n                    \n                <\/div><!-- \/.lo-item -->\n\n                \n                <div class=\"lo-item\" id=\"lo-block_940bbbdde9004e77398f70fc5241c71b-0-10\">\n\n                    <!-- Sekcja klikalna -->\n                    <div class=\"lo-item-main\"\n                                                  role=\"button\"\n                         tabindex=\"0\"\n                         aria-expanded=\"false\"\n                         aria-controls=\"lo-block_940bbbdde9004e77398f70fc5241c71b-0-10-desc\"\n                         data-lo-toggle\n                         >\n\n                        <!-- Logo -->\n                        <div class=\"lo-item-logo-col\">\n                                                            <img decoding=\"async\" src=\"https:\/\/sprawnymarketing.pl\/konferencja\/wp-content\/uploads\/2026\/02\/Mercure-wwa-1.png\"\n                                     alt=\"Mercure Warszawa Airport\"\n                                     loading=\"lazy\">\n                                                    <\/div>\n\n                        <!-- Dane -->\n                        <div class=\"lo-item-data-col\">\n                                                            <h3 class=\"lo-item-name\">Mercure Warszawa Airport<\/h3>\n                            \n                                                            <div class=\"lo-item-discount\">20% zni\u017cki na rezerwacje pokoi oraz 15% zni\u017cki na gastronomi\u0119 z has\u0142em WOT w terminie 20-24.04.2026<\/div>\n                            \n                                                            <div class=\"lo-item-reservation\">\n                                    <a href=\"mailto:h8999@accor.com\" rel=\"nofollow noopener\">h8999@accor.com<\/a>                                <\/div>\n                            \n                                                    <\/div>\n\n                        <!-- Toggle ikona -->\n                                                <div class=\"lo-item-toggle\" aria-hidden=\"true\">\n                            <span class=\"lo-toggle-icon\"><\/span>\n                        <\/div>\n                        \n                    <\/div><!-- \/.lo-item-main -->\n\n                    <!-- Akordeon -->\n                                        <div class=\"lo-item-accordion\"\n                         id=\"lo-block_940bbbdde9004e77398f70fc5241c71b-0-10-desc\"\n                         role=\"region\"\n                         aria-hidden=\"true\">\n                        <div class=\"lo-accordion-inner\">\n                            <p>Komfortowy hotel po\u0142o\u017cony zaledwie 10 minut od lotniska i 20 minut od centrum Warszawy. Oferuje 116 nowoczesnych pokoi, sale konferencyjne z dost\u0119pem do \u015bwiat\u0142a dziennego, restauracj\u0119, parking oraz stref\u0119 fitness, zapewniaj\u0105c wygod\u0119 i doskona\u0142\u0105 komunikacj\u0119 z miastem.<\/p>\n                        <\/div>\n                    <\/div>\n                    \n                <\/div><!-- \/.lo-item -->\n\n                \n                <div class=\"lo-item\" id=\"lo-block_940bbbdde9004e77398f70fc5241c71b-0-11\">\n\n                    <!-- Sekcja klikalna -->\n                    <div class=\"lo-item-main\"\n                                                  role=\"button\"\n                         tabindex=\"0\"\n                         aria-expanded=\"false\"\n                         aria-controls=\"lo-block_940bbbdde9004e77398f70fc5241c71b-0-11-desc\"\n                         data-lo-toggle\n                         >\n\n                        <!-- Logo -->\n                        <div class=\"lo-item-logo-col\">\n                                                            <img decoding=\"async\" src=\"https:\/\/sprawnymarketing.pl\/konferencja\/wp-content\/uploads\/2026\/02\/12-Justyna_Wolanska_Sofitel_Warsaw_Victoria_Logo_Black_RGB-1.png\"\n                                     alt=\"Sofitel Warsaw Victoria\"\n                                     loading=\"lazy\">\n                                                    <\/div>\n\n                        <!-- Dane -->\n                        <div class=\"lo-item-data-col\">\n                                                            <h3 class=\"lo-item-name\">Sofitel Warsaw Victoria<\/h3>\n                            \n                                                            <div class=\"lo-item-discount\">10% zni\u017cki na pokoje od ceny dnia z has\u0142em I LOVE MARKETING w terminie 21-23.04.2026<\/div>\n                            \n                                                            <div class=\"lo-item-reservation\">\n                                    <a href=\"mailto:h3378-re@sofitel.com\" rel=\"nofollow noopener\">h3378-re@sofitel.com<\/a>                                <\/div>\n                            \n                                                    <\/div>\n\n                        <!-- Toggle ikona -->\n                                                <div class=\"lo-item-toggle\" aria-hidden=\"true\">\n                            <span class=\"lo-toggle-icon\"><\/span>\n                        <\/div>\n                        \n                    <\/div><!-- \/.lo-item-main -->\n\n                    <!-- Akordeon -->\n                                        <div class=\"lo-item-accordion\"\n                         id=\"lo-block_940bbbdde9004e77398f70fc5241c71b-0-11-desc\"\n                         role=\"region\"\n                         aria-hidden=\"true\">\n                        <div class=\"lo-accordion-inner\">\n                            <p>Elegancki, pi\u0119ciogwiazdkowy hotel w samym sercu Warszawy, z widokiem na Ogr\u00f3d Saski i Plac Pi\u0142sudskiego, w pobli\u017cu Starego Miasta i Opery Narodowej. Oferuje 368 stylowych pokoi i apartament\u00f3w z \u0142\u00f3\u017ckami MyBed, restauracj\u0119 La Brasserie Moderne, klimatyczny Victoria Lounge Bar oraz stref\u0119 Victoria Wellness z basenem, saun\u0105 i ca\u0142odobow\u0105 si\u0142owni\u0105.Idealne po\u0142\u0105czenie francuskiej elegancji i polskiej go\u015bcinno\u015bci.<\/p>\n                        <\/div>\n                    <\/div>\n                    \n                <\/div><!-- \/.lo-item -->\n\n                \n                <div class=\"lo-item\" id=\"lo-block_940bbbdde9004e77398f70fc5241c71b-0-12\">\n\n                    <!-- Sekcja klikalna -->\n                    <div class=\"lo-item-main\"\n                                                  role=\"button\"\n                         tabindex=\"0\"\n                         aria-expanded=\"false\"\n                         aria-controls=\"lo-block_940bbbdde9004e77398f70fc5241c71b-0-12-desc\"\n                         data-lo-toggle\n                         >\n\n                        <!-- Logo -->\n                        <div class=\"lo-item-logo-col\">\n                                                            <img decoding=\"async\" src=\"https:\/\/sprawnymarketing.pl\/konferencja\/wp-content\/uploads\/2026\/02\/13-Anastazja-_Jarynicz_Black_hotels_MMREG-1.jpg\"\n                                     alt=\"Hotel Mamaison Le Regina (Stare Miasto)\"\n                                     loading=\"lazy\">\n                                                    <\/div>\n\n                        <!-- Dane -->\n                        <div class=\"lo-item-data-col\">\n                                                            <h3 class=\"lo-item-name\">Hotel Mamaison Le Regina (Stare Miasto)<\/h3>\n                            \n                                                            <div class=\"lo-item-discount\">20% zni\u017cki na pokoje od ceny dnia z has\u0142em MarketingWOT26 w terminie 19-27.04.2026<\/div>\n                            \n                                                            <div class=\"lo-item-reservation\">\n                                    <a href=\"mailto:reservations.mmreg@mamaison.com\" rel=\"nofollow noopener\">reservations.mmreg@mamaison.com<\/a>                                <\/div>\n                            \n                                                    <\/div>\n\n                        <!-- Toggle ikona -->\n                                                <div class=\"lo-item-toggle\" aria-hidden=\"true\">\n                            <span class=\"lo-toggle-icon\"><\/span>\n                        <\/div>\n                        \n                    <\/div><!-- \/.lo-item-main -->\n\n                    <!-- Akordeon -->\n                                        <div class=\"lo-item-accordion\"\n                         id=\"lo-block_940bbbdde9004e77398f70fc5241c71b-0-12-desc\"\n                         role=\"region\"\n                         aria-hidden=\"true\">\n                        <div class=\"lo-accordion-inner\">\n                            <p>Pi\u0119ciogwiazdkowy hotel butikowy mieszcz\u0105cy si\u0119 w zabytkowym Pa\u0142acu Mokronowskich, w samym sercu warszawskiego Starego Miasta. 61 eleganckich pokoi i apartament\u00f3w, strefa wellness oraz kameralna atmosfera tworz\u0105 wyj\u0105tkowe miejsce na luksusowy i spokojny pobyt, zaledwie kilka minut spacerem od Rynku i Zamku Kr\u00f3lewskiego.<\/p>\n                        <\/div>\n                    <\/div>\n                    \n                <\/div><!-- \/.lo-item -->\n\n                \n                <div class=\"lo-item\" id=\"lo-block_940bbbdde9004e77398f70fc5241c71b-0-13\">\n\n                    <!-- Sekcja klikalna -->\n                    <div class=\"lo-item-main\"\n                         >\n\n                        <!-- Logo -->\n                        <div class=\"lo-item-logo-col\">\n                                                            <img decoding=\"async\" src=\"https:\/\/sprawnymarketing.pl\/konferencja\/wp-content\/uploads\/2026\/02\/14-Agnieszka_Naumiuk_logo_polonia_png-1.png\"\n                                     alt=\"Hotel Polonia Palace\"\n                                     loading=\"lazy\">\n                                                    <\/div>\n\n                        <!-- Dane -->\n                        <div class=\"lo-item-data-col\">\n                                                            <h3 class=\"lo-item-name\">Hotel Polonia Palace<\/h3>\n                            \n                                                            <div class=\"lo-item-discount\">12% zni\u017cki na pokoje od ceny korporacyjnej w terminie 21 &#8211; 30.04.2026 na has\u0142o I love marketing<\/div>\n                            \n                                                            <div class=\"lo-item-reservation\">\n                                    <a href=\"mailto:poloniapalace@syrena.com.pl\" rel=\"nofollow noopener\">poloniapalace@syrena.com.pl<\/a>                                <\/div>\n                            \n                                                    <\/div>\n\n                        <!-- Toggle ikona -->\n                        \n                    <\/div><!-- \/.lo-item-main -->\n\n                    <!-- Akordeon -->\n                    \n                <\/div><!-- \/.lo-item -->\n\n                \n                <div class=\"lo-item\" id=\"lo-block_940bbbdde9004e77398f70fc5241c71b-0-14\">\n\n                    <!-- Sekcja klikalna -->\n                    <div class=\"lo-item-main\"\n                         >\n\n                        <!-- Logo -->\n                        <div class=\"lo-item-logo-col\">\n                                                            <img decoding=\"async\" src=\"https:\/\/sprawnymarketing.pl\/konferencja\/wp-content\/uploads\/2026\/02\/15-Lukasz_Wendrowski_logo_ggh-1.jpg\"\n                                     alt=\"Green Garden Hotel\"\n                                     loading=\"lazy\">\n                                                    <\/div>\n\n                        <!-- Dane -->\n                        <div class=\"lo-item-data-col\">\n                                                            <h3 class=\"lo-item-name\">Green Garden Hotel<\/h3>\n                            \n                                                            <div class=\"lo-item-discount\">10% zni\u017cki na noclegi w terminie 20\u201323.04.2026 na has\u0142o ILOVEMARKETING<\/div>\n                            \n                                                            <div class=\"lo-item-reservation\">\n                                    <a href=\"mailto:recepcja@greengardenhotel.pl\" rel=\"nofollow noopener\">recepcja@greengardenhotel.pl<\/a>                                <\/div>\n                            \n                                                    <\/div>\n\n                        <!-- Toggle ikona -->\n                        \n                    <\/div><!-- \/.lo-item-main -->\n\n                    <!-- Akordeon -->\n                    \n                <\/div><!-- \/.lo-item -->\n\n                \n                <div class=\"lo-item\" id=\"lo-block_940bbbdde9004e77398f70fc5241c71b-0-15\">\n\n                    <!-- Sekcja klikalna -->\n                    <div class=\"lo-item-main\"\n                                                  role=\"button\"\n                         tabindex=\"0\"\n                         aria-expanded=\"false\"\n                         aria-controls=\"lo-block_940bbbdde9004e77398f70fc5241c71b-0-15-desc\"\n                         data-lo-toggle\n                         >\n\n                        <!-- Logo -->\n                        <div class=\"lo-item-logo-col\">\n                                                            <img decoding=\"async\" src=\"https:\/\/sprawnymarketing.pl\/konferencja\/wp-content\/uploads\/2026\/03\/Julia_Kaczmarczyk_LOGO_ROYAL_TULIP_WC_RGB.png\"\n                                     alt=\"Royal Tulip Warsaw Centre\"\n                                     loading=\"lazy\">\n                                                    <\/div>\n\n                        <!-- Dane -->\n                        <div class=\"lo-item-data-col\">\n                                                            <h3 class=\"lo-item-name\">Royal Tulip Warsaw Centre<\/h3>\n                            \n                                                            <div class=\"lo-item-discount\">zni\u017cka -20% w terminie 20-24.04.2026 na pobyty od ceny dnia dla uczestnik\u00f3w konferencji na has\u0142o: I \u2764 Marketing<\/div>\n                            \n                                                            <div class=\"lo-item-reservation\">\n                                    <a href=\"mailto:reservations@unique-hotels.pl\" rel=\"nofollow noopener\">reservations@unique-hotels.pl<\/a>                                <\/div>\n                            \n                                                    <\/div>\n\n                        <!-- Toggle ikona -->\n                                                <div class=\"lo-item-toggle\" aria-hidden=\"true\">\n                            <span class=\"lo-toggle-icon\"><\/span>\n                        <\/div>\n                        \n                    <\/div><!-- \/.lo-item-main -->\n\n                    <!-- Akordeon -->\n                                        <div class=\"lo-item-accordion\"\n                         id=\"lo-block_940bbbdde9004e77398f70fc5241c71b-0-15-desc\"\n                         role=\"region\"\n                         aria-hidden=\"true\">\n                        <div class=\"lo-accordion-inner\">\n                            <p>Royal Tulip Warsaw Centre to nowoczesny aparthotel w samym centrum Warszawy, kilka minut spacerem od Dworca Centralnego i najwa\u017cniejszych atrakcji miasta.<\/p>\n<p>Oferuje 312 przestronnych apartament\u00f3w zaprojektowanych z my\u015bl\u0105 o komforcie zar\u00f3wno kr\u00f3tkich, jak i d\u0142u\u017cszych pobyt\u00f3w.<\/p>\n<p>Do dyspozycji go\u015bci jest Savor\u00e9 restauracja, cocktail bar i caf\u00e9, z si\u0142owni\u0105 i saun\u0105 oraz nowoczesne przestrzenie eventowe i konferencyjne. To idealne miejsce na komfortowy pobyt w sercu dynamicznej stolicy.<\/p>\n                        <\/div>\n                    <\/div>\n                    \n                <\/div><!-- \/.lo-item -->\n\n                \n            <\/div><!-- \/.lo-list -->\n        <\/div><!-- \/.lo-category -->\n\n        \n        <div class=\"lo-category mb-4\">\n\n                        <div class=\"lo-category-header\">\n                <h2>Rozrywka<\/h2>\n            <\/div>\n            \n            <div class=\"lo-list\">\n\n                \n                <div class=\"lo-item\" id=\"lo-block_940bbbdde9004e77398f70fc5241c71b-1-0\">\n\n                    <!-- Sekcja klikalna -->\n                    <div class=\"lo-item-main\"\n                                                  role=\"button\"\n                         tabindex=\"0\"\n                         aria-expanded=\"false\"\n                         aria-controls=\"lo-block_940bbbdde9004e77398f70fc5241c71b-1-0-desc\"\n                         data-lo-toggle\n                         >\n\n                        <!-- Logo -->\n                        <div class=\"lo-item-logo-col\">\n                                                            <img decoding=\"async\" src=\"https:\/\/sprawnymarketing.pl\/konferencja\/wp-content\/uploads\/2026\/02\/16.2-Sylwia_Czerniak_LOGO_PGE-MAIN_red_TRANSPARENT.png\"\n                                     alt=\"PGE Narodowy\"\n                                     loading=\"lazy\">\n                                                    <\/div>\n\n                        <!-- Dane -->\n                        <div class=\"lo-item-data-col\">\n                                                            <h3 class=\"lo-item-name\">PGE Narodowy<\/h3>\n                            \n                                                            <div class=\"lo-item-discount\">Bilet na zwiedzanie tras\u0105 &quot;Poczuj si\u0119 jak VIP&quot; w cenie biletu &quot;Pi\u0142karskie emocje&quot; z has\u0142em ILOVEPGENARODOWY w terminie  21-23.04.2026<\/div>\n                            \n                                                            <div class=\"lo-item-reservation\">\n                                    Ze zni\u017cki mo\u017cna skorzysta\u0107 dokonuj\u0105c zakupu bilet\u00f3w na wycieczk\u0119 na stronie <a href=\"https:\/\/www.sklep.pgenarodowy.pl\" rel=\"nofollow noopener noreferrer\" target=\"_blank\">www.sklep.pgenarodowy.pl<\/a> po wpisaniu has\u0142a ILOVEPGENARODOWY w polu Vouchery\/Kody rabatowe oraz stacjonarnie po podaniu tego has\u0142a w kasie stadionu.  Bilet  normalny na zwiedzanie tras\u0105 &quot;Poczuj si\u0119 jak VIP&quot; kosztuje 45 z\u0142, a &quot;Pi\u0142karskie emocje&quot; 40 z\u0142.                                <\/div>\n                            \n                                                    <\/div>\n\n                        <!-- Toggle ikona -->\n                                                <div class=\"lo-item-toggle\" aria-hidden=\"true\">\n                            <span class=\"lo-toggle-icon\"><\/span>\n                        <\/div>\n                        \n                    <\/div><!-- \/.lo-item-main -->\n\n                    <!-- Akordeon -->\n                                        <div class=\"lo-item-accordion\"\n                         id=\"lo-block_940bbbdde9004e77398f70fc5241c71b-1-0-desc\"\n                         role=\"region\"\n                         aria-hidden=\"true\">\n                        <div class=\"lo-accordion-inner\">\n                            <p>Najwi\u0119kszy stadion w Polsce i jedna z ikon Warszawy, goszcz\u0105ca mecze, koncerty i najwi\u0119ksze wydarzenia sportowo-kulturalne. Podczas zwiedzania mo\u017cna zobaczy\u0107 m.in. szatnie reprezentacji, stref\u0119 zawodnicz\u0105, lo\u017ce VIP, trybuny oraz wej\u015b\u0107 na punkt widokowy z panoram\u0105 stadionu.w<\/p>\n                        <\/div>\n                    <\/div>\n                    \n                <\/div><!-- \/.lo-item -->\n\n                \n                <div class=\"lo-item\" id=\"lo-block_940bbbdde9004e77398f70fc5241c71b-1-1\">\n\n                    <!-- Sekcja klikalna -->\n                    <div class=\"lo-item-main\"\n                                                  role=\"button\"\n                         tabindex=\"0\"\n                         aria-expanded=\"false\"\n                         aria-controls=\"lo-block_940bbbdde9004e77398f70fc5241c71b-1-1-desc\"\n                         data-lo-toggle\n                         >\n\n                        <!-- Logo -->\n                        <div class=\"lo-item-logo-col\">\n                                                            <img decoding=\"async\" src=\"https:\/\/sprawnymarketing.pl\/konferencja\/wp-content\/uploads\/2026\/02\/17-Klaudia-_Nowicka_Highligne-Warsaw.png\"\n                                     alt=\"Highline Warsaw\"\n                                     loading=\"lazy\">\n                                                    <\/div>\n\n                        <!-- Dane -->\n                        <div class=\"lo-item-data-col\">\n                                                            <h3 class=\"lo-item-name\">Highline Warsaw<\/h3>\n                            \n                                                            <div class=\"lo-item-discount\">10% zni\u017cki na bilety wst\u0119pu z kodem &quot;ILOVEHIGHLINE&quot; w dniach 20-26.04.2026<\/div>\n                            \n                                                            <div class=\"lo-item-reservation\">\n                                    online i w kasie na miejscu                                <\/div>\n                            \n                                                    <\/div>\n\n                        <!-- Toggle ikona -->\n                                                <div class=\"lo-item-toggle\" aria-hidden=\"true\">\n                            <span class=\"lo-toggle-icon\"><\/span>\n                        <\/div>\n                        \n                    <\/div><!-- \/.lo-item-main -->\n\n                    <!-- Akordeon -->\n                                        <div class=\"lo-item-accordion\"\n                         id=\"lo-block_940bbbdde9004e77398f70fc5241c71b-1-1-desc\"\n                         role=\"region\"\n                         aria-hidden=\"true\">\n                        <div class=\"lo-accordion-inner\">\n                            <p>Sp\u00f3jrz na Warszaw\u0119 z innej perspektywy z najwy\u017cej po\u0142o\u017conych taras\u00f3w widokowych w Unii Europejskiej (Varso Tower).<\/p>\n                        <\/div>\n                    <\/div>\n                    \n                <\/div><!-- \/.lo-item -->\n\n                \n                <div class=\"lo-item\" id=\"lo-block_940bbbdde9004e77398f70fc5241c71b-1-2\">\n\n                    <!-- Sekcja klikalna -->\n                    <div class=\"lo-item-main\"\n                                                  role=\"button\"\n                         tabindex=\"0\"\n                         aria-expanded=\"false\"\n                         aria-controls=\"lo-block_940bbbdde9004e77398f70fc5241c71b-1-2-desc\"\n                         data-lo-toggle\n                         >\n\n                        <!-- Logo -->\n                        <div class=\"lo-item-logo-col\">\n                                                            <img decoding=\"async\" src=\"https:\/\/sprawnymarketing.pl\/konferencja\/wp-content\/uploads\/2026\/02\/9d627f59-1.png\"\n                                     alt=\"Kolejkowo Warszawa\"\n                                     loading=\"lazy\">\n                                                    <\/div>\n\n                        <!-- Dane -->\n                        <div class=\"lo-item-data-col\">\n                                                            <h3 class=\"lo-item-name\">Kolejkowo Warszawa<\/h3>\n                            \n                                                            <div class=\"lo-item-discount\">10z\u0142 zni\u017cki na bilety wst\u0119pu z kodem LOVE w dniach 21-24.04.2026<\/div>\n                            \n                                                            <div class=\"lo-item-reservation\">\n                                    <a href=\"mailto:warszawa@kolejkowo.pl\" rel=\"nofollow noopener\">warszawa@kolejkowo.pl<\/a>                                <\/div>\n                            \n                                                    <\/div>\n\n                        <!-- Toggle ikona -->\n                                                <div class=\"lo-item-toggle\" aria-hidden=\"true\">\n                            <span class=\"lo-toggle-icon\"><\/span>\n                        <\/div>\n                        \n                    <\/div><!-- \/.lo-item-main -->\n\n                    <!-- Akordeon -->\n                                        <div class=\"lo-item-accordion\"\n                         id=\"lo-block_940bbbdde9004e77398f70fc5241c71b-1-2-desc\"\n                         role=\"region\"\n                         aria-hidden=\"true\">\n                        <div class=\"lo-accordion-inner\">\n                            <p>Najwi\u0119ksza w Polsce makieta kolejowa, w kt\u00f3rej \u015bwiat jest 25 razy mniejszy, a poci\u0105gi, tramwaje i miasta t\u0119tni\u0105 miniaturowym \u017cyciem. Setki ruchomych scenek i dopracowanych detali sprawiaj\u0105, \u017ce to fascynuj\u0105ca atrakcja dla dzieci i doros\u0142ych.<\/p>\n                        <\/div>\n                    <\/div>\n                    \n                <\/div><!-- \/.lo-item -->\n\n                \n                <div class=\"lo-item\" id=\"lo-block_940bbbdde9004e77398f70fc5241c71b-1-3\">\n\n                    <!-- Sekcja klikalna -->\n                    <div class=\"lo-item-main\"\n                                                  role=\"button\"\n                         tabindex=\"0\"\n                         aria-expanded=\"false\"\n                         aria-controls=\"lo-block_940bbbdde9004e77398f70fc5241c71b-1-3-desc\"\n                         data-lo-toggle\n                         >\n\n                        <!-- Logo -->\n                        <div class=\"lo-item-logo-col\">\n                                                            <img decoding=\"async\" src=\"https:\/\/sprawnymarketing.pl\/konferencja\/wp-content\/uploads\/2026\/02\/19-Maja-_Bobrowska-_MJP_Logo_PL_Black_RGB-1.png\"\n                                     alt=\"Muzeum J\u00f3zefa Pi\u0142sudskiego w Sulej\u00f3wku\"\n                                     loading=\"lazy\">\n                                                    <\/div>\n\n                        <!-- Dane -->\n                        <div class=\"lo-item-data-col\">\n                                                            <h3 class=\"lo-item-name\">Muzeum J\u00f3zefa Pi\u0142sudskiego w Sulej\u00f3wku<\/h3>\n                            \n                                                            <div class=\"lo-item-discount\">15% zni\u017cki na bilety wst\u0119pu w kompleksie w Sulej\u00f3wku na wystaw\u0119 sta\u0142\u0105 \u201eDla Rzeczypospolitej. J\u00f3zef Pi\u0142sudski 1867-1935\u201d lub\/i do dworku &quot;Milusin&quot;. | 10% zni\u017cki w stacjonarnym sklepie muzealnym w kompleksie w Sulej\u00f3wku na has\u0142o: I love marketing w terminie 18-26.04.2026<\/div>\n                            \n                                                            <div class=\"lo-item-reservation\">\n                                    <a href=\"mailto:info@muzeumpilsudski.pl\" rel=\"nofollow noopener\">info@muzeumpilsudski.pl<\/a>                                <\/div>\n                            \n                                                    <\/div>\n\n                        <!-- Toggle ikona -->\n                                                <div class=\"lo-item-toggle\" aria-hidden=\"true\">\n                            <span class=\"lo-toggle-icon\"><\/span>\n                        <\/div>\n                        \n                    <\/div><!-- \/.lo-item-main -->\n\n                    <!-- Akordeon -->\n                                        <div class=\"lo-item-accordion\"\n                         id=\"lo-block_940bbbdde9004e77398f70fc5241c71b-1-3-desc\"\n                         role=\"region\"\n                         aria-hidden=\"true\">\n                        <div class=\"lo-accordion-inner\">\n                            <p>Nowoczesny kompleks muzealny w Sulej\u00f3wku, kt\u00f3rego sercem jest zabytkowy dworek \u201eMilusin\u201d \u2013 dom J\u00f3zefa Pi\u0142sudskiego. Wystawa sta\u0142a oraz historyczny park pozwalaj\u0105 pozna\u0107 \u017cycie i dziedzictwo Marsza\u0142ka w miejscu, gdzie naprawd\u0119 mieszka\u0142 i pracowa\u0142.<\/p>\n                        <\/div>\n                    <\/div>\n                    \n                <\/div><!-- \/.lo-item -->\n\n                \n                <div class=\"lo-item\" id=\"lo-block_940bbbdde9004e77398f70fc5241c71b-1-4\">\n\n                    <!-- Sekcja klikalna -->\n                    <div class=\"lo-item-main\"\n                                                  role=\"button\"\n                         tabindex=\"0\"\n                         aria-expanded=\"false\"\n                         aria-controls=\"lo-block_940bbbdde9004e77398f70fc5241c71b-1-4-desc\"\n                         data-lo-toggle\n                         >\n\n                        <!-- Logo -->\n                        <div class=\"lo-item-logo-col\">\n                                                            <img decoding=\"async\" src=\"https:\/\/sprawnymarketing.pl\/konferencja\/wp-content\/uploads\/2026\/02\/20.1-Pawel_Przybylski_Projekt-bez-nazwy.png\"\n                                     alt=\"ADN CENTRUM KONFERENCYJNE SP. Z O.O. S.K.\"\n                                     loading=\"lazy\">\n                                                    <\/div>\n\n                        <!-- Dane -->\n                        <div class=\"lo-item-data-col\">\n                                                            <h3 class=\"lo-item-name\">ADN CENTRUM KONFERENCYJNE SP. Z O.O. S.K.<\/h3>\n                            \n                                                            <div class=\"lo-item-discount\">15% na us\u0142ugi w ofercie realizowane bezpo\u015brednio przez ADN Centrum Konferencyjne do ko\u0144ca sierpnia 2026 z has\u0142em ADN_MARKETING&amp;TECHNOLOGY<\/div>\n                            \n                                                            <div class=\"lo-item-reservation\">\n                                    <a href=\"mailto:rezerwacje@ckadn.pl\" rel=\"nofollow noopener\">rezerwacje@ckadn.pl<\/a>                                <\/div>\n                            \n                                                    <\/div>\n\n                        <!-- Toggle ikona -->\n                                                <div class=\"lo-item-toggle\" aria-hidden=\"true\">\n                            <span class=\"lo-toggle-icon\"><\/span>\n                        <\/div>\n                        \n                    <\/div><!-- \/.lo-item-main -->\n\n                    <!-- Akordeon -->\n                                        <div class=\"lo-item-accordion\"\n                         id=\"lo-block_940bbbdde9004e77398f70fc5241c71b-1-4-desc\"\n                         role=\"region\"\n                         aria-hidden=\"true\">\n                        <div class=\"lo-accordion-inner\">\n                            <p>Nowoczesne centrum eventowe w kompleksie Browary Warszawskie, oferuj\u0105ce 25 w pe\u0142ni wyposa\u017conych sal konferencyjnych, foyer i tarasy na \u0142\u0105cznej powierzchni 2200 m\u00b2. To presti\u017cowa przestrze\u0144 w centrum miasta, idealna na kongresy, szkolenia i wydarzenia biznesowe.<\/p>\n                        <\/div>\n                    <\/div>\n                    \n                <\/div><!-- \/.lo-item -->\n\n                \n                <div class=\"lo-item\" id=\"lo-block_940bbbdde9004e77398f70fc5241c71b-1-5\">\n\n                    <!-- Sekcja klikalna -->\n                    <div class=\"lo-item-main\"\n                         >\n\n                        <!-- Logo -->\n                        <div class=\"lo-item-logo-col\">\n                                                            <img decoding=\"async\" src=\"https:\/\/sprawnymarketing.pl\/konferencja\/wp-content\/uploads\/2026\/02\/28-SYLWIA_BASISTA_Kleks.-Magia-Kina-logo.png\"\n                                     alt=\"KLEKS.MAGIA KINA\"\n                                     loading=\"lazy\">\n                                                    <\/div>\n\n                        <!-- Dane -->\n                        <div class=\"lo-item-data-col\">\n                                                            <h3 class=\"lo-item-name\">KLEKS.MAGIA KINA<\/h3>\n                            \n                                                            <div class=\"lo-item-discount\">Z kodem 20WAWA 20% na wszystkie bilety do Kleks. Magia Kina. Rabat obowi\u0105zuje do ko\u0144ca czerwca 2026r.<\/div>\n                            \n                                                            <div class=\"lo-item-reservation\">\n                                    <a href=\"mailto:sylwia@bajkapanakleksa.pl\" rel=\"nofollow noopener\">sylwia@bajkapanakleksa.pl<\/a>                                <\/div>\n                            \n                                                    <\/div>\n\n                        <!-- Toggle ikona -->\n                        \n                    <\/div><!-- \/.lo-item-main -->\n\n                    <!-- Akordeon -->\n                    \n                <\/div><!-- \/.lo-item -->\n\n                \n            <\/div><!-- \/.lo-list -->\n        <\/div><!-- \/.lo-category -->\n\n        \n        <div class=\"lo-category mb-4\">\n\n                        <div class=\"lo-category-header\">\n                <h2>Restauracje<\/h2>\n            <\/div>\n            \n            <div class=\"lo-list\">\n\n                \n                <div class=\"lo-item\" id=\"lo-block_940bbbdde9004e77398f70fc5241c71b-2-0\">\n\n                    <!-- Sekcja klikalna -->\n                    <div class=\"lo-item-main\"\n                                                  role=\"button\"\n                         tabindex=\"0\"\n                         aria-expanded=\"false\"\n                         aria-controls=\"lo-block_940bbbdde9004e77398f70fc5241c71b-2-0-desc\"\n                         data-lo-toggle\n                         >\n\n                        <!-- Logo -->\n                        <div class=\"lo-item-logo-col\">\n                                                            <img decoding=\"async\" src=\"https:\/\/sprawnymarketing.pl\/konferencja\/wp-content\/uploads\/2026\/02\/21-logo_moxo-1.svg\"\n                                     alt=\"MOXO\"\n                                     loading=\"lazy\">\n                                                    <\/div>\n\n                        <!-- Dane -->\n                        <div class=\"lo-item-data-col\">\n                                                            <h3 class=\"lo-item-name\">MOXO<\/h3>\n                            \n                                                            <div class=\"lo-item-discount\">10% zni\u017cka na ca\u0142e menu w terminie 21-23.04.2026 na has\u0142o I love marketing<\/div>\n                            \n                                                            <div class=\"lo-item-reservation\">\n                                    <a href=\"https:\/\/emenago.com\/inner\/cart\/6049\/08dd58cd7573c22e378f36b4fa0c107a\/pl\" rel=\"nofollow noopener noreferrer\" target=\"_blank\">emenago.com\/inner\/cart\/6049\/08dd58cd7573c22e378f36b4fa0c107a\/pl<\/a>                                <\/div>\n                            \n                                                    <\/div>\n\n                        <!-- Toggle ikona -->\n                                                <div class=\"lo-item-toggle\" aria-hidden=\"true\">\n                            <span class=\"lo-toggle-icon\"><\/span>\n                        <\/div>\n                        \n                    <\/div><!-- \/.lo-item-main -->\n\n                    <!-- Akordeon -->\n                                        <div class=\"lo-item-accordion\"\n                         id=\"lo-block_940bbbdde9004e77398f70fc5241c71b-2-0-desc\"\n                         role=\"region\"\n                         aria-hidden=\"true\">\n                        <div class=\"lo-accordion-inner\">\n                            <p>Sercem MOXO jest otwarta restauracja, bij\u0105ca w rytmie Nikkei \u2013 niepowtarzalnej fuzji kulinarnej dw\u00f3ch \u015bwiat\u00f3w \u2013 Japonii i Peru. W karcie stworzonej przez Szefa Kuchni Rados\u0142awa Pelca znajdziemy m.in. sushi, peruwia\u0144skie ceviche, owoce morza, a tak\u017ce ryby i dania mi\u0119sne. Prawdziwi smakosze prze\u017cyj\u0105 tu wyj\u0105tkowe doznania kulinarne, kt\u00f3re uzupe\u0142ni autorska karta koktajli, r\u00f3wnie\u017c inspirowana filozofi\u0105 przenikania si\u0119 tych dw\u00f3ch pot\u0119\u017cnych kultur, serwowana w obydwu barach.<\/p>\n                        <\/div>\n                    <\/div>\n                    \n                <\/div><!-- \/.lo-item -->\n\n                \n                <div class=\"lo-item\" id=\"lo-block_940bbbdde9004e77398f70fc5241c71b-2-1\">\n\n                    <!-- Sekcja klikalna -->\n                    <div class=\"lo-item-main\"\n                                                  role=\"button\"\n                         tabindex=\"0\"\n                         aria-expanded=\"false\"\n                         aria-controls=\"lo-block_940bbbdde9004e77398f70fc5241c71b-2-1-desc\"\n                         data-lo-toggle\n                         >\n\n                        <!-- Logo -->\n                        <div class=\"lo-item-logo-col\">\n                                                            <img decoding=\"async\" src=\"https:\/\/sprawnymarketing.pl\/konferencja\/wp-content\/uploads\/2026\/02\/22-Karolina_Jaskola_HRC_blackLOGO_Warsaw.png\"\n                                     alt=\"Hard Rock Cafe\"\n                                     loading=\"lazy\">\n                                                    <\/div>\n\n                        <!-- Dane -->\n                        <div class=\"lo-item-data-col\">\n                                                            <h3 class=\"lo-item-name\">Hard Rock Cafe<\/h3>\n                            \n                                                            <div class=\"lo-item-discount\">&quot;20% zni\u017cki na ofert\u0119 restauracji oraz Rock Shop Zni\u017cka obowi\u0105zuje w dniach 21-23.04.26 na has\u0142o: I love marketing, za okazaniem biletu na konferencj\u0119.&quot;<\/div>\n                            \n                                                            <div class=\"lo-item-reservation\">\n                                    <a href=\"mailto:warsaw@hardrockcafe.pl\" rel=\"nofollow noopener\">warsaw@hardrockcafe.pl<\/a>                                <\/div>\n                            \n                                                    <\/div>\n\n                        <!-- Toggle ikona -->\n                                                <div class=\"lo-item-toggle\" aria-hidden=\"true\">\n                            <span class=\"lo-toggle-icon\"><\/span>\n                        <\/div>\n                        \n                    <\/div><!-- \/.lo-item-main -->\n\n                    <!-- Akordeon -->\n                                        <div class=\"lo-item-accordion\"\n                         id=\"lo-block_940bbbdde9004e77398f70fc5241c71b-2-1-desc\"\n                         role=\"region\"\n                         aria-hidden=\"true\">\n                        <div class=\"lo-accordion-inner\">\n                            <p>Hard Rock Cafe Warsaw znajduje si\u0119 w samym sercu miasta, w pobli\u017cu Dworca Centralnego, tu\u017c obok najpopularniejszego centrum handlowego Z\u0142ote Tarasy.<\/p>\n                        <\/div>\n                    <\/div>\n                    \n                <\/div><!-- \/.lo-item -->\n\n                \n                <div class=\"lo-item\" id=\"lo-block_940bbbdde9004e77398f70fc5241c71b-2-2\">\n\n                    <!-- Sekcja klikalna -->\n                    <div class=\"lo-item-main\"\n                                                  role=\"button\"\n                         tabindex=\"0\"\n                         aria-expanded=\"false\"\n                         aria-controls=\"lo-block_940bbbdde9004e77398f70fc5241c71b-2-2-desc\"\n                         data-lo-toggle\n                         >\n\n                        <!-- Logo -->\n                        <div class=\"lo-item-logo-col\">\n                                                            <img decoding=\"async\" src=\"https:\/\/sprawnymarketing.pl\/konferencja\/wp-content\/uploads\/2026\/02\/23-Marta_Kotanska_ASTAURAN-1.png\"\n                                     alt=\"SeaFood station\"\n                                     loading=\"lazy\">\n                                                    <\/div>\n\n                        <!-- Dane -->\n                        <div class=\"lo-item-data-col\">\n                                                            <h3 class=\"lo-item-name\">SeaFood station<\/h3>\n                            \n                                                            <div class=\"lo-item-discount\">&quot;W dniach 20.04 &#8211; 24.04 15:00-18:00 Poniedziatek shrimpcargos 1+1 free Wtorek chrupiace kalmary 1+1 free Sroda gorace mule 1+1 free Czwartek pasta seafood station 1+1 free fizzy friday all day prosecco 2 + 1 free Poniedzia\u0142ek \u2013 Pi\u0105tek 15:00 \u2013 18:00 Oysters \u2013 Jesz ile chcesz 1+1gratis Cocktails Pijesz ile chcesz 1+1 gratis Fizzy Friday All day Prossecci 2+1 free &quot;<\/div>\n                            \n                                                            <div class=\"lo-item-reservation\">\n                                    <a href=\"https:\/\/bit.ly\/reservation-warsaw\" rel=\"nofollow noopener noreferrer\" target=\"_blank\">bit.ly\/reservation-warsaw<\/a>                                <\/div>\n                            \n                                                    <\/div>\n\n                        <!-- Toggle ikona -->\n                                                <div class=\"lo-item-toggle\" aria-hidden=\"true\">\n                            <span class=\"lo-toggle-icon\"><\/span>\n                        <\/div>\n                        \n                    <\/div><!-- \/.lo-item-main -->\n\n                    <!-- Akordeon -->\n                                        <div class=\"lo-item-accordion\"\n                         id=\"lo-block_940bbbdde9004e77398f70fc5241c71b-2-2-desc\"\n                         role=\"region\"\n                         aria-hidden=\"true\">\n                        <div class=\"lo-accordion-inner\">\n                            <p>Miejsce stworzone z mi\u0142o\u015bci do jako\u015bci, owoc\u00f3w morza i podr\u00f3\u017cy!<br \/>\nCodziennie serwujemy Seafood najwy\u017cszej klasy.<\/p>\n                        <\/div>\n                    <\/div>\n                    \n                <\/div><!-- \/.lo-item -->\n\n                \n                <div class=\"lo-item\" id=\"lo-block_940bbbdde9004e77398f70fc5241c71b-2-3\">\n\n                    <!-- Sekcja klikalna -->\n                    <div class=\"lo-item-main\"\n                                                  role=\"button\"\n                         tabindex=\"0\"\n                         aria-expanded=\"false\"\n                         aria-controls=\"lo-block_940bbbdde9004e77398f70fc5241c71b-2-3-desc\"\n                         data-lo-toggle\n                         >\n\n                        <!-- Logo -->\n                        <div class=\"lo-item-logo-col\">\n                                                            <img decoding=\"async\" src=\"https:\/\/sprawnymarketing.pl\/konferencja\/wp-content\/uploads\/2026\/02\/bd1e85c6-1.png\"\n                                     alt=\"Restauracja Ale Sztuka\"\n                                     loading=\"lazy\">\n                                                    <\/div>\n\n                        <!-- Dane -->\n                        <div class=\"lo-item-data-col\">\n                                                            <h3 class=\"lo-item-name\">Restauracja Ale Sztuka<\/h3>\n                            \n                                                            <div class=\"lo-item-discount\">10%zni\u017cki na posi\u0142ki w terminie 20-24.04.2026 na has\u0142o WOT10<\/div>\n                            \n                                                            <div class=\"lo-item-reservation\">\n                                    <a href=\"mailto:biuro@restauracjaalesztuka.pl\" rel=\"nofollow noopener\">biuro@restauracjaalesztuka.pl<\/a>                                <\/div>\n                            \n                                                    <\/div>\n\n                        <!-- Toggle ikona -->\n                                                <div class=\"lo-item-toggle\" aria-hidden=\"true\">\n                            <span class=\"lo-toggle-icon\"><\/span>\n                        <\/div>\n                        \n                    <\/div><!-- \/.lo-item-main -->\n\n                    <!-- Akordeon -->\n                                        <div class=\"lo-item-accordion\"\n                         id=\"lo-block_940bbbdde9004e77398f70fc5241c71b-2-3-desc\"\n                         role=\"region\"\n                         aria-hidden=\"true\">\n                        <div class=\"lo-accordion-inner\">\n                            <p>Gdzie sztuka spotyka si\u0119 ze smakiem. Miejsce z artystycznym zaci\u0119ciem i muzyk\u0105 na \u017cywo. Wej\u015bcie na rogu ulic Traugutta i Ni\u017cy\u0144skiego.<\/p>\n                        <\/div>\n                    <\/div>\n                    \n                <\/div><!-- \/.lo-item -->\n\n                \n                <div class=\"lo-item\" id=\"lo-block_940bbbdde9004e77398f70fc5241c71b-2-4\">\n\n                    <!-- Sekcja klikalna -->\n                    <div class=\"lo-item-main\"\n                                                  role=\"button\"\n                         tabindex=\"0\"\n                         aria-expanded=\"false\"\n                         aria-controls=\"lo-block_940bbbdde9004e77398f70fc5241c71b-2-4-desc\"\n                         data-lo-toggle\n                         >\n\n                        <!-- Logo -->\n                        <div class=\"lo-item-logo-col\">\n                                                            <img decoding=\"async\" src=\"https:\/\/sprawnymarketing.pl\/konferencja\/wp-content\/uploads\/2026\/02\/61e57aee-1.png\"\n                                     alt=\"Orzo Verde Pl. Konstytucji\"\n                                     loading=\"lazy\">\n                                                    <\/div>\n\n                        <!-- Dane -->\n                        <div class=\"lo-item-data-col\">\n                                                            <h3 class=\"lo-item-name\">Orzo Verde Pl. Konstytucji<\/h3>\n                            \n                                                            <div class=\"lo-item-discount\">W dniach 20 &#8211; 24.04 dowolna pizza z menu na has\u0142o &quot;I love Orzo&quot; w cenie 29 z\u0142<\/div>\n                            \n                                                            <div class=\"lo-item-reservation\">\n                                    <a href=\"mailto:konstytucji@orzo.pl\" rel=\"nofollow noopener\">konstytucji@orzo.pl<\/a>                                <\/div>\n                            \n                                                    <\/div>\n\n                        <!-- Toggle ikona -->\n                                                <div class=\"lo-item-toggle\" aria-hidden=\"true\">\n                            <span class=\"lo-toggle-icon\"><\/span>\n                        <\/div>\n                        \n                    <\/div><!-- \/.lo-item-main -->\n\n                    <!-- Akordeon -->\n                                        <div class=\"lo-item-accordion\"\n                         id=\"lo-block_940bbbdde9004e77398f70fc5241c71b-2-4-desc\"\n                         role=\"region\"\n                         aria-hidden=\"true\">\n                        <div class=\"lo-accordion-inner\">\n                            <p>ORZO to najziele\u0144sze restauracje w mie\u015bcie! To naturalnie go\u015bcinna miejska przestrze\u0144 i przepyszna kuchnia. Pe\u0142na zdrowych i komfortowych sk\u0142adnik\u00f3w! Poczuj si\u0119 wygodnie \u2013 zrelaksuj si\u0119, pos\u0142uchaj muzyki i z\u0142ap oddech od miejskiego zgie\u0142ku. Wszystko w pozytywnym \u015brodowisku! Wn\u0119trze ORZO wype\u0142nili\u015bmy ro\u015blinami oczyszczaj\u0105cymi powietrze. To nasz sen o zielonej Warszawie! Sp\u0119d\u017a czas po\u015br\u00f3d ludzi, muzyki i natury. Ze znajomymi, z bliskimi i z nami. Niech b\u0119dzie naturalnie.<\/p>\n                        <\/div>\n                    <\/div>\n                    \n                <\/div><!-- \/.lo-item -->\n\n                \n                <div class=\"lo-item\" id=\"lo-block_940bbbdde9004e77398f70fc5241c71b-2-5\">\n\n                    <!-- Sekcja klikalna -->\n                    <div class=\"lo-item-main\"\n                                                  role=\"button\"\n                         tabindex=\"0\"\n                         aria-expanded=\"false\"\n                         aria-controls=\"lo-block_940bbbdde9004e77398f70fc5241c71b-2-5-desc\"\n                         data-lo-toggle\n                         >\n\n                        <!-- Logo -->\n                        <div class=\"lo-item-logo-col\">\n                                                            <img decoding=\"async\" src=\"https:\/\/sprawnymarketing.pl\/konferencja\/wp-content\/uploads\/2026\/02\/26-logo_RESTAURACJA-WILANOW-1.png\"\n                                     alt=\"RESTAURACJA WILAN\u00d3W\"\n                                     loading=\"lazy\">\n                                                    <\/div>\n\n                        <!-- Dane -->\n                        <div class=\"lo-item-data-col\">\n                                                            <h3 class=\"lo-item-name\">RESTAURACJA WILAN\u00d3W<\/h3>\n                            \n                                                            <div class=\"lo-item-discount\">Zoorganizuj kr\u00f3lewskie wydarzenie w historycznym budynku z najpi\u0119kniejszym ogrodem Wilanowa. 10% zni\u017cki na has\u0142o &quot;Kr\u00f3lewska restauracja&quot; w terminie kwiecie\u0144 &#8211; listopad 2026<\/div>\n                            \n                                                            <div class=\"lo-item-reservation\">\n                                    <a href=\"mailto:rezerwacje@restauracjawilanow.pl\" rel=\"nofollow noopener\">rezerwacje@restauracjawilanow.pl<\/a>                                <\/div>\n                            \n                                                    <\/div>\n\n                        <!-- Toggle ikona -->\n                                                <div class=\"lo-item-toggle\" aria-hidden=\"true\">\n                            <span class=\"lo-toggle-icon\"><\/span>\n                        <\/div>\n                        \n                    <\/div><!-- \/.lo-item-main -->\n\n                    <!-- Akordeon -->\n                                        <div class=\"lo-item-accordion\"\n                         id=\"lo-block_940bbbdde9004e77398f70fc5241c71b-2-5-desc\"\n                         role=\"region\"\n                         aria-hidden=\"true\">\n                        <div class=\"lo-accordion-inner\">\n                            <p>Restauracja Wilan\u00f3w od ponad 40 lat tworzy kulinarn\u0105 tradycj\u0119 jednej z najpi\u0119kniejszych dzielnic Warszawy. Po\u0142o\u017cona tu\u017c obok Pa\u0142acu, s\u0142ynie z polskiej kuchni w nowoczesnym wydaniu, eleganckich wn\u0119trz i wyj\u0105tkowego, tajemniczego ogrodu pe\u0142nego urokliwych zakamark\u00f3w. To idealne miejsce na rodzinne spotkania, wydarzenia i odpoczynek w kr\u00f3lewskim otoczeniu.<\/p>\n                        <\/div>\n                    <\/div>\n                    \n                <\/div><!-- \/.lo-item -->\n\n                \n                <div class=\"lo-item\" id=\"lo-block_940bbbdde9004e77398f70fc5241c71b-2-6\">\n\n                    <!-- Sekcja klikalna -->\n                    <div class=\"lo-item-main\"\n                                                  role=\"button\"\n                         tabindex=\"0\"\n                         aria-expanded=\"false\"\n                         aria-controls=\"lo-block_940bbbdde9004e77398f70fc5241c71b-2-6-desc\"\n                         data-lo-toggle\n                         >\n\n                        <!-- Logo -->\n                        <div class=\"lo-item-logo-col\">\n                                                            <img decoding=\"async\" src=\"https:\/\/sprawnymarketing.pl\/konferencja\/wp-content\/uploads\/2026\/02\/27-Agnieszka_Naumiuk_logo-METRO-barbistro_GREEN.jpg\"\n                                     alt=\"Restauracja metro bar &amp; bistro w Hotelu Metropol\"\n                                     loading=\"lazy\">\n                                                    <\/div>\n\n                        <!-- Dane -->\n                        <div class=\"lo-item-data-col\">\n                                                            <h3 class=\"lo-item-name\">Restauracja metro bar &amp; bistro w Hotelu Metropol<\/h3>\n                            \n                                                            <div class=\"lo-item-discount\">20% zni\u017cki na menu regularne w metro bar &amp; bistro w terminie 21.04 &#8211; 31.08.2026 na has\u0142o WOT Marketing<\/div>\n                            \n                                                            <div class=\"lo-item-reservation\">\n                                    <a href=\"mailto:bartosz.buzuk@syrena.com.pl\" rel=\"nofollow noopener\">bartosz.buzuk@syrena.com.pl<\/a>                                <\/div>\n                            \n                                                    <\/div>\n\n                        <!-- Toggle ikona -->\n                                                <div class=\"lo-item-toggle\" aria-hidden=\"true\">\n                            <span class=\"lo-toggle-icon\"><\/span>\n                        <\/div>\n                        \n                    <\/div><!-- \/.lo-item-main -->\n\n                    <!-- Akordeon -->\n                                        <div class=\"lo-item-accordion\"\n                         id=\"lo-block_940bbbdde9004e77398f70fc5241c71b-2-6-desc\"\n                         role=\"region\"\n                         aria-hidden=\"true\">\n                        <div class=\"lo-accordion-inner\">\n                            <p>Chcesz dobrze zje\u015b\u0107 w lu\u017anej atmosferze? Wpadnij do metro bar &amp; bistro na pizz\u0119, makaron albo kieliszek wina.<br \/>\nProsto, smacznie, bez zad\u0119cia \u2013 idealne na szybki lunch czy wiecz\u00f3r ze znajomymi.<\/p>\n<p>Spotkasz tu klasyki w\u0142oskiej kuchni, napijesz si\u0119 aromatycznej kawy lub drink\u00f3w inspirowanych s\u0142oneczn\u0105 Itali\u0105. Wszystko w samym sercu miasta.<\/p>\n                        <\/div>\n                    <\/div>\n                    \n                <\/div><!-- \/.lo-item -->\n\n                \n                <div class=\"lo-item\" id=\"lo-block_940bbbdde9004e77398f70fc5241c71b-2-7\">\n\n                    <!-- Sekcja klikalna -->\n                    <div class=\"lo-item-main\"\n                                                  role=\"button\"\n                         tabindex=\"0\"\n                         aria-expanded=\"false\"\n                         aria-controls=\"lo-block_940bbbdde9004e77398f70fc5241c71b-2-7-desc\"\n                         data-lo-toggle\n                         >\n\n                        <!-- Logo -->\n                        <div class=\"lo-item-logo-col\">\n                                                            <img decoding=\"async\" src=\"https:\/\/sprawnymarketing.pl\/konferencja\/wp-content\/uploads\/2026\/02\/29-Alicja-_Zawojska_logo-bez-tla-1.png\"\n                                     alt=\"Restauracja U Barssa\"\n                                     loading=\"lazy\">\n                                                    <\/div>\n\n                        <!-- Dane -->\n                        <div class=\"lo-item-data-col\">\n                                                            <h3 class=\"lo-item-name\">Restauracja U Barssa<\/h3>\n                            \n                                                            <div class=\"lo-item-discount\">10% zni\u017cki na posi\u0142ki. Zni\u017cka obowi\u0105zuje w dniuach wydarzenia na has\u0142o: ILOVE<\/div>\n                            \n                                                            <div class=\"lo-item-reservation\">\n                                    <a href=\"mailto:biuro@ubarssa.pl\" rel=\"nofollow noopener\">biuro@ubarssa.pl<\/a>                                <\/div>\n                            \n                                                    <\/div>\n\n                        <!-- Toggle ikona -->\n                                                <div class=\"lo-item-toggle\" aria-hidden=\"true\">\n                            <span class=\"lo-toggle-icon\"><\/span>\n                        <\/div>\n                        \n                    <\/div><!-- \/.lo-item-main -->\n\n                    <!-- Akordeon -->\n                                        <div class=\"lo-item-accordion\"\n                         id=\"lo-block_940bbbdde9004e77398f70fc5241c71b-2-7-desc\"\n                         role=\"region\"\n                         aria-hidden=\"true\">\n                        <div class=\"lo-accordion-inner\">\n                            <p>W sercu Warszawskiej Star\u00f3wki. Nasza restauracja to miejsce, kt\u00f3re musisz odwiedzi\u0107 podczas wizyty w Warszawie. Sp\u0119dzisz u nas wspania\u0142e chwile z rodzin\u0105, romantyczn\u0105 kolacj\u0119 jak i biznesowy lunch. Jeste\u015bmy doskona\u0142ym przystankiem na posi\u0142ek podczas zwiedzania Starego Miasta i miejscem do uczczenia wa\u017cnych wydarze\u0144 w wi\u0119kszym gronie. Serwujemy kuchni\u0119 polsk\u0105, w kt\u00f3rej czujemy si\u0119 najlepiej, a w naszym MENU nie brakuje r\u00f3wnie\u017c klimat\u00f3w \u015br\u00f3dziemnomorskich i doskona\u0142ych mi\u0119s.<\/p>\n                        <\/div>\n                    <\/div>\n                    \n                <\/div><!-- \/.lo-item -->\n\n                \n                <div class=\"lo-item\" id=\"lo-block_940bbbdde9004e77398f70fc5241c71b-2-8\">\n\n                    <!-- Sekcja klikalna -->\n                    <div class=\"lo-item-main\"\n                                                  role=\"button\"\n                         tabindex=\"0\"\n                         aria-expanded=\"false\"\n                         aria-controls=\"lo-block_940bbbdde9004e77398f70fc5241c71b-2-8-desc\"\n                         data-lo-toggle\n                         >\n\n                        <!-- Logo -->\n                        <div class=\"lo-item-logo-col\">\n                                                            <img decoding=\"async\" src=\"https:\/\/sprawnymarketing.pl\/konferencja\/wp-content\/uploads\/2026\/03\/Lupo-Pasta-Fresca-Logo-Czekolada.webp\"\n                                     alt=\"Lupo Pasta Fresca\"\n                                     loading=\"lazy\">\n                                                    <\/div>\n\n                        <!-- Dane -->\n                        <div class=\"lo-item-data-col\">\n                                                            <h3 class=\"lo-item-name\">Lupo Pasta Fresca<\/h3>\n                            \n                                                            <div class=\"lo-item-discount\">Zni\u017cka -10% przez ca\u0142y okres trwania konferencji na has\u0142o I Love Lupo<\/div>\n                            \n                                                            <div class=\"lo-item-reservation\">\n                                    <a href=\"mailto:kontakt@lupopasta.com\" rel=\"nofollow noopener\">kontakt@lupopasta.com<\/a>                                <\/div>\n                            \n                                                    <\/div>\n\n                        <!-- Toggle ikona -->\n                                                <div class=\"lo-item-toggle\" aria-hidden=\"true\">\n                            <span class=\"lo-toggle-icon\"><\/span>\n                        <\/div>\n                        \n                    <\/div><!-- \/.lo-item-main -->\n\n                    <!-- Akordeon -->\n                                        <div class=\"lo-item-accordion\"\n                         id=\"lo-block_940bbbdde9004e77398f70fc5241c71b-2-8-desc\"\n                         role=\"region\"\n                         aria-hidden=\"true\">\n                        <div class=\"lo-accordion-inner\">\n                            <p><span data-sheets-root=\"1\">Lupo to du\u017ca, w\u0142oska restauracja w centrum Warszawy. Go\u015bcimy na \u015bniadania, obiady, aperitivo i kolacje. Nasze dania bazuj\u0105 na pasta fresca \u2013 \u015bwie\u017cym makaronie przygotowanym w naszej restauracji.<\/span><\/p>\n<p>Jeste\u015bmy czynni codziennie od 09:00 do 00:00 oraz w niedziel\u0119 do 23:00.<br \/>\nZapraszamy do skorzystania ze zni\u017cki -10% przez ca\u0142y okres trwania konferencji.<\/p>\n                        <\/div>\n                    <\/div>\n                    \n                <\/div><!-- \/.lo-item -->\n\n                \n                <div class=\"lo-item\" id=\"lo-block_940bbbdde9004e77398f70fc5241c71b-2-9\">\n\n                    <!-- Sekcja klikalna -->\n                    <div class=\"lo-item-main\"\n                                                  role=\"button\"\n                         tabindex=\"0\"\n                         aria-expanded=\"false\"\n                         aria-controls=\"lo-block_940bbbdde9004e77398f70fc5241c71b-2-9-desc\"\n                         data-lo-toggle\n                         >\n\n                        <!-- Logo -->\n                        <div class=\"lo-item-logo-col\">\n                                                            <img decoding=\"async\" src=\"https:\/\/sprawnymarketing.pl\/konferencja\/wp-content\/uploads\/2026\/03\/11b6e1aa-9f38-4615-aa4a-b9568d353386.png\"\n                                     alt=\"CHIANTI Kr\u0119gliccy\"\n                                     loading=\"lazy\">\n                                                    <\/div>\n\n                        <!-- Dane -->\n                        <div class=\"lo-item-data-col\">\n                                                            <h3 class=\"lo-item-name\">CHIANTI Kr\u0119gliccy<\/h3>\n                            \n                                                            <div class=\"lo-item-discount\">10% zni\u017cki na posi\u0142ki w datach 21-24.04.2026 na has\u0142o: I Love Marketing<\/div>\n                            \n                                                            <div class=\"lo-item-reservation\">\n                                    <a href=\"mailto:chianti@kregliccy.pl\" rel=\"nofollow noopener\">chianti@kregliccy.pl<\/a> | <a href=\"tel:691990060\" rel=\"nofollow noopener\">691 990 060<\/a>                                <\/div>\n                            \n                                                    <\/div>\n\n                        <!-- Toggle ikona -->\n                                                <div class=\"lo-item-toggle\" aria-hidden=\"true\">\n                            <span class=\"lo-toggle-icon\"><\/span>\n                        <\/div>\n                        \n                    <\/div><!-- \/.lo-item-main -->\n\n                    <!-- Akordeon -->\n                                        <div class=\"lo-item-accordion\"\n                         id=\"lo-block_940bbbdde9004e77398f70fc5241c71b-2-9-desc\"\n                         role=\"region\"\n                         aria-hidden=\"true\">\n                        <div class=\"lo-accordion-inner\">\n                            <div id=\"docs-editor-container\" dir=\"ltr\">\n<div id=\"docs-editor\" class=\"\">\n<div id=\"waffle-grid-container\" dir=\"ltr\">\n<div id=\"362929334-grid-container\" class=\"grid-container\" dir=\"ltr\">\n<div id=\"362929334-grid-table-container\">\n<div class=\"grid-table-container\">\n<div id=\"362929334-scrollable\" class=\"grid-scrollable-wrapper\">\n<div class=\"goog-inline-block grid4-inner-container\">\n<p class=\"waffle-background-container\">Niezobowia\u0328zuja\u0328ce, przyjazne miejsce dla mi\u0142os\u0301niko\u0301w w\u0142oskiego jedzenia oraz win z najlepszych w\u0142oskich piwnic.<\/p>\n<\/div>\n<\/div>\n<\/div>\n<\/div>\n<\/div>\n<\/div>\n<\/div>\n<\/div>\n                        <\/div>\n                    <\/div>\n                    \n                <\/div><!-- \/.lo-item -->\n\n                \n                <div class=\"lo-item\" id=\"lo-block_940bbbdde9004e77398f70fc5241c71b-2-10\">\n\n                    <!-- Sekcja klikalna -->\n                    <div class=\"lo-item-main\"\n                                                  role=\"button\"\n                         tabindex=\"0\"\n                         aria-expanded=\"false\"\n                         aria-controls=\"lo-block_940bbbdde9004e77398f70fc5241c71b-2-10-desc\"\n                         data-lo-toggle\n                         >\n\n                        <!-- Logo -->\n                        <div class=\"lo-item-logo-col\">\n                                                            <img decoding=\"async\" src=\"https:\/\/sprawnymarketing.pl\/konferencja\/wp-content\/uploads\/2026\/03\/92cef9bc-0715-4679-adec-a898ca9c0612.png\"\n                                     alt=\"OPAS\u0141Y TOM\"\n                                     loading=\"lazy\">\n                                                    <\/div>\n\n                        <!-- Dane -->\n                        <div class=\"lo-item-data-col\">\n                                                            <h3 class=\"lo-item-name\">OPAS\u0141Y TOM<\/h3>\n                            \n                                                            <div class=\"lo-item-discount\">10% zni\u017cki na menu degustacyjne &#8211; zni\u017cka obowi\u0105zuje w dniach 21-23.04.2026 na has\u0142o I Love Marketing<\/div>\n                            \n                                                            <div class=\"lo-item-reservation\">\n                                    <a href=\"mailto:opasly@kregliccy.pl\" rel=\"nofollow noopener\">opasly@kregliccy.pl<\/a>                                <\/div>\n                            \n                                                    <\/div>\n\n                        <!-- Toggle ikona -->\n                                                <div class=\"lo-item-toggle\" aria-hidden=\"true\">\n                            <span class=\"lo-toggle-icon\"><\/span>\n                        <\/div>\n                        \n                    <\/div><!-- \/.lo-item-main -->\n\n                    <!-- Akordeon -->\n                                        <div class=\"lo-item-accordion\"\n                         id=\"lo-block_940bbbdde9004e77398f70fc5241c71b-2-10-desc\"\n                         role=\"region\"\n                         aria-hidden=\"true\">\n                        <div class=\"lo-accordion-inner\">\n                            <div id=\"comp-lmz4zc38\" class=\"ku3DBC zQ9jDz qvSjx3 Vq6kJx comp-lmz4zc38 wixui-rich-text\" data-testid=\"richTextElement\">\n<p class=\"font_6 wixui-rich-text__text\"><span class=\"wixui-rich-text__text\">Wierzbowa 9, historyczna lokalizacja w pobli\u017cu Opery Teatru Wielkiego, w kamienicy kt\u00f3ra, przed II Wojn\u0105 \u015awiatow\u0105, przez wiele lat go\u015bci\u0142a kombinat kulinarny \u201eOaza\u201d, \u0142\u0105cz\u0105cy kabaret, dansing, kawiarni\u0119, cukierni\u0119 i wykwintn\u0105 restauracj\u0119.<\/span><\/p>\n<\/div>\n<div id=\"comp-lz6w0efa\" class=\"ku3DBC zQ9jDz qvSjx3 Vq6kJx comp-lz6w0efa wixui-rich-text\" data-testid=\"richTextElement\">\n<p class=\"font_6 wixui-rich-text__text\"><span class=\"wixui-rich-text__text\">W 2020 roku, Opas\u0142y Tom zosta\u0142 wybrany przez Wallpaper* Magazine, jedn\u0105 z pi\u0119ciu najpi\u0119kniejszych restauracji \u015bwiata. W 2022 roku Opas\u0142y Tom znalaz\u0142 si\u0119 na \u015bwiatowej li\u015bcie 50 Best Discovery.<\/span><\/p>\n<\/div>\n                        <\/div>\n                    <\/div>\n                    \n                <\/div><!-- \/.lo-item -->\n\n                \n                <div class=\"lo-item\" id=\"lo-block_940bbbdde9004e77398f70fc5241c71b-2-11\">\n\n                    <!-- Sekcja klikalna -->\n                    <div class=\"lo-item-main\"\n                                                  role=\"button\"\n                         tabindex=\"0\"\n                         aria-expanded=\"false\"\n                         aria-controls=\"lo-block_940bbbdde9004e77398f70fc5241c71b-2-11-desc\"\n                         data-lo-toggle\n                         >\n\n                        <!-- Logo -->\n                        <div class=\"lo-item-logo-col\">\n                                                            <img decoding=\"async\" src=\"https:\/\/sprawnymarketing.pl\/konferencja\/wp-content\/uploads\/2026\/03\/e9e82b63-16d3-4845-9096-c336380ef7ad.png\"\n                                     alt=\"EL POPO\"\n                                     loading=\"lazy\">\n                                                    <\/div>\n\n                        <!-- Dane -->\n                        <div class=\"lo-item-data-col\">\n                                                            <h3 class=\"lo-item-name\">EL POPO<\/h3>\n                            \n                                                            <div class=\"lo-item-discount\">Zni\u017cka 10% na posi\u0142ek obowi\u0105zuje w dniach 21-23 kwietnia 2026 na has\u0142o I Love Marketing<\/div>\n                            \n                                                            <div class=\"lo-item-reservation\">\n                                    <a href=\"mailto:elpopo@kregliccy.pl\" rel=\"nofollow noopener\">elpopo@kregliccy.pl<\/a>                                <\/div>\n                            \n                                                    <\/div>\n\n                        <!-- Toggle ikona -->\n                                                <div class=\"lo-item-toggle\" aria-hidden=\"true\">\n                            <span class=\"lo-toggle-icon\"><\/span>\n                        <\/div>\n                        \n                    <\/div><!-- \/.lo-item-main -->\n\n                    <!-- Akordeon -->\n                                        <div class=\"lo-item-accordion\"\n                         id=\"lo-block_940bbbdde9004e77398f70fc5241c71b-2-11-desc\"\n                         role=\"region\"\n                         aria-hidden=\"true\">\n                        <div class=\"lo-accordion-inner\">\n                            <p><span class=\"wixui-rich-text__text\">Tequila! Salsa! Amigos! Fiesta!<\/span><br class=\"wixui-rich-text__text\" \/><br class=\"wixui-rich-text__text\" \/>Wieczorami jest tu szczeg\u00f3lnie gor\u0105co. Rozbawieni ludzie domagaj\u0105 si\u0119 kolejnej margarity, kelnerki roznosz\u0105 skwiercz\u0105ce p\u00f3\u0142miski z fajit\u0105, a rytm temu rozgardiaszowi nadaj\u0105 Mariachi!<\/p>\n                        <\/div>\n                    <\/div>\n                    \n                <\/div><!-- \/.lo-item -->\n\n                \n                <div class=\"lo-item\" id=\"lo-block_940bbbdde9004e77398f70fc5241c71b-2-12\">\n\n                    <!-- Sekcja klikalna -->\n                    <div class=\"lo-item-main\"\n                                                  role=\"button\"\n                         tabindex=\"0\"\n                         aria-expanded=\"false\"\n                         aria-controls=\"lo-block_940bbbdde9004e77398f70fc5241c71b-2-12-desc\"\n                         data-lo-toggle\n                         >\n\n                        <!-- Logo -->\n                        <div class=\"lo-item-logo-col\">\n                                                            <img decoding=\"async\" src=\"https:\/\/sprawnymarketing.pl\/konferencja\/wp-content\/uploads\/2026\/03\/Julia_Kaczmarczyk_SAVORE_LOGO_SET_WHITE-10.png\"\n                                     alt=\"Savor\u00e9 Restauracja\"\n                                     loading=\"lazy\">\n                                                    <\/div>\n\n                        <!-- Dane -->\n                        <div class=\"lo-item-data-col\">\n                                                            <h3 class=\"lo-item-name\">Savor\u00e9 Restauracja<\/h3>\n                            \n                                                            <div class=\"lo-item-discount\">zni\u017cka -15% do Savor\u00e9 Restauracja na menu Has\u0142o: I \u2764 Marketing<\/div>\n                            \n                                                            <div class=\"lo-item-reservation\">\n                                    <a href=\"mailto:savore@unique-hotels.pl\" rel=\"nofollow noopener\">savore@unique-hotels.pl<\/a>                                <\/div>\n                            \n                                                    <\/div>\n\n                        <!-- Toggle ikona -->\n                                                <div class=\"lo-item-toggle\" aria-hidden=\"true\">\n                            <span class=\"lo-toggle-icon\"><\/span>\n                        <\/div>\n                        \n                    <\/div><!-- \/.lo-item-main -->\n\n                    <!-- Akordeon -->\n                                        <div class=\"lo-item-accordion\"\n                         id=\"lo-block_940bbbdde9004e77398f70fc5241c71b-2-12-desc\"\n                         role=\"region\"\n                         aria-hidden=\"true\">\n                        <div class=\"lo-accordion-inner\">\n                            <p>Savor\u00e9 Restauracja | Cocktail Bar | Caf\u00e9 zlokalizowana w Royal Tulip Warsaw Centre, w samym centrum Warszawy. To miejsce spotka\u0144 przy nowoczesnej kuchni inspirowanej smakami Europy oraz autorskich koktajlach.<\/p>\n<p>Adres: ul. Grzybowska 49, Warszawa<\/p>\n                        <\/div>\n                    <\/div>\n                    \n                <\/div><!-- \/.lo-item -->\n\n                \n            <\/div><!-- \/.lo-list -->\n        <\/div><!-- \/.lo-category -->\n\n        \n    <\/div><!-- \/.container -->\n<\/section>\n\n<script>\n(function () {\n    'use strict';\n\n    \/\/ Delegacja zdarze\u0144 \u2013 dzia\u0142a te\u017c po ponownym renderze w edytorze\n    document.addEventListener('click', function (e) {\n        var trigger = e.target.closest('[data-lo-toggle]');\n        if (!trigger) return;\n        if (e.target.closest('a, button, input, select, textarea')) return;\n\n        var item      = trigger.closest('.lo-item');\n        var accordion = document.getElementById(trigger.getAttribute('aria-controls'));\n        var isOpen    = item.classList.contains('is-open');\n\n        item.classList.toggle('is-open', !isOpen);\n        trigger.setAttribute('aria-expanded', String(!isOpen));\n        if (accordion) accordion.setAttribute('aria-hidden', String(isOpen));\n    });\n\n    \/\/ Klawiatura: Enter \/ Spacja\n    document.addEventListener('keydown', function (e) {\n        if (e.key !== 'Enter' && e.key !== ' ') return;\n        var trigger = e.target.closest('[data-lo-toggle]');\n        if (!trigger) return;\n        e.preventDefault();\n        trigger.click();\n    });\n}());\n<\/script><style>\n.floating-header .logo {\n    max-width: 150px;\n    height: auto\n}\n\n.title-counter--number {\n    display: none !important;\n}\n<\/style><h2 class=\"wp-block-heading has-text-align-center\">Partner konferencji<\/h2><div class=\"wp-block-image\"><figure class=\"aligncenter size-medium\"><img loading=\"lazy\" decoding=\"async\" width=\"300\" height=\"146\" src=\"https:\/\/sprawnymarketing.pl\/konferencja\/wp-content\/uploads\/2026\/02\/logo_WOT_PL_RGB_transparent_web-300x146.png\" alt=\"\" class=\"wp-image-12534\" srcset=\"https:\/\/sprawnymarketing.pl\/konferencja\/wp-content\/uploads\/2026\/02\/logo_WOT_PL_RGB_transparent_web-300x146.png 300w, https:\/\/sprawnymarketing.pl\/konferencja\/wp-content\/uploads\/2026\/02\/logo_WOT_PL_RGB_transparent_web-1024x500.png 1024w, https:\/\/sprawnymarketing.pl\/konferencja\/wp-content\/uploads\/2026\/02\/logo_WOT_PL_RGB_transparent_web-768x375.png 768w, https:\/\/sprawnymarketing.pl\/konferencja\/wp-content\/uploads\/2026\/02\/logo_WOT_PL_RGB_transparent_web-1536x750.png 1536w, https:\/\/sprawnymarketing.pl\/konferencja\/wp-content\/uploads\/2026\/02\/logo_WOT_PL_RGB_transparent_web-600x293.png 600w, https:\/\/sprawnymarketing.pl\/konferencja\/wp-content\/uploads\/2026\/02\/logo_WOT_PL_RGB_transparent_web.png 1920w\" sizes=\"auto, (max-width: 300px) 100vw, 300px\" \/><\/figure><\/div><p><\/p>","protected":false},"excerpt":{"rendered":"<p>Partner konferencji [&#8230;]<\/p>\n<p><a class=\"btn btn-secondary understrap-read-more-link\" href=\"https:\/\/sprawnymarketing.pl\/konferencja\/znizki\/\">Czytaj dalej\u2026<\/a><\/p>\n","protected":false},"author":13,"featured_media":0,"parent":0,"menu_order":0,"comment_status":"closed","ping_status":"closed","template":"","meta":{"_acf_changed":false,"inline_featured_image":false,"footnotes":""},"class_list":["post-12417","page","type-page","status-publish","hentry"],"acf":[],"yoast_head":"<!-- This site is optimized with the Yoast SEO plugin v26.8 - https:\/\/yoast.com\/product\/yoast-seo-wordpress\/ -->\n<title>Zni\u017cki dla uczestnik\u00f3w | Warszawa 21-23.4.2026 | I love Marketing<\/title>\n<meta name=\"robots\" content=\"noindex, nofollow\" \/>\n<meta property=\"og:locale\" content=\"pl_PL\" \/>\n<meta property=\"og:type\" content=\"article\" \/>\n<meta property=\"og:title\" content=\"Zni\u017cki dla uczestnik\u00f3w | Warszawa 21-23.4.2026 | I love Marketing\" \/>\n<meta property=\"og:description\" content=\"Partner konferencji [...]Czytaj dalej\u2026\" \/>\n<meta property=\"og:url\" content=\"https:\/\/sprawnymarketing.pl\/konferencja\/znizki\/\" \/>\n<meta property=\"og:site_name\" content=\"sprawny.marketing \u2022 Szkolenia \u2022 Konferencje \u2022 Magazyn\" \/>\n<meta property=\"article:modified_time\" content=\"2026-03-13T11:00:47+00:00\" \/>\n<meta property=\"og:image\" content=\"https:\/\/sprawnymarketing.pl\/konferencja\/wp-content\/uploads\/2026\/02\/logo_WOT_PL_RGB_transparent_web-300x146.png\" \/>\n<meta name=\"twitter:card\" content=\"summary_large_image\" \/>\n<meta name=\"twitter:title\" content=\"Zni\u017cki dla uczestnik\u00f3w | Warszawa 21-23.4.2026 | I love Marketing\" \/>\n<meta name=\"twitter:label1\" content=\"Szacowany czas czytania\" \/>\n\t<meta name=\"twitter:data1\" content=\"2 minuty\" \/>\n<script type=\"application\/ld+json\" class=\"yoast-schema-graph\">{\"@context\":\"https:\/\/schema.org\",\"@graph\":[{\"@type\":\"WebPage\",\"@id\":\"https:\/\/sprawnymarketing.pl\/konferencja\/znizki\/\",\"url\":\"https:\/\/sprawnymarketing.pl\/konferencja\/znizki\/\",\"name\":\"Zni\u017cki dla uczestnik\u00f3w | Warszawa 21-23.4.2026 | I love Marketing\",\"isPartOf\":{\"@id\":\"https:\/\/sprawnymarketing.pl\/konferencja\/#website\"},\"primaryImageOfPage\":{\"@id\":\"https:\/\/sprawnymarketing.pl\/konferencja\/znizki\/#primaryimage\"},\"image\":{\"@id\":\"https:\/\/sprawnymarketing.pl\/konferencja\/znizki\/#primaryimage\"},\"thumbnailUrl\":\"https:\/\/sprawnymarketing.pl\/konferencja\/wp-content\/uploads\/2026\/02\/logo_WOT_PL_RGB_transparent_web-300x146.png\",\"datePublished\":\"2026-02-27T09:03:28+00:00\",\"dateModified\":\"2026-03-13T11:00:47+00:00\",\"breadcrumb\":{\"@id\":\"https:\/\/sprawnymarketing.pl\/konferencja\/znizki\/#breadcrumb\"},\"inLanguage\":\"pl-PL\",\"potentialAction\":[{\"@type\":\"ReadAction\",\"target\":[\"https:\/\/sprawnymarketing.pl\/konferencja\/znizki\/\"]}]},{\"@type\":\"ImageObject\",\"inLanguage\":\"pl-PL\",\"@id\":\"https:\/\/sprawnymarketing.pl\/konferencja\/znizki\/#primaryimage\",\"url\":\"https:\/\/sprawnymarketing.pl\/konferencja\/wp-content\/uploads\/2026\/02\/logo_WOT_PL_RGB_transparent_web.png\",\"contentUrl\":\"https:\/\/sprawnymarketing.pl\/konferencja\/wp-content\/uploads\/2026\/02\/logo_WOT_PL_RGB_transparent_web.png\",\"width\":1920,\"height\":937},{\"@type\":\"BreadcrumbList\",\"@id\":\"https:\/\/sprawnymarketing.pl\/konferencja\/znizki\/#breadcrumb\",\"itemListElement\":[{\"@type\":\"ListItem\",\"position\":1,\"name\":\"Strona g\u0142\u00f3wna\",\"item\":\"https:\/\/sprawnymarketing.pl\/konferencja\/\"},{\"@type\":\"ListItem\",\"position\":2,\"name\":\"Zni\u017cki dla uczestnik\u00f3w\"}]},{\"@type\":\"WebSite\",\"@id\":\"https:\/\/sprawnymarketing.pl\/konferencja\/#website\",\"url\":\"https:\/\/sprawnymarketing.pl\/konferencja\/\",\"name\":\"sprawny.marketing \u2022 Szkolenia \u2022 Konferencje \u2022 Magazyn\",\"description\":\"\",\"potentialAction\":[{\"@type\":\"SearchAction\",\"target\":{\"@type\":\"EntryPoint\",\"urlTemplate\":\"https:\/\/sprawnymarketing.pl\/konferencja\/?s={search_term_string}\"},\"query-input\":{\"@type\":\"PropertyValueSpecification\",\"valueRequired\":true,\"valueName\":\"search_term_string\"}}],\"inLanguage\":\"pl-PL\"}]}<\/script>\n<!-- \/ Yoast SEO plugin. -->","yoast_head_json":{"title":"Zni\u017cki dla uczestnik\u00f3w | Warszawa 21-23.4.2026 | I love Marketing","robots":{"index":"noindex","follow":"nofollow"},"og_locale":"pl_PL","og_type":"article","og_title":"Zni\u017cki dla uczestnik\u00f3w | Warszawa 21-23.4.2026 | I love Marketing","og_description":"Partner konferencji [...]Czytaj dalej\u2026","og_url":"https:\/\/sprawnymarketing.pl\/konferencja\/znizki\/","og_site_name":"sprawny.marketing \u2022 Szkolenia \u2022 Konferencje \u2022 Magazyn","article_modified_time":"2026-03-13T11:00:47+00:00","og_image":[{"url":"https:\/\/sprawnymarketing.pl\/konferencja\/wp-content\/uploads\/2026\/02\/logo_WOT_PL_RGB_transparent_web-300x146.png","type":"","width":"","height":""}],"twitter_card":"summary_large_image","twitter_title":"Zni\u017cki dla uczestnik\u00f3w | Warszawa 21-23.4.2026 | I love Marketing","twitter_misc":{"Szacowany czas czytania":"2 minuty"},"schema":{"@context":"https:\/\/schema.org","@graph":[{"@type":"WebPage","@id":"https:\/\/sprawnymarketing.pl\/konferencja\/znizki\/","url":"https:\/\/sprawnymarketing.pl\/konferencja\/znizki\/","name":"Zni\u017cki dla uczestnik\u00f3w | Warszawa 21-23.4.2026 | I love Marketing","isPartOf":{"@id":"https:\/\/sprawnymarketing.pl\/konferencja\/#website"},"primaryImageOfPage":{"@id":"https:\/\/sprawnymarketing.pl\/konferencja\/znizki\/#primaryimage"},"image":{"@id":"https:\/\/sprawnymarketing.pl\/konferencja\/znizki\/#primaryimage"},"thumbnailUrl":"https:\/\/sprawnymarketing.pl\/konferencja\/wp-content\/uploads\/2026\/02\/logo_WOT_PL_RGB_transparent_web-300x146.png","datePublished":"2026-02-27T09:03:28+00:00","dateModified":"2026-03-13T11:00:47+00:00","breadcrumb":{"@id":"https:\/\/sprawnymarketing.pl\/konferencja\/znizki\/#breadcrumb"},"inLanguage":"pl-PL","potentialAction":[{"@type":"ReadAction","target":["https:\/\/sprawnymarketing.pl\/konferencja\/znizki\/"]}]},{"@type":"ImageObject","inLanguage":"pl-PL","@id":"https:\/\/sprawnymarketing.pl\/konferencja\/znizki\/#primaryimage","url":"https:\/\/sprawnymarketing.pl\/konferencja\/wp-content\/uploads\/2026\/02\/logo_WOT_PL_RGB_transparent_web.png","contentUrl":"https:\/\/sprawnymarketing.pl\/konferencja\/wp-content\/uploads\/2026\/02\/logo_WOT_PL_RGB_transparent_web.png","width":1920,"height":937},{"@type":"BreadcrumbList","@id":"https:\/\/sprawnymarketing.pl\/konferencja\/znizki\/#breadcrumb","itemListElement":[{"@type":"ListItem","position":1,"name":"Strona g\u0142\u00f3wna","item":"https:\/\/sprawnymarketing.pl\/konferencja\/"},{"@type":"ListItem","position":2,"name":"Zni\u017cki dla uczestnik\u00f3w"}]},{"@type":"WebSite","@id":"https:\/\/sprawnymarketing.pl\/konferencja\/#website","url":"https:\/\/sprawnymarketing.pl\/konferencja\/","name":"sprawny.marketing \u2022 Szkolenia \u2022 Konferencje \u2022 Magazyn","description":"","potentialAction":[{"@type":"SearchAction","target":{"@type":"EntryPoint","urlTemplate":"https:\/\/sprawnymarketing.pl\/konferencja\/?s={search_term_string}"},"query-input":{"@type":"PropertyValueSpecification","valueRequired":true,"valueName":"search_term_string"}}],"inLanguage":"pl-PL"}]}},"_links":{"self":[{"href":"https:\/\/sprawnymarketing.pl\/konferencja\/smilovemkt-api\/wp\/v2\/pages\/12417","targetHints":{"allow":["GET"]}}],"collection":[{"href":"https:\/\/sprawnymarketing.pl\/konferencja\/smilovemkt-api\/wp\/v2\/pages"}],"about":[{"href":"https:\/\/sprawnymarketing.pl\/konferencja\/smilovemkt-api\/wp\/v2\/types\/page"}],"author":[{"embeddable":true,"href":"https:\/\/sprawnymarketing.pl\/konferencja\/smilovemkt-api\/wp\/v2\/users\/13"}],"replies":[{"embeddable":true,"href":"https:\/\/sprawnymarketing.pl\/konferencja\/smilovemkt-api\/wp\/v2\/comments?post=12417"}],"version-history":[{"count":51,"href":"https:\/\/sprawnymarketing.pl\/konferencja\/smilovemkt-api\/wp\/v2\/pages\/12417\/revisions"}],"predecessor-version":[{"id":12681,"href":"https:\/\/sprawnymarketing.pl\/konferencja\/smilovemkt-api\/wp\/v2\/pages\/12417\/revisions\/12681"}],"wp:attachment":[{"href":"https:\/\/sprawnymarketing.pl\/konferencja\/smilovemkt-api\/wp\/v2\/media?parent=12417"}],"curies":[{"name":"wp","href":"https:\/\/api.w.org\/{rel}","templated":true}]}}